{"id":7382,"date":"2015-09-06T08:54:48","date_gmt":"2015-09-06T07:54:48","guid":{"rendered":"https:\/\/www.gites-lacledeschamps.fr\/home\/"},"modified":"2025-12-09T15:40:42","modified_gmt":"2025-12-09T14:40:42","slug":"home","status":"publish","type":"page","link":"https:\/\/www.gites-lacledeschamps.fr\/nl\/","title":{"rendered":"Home"},"content":{"rendered":"<div id='full_slider_1'  class='avia-fullwidth-slider main_color avia-shadow   avia-builder-el-0  el_before_av_icon_box  avia-builder-el-first   container_wrap fullsize' style=' '  ><div   data-size='no scaling'  data-lightbox_size='large'  data-animation='slide'  data-conditional_play=''  data-ids='2628,2620,2629,2624,2428,2630,2285'  data-video_counter='0'  data-autoplay='false'  data-bg_slider='false'  data-slide_height=''  data-handle='av_slideshow_full'  data-interval='5'  data-class=' '  data-el_id=''  data-css_id=''  data-scroll_down=''  data-control_layout='av-control-default'  data-custom_markup=''  data-perma_caption=''  data-autoplay_stopper=''  data-image_attachment=''  data-min_height='0px'  data-lazy_loading='disabled'  data-src=''  data-position='top left'  data-repeat='no-repeat'  data-attach='scroll'  data-stretch=''  class='avia-slideshow avia-slideshow-1  av-control-default av-default-height-applied avia-slideshow-no scaling av_slideshow_full   avia-slide-slider '  itemprop=\"image\" itemscope=\"itemscope\" itemtype=\"https:\/\/schema.org\/ImageObject\" ><ul class='avia-slideshow-inner ' style='padding-bottom: 30.208333333333%;' ><li  class=' slide-1 ' ><div data-rel='slideshow-1' class='avia-slide-wrap '   ><img decoding=\"async\" class=\"wp-image-7202 avia-img-lazy-loading-not-7202\"  src=\"https:\/\/www.gites-lacledeschamps.fr\/wp-content\/uploads\/2023\/01\/accueil-leon1.jpg\" width=\"1920\" height=\"580\" title='accueil leon1' alt=''  itemprop=\"thumbnailUrl\" srcset=\"https:\/\/www.gites-lacledeschamps.fr\/wp-content\/uploads\/2023\/01\/accueil-leon1.jpg 1920w, https:\/\/www.gites-lacledeschamps.fr\/wp-content\/uploads\/2023\/01\/accueil-leon1-300x91.jpg 300w, https:\/\/www.gites-lacledeschamps.fr\/wp-content\/uploads\/2023\/01\/accueil-leon1-1030x311.jpg 1030w, https:\/\/www.gites-lacledeschamps.fr\/wp-content\/uploads\/2023\/01\/accueil-leon1-768x232.jpg 768w, https:\/\/www.gites-lacledeschamps.fr\/wp-content\/uploads\/2023\/01\/accueil-leon1-1536x464.jpg 1536w, https:\/\/www.gites-lacledeschamps.fr\/wp-content\/uploads\/2023\/01\/accueil-leon1-1500x453.jpg 1500w, https:\/\/www.gites-lacledeschamps.fr\/wp-content\/uploads\/2023\/01\/accueil-leon1-705x213.jpg 705w\" sizes=\"(max-width: 1920px) 100vw, 1920px\" \/><\/div><\/li><li  class=' slide-2 ' ><div data-rel='slideshow-1' class='avia-slide-wrap '   ><div class = \"caption_fullwidth av-slideshow-caption caption_bottom\"><div class = \"container caption_container\"><div class = \"slideshow_caption\"><div class = \"slideshow_inner_caption\"><div class = \"slideshow_align_caption\"><h2  class='avia-caption-title  '  itemprop=\"name\" >gite la cle des champs hortensia bretagne<\/h2><\/div><\/div><\/div><\/div><\/div><img decoding=\"async\" class=\"wp-image-7190 avia-img-lazy-loading-not-7190\"  src=\"https:\/\/www.gites-lacledeschamps.fr\/wp-content\/uploads\/2023\/01\/accueil-hortensias.jpg\" width=\"1920\" height=\"580\" title='accueil hortensias' alt=''  itemprop=\"thumbnailUrl\" srcset=\"https:\/\/www.gites-lacledeschamps.fr\/wp-content\/uploads\/2023\/01\/accueil-hortensias.jpg 1920w, https:\/\/www.gites-lacledeschamps.fr\/wp-content\/uploads\/2023\/01\/accueil-hortensias-300x91.jpg 300w, https:\/\/www.gites-lacledeschamps.fr\/wp-content\/uploads\/2023\/01\/accueil-hortensias-1030x311.jpg 1030w, https:\/\/www.gites-lacledeschamps.fr\/wp-content\/uploads\/2023\/01\/accueil-hortensias-768x232.jpg 768w, https:\/\/www.gites-lacledeschamps.fr\/wp-content\/uploads\/2023\/01\/accueil-hortensias-1536x464.jpg 1536w, https:\/\/www.gites-lacledeschamps.fr\/wp-content\/uploads\/2023\/01\/accueil-hortensias-1500x453.jpg 1500w, https:\/\/www.gites-lacledeschamps.fr\/wp-content\/uploads\/2023\/01\/accueil-hortensias-705x213.jpg 705w\" sizes=\"(max-width: 1920px) 100vw, 1920px\" \/><\/div><\/li><li  class=' slide-3 ' ><div data-rel='slideshow-1' class='avia-slide-wrap '   ><img decoding=\"async\" class=\"wp-image-7205 avia-img-lazy-loading-not-7205\"  src=\"https:\/\/www.gites-lacledeschamps.fr\/wp-content\/uploads\/2023\/01\/accueil-suzanne-scaled-e1674929678421.jpg\" width=\"1920\" height=\"581\" title='GITE SUZANNE LA CLE DES CHAMPS BRETAGNE' alt=''  itemprop=\"thumbnailUrl\"   \/><\/div><\/li><li  class=' slide-4 ' ><div data-rel='slideshow-1' class='avia-slide-wrap '   ><img decoding=\"async\" class=\"wp-image-7196 avia-img-lazy-loading-not-7196\"  src=\"https:\/\/www.gites-lacledeschamps.fr\/wp-content\/uploads\/2023\/01\/couv-fleurs-e1674929834855.jpg\" width=\"1920\" height=\"581\" title='GITE COSY A LA CAMPAGNE BRETAGNE' alt=''  itemprop=\"thumbnailUrl\"   \/><\/div><\/li><li  class=' slide-5 ' ><div data-rel='slideshow-1' class='avia-slide-wrap '   ><img decoding=\"async\" class=\"wp-image-7064 avia-img-lazy-loading-not-7064\"  src=\"https:\/\/www.gites-lacledeschamps.fr\/wp-content\/uploads\/2022\/02\/chez-lucien-1.jpg\" width=\"1920\" height=\"580\" title='chez-lucien-1' alt=''  itemprop=\"thumbnailUrl\" srcset=\"https:\/\/www.gites-lacledeschamps.fr\/wp-content\/uploads\/2022\/02\/chez-lucien-1.jpg 1920w, https:\/\/www.gites-lacledeschamps.fr\/wp-content\/uploads\/2022\/02\/chez-lucien-1-300x91.jpg 300w, https:\/\/www.gites-lacledeschamps.fr\/wp-content\/uploads\/2022\/02\/chez-lucien-1-1030x311.jpg 1030w, https:\/\/www.gites-lacledeschamps.fr\/wp-content\/uploads\/2022\/02\/chez-lucien-1-768x232.jpg 768w, https:\/\/www.gites-lacledeschamps.fr\/wp-content\/uploads\/2022\/02\/chez-lucien-1-1536x464.jpg 1536w, https:\/\/www.gites-lacledeschamps.fr\/wp-content\/uploads\/2022\/02\/chez-lucien-1-1500x453.jpg 1500w, https:\/\/www.gites-lacledeschamps.fr\/wp-content\/uploads\/2022\/02\/chez-lucien-1-705x213.jpg 705w\" sizes=\"(max-width: 1920px) 100vw, 1920px\" \/><\/div><\/li><li  class=' slide-6 ' ><div data-rel='slideshow-1' class='avia-slide-wrap '   ><img decoding=\"async\" class=\"wp-image-7208 avia-img-lazy-loading-not-7208\"  src=\"https:\/\/www.gites-lacledeschamps.fr\/wp-content\/uploads\/2023\/01\/accueil-exterieur-5-rotated.jpg\" width=\"1920\" height=\"580\" title='accueil exterieur 5' alt=''  itemprop=\"thumbnailUrl\" srcset=\"https:\/\/www.gites-lacledeschamps.fr\/wp-content\/uploads\/2023\/01\/accueil-exterieur-5-rotated.jpg 1920w, https:\/\/www.gites-lacledeschamps.fr\/wp-content\/uploads\/2023\/01\/accueil-exterieur-5-300x91.jpg 300w, https:\/\/www.gites-lacledeschamps.fr\/wp-content\/uploads\/2023\/01\/accueil-exterieur-5-1030x311.jpg 1030w, https:\/\/www.gites-lacledeschamps.fr\/wp-content\/uploads\/2023\/01\/accueil-exterieur-5-768x232.jpg 768w, https:\/\/www.gites-lacledeschamps.fr\/wp-content\/uploads\/2023\/01\/accueil-exterieur-5-1536x464.jpg 1536w, https:\/\/www.gites-lacledeschamps.fr\/wp-content\/uploads\/2023\/01\/accueil-exterieur-5-1500x453.jpg 1500w, https:\/\/www.gites-lacledeschamps.fr\/wp-content\/uploads\/2023\/01\/accueil-exterieur-5-705x213.jpg 705w\" sizes=\"(max-width: 1920px) 100vw, 1920px\" \/><\/div><\/li><li  class=' slide-7 ' ><div data-rel='slideshow-1' class='avia-slide-wrap '   ><img decoding=\"async\" class=\"wp-image-6680 avia-img-lazy-loading-not-6680\"  src=\"https:\/\/www.gites-lacledeschamps.fr\/wp-content\/uploads\/2022\/02\/chez-leon02.jpg\" width=\"1920\" height=\"580\" title='chez-leon02' alt=''  itemprop=\"thumbnailUrl\" srcset=\"https:\/\/www.gites-lacledeschamps.fr\/wp-content\/uploads\/2022\/02\/chez-leon02.jpg 1920w, https:\/\/www.gites-lacledeschamps.fr\/wp-content\/uploads\/2022\/02\/chez-leon02-300x91.jpg 300w, https:\/\/www.gites-lacledeschamps.fr\/wp-content\/uploads\/2022\/02\/chez-leon02-1030x311.jpg 1030w, https:\/\/www.gites-lacledeschamps.fr\/wp-content\/uploads\/2022\/02\/chez-leon02-768x232.jpg 768w, https:\/\/www.gites-lacledeschamps.fr\/wp-content\/uploads\/2022\/02\/chez-leon02-1536x464.jpg 1536w, https:\/\/www.gites-lacledeschamps.fr\/wp-content\/uploads\/2022\/02\/chez-leon02-1500x453.jpg 1500w, https:\/\/www.gites-lacledeschamps.fr\/wp-content\/uploads\/2022\/02\/chez-leon02-705x213.jpg 705w\" sizes=\"(max-width: 1920px) 100vw, 1920px\" \/><\/div><\/li><\/ul><div class='avia-slideshow-arrows avia-slideshow-controls'><a href='#prev' class='prev-slide' aria-hidden='true' data-av_icon='\ue87c' data-av_iconfont='entypo-fontello'>Vorige<\/a><a href='#next' class='next-slide' aria-hidden='true' data-av_icon='\ue87d' data-av_iconfont='entypo-fontello'>Volgende<\/a><\/div><div class='avia-slideshow-dots avia-slideshow-controls'><a href='#1' class='goto-slide active' >1<\/a><a href='#2' class='goto-slide ' >2<\/a><a href='#3' class='goto-slide ' >3<\/a><a href='#4' class='goto-slide ' >4<\/a><a href='#5' class='goto-slide ' >5<\/a><a href='#6' class='goto-slide ' >6<\/a><a href='#7' class='goto-slide ' >7<\/a><\/div><\/div><\/div><div id='after_full_slider_1'  class='main_color av_default_container_wrap container_wrap fullsize' style=' '  ><div class='container' ><div class='template-page content  av-content-full alpha units'><div class='post-entry post-entry-type-page post-entry-7382'><div class='entry-content-wrapper clearfix'>\n<article  class=\"iconbox iconbox_left    avia-builder-el-1  el_after_av_slideshow_full  el_before_av_heading  avia-builder-el-first  \"  itemscope=\"itemscope\" itemtype=\"https:\/\/schema.org\/CreativeWork\" ><div class=\"iconbox_content\"><header class=\"entry-content-header\"><div class=\"iconbox_icon heading-color\" aria-hidden='true' data-av_icon='\ue854' data-av_iconfont='entypo-fontello'  ><\/div><h3 class='iconbox_content_title  '  itemprop=\"headline\"   style='color:#d39c3c; '>WELKOM<\/h3><\/header><div class='iconbox_content_container  '  itemprop=\"text\"  ><p style=\"text-align: center;\">Wil je er een weekend tussenuit met je familie, vrienden of geliefden? WELKOM bij LA CLE DES CHAMPS. <\/p>\n<p style=\"text-align: center;\">Op zoek naar een ontspannende, landelijke vakantie dicht bij de natuur? Welkom in LA CLE DES CHAMPS. <\/p>\n<p style=\"text-align: center;\">Wil je een regio van noord naar zuid en van oost naar west ontdekken? WELKOM bij LA CLE DES CHAMPS. <\/p>\n<p style=\"text-align: center;\">Bent u op zoek naar rust, comfort en de juiste faciliteiten voor uw zakenreizen? WELKOM bij LA CLE DES CHAMPS. <\/p>\n<p style=\"text-align: center;\">Wat je ook zoekt, als je op zoek bent naar een plek die uniek, chic, origineel, vol charme en elegantie is, dan ben je WELKOM in LA CLE DES CHAMPS.<\/p>\n<p style=\"text-align: center;\">Kortom: WELKOM &#8230; bij jou thuis!<\/p>\n<p style=\"text-align: center;\"><a title=\"La R\u00e9galante\" href=\"https:\/\/www.gites-lacledeschamps.fr\/nl\/la-regalante\/\"><img loading=\"lazy\" decoding=\"async\" class=\"size-full wp-image-7853 aligncenter\" src=\"https:\/\/www.gites-lacledeschamps.fr\/wp-content\/uploads\/2025\/12\/accueil-velo.jpg\" alt=\"\" width=\"83\" height=\"110\"><\/a><\/p>\n<p style=\"text-align: center;\">Sinds 2025 hebben we het label <a title=\"La R\u00e9galante\" href=\"https:\/\/www.gites-lacledeschamps.fr\/nl\/la-regalante\/\">Accueil V\u00e9lo<\/a>, dankzij <a title=\"La R\u00e9galante\" href=\"https:\/\/www.gites-lacledeschamps.fr\/nl\/la-regalante\/\">de R\u00e9galante<\/a>, een <a href=\"https:\/\/www.francevelotourisme.com\/itineraire\/la-regalante\" target=\"_blank\" rel=\"noopener\">fietsroute<\/a> die Mont-Saint-Michel met Nantes verbindt. De route is verdeeld in negen etappes, waaronder Martign\u00e9-Ferchaud.<\/p>\n<\/div><\/div><footer class=\"entry-footer\"><\/footer><\/article>\n<div  style='padding-bottom:10px; color:#282828;' class='av-special-heading av-special-heading-h2 custom-color-heading blockquote modern-quote modern-centered  avia-builder-el-2  el_after_av_icon_box  el_before_av_layout_row  avia-builder-el-last  '><h2 class='av-special-heading-tag '  itemprop=\"headline\"  >Ontdek onze g\u00eetes<\/h2><div class='special-heading-border'><div class='special-heading-inner-border' style='border-color:#282828'><\/div><\/div><\/div>\n<\/div><\/div><\/div><!-- close content main div --><\/div><\/div><div id='av-layout-grid-1'  class='av-layout-grid-container entry-content-wrapper main_color av-flex-cells     avia-builder-el-3  el_after_av_heading  el_before_av_layout_row  submenu-not-first container_wrap fullsize' style=' '  >\n<div class=\"flex_cell no_margin av_one_third  avia-builder-el-4  el_before_av_cell_one_third  avia-builder-el-first   \"  style='vertical-align:top; padding:30px 30px 0px 30px ; ' ><div class='flex_cell_inner' ><p><div  class='avia-image-container  av-styling-    avia-builder-el-5  el_before_av_textblock  avia-builder-el-first  avia-align-center '  itemprop=\"image\" itemscope=\"itemscope\" itemtype=\"https:\/\/schema.org\/ImageObject\"  ><div class='avia-image-container-inner'><div class='avia-image-overlay-wrap'><a href='https:\/\/www.gites-lacledeschamps.fr\/nl\/gite-chezleon\/' class='avia_image'  ><img decoding=\"async\" width=\"495\" height=\"400\" class='wp-image-7214 avia-img-lazy-loading-not-7214 avia_image' src=\"https:\/\/www.gites-lacledeschamps.fr\/wp-content\/uploads\/2023\/01\/exterieur-leon-495x400.jpg\" alt='' title='exterieur leon'  itemprop=\"thumbnailUrl\" srcset=\"https:\/\/www.gites-lacledeschamps.fr\/wp-content\/uploads\/2023\/01\/exterieur-leon-495x400.jpg 495w, https:\/\/www.gites-lacledeschamps.fr\/wp-content\/uploads\/2023\/01\/exterieur-leon-845x684.jpg 845w\" sizes=\"(max-width: 495px) 100vw, 495px\" \/><\/a><\/div><\/div><\/div><br \/>\n<section class=\"av_textblock_section \"  itemscope=\"itemscope\" itemtype=\"https:\/\/schema.org\/CreativeWork\" ><div class='avia_textblock  '   itemprop=\"text\" ><h2 style=\"text-align: center;\">#CHEZLEON<\/h2>\n<p style=\"text-align: center;\"><strong>1 tot 6<\/strong> personen<br \/>\n 3 slaapkamers<br \/>\n 2 slaapkamers <strong>1<\/strong> tweepersoonsbed<br \/>\n 1 slaapkamer <strong>2<\/strong> eenpersoonsbedden<br \/>\n 1 Badkamer met douche<br \/>\nGrote woonkamer<br \/>\nIngerichte keuken<\/p>\n<\/div><\/section><\/p>\n<\/div><\/div><div class=\"flex_cell no_margin av_one_third  avia-builder-el-7  el_after_av_cell_one_third  el_before_av_cell_one_third   \"  style='vertical-align:top; padding:30px 30px 0px 30px ; ' ><div class='flex_cell_inner' ><p><div  class='avia-image-container  av-styling-    avia-builder-el-8  el_before_av_textblock  avia-builder-el-first  avia-align-center '  itemprop=\"image\" itemscope=\"itemscope\" itemtype=\"https:\/\/schema.org\/ImageObject\"  ><div class='avia-image-container-inner'><div class='avia-image-overlay-wrap'><a href='https:\/\/www.gites-lacledeschamps.fr\/nl\/gite-chezsuzanne\/' class='avia_image'  ><img decoding=\"async\" width=\"495\" height=\"400\" class='wp-image-5051 avia-img-lazy-loading-not-5051 avia_image' src=\"https:\/\/www.gites-lacledeschamps.fr\/wp-content\/uploads\/2019\/10\/SALLE-495x400.jpg\" alt='' title='SALLE'  itemprop=\"thumbnailUrl\" srcset=\"https:\/\/www.gites-lacledeschamps.fr\/wp-content\/uploads\/2019\/10\/SALLE-495x400.jpg 495w, https:\/\/www.gites-lacledeschamps.fr\/wp-content\/uploads\/2019\/10\/SALLE-845x684.jpg 845w\" sizes=\"(max-width: 495px) 100vw, 495px\" \/><\/a><\/div><\/div><\/div><br \/>\n<section class=\"av_textblock_section \"  itemscope=\"itemscope\" itemtype=\"https:\/\/schema.org\/CreativeWork\" ><div class='avia_textblock  '   itemprop=\"text\" ><h2 style=\"text-align: center;\">#CHEZSUZANNE<\/h2>\n<p style=\"text-align: center;\"><strong>1 tot 9<\/strong> personen<br \/>\n 3 slaapkamers<br \/>\n 1 slaapkamer 1 tweepersoonsbed met eigen badkamer met douche<br \/>\n 1 slaapkamer 1 tweepersoonsbed met extra bed<br \/>\n 1 slaapkamer 4 eenpersoonsbedden<br \/>\n 2 badkamers met douche<br \/>\nGrote woonkamer<br \/>\nIngerichte keuken<\/p>\n<\/div><\/section><\/p>\n<\/div><\/div><div class=\"flex_cell no_margin av_one_third  avia-builder-el-10  el_after_av_cell_one_third  avia-builder-el-last   \"  style='vertical-align:top; padding:30px 30px 0px 30px ; ' ><div class='flex_cell_inner' ><p><div  class='avia-image-container  av-styling-    avia-builder-el-11  el_before_av_textblock  avia-builder-el-first  avia-align-center '  itemprop=\"image\" itemscope=\"itemscope\" itemtype=\"https:\/\/schema.org\/ImageObject\"  ><div class='avia-image-container-inner'><div class='avia-image-overlay-wrap'><a href='https:\/\/www.gites-lacledeschamps.fr\/nl\/gite-chezlucien\/' class='avia_image'  ><img decoding=\"async\" width=\"495\" height=\"400\" class='wp-image-6110 avia-img-lazy-loading-not-6110 avia_image' src=\"https:\/\/www.gites-lacledeschamps.fr\/wp-content\/uploads\/2020\/09\/LACLE-DES-CHAMPS-CHEZLUCIEN-AB-35-495x400.jpeg\" alt='' title='LACLE DES CHAMPS CHEZLUCIEN AB (35)'  itemprop=\"thumbnailUrl\"  \/><\/a><\/div><\/div><\/div><br \/>\n<section class=\"av_textblock_section \"  itemscope=\"itemscope\" itemtype=\"https:\/\/schema.org\/CreativeWork\" ><div class='avia_textblock  '   itemprop=\"text\" ><h2 style=\"text-align: center;\">#CHEZLUCIEN<\/h2>\n<p style=\"text-align: center;\"><strong>1 tot 2<\/strong> personen<br \/>\n 1 slaapkamer<br \/>\n1 tweepersoonsbed 180*200 of 2 eenpersoonsbedden 90*200<br \/>\n 1 eigen<b>doucheruimte <\/b><br \/>\n 1 aparte WC<br \/>\nLeefruimte<br \/>\nIngerichte keuken<\/p>\n<\/div><\/section><\/p>\n<\/div><\/div>\n<\/div>\n<div id='av-layout-grid-2'  class='av-layout-grid-container entry-content-wrapper main_color av-flex-cells     avia-builder-el-13  el_after_av_layout_row  el_before_av_section  submenu-not-first container_wrap fullsize' style=' '  >\n<div class=\"flex_cell no_margin av_one_third  avia-builder-el-14  el_before_av_cell_one_third  avia-builder-el-first   \"  style='vertical-align:top; padding:0px 0px 30px 0px ; ' ><div class='flex_cell_inner' ><div  class='avia-button-wrap avia-button-center  avia-builder-el-15  avia-builder-el-no-sibling ' ><a href='https:\/\/www.gites-lacledeschamps.fr\/nl\/gite-chezleon\/'  class='avia-button  avia-color-theme-color   avia-icon_select-yes-left-icon avia-size-large avia-position-center '   ><span class='avia_button_icon avia_button_icon_left ' aria-hidden='true' data-av_icon='\ue832' data-av_iconfont='entypo-fontello'><\/span><span class='avia_iconbox_title' >Bezoek #chezl\u00e9on<\/span><\/a><\/div>\n<\/div><\/div><div class=\"flex_cell no_margin av_one_third  avia-builder-el-16  el_after_av_cell_one_third  el_before_av_cell_one_third   \"  style='vertical-align:top; padding:0px 0px 30px 0px ; ' ><div class='flex_cell_inner' ><div  class='avia-button-wrap avia-button-center  avia-builder-el-17  avia-builder-el-no-sibling ' ><a href='https:\/\/www.gites-lacledeschamps.fr\/nl\/gite-chezsuzanne\/'  class='avia-button  avia-color-theme-color   avia-icon_select-yes-left-icon avia-size-large avia-position-center '   ><span class='avia_button_icon avia_button_icon_left ' aria-hidden='true' data-av_icon='\ue832' data-av_iconfont='entypo-fontello'><\/span><span class='avia_iconbox_title' >Bezoek #chezsuzanne<\/span><\/a><\/div>\n<\/div><\/div><div class=\"flex_cell no_margin av_one_third  avia-builder-el-18  el_after_av_cell_one_third  avia-builder-el-last   \"  style='vertical-align:top; padding:0px 0px 30px 0px ; ' ><div class='flex_cell_inner' ><div  class='avia-button-wrap avia-button-center  avia-builder-el-19  avia-builder-el-no-sibling ' ><a href='https:\/\/www.gites-lacledeschamps.fr\/nl\/gite-chezlucien\/'  class='avia-button  avia-color-theme-color   avia-icon_select-yes-left-icon avia-size-large avia-position-center '   ><span class='avia_button_icon avia_button_icon_left ' aria-hidden='true' data-av_icon='\ue832' data-av_iconfont='entypo-fontello'><\/span><span class='avia_iconbox_title' >Bezoek #chezlucien<\/span><\/a><\/div>\n<\/div><\/div>\n<\/div>\n<div id='av_section_1'  class='avia-section main_color avia-section-default avia-no-border-styling  avia-full-contain avia-bg-style-scroll  avia-builder-el-20  el_after_av_layout_row  el_before_av_section   container_wrap fullsize' style='background-repeat: no-repeat; background-image: url(https:\/\/www.gites-lacledeschamps.fr\/wp-content\/uploads\/2021\/07\/fond-pot.jpg);background-attachment: scroll; background-position: bottom center;  '  data-section-bg-repeat='contain'><div class='container' ><div class='template-page content  av-content-full alpha units'><div class='post-entry post-entry-type-page post-entry-7382'><div class='entry-content-wrapper clearfix'>\n<div  class='avia-image-container  av-styling-    avia-builder-el-21  el_before_av_icon_box  avia-builder-el-first  avia-align-center '  itemprop=\"image\" itemscope=\"itemscope\" itemtype=\"https:\/\/schema.org\/ImageObject\"  ><div class='avia-image-container-inner'><div class='avia-image-overlay-wrap'><img decoding=\"async\" class='wp-image-6248 avia-img-lazy-loading-not-6248 avia_image' src=\"https:\/\/www.gites-lacledeschamps.fr\/wp-content\/uploads\/2021\/07\/icone-ferme.jpg\" alt='' title='icone-ferme' height=\"256\" width=\"228\"  itemprop=\"thumbnailUrl\"  \/><\/div><\/div><\/div>\n<article  class=\"iconbox iconbox_left    avia-builder-el-22  el_after_av_image  el_before_av_hr  \"  itemscope=\"itemscope\" itemtype=\"https:\/\/schema.org\/CreativeWork\" ><div class=\"iconbox_content\"><header class=\"entry-content-header\"><div class=\"iconbox_icon heading-color\" aria-hidden='true' data-av_icon='\ue854' data-av_iconfont='entypo-fontello'  ><\/div><h3 class='iconbox_content_title  '  itemprop=\"headline\"  >WAT OVER ONS?<\/h3><\/header><div class='iconbox_content_container  '  itemprop=\"text\"  ><p style=\"text-align: center;\">We hebben onze huizen met veel plezier, passie en liefde voor mooie dingen ingericht. Maar je zult merken dat we \u201cmooie dingen\u201d niet noodzakelijk associ\u00ebren met materi\u00eble waarde. Bovenal zullen onze \u201cmooie dingen\u201d je herinneren aan een jeugdherinnering, je in een vintage stemming brengen; in alle gevallen zullen ze vol authenticiteit zijn.  <\/p>\n<p style=\"text-align: center;\">Voor elk huis hebben we gedacht aan comfort, details, plezier en woongemak.<\/p>\n<p style=\"text-align: center;\">Als je wilt, ontvangen we je graag op onze boerderij (melkfabriek).<\/p>\n<p style=\"text-align: center;\">Voor je ontspanning hebben we een ontspanningsruimte gecre\u00eberd met een jacuzzi die het hele jaar door geopend is.<\/p>\n<p style=\"text-align: center;\">Tot snel<br \/>\nClaude en Olivier<\/p>\n<div  class='avia-button-wrap avia-button-center  avia-builder-el-23  avia-builder-el-no-sibling ' ><a href='https:\/\/www.gites-lacledeschamps.fr\/nl\/de-boerderij-en-wij\/'  class='avia-button  avia-color-theme-color   avia-icon_select-no avia-size-large avia-position-center '   ><span class='avia_iconbox_title' >Lees meer<\/span><\/a><\/div>\n<\/div><\/div><footer class=\"entry-footer\"><\/footer><\/article>\n<div  style='height:150px' class='hr hr-invisible   avia-builder-el-24  el_after_av_icon_box  avia-builder-el-last '><span class='hr-inner ' ><span class='hr-inner-style'><\/span><\/span><\/div>\n\n<\/div><\/div><\/div><!-- close content main div --><\/div><\/div><div id='coinspa'  class='avia-section main_color avia-section-default avia-no-border-styling  avia-full-contain avia-bg-style-scroll  avia-builder-el-25  el_after_av_section  el_before_av_section   av-minimum-height av-minimum-height-custom  container_wrap fullsize' style='background-repeat: no-repeat; background-image: url(https:\/\/www.gites-lacledeschamps.fr\/wp-content\/uploads\/2021\/10\/fond-jacuzzi.jpg);background-attachment: scroll; background-position: bottom center;  '  data-section-bg-repeat='contain'><div class='container' style='height:500px'><div class='template-page content  av-content-full alpha units'><div class='post-entry post-entry-type-page post-entry-7382'><div class='entry-content-wrapper clearfix'>\n<div  class='avia-image-container  av-styling-    avia-builder-el-26  el_before_av_icon_box  avia-builder-el-first  avia-align-center '  itemprop=\"image\" itemscope=\"itemscope\" itemtype=\"https:\/\/schema.org\/ImageObject\"  ><div class='avia-image-container-inner'><div class='avia-image-overlay-wrap'><img decoding=\"async\" class='wp-image-6251 avia-img-lazy-loading-not-6251 avia_image' src=\"https:\/\/www.gites-lacledeschamps.fr\/wp-content\/uploads\/2021\/07\/icone-sauna.jpg\" alt='' title='icone-sauna' height=\"133\" width=\"174\"  itemprop=\"thumbnailUrl\"  \/><\/div><\/div><\/div>\n<article  class=\"iconbox iconbox_left    avia-builder-el-27  el_after_av_image  el_before_av_hr  \"  itemscope=\"itemscope\" itemtype=\"https:\/\/schema.org\/CreativeWork\" ><div class=\"iconbox_content\"><header class=\"entry-content-header\"><div class=\"iconbox_icon heading-color\" aria-hidden='true' data-av_icon='\ue854' data-av_iconfont='entypo-fontello'  ><\/div><h3 class='iconbox_content_title  '  itemprop=\"headline\"   style='color:#d39c3c; '>De spa<\/h3><\/header><div class='iconbox_content_container  '  itemprop=\"text\"  ><p style=\"text-align: center;\">Ontspanning en welzijn&#8230; het hele jaar door.<\/p>\n<p style=\"text-align: center;\">Of je nu alleen bent, met een partner, familie of vrienden, de jacuzzi geeft je een heerlijk moment van ontspanning.<\/p>\n<p style=\"text-align: center;\">Deze overdekte ruimte is ontworpen om te ontspannen. Je kunt ook een behandeling boeken in je g\u00eete of in de behandelkamer naast de jacuzzi, wanneer het jou uitkomt. <\/p>\n<p style=\"text-align: center;\">Je kunt ook gewoon ontspannen op het overdekte terras.<\/p>\n<p style=\"text-align: center;\">Kortom: tijd om te ontspannen!<\/p>\n<p style=\"text-align: center;\"><div  class='avia-button-wrap avia-button-center  avia-builder-el-28  avia-builder-el-no-sibling ' ><a href='https:\/\/www.gites-lacledeschamps.fr\/nl\/het-spa-gebied\/'  class='avia-button  avia-font-color-theme-color  avia-icon_select-no avia-size-large avia-position-center '  style='background-color:#d39c3c; border-color:#d39c3c; ' ><span class='avia_iconbox_title' >Lees meer<\/span><span class='avia_button_background avia-button avia-color-custom' style='background-color:#d38600;'><\/span><\/a><\/div><\/p>\n<\/div><\/div><footer class=\"entry-footer\"><\/footer><\/article>\n<div  style='height:250px' class='hr hr-invisible   avia-builder-el-29  el_after_av_icon_box  avia-builder-el-last '><span class='hr-inner ' ><span class='hr-inner-style'><\/span><\/span><\/div>\n\n<\/div><\/div><\/div><!-- close content main div --><\/div><\/div><div id='alentours'  class='avia-section main_color avia-section-default avia-no-border-styling  avia-bg-style-scroll  avia-builder-el-30  el_after_av_section  el_before_av_section   container_wrap fullsize' style=' '  ><div class='container' ><div class='template-page content  av-content-full alpha units'><div class='post-entry post-entry-type-page post-entry-7382'><div class='entry-content-wrapper clearfix'>\n<article  class=\"iconbox iconbox_left    avia-builder-el-31  avia-builder-el-no-sibling  \"  itemscope=\"itemscope\" itemtype=\"https:\/\/schema.org\/CreativeWork\" ><div class=\"iconbox_content\"><header class=\"entry-content-header\"><div class=\"iconbox_icon heading-color\" aria-hidden='true' data-av_icon='\ue854' data-av_iconfont='entypo-fontello'  ><\/div><h3 class='iconbox_content_title  '  itemprop=\"headline\"   style='color:#6d876b; '>HIER EN DAAR  <\/h3><\/header><div class='iconbox_content_container  '  itemprop=\"text\"  ><p style=\"text-align: center;\">We zijn ideaal gelegen op het kruispunt van een aantal grote excursies: Rennes, Ch\u00e2teaubriant, Vitr\u00e9, Foug\u00e8res, Saint-Malo, Dinard, Mont Saint-Michel, de streek Broc\u00e9liande, La Gacilly, Rochefort en Terre, Saint-Nazaire, La Baule, Gu\u00e9rande, enz.<\/p>\n<p style=\"text-align: center;\">Vlakbij vind je de megalithische site van La Roche aux F\u00e9es, die je alles zal vertellen over de legendes. En vergeet niet een uitstapje te maken naar het prachtige Parc du <a href=\"https:\/\/www.chateaudesperes.fr\/\" target=\"_blank\" rel=\"noopener\">Ch\u00e2teau des P\u00e8res<\/a> in Pir\u00e9-sur-Seiche. <\/p>\n<p style=\"text-align: center;\">Je kunt ook profiteren van de vele activiteiten die lokaal en in de omgeving worden aangeboden: wandelen, mountainbiken, vissen, golfbanen, bioscopen, paardrijden, zwembaden, enz.<\/p>\n<p style=\"text-align: center;\">Kom en ervaar het zelf!<\/p>\n<p style=\"text-align: center;\"><div  class='avia-button-wrap avia-button-center  avia-builder-el-32  avia-builder-el-no-sibling ' ><a href='https:\/\/www.gites-lacledeschamps.fr\/nl\/in-de-buurt\/'  class='avia-button  avia-font-color-theme-color  avia-icon_select-no avia-size-large avia-position-center '  style='background-color:#6d876b; border-color:#6d876b; ' ><span class='avia_iconbox_title' >Lees meer<\/span><span class='avia_button_background avia-button avia-color-custom' style='background-color:#3e873e;'><\/span><\/a><\/div><\/p>\n<\/div><\/div><footer class=\"entry-footer\"><\/footer><\/article>\n\n<\/div><\/div><\/div><!-- close content main div --><\/div><\/div><div id='av_section_4'  class='avia-section main_color avia-section-default avia-no-shadow  avia-full-stretch avia-bg-style-scroll  avia-builder-el-33  el_after_av_section  el_before_av_section   av-minimum-height av-minimum-height-custom  container_wrap fullsize' style='background-repeat: no-repeat; background-image: url(https:\/\/www.gites-lacledeschamps.fr\/wp-content\/uploads\/2020\/05\/fond-temoignage-1030x312.jpg);background-attachment: scroll; background-position: top right;  '  data-section-bg-repeat='stretch'><div class='container' style='height:375px'><div class='template-page content  av-content-full alpha units'><div class='post-entry post-entry-type-page post-entry-7382'><div class='entry-content-wrapper clearfix'>\n<div class=\"flex_column av_three_fifth  flex_column_div av-zero-column-padding first  avia-builder-el-34  avia-builder-el-no-sibling  \" style='border-radius:0px; '><div   data-autoplay='1'  data-interval='4'  data-animation='fade'  data-hoverpause='1'  class='avia-testimonial-wrapper avia-slider-testimonials avia-slider-2-testimonials avia_animate_when_almost_visible   '>\n<section class ='avia-testimonial-row'><div class='avia-testimonial av_one_half flex_column no_margin avia-testimonial-row-1 avia-first-testimonial' ><div class='avia-testimonial_inner'  itemscope=\"itemscope\" itemtype=\"https:\/\/schema.org\/CreativeWork\" ><div class='avia-testimonial-content '  ><div class='avia-testimonial-markup-entry-content'  itemprop=\"text\" ><p>Wat een aangenaam verblijf! Claude&#8217;s ontvangst en de g\u00eete overtroffen onze verwachtingen ruimschoots. We wilden niet meer weg! Een echte oase van rust, uitgerust en ingericht met smaak en praktisch voor een onge\u00ebvenaard comfort. In de rust en stilte van het platteland, in een boerderij die erop wacht om ontdekt te worden. Ik kan het niet genoeg aanbevelen!<\/p>\n<\/div><\/div><div class='avia-testimonial-meta'><div class='avia-testimonial-arrow-wrap'><div class='avia-arrow'><\/div><\/div><div class='avia-testimonial-meta-mini'  itemprop=\"author\" itemscope=\"itemscope\" itemtype=\"https:\/\/schema.org\/Person\" ><strong  class='avia-testimonial-name'    itemprop=\"name\" >Gautier<\/strong><span  class='avia-testimonial-subtitle '    itemprop=\"jobTitle\" >September 2022<\/span><\/div><\/div><\/div><\/div>\n<div class='avia-testimonial av_one_half flex_column no_margin avia-testimonial-row-1 ' ><div class='avia-testimonial_inner'  itemscope=\"itemscope\" itemtype=\"https:\/\/schema.org\/CreativeWork\" ><div class='avia-testimonial-content '  ><div class='avia-testimonial-markup-entry-content'  itemprop=\"text\" ><p>La cl\u00e9 des champs was ons favoriete deel van de vakantie. Claude en zijn charmante familie zorgden ervoor dat we ons zeer welkom voelden. Elke ochtend genoten we van de verse melk van de boerderij. De g\u00eete is smaakvol gerenoveerd en we bewonderden elk stukje van de inrichting. Heel erg bedankt voor een heerlijke tijd.<\/p>\n<\/div><\/div><div class='avia-testimonial-meta'><div class='avia-testimonial-arrow-wrap'><div class='avia-arrow'><\/div><\/div><div class='avia-testimonial-meta-mini'  itemprop=\"author\" itemscope=\"itemscope\" itemtype=\"https:\/\/schema.org\/Person\" ><strong  class='avia-testimonial-name'    itemprop=\"name\" >Philippe  <\/strong><span  class='avia-testimonial-subtitle '    itemprop=\"jobTitle\" >Augustus 2022<\/span><\/div><\/div><\/div><\/div>\n<div class='avia-testimonial av_one_half flex_column no_margin avia-testimonial-row-1 ' ><div class='avia-testimonial_inner'  itemscope=\"itemscope\" itemtype=\"https:\/\/schema.org\/CreativeWork\" ><div class='avia-testimonial-content '  ><div class='avia-testimonial-markup-entry-content'  itemprop=\"text\" ><p>Het is altijd een plezier om te komen en te verblijven in dit mooie huis, perfect gelegen en ingericht met een hoge standaard. Ideaal voor een frisse neus op het platteland!<\/p>\n<\/div><\/div><div class='avia-testimonial-meta'><div class='avia-testimonial-arrow-wrap'><div class='avia-arrow'><\/div><\/div><div class='avia-testimonial-meta-mini'  itemprop=\"author\" itemscope=\"itemscope\" itemtype=\"https:\/\/schema.org\/Person\" ><strong  class='avia-testimonial-name'    itemprop=\"name\" >Matthieu<\/strong><span  class='avia-testimonial-subtitle '    itemprop=\"jobTitle\" >Mei 2023<\/span><\/div><\/div><\/div><\/div>\n<div class='avia-testimonial av_one_half flex_column no_margin avia-testimonial-row-1 ' ><div class='avia-testimonial_inner'  itemscope=\"itemscope\" itemtype=\"https:\/\/schema.org\/CreativeWork\" ><div class='avia-testimonial-content '  ><div class='avia-testimonial-markup-entry-content'  itemprop=\"text\" ><p>Bedankt voor jullie vriendelijkheid. Het is een magische, buitengewone plek. Tot ziens.<\/p>\n<\/div><\/div><div class='avia-testimonial-meta'><div class='avia-testimonial-arrow-wrap'><div class='avia-arrow'><\/div><\/div><div class='avia-testimonial-meta-mini'  itemprop=\"author\" itemscope=\"itemscope\" itemtype=\"https:\/\/schema.org\/Person\" ><strong  class='avia-testimonial-name'    itemprop=\"name\" >C\u00e9line<\/strong><span  class='avia-testimonial-subtitle '    itemprop=\"jobTitle\" >Juni 2023<\/span><\/div><\/div><\/div><\/div>\n<div class='avia-testimonial av_one_half flex_column no_margin avia-testimonial-row-1 ' ><div class='avia-testimonial_inner'  itemscope=\"itemscope\" itemtype=\"https:\/\/schema.org\/CreativeWork\" ><div class='avia-testimonial-content '  ><div class='avia-testimonial-markup-entry-content'  itemprop=\"text\" ><p>Perfect verblijf. Gezellige, schone g\u00eete in een prachtige boerderij. Een paradijs voor kinderen. Hartelijk dank voor uw ontvangst, uw beschikbaarheid en uw vriendelijkheid.<\/p>\n<\/div><\/div><div class='avia-testimonial-meta'><div class='avia-testimonial-arrow-wrap'><div class='avia-arrow'><\/div><\/div><div class='avia-testimonial-meta-mini'  itemprop=\"author\" itemscope=\"itemscope\" itemtype=\"https:\/\/schema.org\/Person\" ><strong  class='avia-testimonial-name'    itemprop=\"name\" >Charles<\/strong><span  class='avia-testimonial-subtitle '    itemprop=\"jobTitle\" >Juni 2023<\/span><\/div><\/div><\/div><\/div>\n<div class='avia-testimonial av_one_half flex_column no_margin avia-testimonial-row-1 ' ><div class='avia-testimonial_inner'  itemscope=\"itemscope\" itemtype=\"https:\/\/schema.org\/CreativeWork\" ><div class='avia-testimonial-content '  ><div class='avia-testimonial-markup-entry-content'  itemprop=\"text\" ><p>Schitterend verblijf bij Claude en zijn familie. We waren erg ontroerd door hun welkom en aandacht voor detail. De accommodatie is zeer warm en smaakvol ingericht, en het beddengoed is uiterst comfortabel. De buitenruimtes zijn ook zeer aangenaam, en de kinderen hebben alles wat ze nodig hebben om zich te vermaken. De ouderen zullen genieten van de SPA. We vonden het erg leuk om de boerderij te ontdekken en waardeerden ook de eco-verantwoorde aanpak van deze mooie, rustige plek. We komen met veel plezier terug.<\/p>\n<\/div><\/div><div class='avia-testimonial-meta'><div class='avia-testimonial-arrow-wrap'><div class='avia-arrow'><\/div><\/div><div class='avia-testimonial-meta-mini'  itemprop=\"author\" itemscope=\"itemscope\" itemtype=\"https:\/\/schema.org\/Person\" ><strong  class='avia-testimonial-name'    itemprop=\"name\" >Nad\u00e8ge<\/strong><span  class='avia-testimonial-subtitle '    itemprop=\"jobTitle\" >November 2022<\/span><\/div><\/div><\/div><\/div>\n<\/section><\/div><\/div>\n\n<\/div><\/div><\/div><!-- close content main div --><\/div><\/div><div id='av_section_5'  class='avia-section main_color avia-section-default avia-no-border-styling  avia-bg-style-scroll  avia-builder-el-36  el_after_av_section  avia-builder-el-last   container_wrap fullsize' style='background-repeat: repeat-x; background-image: url(https:\/\/www.gites-lacledeschamps.fr\/wp-content\/uploads\/2021\/07\/fond-insta.jpg);background-attachment: scroll; background-position: bottom right;  '  data-section-bg-repeat='repeat-x'><div class='container' ><div class='template-page content  av-content-full alpha units'><div class='post-entry post-entry-type-page post-entry-7382'><div class='entry-content-wrapper clearfix'>\n<div  style='padding-bottom:10px; color:#6d876b;' class='av-special-heading av-special-heading-h2 custom-color-heading blockquote modern-quote modern-centered  avia-builder-el-37  el_before_av_codeblock  avia-builder-el-first  '><h2 class='av-special-heading-tag '  itemprop=\"headline\"  >VOLG ONS OP INSTAGRAM @LACLEDESCHAMPS_BZH<\/h2><div class='special-heading-border'><div class='special-heading-inner-border' style='border-color:#6d876b'><\/div><\/div><\/div>\n\n\n","protected":false},"excerpt":{"rendered":"","protected":false},"author":1,"featured_media":0,"parent":0,"menu_order":0,"comment_status":"closed","ping_status":"open","template":"","meta":{"footnotes":""},"class_list":["post-7382","page","type-page","status-publish","hentry"],"aioseo_notices":[],"_links":{"self":[{"href":"https:\/\/www.gites-lacledeschamps.fr\/nl\/wp-json\/wp\/v2\/pages\/7382","targetHints":{"allow":["GET"]}}],"collection":[{"href":"https:\/\/www.gites-lacledeschamps.fr\/nl\/wp-json\/wp\/v2\/pages"}],"about":[{"href":"https:\/\/www.gites-lacledeschamps.fr\/nl\/wp-json\/wp\/v2\/types\/page"}],"author":[{"embeddable":true,"href":"https:\/\/www.gites-lacledeschamps.fr\/nl\/wp-json\/wp\/v2\/users\/1"}],"replies":[{"embeddable":true,"href":"https:\/\/www.gites-lacledeschamps.fr\/nl\/wp-json\/wp\/v2\/comments?post=7382"}],"version-history":[{"count":12,"href":"https:\/\/www.gites-lacledeschamps.fr\/nl\/wp-json\/wp\/v2\/pages\/7382\/revisions"}],"predecessor-version":[{"id":7884,"href":"https:\/\/www.gites-lacledeschamps.fr\/nl\/wp-json\/wp\/v2\/pages\/7382\/revisions\/7884"}],"wp:attachment":[{"href":"https:\/\/www.gites-lacledeschamps.fr\/nl\/wp-json\/wp\/v2\/media?parent=7382"}],"curies":[{"name":"wp","href":"https:\/\/api.w.org\/{rel}","templated":true}]}}