{"id":7370,"date":"2021-10-25T13:47:57","date_gmt":"2021-10-25T12:47:57","guid":{"rendered":"https:\/\/www.gites-lacledeschamps.fr\/we-vinden-leuk-we-houden-van\/"},"modified":"2025-06-11T12:06:34","modified_gmt":"2025-06-11T11:06:34","slug":"we-vinden-leuk-we-houden-van","status":"publish","type":"page","link":"https:\/\/www.gites-lacledeschamps.fr\/nl\/we-vinden-leuk-we-houden-van\/","title":{"rendered":"WE VINDEN LEUK &#8211; WE HOUDEN VAN"},"content":{"rendered":"<div id='full_slider_1'  class='avia-fullwidth-slider main_color avia-shadow   avia-builder-el-0  el_before_av_section  avia-builder-el-first   container_wrap fullsize' style=' '  ><div   data-size='no scaling'  data-lightbox_size='large'  data-animation='slide'  data-conditional_play=''  data-ids='2470'  data-video_counter='0'  data-autoplay='false'  data-bg_slider='false'  data-slide_height=''  data-handle='av_slideshow_full'  data-interval='5'  data-class=' '  data-el_id=''  data-css_id=''  data-scroll_down=''  data-control_layout='av-control-default'  data-custom_markup=''  data-perma_caption=''  data-autoplay_stopper=''  data-image_attachment=''  data-min_height='0px'  data-lazy_loading='disabled'  data-src=''  data-position='top left'  data-repeat='no-repeat'  data-attach='scroll'  data-stretch=''  class='avia-slideshow avia-slideshow-1  av-control-default av-default-height-applied avia-slideshow-no scaling av_slideshow_full   avia-slide-slider '  itemprop=\"image\" itemscope=\"itemscope\" itemtype=\"https:\/\/schema.org\/ImageObject\" ><ul class='avia-slideshow-inner ' style='padding-bottom: 30.208333333333%;' ><li  class=' av-single-slide slide-1 ' ><div data-rel='slideshow-1' class='avia-slide-wrap '   ><img decoding=\"async\" class=\"wp-image-7115 avia-img-lazy-loading-not-7115\"  src=\"https:\/\/www.gites-lacledeschamps.fr\/wp-content\/uploads\/2022\/02\/bonnes-adresses.jpg\" width=\"1920\" height=\"580\" title='bonnes-adresses' alt=''  itemprop=\"thumbnailUrl\" srcset=\"https:\/\/www.gites-lacledeschamps.fr\/wp-content\/uploads\/2022\/02\/bonnes-adresses.jpg 1920w, https:\/\/www.gites-lacledeschamps.fr\/wp-content\/uploads\/2022\/02\/bonnes-adresses-300x91.jpg 300w, https:\/\/www.gites-lacledeschamps.fr\/wp-content\/uploads\/2022\/02\/bonnes-adresses-1030x311.jpg 1030w, https:\/\/www.gites-lacledeschamps.fr\/wp-content\/uploads\/2022\/02\/bonnes-adresses-768x232.jpg 768w, https:\/\/www.gites-lacledeschamps.fr\/wp-content\/uploads\/2022\/02\/bonnes-adresses-1536x464.jpg 1536w, https:\/\/www.gites-lacledeschamps.fr\/wp-content\/uploads\/2022\/02\/bonnes-adresses-1500x453.jpg 1500w, https:\/\/www.gites-lacledeschamps.fr\/wp-content\/uploads\/2022\/02\/bonnes-adresses-705x213.jpg 705w\" sizes=\"(max-width: 1920px) 100vw, 1920px\" \/><\/div><\/li><\/ul><\/div><\/div>\n<div id='av_section_1'  class='avia-section main_color avia-section-default avia-no-border-styling  avia-bg-style-scroll  avia-builder-el-1  el_after_av_slideshow_full  el_before_av_section   container_wrap fullsize' style=' '  ><div class='container' ><div class='template-page content  av-content-full alpha units'><div class='post-entry post-entry-type-page post-entry-7370'><div class='entry-content-wrapper clearfix'>\n<section class=\"av_textblock_section \"  itemscope=\"itemscope\" itemtype=\"https:\/\/schema.org\/CreativeWork\" ><div class='avia_textblock  '   itemprop=\"text\" ><h2 style=\"text-align: center;\"><strong data-start=\"252\" data-end=\"287\">Eten, drinken &amp; lokaal winkelen<\/strong><\/h2>\n<\/div><\/section>\n<div class=\"flex_column av_one_fourth  flex_column_div av-zero-column-padding first  avia-builder-el-3  el_after_av_textblock  el_before_av_one_fourth  column-top-margin\" style='border-radius:0px; '><p><section class=\"av_textblock_section \"  itemscope=\"itemscope\" itemtype=\"https:\/\/schema.org\/CreativeWork\" ><div class='avia_textblock  '   itemprop=\"text\" ><p><a href=\"https:\/\/www.gites-lacledeschamps.fr\/wp-content\/uploads\/2022\/11\/garde-manger-scaled.jpg\"><img loading=\"lazy\" decoding=\"async\" class=\"aligncenter size-medium wp-image-2571\" src=\"https:\/\/www.gites-lacledeschamps.fr\/wp-content\/uploads\/2022\/11\/garde-manger-300x225.jpg\" alt=\"Martign\u00e9 Ferchaud biologische supermarkt\" width=\"300\" height=\"225\" srcset=\"https:\/\/www.gites-lacledeschamps.fr\/wp-content\/uploads\/2022\/11\/garde-manger-300x225.jpg 300w, https:\/\/www.gites-lacledeschamps.fr\/wp-content\/uploads\/2022\/11\/garde-manger-1030x773.jpg 1030w, https:\/\/www.gites-lacledeschamps.fr\/wp-content\/uploads\/2022\/11\/garde-manger-768x576.jpg 768w, https:\/\/www.gites-lacledeschamps.fr\/wp-content\/uploads\/2022\/11\/garde-manger-1536x1152.jpg 1536w, https:\/\/www.gites-lacledeschamps.fr\/wp-content\/uploads\/2022\/11\/garde-manger-2048x1536.jpg 2048w, https:\/\/www.gites-lacledeschamps.fr\/wp-content\/uploads\/2022\/11\/garde-manger-1500x1125.jpg 1500w, https:\/\/www.gites-lacledeschamps.fr\/wp-content\/uploads\/2022\/11\/garde-manger-705x529.jpg 705w\" sizes=\"auto, (max-width: 300px) 100vw, 300px\" \/><\/a><\/p>\n<\/div><\/section><br \/>\n<section class=\"av_textblock_section \"  itemscope=\"itemscope\" itemtype=\"https:\/\/schema.org\/CreativeWork\" ><div class='avia_textblock  '   itemprop=\"text\" ><p><strong>Le Garde Manger &#8211; MARTIGNE FERCHAUD<\/strong><br \/>\n27 Rue Paul Prime &#8211; 02 23 08 88 87<br \/>\nOpen dinsdag tot zaterdag<\/p>\n<p>&#8220;Algemene kruidenierswinkel. Primeur AB. Kaas per plak AB. Zuivelfabriek AB. Slagerij, delicatessen, gevogelte. Delicatessen. In bulk. Lokale producten. Dit en nog veel meer vind je bij C\u00e9line: haar glimlach en beschikbaarheid zijn onge\u00ebvenaard. Het is een mooie winkel in het centrum van Martign\u00e9-Ferchaud.<\/p>\n<\/div><\/section><\/p><\/div><div class=\"flex_column av_one_fourth  flex_column_div av-zero-column-padding   avia-builder-el-6  el_after_av_one_fourth  el_before_av_one_fourth  column-top-margin\" style='border-radius:0px; '><p><div  class='avia-image-container  av-styling-    avia-builder-el-7  el_before_av_textblock  avia-builder-el-first  avia-align-center '  itemprop=\"image\" itemscope=\"itemscope\" itemtype=\"https:\/\/schema.org\/ImageObject\"  ><div class='avia-image-container-inner'><div class='avia-image-overlay-wrap'><img decoding=\"async\" class='wp-image-7175 avia-img-lazy-loading-not-7175 avia_image' src=\"https:\/\/www.gites-lacledeschamps.fr\/wp-content\/uploads\/2022\/11\/angello-300x300.jpg\" alt='angello pizza' title='angello' height=\"300\" width=\"300\"  itemprop=\"thumbnailUrl\" srcset=\"https:\/\/www.gites-lacledeschamps.fr\/wp-content\/uploads\/2022\/11\/angello-300x300.jpg 300w, https:\/\/www.gites-lacledeschamps.fr\/wp-content\/uploads\/2022\/11\/angello-1030x1030.jpg 1030w, https:\/\/www.gites-lacledeschamps.fr\/wp-content\/uploads\/2022\/11\/angello-80x80.jpg 80w, https:\/\/www.gites-lacledeschamps.fr\/wp-content\/uploads\/2022\/11\/angello-768x768.jpg 768w, https:\/\/www.gites-lacledeschamps.fr\/wp-content\/uploads\/2022\/11\/angello-1536x1536.jpg 1536w, https:\/\/www.gites-lacledeschamps.fr\/wp-content\/uploads\/2022\/11\/angello.jpg 2048w, https:\/\/www.gites-lacledeschamps.fr\/wp-content\/uploads\/2022\/11\/angello-36x36.jpg 36w, https:\/\/www.gites-lacledeschamps.fr\/wp-content\/uploads\/2022\/11\/angello-180x180.jpg 180w, https:\/\/www.gites-lacledeschamps.fr\/wp-content\/uploads\/2022\/11\/angello-1500x1500.jpg 1500w, https:\/\/www.gites-lacledeschamps.fr\/wp-content\/uploads\/2022\/11\/angello-705x705.jpg 705w\" sizes=\"(max-width: 300px) 100vw, 300px\" \/><\/div><\/div><\/div><br \/>\n<section class=\"av_textblock_section \"  itemscope=\"itemscope\" itemtype=\"https:\/\/schema.org\/CreativeWork\" ><div class='avia_textblock  '   itemprop=\"text\" ><p><strong>Angello Pizza &#8211; RENNES<\/strong><br \/>\n4 Pl. de Bretagne &#8211; 06 74 74 89<\/p>\n<p><a href=\"https:\/\/www.angello-pizza-rennes.fr\/\" target=\"_blank\" rel=\"noopener\">Website<\/a><\/p>\n<p>Waarom pizza eten in Rennes, vraag je je misschien af? Heel eenvoudig, omdat je bij Angello \u201cs kunt genieten van de beste pizza\u201d s van het westen, het hele westen, zelfs van Frankrijk, en misschien wel van de hele wereld! Het is gemakkelijk uit te leggen: Yann, de chef-kok, is gewoon gek op pizza. Ga ze aan het werk zien: ze koken voor je neus&#8230; en wat meer is!<\/p>\n<\/div><\/section><\/p><\/div><div class=\"flex_column av_one_fourth  flex_column_div av-zero-column-padding   avia-builder-el-9  el_after_av_one_fourth  el_before_av_one_fourth  column-top-margin\" style='border-radius:0px; '><p><div  class='avia-image-container  av-styling-    avia-builder-el-10  el_before_av_textblock  avia-builder-el-first  avia-align-center '  itemprop=\"image\" itemscope=\"itemscope\" itemtype=\"https:\/\/schema.org\/ImageObject\"  ><div class='avia-image-container-inner'><div class='avia-image-overlay-wrap'><img decoding=\"async\" class='wp-image-7172 avia-img-lazy-loading-not-7172 avia_image' src=\"https:\/\/www.gites-lacledeschamps.fr\/wp-content\/uploads\/2022\/11\/repere-300x225.jpg\" alt='' title='repere' height=\"225\" width=\"300\"  itemprop=\"thumbnailUrl\" srcset=\"https:\/\/www.gites-lacledeschamps.fr\/wp-content\/uploads\/2022\/11\/repere-300x225.jpg 300w, https:\/\/www.gites-lacledeschamps.fr\/wp-content\/uploads\/2022\/11\/repere-1030x773.jpg 1030w, https:\/\/www.gites-lacledeschamps.fr\/wp-content\/uploads\/2022\/11\/repere-768x576.jpg 768w, https:\/\/www.gites-lacledeschamps.fr\/wp-content\/uploads\/2022\/11\/repere-1536x1152.jpg 1536w, https:\/\/www.gites-lacledeschamps.fr\/wp-content\/uploads\/2022\/11\/repere-1500x1125.jpg 1500w, https:\/\/www.gites-lacledeschamps.fr\/wp-content\/uploads\/2022\/11\/repere-705x529.jpg 705w, https:\/\/www.gites-lacledeschamps.fr\/wp-content\/uploads\/2022\/11\/repere.jpg 2048w\" sizes=\"(max-width: 300px) 100vw, 300px\" \/><\/div><\/div><\/div><br \/>\n<section class=\"av_textblock_section \"  itemscope=\"itemscope\" itemtype=\"https:\/\/schema.org\/CreativeWork\" ><div class='avia_textblock  '   itemprop=\"text\" ><p><strong>Le Re-p\u00e8re &#8211; PIRE SUR SEICHE<\/strong><br \/>\nAdres: Domaine du Ch\u00e2teau des P\u00e8res, 35135 Pir\u00e9-Chanc\u00e9<br \/>\nTelefoon: 02 23 08 40 80<\/p>\n<p><a href=\"https:\/\/www.chateaudesperes.fr\/restaurant-traditionnel-proche-rennes\" target=\"_blank\" rel=\"noopener\">Website<\/a><\/p>\n<p>Le Re-P\u00e8re is absoluut CON-VI-VIA-LI-TE! Gezelligheid betekent beschikbaarheid. Dit half-bistro, half-rotisserie restaurant is open van maandag tot zondag: 7 DAGEN PER WEEK! Wat een gevoel van gastvrijheid! Maar wees gewaarschuwd: in het weekend moet je vaak reserveren! Dat is de prijs van succes!<\/p>\n<\/div><\/section><\/p><\/div><div class=\"flex_column av_one_fourth  flex_column_div av-zero-column-padding   avia-builder-el-12  el_after_av_one_fourth  el_before_av_one_fourth  column-top-margin\" style='border-radius:0px; '><p><div  class='avia-image-container  av-styling-    avia-builder-el-13  el_before_av_textblock  avia-builder-el-first  avia-align-center '  itemprop=\"image\" itemscope=\"itemscope\" itemtype=\"https:\/\/schema.org\/ImageObject\"  ><div class='avia-image-container-inner'><div class='avia-image-overlay-wrap'><img decoding=\"async\" class='wp-image-7187 avia-img-lazy-loading-not-7187 avia_image' src=\"https:\/\/www.gites-lacledeschamps.fr\/wp-content\/uploads\/2023\/01\/penates-1-e1673980661114-300x200.jpg\" alt='penates rennes bistrot a vins' title='penates rennes bistrot a vins' height=\"200\" width=\"300\"  itemprop=\"thumbnailUrl\" srcset=\"https:\/\/www.gites-lacledeschamps.fr\/wp-content\/uploads\/2023\/01\/penates-1-e1673980661114-300x200.jpg 300w, https:\/\/www.gites-lacledeschamps.fr\/wp-content\/uploads\/2023\/01\/penates-1-e1673980661114-1030x687.jpg 1030w, https:\/\/www.gites-lacledeschamps.fr\/wp-content\/uploads\/2023\/01\/penates-1-e1673980661114-768x512.jpg 768w, https:\/\/www.gites-lacledeschamps.fr\/wp-content\/uploads\/2023\/01\/penates-1-e1673980661114-705x470.jpg 705w, https:\/\/www.gites-lacledeschamps.fr\/wp-content\/uploads\/2023\/01\/penates-1-e1673980661114.jpg 1305w\" sizes=\"(max-width: 300px) 100vw, 300px\" \/><\/div><\/div><\/div><br \/>\n<section class=\"av_textblock_section \"  itemscope=\"itemscope\" itemtype=\"https:\/\/schema.org\/CreativeWork\" ><div class='avia_textblock  '   itemprop=\"text\" ><p><strong>PENATES &#8211; Bistrot \u00e0 Vins &#8211; RENNES<\/strong><br \/>\n17 rue Paul Bert<br \/>\nTelefoon: 02 99 36 97 55<\/p>\n<p><a href=\"https:\/\/www.facebook.com\/profile.php?id=100063635318155&amp;sk=photos\" target=\"_blank\" rel=\"noopener\">Website<\/a><\/p>\n<p>Een grote verliefdheid! Echt waar&#8230; We Love &#8211; We Adore. We zijn dol op de verse, seizoensgebonden gerechten die op originele wijze zijn samengesteld. We gaan uit ons dak bij het proeven van de biologische en vaak natuurlijke wijnen die worden aangeboden. We waarderen de glimlach en de levensvreugde van het Maison. We zijn weggeblazen door de filosofie van de eigenaars. Mooie, mooie, mooie jeugd! Bovendien is de sfeer geweldig.<\/p>\n<\/div><\/section><\/p><\/div><div class=\"flex_column av_one_fourth  flex_column_div av-zero-column-padding first  avia-builder-el-15  el_after_av_one_fourth  el_before_av_one_fourth  column-top-margin\" style='border-radius:0px; '><p><div  class='avia-image-container  av-styling-    avia-builder-el-16  el_before_av_textblock  avia-builder-el-first  avia-align-center '  itemprop=\"image\" itemscope=\"itemscope\" itemtype=\"https:\/\/schema.org\/ImageObject\"  ><div class='avia-image-container-inner'><div class='avia-image-overlay-wrap'><img decoding=\"async\" class='wp-image-7166 avia-img-lazy-loading-not-7166 avia_image' src=\"https:\/\/www.gites-lacledeschamps.fr\/wp-content\/uploads\/2022\/11\/N6-300x232.jpg\" alt='n6 retiers bistrot gite la cle des champs' title='N6' height=\"232\" width=\"300\"  itemprop=\"thumbnailUrl\" srcset=\"https:\/\/www.gites-lacledeschamps.fr\/wp-content\/uploads\/2022\/11\/N6-300x232.jpg 300w, https:\/\/www.gites-lacledeschamps.fr\/wp-content\/uploads\/2022\/11\/N6-768x594.jpg 768w, https:\/\/www.gites-lacledeschamps.fr\/wp-content\/uploads\/2022\/11\/N6-705x545.jpg 705w, https:\/\/www.gites-lacledeschamps.fr\/wp-content\/uploads\/2022\/11\/N6.jpg 1000w\" sizes=\"(max-width: 300px) 100vw, 300px\" \/><\/div><\/div><\/div><br \/>\n<section class=\"av_textblock_section \"  itemscope=\"itemscope\" itemtype=\"https:\/\/schema.org\/CreativeWork\" ><div class='avia_textblock  '   itemprop=\"text\" ><p><strong>Le N6 &#8211; RETIERS<\/strong><br \/>\nAdres: 6 ZA la Janaie, 35240 Retiers<br \/>\nTelefoon: 02 56 15 99 40<\/p>\n<p><a href=\"https:\/\/www.facebook.com\/N6Retiers\/\" target=\"_blank\" rel=\"noopener\">Website<\/a><\/p>\n<p>CHILL sfeer! Als je op zoek bent naar een drankje in een gezellige, elegante sfeer, dan is de N6 (Num\u00e9ro 6) de plek om naartoe te gaan. Afhankelijk van de sfeer die je zoekt, kun je tegen een sokkeltafel leunen, plaatsnemen of in een loungehoek gaan zitten: hoe leuk is dat?<\/p>\n<p>Geheel in de geest van V&amp;B is er een kelder naast de eetzaal, zodat je de drankjes die je aan de bar hebt gedronken kunt meenemen. Jean-Philippe organiseert regelmatig evenementen: kijk op de website voor het laatste nieuws.<\/p>\n<\/div><\/section><\/p><\/div><div class=\"flex_column av_one_fourth  flex_column_div av-zero-column-padding   avia-builder-el-18  el_after_av_one_fourth  el_before_av_one_fourth  column-top-margin\" style='border-radius:0px; '><p><div  class='avia-image-container  av-styling-    avia-builder-el-19  el_before_av_textblock  avia-builder-el-first  avia-align-center '  itemprop=\"image\" itemscope=\"itemscope\" itemtype=\"https:\/\/schema.org\/ImageObject\"  ><div class='avia-image-container-inner'><div class='avia-image-overlay-wrap'><img decoding=\"async\" class='wp-image-7169 avia-img-lazy-loading-not-7169 avia_image' src=\"https:\/\/www.gites-lacledeschamps.fr\/wp-content\/uploads\/2022\/11\/pourquoi-pas-300x225.jpg\" alt='' title='pourquoi pas' height=\"225\" width=\"300\"  itemprop=\"thumbnailUrl\" srcset=\"https:\/\/www.gites-lacledeschamps.fr\/wp-content\/uploads\/2022\/11\/pourquoi-pas-300x225.jpg 300w, https:\/\/www.gites-lacledeschamps.fr\/wp-content\/uploads\/2022\/11\/pourquoi-pas-1030x773.jpg 1030w, https:\/\/www.gites-lacledeschamps.fr\/wp-content\/uploads\/2022\/11\/pourquoi-pas-768x576.jpg 768w, https:\/\/www.gites-lacledeschamps.fr\/wp-content\/uploads\/2022\/11\/pourquoi-pas-705x529.jpg 705w, https:\/\/www.gites-lacledeschamps.fr\/wp-content\/uploads\/2022\/11\/pourquoi-pas.jpg 1440w\" sizes=\"(max-width: 300px) 100vw, 300px\" \/><\/div><\/div><\/div><br \/>\n<section class=\"av_textblock_section \"  itemscope=\"itemscope\" itemtype=\"https:\/\/schema.org\/CreativeWork\" ><div class='avia_textblock  '   itemprop=\"text\" ><p><strong>Le pourquoi pas &#8211; MARTIGNE FERCHAUD<\/strong><br \/>\n8 Rue Emile Bridel &#8211; 02 99 47 93 06<\/p>\n<p><a href=\"https:\/\/www.facebook.com\/profile.php?id=100063534914601\">Website<\/a><\/p>\n<p>Een \u201cheel leuk\u201d adres op slechts 3 minuten van de g\u00eete. Christophe, de chef-kok, werkt met verse seizoensproducten. Christelle, die je bedient, verwelkomt je met humor en enthousiasme. De sfeer en inrichting zijn erg leuk. De kelder is goed gevuld met biologische wijnen: geweldig!<\/p>\n<\/div><\/section><\/p><\/div><div class=\"flex_column av_one_fourth  flex_column_div av-zero-column-padding   avia-builder-el-21  el_after_av_one_fourth  el_before_av_one_fourth  column-top-margin\" style='border-radius:0px; '><p><div  class='avia-image-container  av-styling-    avia-builder-el-22  el_before_av_textblock  avia-builder-el-first  avia-align-center '  itemprop=\"image\" itemscope=\"itemscope\" itemtype=\"https:\/\/schema.org\/ImageObject\"  ><div class='avia-image-container-inner'><div class='avia-image-overlay-wrap'><img decoding=\"async\" class='wp-image-7181 avia-img-lazy-loading-not-7181 avia_image' src=\"https:\/\/www.gites-lacledeschamps.fr\/wp-content\/uploads\/2022\/11\/lajavableue-300x225.jpg\" alt='' title='lajavableue' height=\"225\" width=\"300\"  itemprop=\"thumbnailUrl\" srcset=\"https:\/\/www.gites-lacledeschamps.fr\/wp-content\/uploads\/2022\/11\/lajavableue-300x225.jpg 300w, https:\/\/www.gites-lacledeschamps.fr\/wp-content\/uploads\/2022\/11\/lajavableue-768x576.jpg 768w, https:\/\/www.gites-lacledeschamps.fr\/wp-content\/uploads\/2022\/11\/lajavableue-705x529.jpg 705w, https:\/\/www.gites-lacledeschamps.fr\/wp-content\/uploads\/2022\/11\/lajavableue.jpg 960w\" sizes=\"(max-width: 300px) 100vw, 300px\" \/><\/div><\/div><\/div><br \/>\n<section class=\"av_textblock_section \"  itemscope=\"itemscope\" itemtype=\"https:\/\/schema.org\/CreativeWork\" ><div class='avia_textblock  '   itemprop=\"text\" ><p><strong>La Java Bleue &#8211; AMANLIS<\/strong><br \/>\nAdres: 15 Laval, 35150 Amanlis<br \/>\nTelefoon: 02 99 44 55 54<\/p>\n<p><a href=\"https:\/\/www.facebook.com\/LaJavaBleueRestaurant\/\" target=\"_blank\" rel=\"noopener\">Website<\/a><\/p>\n<p>Hoe kan ik deze plek beschrijven? Als ik je vertel dat het &#8220;Zinzins&#8221; zijn, krijg je dan geen zin om erheen te gaan? Nou, ja: je moet erheen (als het je lukt om een tafel te reserveren)! Meer dan &#8220;Zinzins&#8221;, het zijn CARREMENT &#8220;Zinzins&#8221;. Pascal in de keuken covert 80&#8217;s hits op de microfoon, Billy in de eetzaal draait alles om cash. Het is leuk, origineel en een verandering van omgeving! In de zomer dompelt het terras, smaakvol beplant met bomen en ingericht in &#8220;georganiseerde bordeelstijl&#8221;, je onder in een superstijlvol guinguettesfeertje. In de winter zit je in de eetzaal en weet je niet waar je moet kijken omdat er zoveel te zien is: het is er warm en gezellig. Liefhebbers van rood vlees: trakteer jezelf op een ribstuk van rundvlees. Groot, groot plezier bij Java Bleue!<\/p>\n<\/div><\/section><\/p><\/div><div class=\"flex_column av_one_fourth  flex_column_div av-zero-column-padding   avia-builder-el-24  el_after_av_one_fourth  avia-builder-el-last  column-top-margin\" style='border-radius:0px; '><p><div  class='avia-image-container  av-styling-    avia-builder-el-25  el_before_av_textblock  avia-builder-el-first  avia-align-center '  itemprop=\"image\" itemscope=\"itemscope\" itemtype=\"https:\/\/schema.org\/ImageObject\"  ><div class='avia-image-container-inner'><div class='avia-image-overlay-wrap'><img decoding=\"async\" class='wp-image-7145 avia-img-lazy-loading-not-7145 avia_image' src=\"https:\/\/www.gites-lacledeschamps.fr\/wp-content\/uploads\/2022\/11\/cave2-300x178.jpg\" alt='' title='cave2' height=\"178\" width=\"300\"  itemprop=\"thumbnailUrl\" srcset=\"https:\/\/www.gites-lacledeschamps.fr\/wp-content\/uploads\/2022\/11\/cave2-300x178.jpg 300w, https:\/\/www.gites-lacledeschamps.fr\/wp-content\/uploads\/2022\/11\/cave2-768x455.jpg 768w, https:\/\/www.gites-lacledeschamps.fr\/wp-content\/uploads\/2022\/11\/cave2-705x418.jpg 705w, https:\/\/www.gites-lacledeschamps.fr\/wp-content\/uploads\/2022\/11\/cave2.jpg 960w\" sizes=\"(max-width: 300px) 100vw, 300px\" \/><\/div><\/div><\/div><br \/>\n<section class=\"av_textblock_section \"  itemscope=\"itemscope\" itemtype=\"https:\/\/schema.org\/CreativeWork\" ><div class='avia_textblock  '   itemprop=\"text\" ><p><strong>Cave de la Roche aux F\u00e9es &#8211; RETIERS<\/strong><br \/>\n13 Pl. Saint-Pierre &#8211; 02 99 43 66 75<\/p>\n<p><a href=\"https:\/\/cavedelarocheauxfees.com\/\" target=\"_blank\" rel=\"noopener\">Website<\/a><\/p>\n<p>Wijnen, sterke dranken, delicatessen, lokale producten, heerlijke Dammann-thee: Vincent en Marina verwelkomen je altijd &#8230; met een glimlach!<\/p>\n<p>Een typisch weekend in La Cl\u00e9 des Champs: je gaat op zaterdagochtend naar de markt in Retiers op het kerkplein en stopt bij de wijnkelder op hetzelfde plein om de juiste wijnen te vinden die bij je gerechten passen.<\/p>\n<\/div><\/section><\/p><\/div><\/div><\/div><\/div><!-- close content main div --><\/div><\/div><div id='av_section_2'  class='avia-section main_color avia-section-default avia-no-border-styling  avia-bg-style-scroll  avia-builder-el-27  el_after_av_section  el_before_av_section   container_wrap fullsize' style='background-color: #f2f2f2;  '  ><div class='container' ><div class='template-page content  av-content-full alpha units'><div class='post-entry post-entry-type-page post-entry-7370'><div class='entry-content-wrapper clearfix'>\n<section class=\"av_textblock_section \"  itemscope=\"itemscope\" itemtype=\"https:\/\/schema.org\/CreativeWork\" ><div class='avia_textblock  '   itemprop=\"text\" ><h2 style=\"text-align: center;\">WINKELS EN ANTIEKWINKELS<\/h2>\n<\/div><\/section>\n<div class=\"flex_column av_one_fourth  flex_column_div av-zero-column-padding first  avia-builder-el-29  el_after_av_textblock  el_before_av_one_fourth  column-top-margin\" style='border-radius:0px; '><p><div  class='avia-image-container  av-styling-    avia-builder-el-30  el_before_av_textblock  avia-builder-el-first  avia-align-center '  itemprop=\"image\" itemscope=\"itemscope\" itemtype=\"https:\/\/schema.org\/ImageObject\"  ><div class='avia-image-container-inner'><div class='avia-image-overlay-wrap'><img decoding=\"async\" class='wp-image-7178 avia-img-lazy-loading-not-7178 avia_image' src=\"https:\/\/www.gites-lacledeschamps.fr\/wp-content\/uploads\/2022\/11\/aude-1-1-300x207.jpg\" alt='aertfil gites la cle des champs' title='aude 1' height=\"207\" width=\"300\"  itemprop=\"thumbnailUrl\" srcset=\"https:\/\/www.gites-lacledeschamps.fr\/wp-content\/uploads\/2022\/11\/aude-1-1-300x207.jpg 300w, https:\/\/www.gites-lacledeschamps.fr\/wp-content\/uploads\/2022\/11\/aude-1-1-768x531.jpg 768w, https:\/\/www.gites-lacledeschamps.fr\/wp-content\/uploads\/2022\/11\/aude-1-1-705x487.jpg 705w, https:\/\/www.gites-lacledeschamps.fr\/wp-content\/uploads\/2022\/11\/aude-1-1.jpg 990w\" sizes=\"(max-width: 300px) 100vw, 300px\" \/><\/div><\/div><\/div><br \/>\n<section class=\"av_textblock_section \"  itemscope=\"itemscope\" itemtype=\"https:\/\/schema.org\/CreativeWork\" ><div class='avia_textblock  '   itemprop=\"text\" ><p><strong>AertFil &#8211; MARTIGNE-FERCHAUD<\/strong><br \/>\nL&#8217;Hommelet &#8211; 02 99 47 84 42<\/p>\n<p><a href=\"https:\/\/www.aertfil.fr\/\" target=\"_blank\" rel=\"noopener\">Website<\/a><\/p>\n<p>MOETEN ZIEN! Ten eerste omdat de werkplaats van Aude op minder dan 2 km van je g\u00eete ligt, en je er met de auto (2 minuten) of te voet kunt komen via het wandelpad <a href=\"http:\/\/www.ville-martigneferchaud.fr\/FCKeditor\/UserFiles\/Chemins-de-randonnees\/Fiche-MF-07-Vallee-de-la-Noe-Jollys.pdf\">No\u00eb-Jollys<\/a>, dat vlak naast de deur loopt.<\/p>\n<p>Ten tweede omdat het de plek is waar de mooiste en meest robuuste draadmanden worden gemaakt, en 100% &#8220;handgemaakt&#8221;; een vaardigheid die Aude al 3 generaties lang in stand houdt. Stap de werkplaats binnen, kijk rond en waardeer de passie en precisie van Aude&#8217;s werk. Ze doorloopt nauwgezet de verschillende stadia van het maken van een mand. Een echte favoriet!<\/p>\n<\/div><\/section><\/p><\/div><div class=\"flex_column av_one_fourth  flex_column_div av-zero-column-padding   avia-builder-el-32  el_after_av_one_fourth  el_before_av_one_fourth  column-top-margin\" style='border-radius:0px; '><p><div  class='avia-image-container  av-styling-    avia-builder-el-33  el_before_av_textblock  avia-builder-el-first  avia-align-center '  itemprop=\"image\" itemscope=\"itemscope\" itemtype=\"https:\/\/schema.org\/ImageObject\"  ><div class='avia-image-container-inner'><div class='avia-image-overlay-wrap'><img decoding=\"async\" class='wp-image-7151 avia-img-lazy-loading-not-7151 avia_image' src=\"https:\/\/www.gites-lacledeschamps.fr\/wp-content\/uploads\/2022\/11\/scabelli-e1669723783514-300x176.jpg\" alt='scabelli janze' title='scabelli' height=\"176\" width=\"300\"  itemprop=\"thumbnailUrl\" srcset=\"https:\/\/www.gites-lacledeschamps.fr\/wp-content\/uploads\/2022\/11\/scabelli-e1669723783514-300x176.jpg 300w, https:\/\/www.gites-lacledeschamps.fr\/wp-content\/uploads\/2022\/11\/scabelli-e1669723783514.jpg 536w\" sizes=\"(max-width: 300px) 100vw, 300px\" \/><\/div><\/div><\/div><br \/>\n<section class=\"av_textblock_section \"  itemscope=\"itemscope\" itemtype=\"https:\/\/schema.org\/CreativeWork\" ><div class='avia_textblock  '   itemprop=\"text\" ><p><strong>Scabelli &#8211; JANZE<\/strong><br \/>\n2 Pl. de L H\u00f4tel de ville &#8211; 02 99 47 07 25<\/p>\n<p><a href=\"https:\/\/www.boutiquescabelli.com\/\" target=\"_blank\" rel=\"noopener\">Website<\/a><\/p>\n<p>Aarzel niet om deze winkel in het centrum van Janz\u00e9 te bezoeken. Claire selecteert een reeks decoratieve voorwerpen, nuttig (of niet), geurig of eigenzinnig, maar altijd ge\u00efnspireerd. Je vindt er ook cadeautjes voor baby&#8217;s en kinderen. Kortom&#8230; zoetheid en goede smaak, net als Claire.<\/p>\n<\/div><\/section><\/p><\/div><div class=\"flex_column av_one_fourth  flex_column_div av-zero-column-padding   avia-builder-el-35  el_after_av_one_fourth  el_before_av_one_fourth  column-top-margin\" style='border-radius:0px; '><p><div  class='avia-image-container  av-styling-    avia-builder-el-36  el_before_av_textblock  avia-builder-el-first  avia-align-center '  itemprop=\"image\" itemscope=\"itemscope\" itemtype=\"https:\/\/schema.org\/ImageObject\"  ><div class='avia-image-container-inner'><div class='avia-image-overlay-wrap'><img decoding=\"async\" class='wp-image-7142 avia-img-lazy-loading-not-7142 avia_image' src=\"https:\/\/www.gites-lacledeschamps.fr\/wp-content\/uploads\/2022\/11\/atelier-baroque-300x260.jpg\" alt='atelier baroque' title='atelier baroque' height=\"260\" width=\"300\"  itemprop=\"thumbnailUrl\" srcset=\"https:\/\/www.gites-lacledeschamps.fr\/wp-content\/uploads\/2022\/11\/atelier-baroque-300x260.jpg 300w, https:\/\/www.gites-lacledeschamps.fr\/wp-content\/uploads\/2022\/11\/atelier-baroque-768x666.jpg 768w, https:\/\/www.gites-lacledeschamps.fr\/wp-content\/uploads\/2022\/11\/atelier-baroque-705x612.jpg 705w, https:\/\/www.gites-lacledeschamps.fr\/wp-content\/uploads\/2022\/11\/atelier-baroque.jpg 960w\" sizes=\"(max-width: 300px) 100vw, 300px\" \/><\/div><\/div><\/div><br \/>\n<section class=\"av_textblock_section \"  itemscope=\"itemscope\" itemtype=\"https:\/\/schema.org\/CreativeWork\" ><div class='avia_textblock  '   itemprop=\"text\" ><p><strong>L&#8217;atelier Baroque &#8211; CHATEAUGIRON<\/strong><br \/>\n2 Rue Saulnerie &#8211; 02 99 04 71 98<\/p>\n<p><a href=\"https:\/\/www.facebook.com\/latelierbaroqueconception\/\" target=\"_blank\" rel=\"noopener\">Website<\/a><\/p>\n<p>Chateaugiron is een charmant stadje, geclassificeerd als een &#8220;Cit\u00e9 de caract\u00e8re&#8221;. Maar weet je wat er in Chateaugiron is? L&#8217;atelier Baroque! Een charmant decoratiewinkeltje. En weet je wie er in het Atelier Baroque werkt? Patrick! De eigenaar&#8230; charmant en &#8220;super delirious&#8221;! Je vindt er een overvloed aan decoraties in verschillende, elkaar aanvullende stijlen: industrieel, landelijk, gezellig: verwen jezelf!<\/p>\n<\/div><\/section><\/p><\/div><div class=\"flex_column av_one_fourth  flex_column_div av-zero-column-padding   avia-builder-el-38  el_after_av_one_fourth  el_before_av_one_fourth  column-top-margin\" style='border-radius:0px; '><p><div  class='avia-image-container  av-styling-    avia-builder-el-39  el_before_av_textblock  avia-builder-el-first  avia-align-center '  itemprop=\"image\" itemscope=\"itemscope\" itemtype=\"https:\/\/schema.org\/ImageObject\"  ><div class='avia-image-container-inner'><div class='avia-image-overlay-wrap'><img decoding=\"async\" class='wp-image-7148 avia-img-lazy-loading-not-7148 avia_image' src=\"https:\/\/www.gites-lacledeschamps.fr\/wp-content\/uploads\/2022\/11\/LISSOY-1-300x200.jpg\" alt='lissoy' title='LISSOY' height=\"200\" width=\"300\"  itemprop=\"thumbnailUrl\" srcset=\"https:\/\/www.gites-lacledeschamps.fr\/wp-content\/uploads\/2022\/11\/LISSOY-1-300x200.jpg 300w, https:\/\/www.gites-lacledeschamps.fr\/wp-content\/uploads\/2022\/11\/LISSOY-1-768x512.jpg 768w, https:\/\/www.gites-lacledeschamps.fr\/wp-content\/uploads\/2022\/11\/LISSOY-1-705x470.jpg 705w, https:\/\/www.gites-lacledeschamps.fr\/wp-content\/uploads\/2022\/11\/LISSOY-1.jpg 960w\" sizes=\"(max-width: 300px) 100vw, 300px\" \/><\/div><\/div><\/div><br \/>\n<section class=\"av_textblock_section \"  itemscope=\"itemscope\" itemtype=\"https:\/\/schema.org\/CreativeWork\" ><div class='avia_textblock  '   itemprop=\"text\" ><p><strong>Lissoy &#8211; VITRE<\/strong><br \/>\n4 Ter Av. d&#8217;Helmstedt &#8211; 09 50 42 72 38<\/p>\n<p><a href=\"https:\/\/lissoy.fr\/index.php\" target=\"_blank\" rel=\"noopener\">Website<\/a><\/p>\n<p>Het meeste linnen dat je in je beddengoed vindt, komt van Lissoy. Als het u bevalt, aarzel dan niet om naar de bron te gaan.<\/p>\n<\/div><\/section><\/p><\/div><div class=\"flex_column av_one_fourth  flex_column_div av-zero-column-padding first  avia-builder-el-41  el_after_av_one_fourth  avia-builder-el-last  column-top-margin\" style='border-radius:0px; '><p><div  class='avia-image-container  av-styling-    avia-builder-el-42  el_before_av_textblock  avia-builder-el-first  avia-align-center '  itemprop=\"image\" itemscope=\"itemscope\" itemtype=\"https:\/\/schema.org\/ImageObject\"  ><div class='avia-image-container-inner'><div class='avia-image-overlay-wrap'><img decoding=\"async\" class='wp-image-7154 avia-img-lazy-loading-not-7154 avia_image' src=\"https:\/\/www.gites-lacledeschamps.fr\/wp-content\/uploads\/2022\/11\/comptoir-300x225.jpg\" alt='comptoir du chineur' title='comptoir' height=\"225\" width=\"300\"  itemprop=\"thumbnailUrl\" srcset=\"https:\/\/www.gites-lacledeschamps.fr\/wp-content\/uploads\/2022\/11\/comptoir-300x225.jpg 300w, https:\/\/www.gites-lacledeschamps.fr\/wp-content\/uploads\/2022\/11\/comptoir-1030x773.jpg 1030w, https:\/\/www.gites-lacledeschamps.fr\/wp-content\/uploads\/2022\/11\/comptoir-768x576.jpg 768w, https:\/\/www.gites-lacledeschamps.fr\/wp-content\/uploads\/2022\/11\/comptoir-705x529.jpg 705w, https:\/\/www.gites-lacledeschamps.fr\/wp-content\/uploads\/2022\/11\/comptoir.jpg 1360w\" sizes=\"(max-width: 300px) 100vw, 300px\" \/><\/div><\/div><\/div><br \/>\n<section class=\"av_textblock_section \"  itemscope=\"itemscope\" itemtype=\"https:\/\/schema.org\/CreativeWork\" ><div class='avia_textblock  '   itemprop=\"text\" ><p><strong>Le Comptoir du Chineur &#8211; RENNES<\/strong><br \/>\n22 Avenue du 41\u00e8me R\u00e9giment d&#8217;Infanterie<br \/>\nTelefoon: 06 88 34 37 28<\/p>\n<p><a href=\"https:\/\/lissoy.fr\/index.php\" target=\"_blank\" rel=\"noopener\">Website<\/a><\/p>\n<p>Verlaat het metrostation Anatole France, steek de straat over en je komt in een eigen wereld terecht. Ik zou zelfs zeggen DES universums: aan de straatkant vind je de boetiek, waar je antieke juwelen, designerkleding in stoffen die even mooi zijn om naar te kijken als om aan te raken, mooi servies, snuisterijen&#8230; vindt. Aan de kant van de binnenplaats vind je een magazijn met meubels, fauteuils, stoelen en meer, allemaal in een vintage sfeer.<\/p>\n<\/div><\/section><\/p><\/div>\n<\/p>\n<\/div><\/div><\/div><!-- close content main div --><\/div><\/div><div id='av_section_3'  class='avia-section main_color avia-section-default avia-no-border-styling  avia-bg-style-scroll  avia-builder-el-44  el_after_av_section  avia-builder-el-last   container_wrap fullsize' style='background-repeat: repeat-x; background-image: url(https:\/\/www.gites-lacledeschamps.fr\/wp-content\/uploads\/2021\/07\/fond-insta.jpg);background-attachment: scroll; background-position: bottom right;  '  data-section-bg-repeat='repeat-x'><div class='container' ><div class='template-page content  av-content-full alpha units'><div class='post-entry post-entry-type-page post-entry-7370'><div class='entry-content-wrapper clearfix'>\n<div  style='padding-bottom:10px; color:#6d876b;' class='av-special-heading av-special-heading-h2 custom-color-heading blockquote modern-quote modern-centered  avia-builder-el-45  el_before_av_codeblock  avia-builder-el-first  '><h2 class='av-special-heading-tag '  itemprop=\"headline\"  >VOLG ONS OP INSTAGRAM @LACLEDESCHAMPS_BZH<\/h2><div class='special-heading-border'><div class='special-heading-inner-border' style='border-color:#6d876b'><\/div><\/div><\/div>\n\n\n","protected":false},"excerpt":{"rendered":"","protected":false},"author":1,"featured_media":0,"parent":0,"menu_order":0,"comment_status":"closed","ping_status":"closed","template":"","meta":{"footnotes":""},"class_list":["post-7370","page","type-page","status-publish","hentry"],"aioseo_notices":[],"_links":{"self":[{"href":"https:\/\/www.gites-lacledeschamps.fr\/nl\/wp-json\/wp\/v2\/pages\/7370","targetHints":{"allow":["GET"]}}],"collection":[{"href":"https:\/\/www.gites-lacledeschamps.fr\/nl\/wp-json\/wp\/v2\/pages"}],"about":[{"href":"https:\/\/www.gites-lacledeschamps.fr\/nl\/wp-json\/wp\/v2\/types\/page"}],"author":[{"embeddable":true,"href":"https:\/\/www.gites-lacledeschamps.fr\/nl\/wp-json\/wp\/v2\/users\/1"}],"replies":[{"embeddable":true,"href":"https:\/\/www.gites-lacledeschamps.fr\/nl\/wp-json\/wp\/v2\/comments?post=7370"}],"version-history":[{"count":3,"href":"https:\/\/www.gites-lacledeschamps.fr\/nl\/wp-json\/wp\/v2\/pages\/7370\/revisions"}],"predecessor-version":[{"id":7663,"href":"https:\/\/www.gites-lacledeschamps.fr\/nl\/wp-json\/wp\/v2\/pages\/7370\/revisions\/7663"}],"wp:attachment":[{"href":"https:\/\/www.gites-lacledeschamps.fr\/nl\/wp-json\/wp\/v2\/media?parent=7370"}],"curies":[{"name":"wp","href":"https:\/\/api.w.org\/{rel}","templated":true}]}}