{"id":7363,"date":"2021-10-25T13:47:33","date_gmt":"2021-10-25T12:47:33","guid":{"rendered":"https:\/\/www.gites-lacledeschamps.fr\/om-je-verblijf-nog-aangenamer-te-maken\/"},"modified":"2025-06-11T12:07:26","modified_gmt":"2025-06-11T11:07:26","slug":"om-je-verblijf-nog-aangenamer-te-maken","status":"publish","type":"page","link":"https:\/\/www.gites-lacledeschamps.fr\/nl\/om-je-verblijf-nog-aangenamer-te-maken\/","title":{"rendered":"Om je verblijf nog aangenamer te maken&#8230;"},"content":{"rendered":"<div id='full_slider_1'  class='avia-fullwidth-slider main_color avia-shadow   avia-builder-el-0  el_before_av_heading  avia-builder-el-first   container_wrap fullsize' style=' '  ><div   data-size='no scaling'  data-lightbox_size='large'  data-animation='slide'  data-conditional_play=''  data-ids='2457'  data-video_counter='0'  data-autoplay='false'  data-bg_slider='false'  data-slide_height=''  data-handle='av_slideshow_full'  data-interval='5'  data-class=' '  data-el_id=''  data-css_id=''  data-scroll_down=''  data-control_layout='av-control-default'  data-custom_markup=''  data-perma_caption=''  data-autoplay_stopper=''  data-image_attachment=''  data-min_height='0px'  data-lazy_loading='disabled'  data-src=''  data-position='top left'  data-repeat='no-repeat'  data-attach='scroll'  data-stretch=''  class='avia-slideshow avia-slideshow-1  av-control-default av-default-height-applied avia-slideshow-no scaling av_slideshow_full   avia-slide-slider '  itemprop=\"image\" itemscope=\"itemscope\" itemtype=\"https:\/\/schema.org\/ImageObject\" ><ul class='avia-slideshow-inner ' style='padding-bottom: 30.208333333333%;' ><li  class=' av-single-slide slide-1 ' ><div data-rel='slideshow-1' class='avia-slide-wrap '   ><img decoding=\"async\" class=\"wp-image-7109 avia-img-lazy-loading-not-7109\"  src=\"https:\/\/www.gites-lacledeschamps.fr\/wp-content\/uploads\/2022\/02\/agrementer-1.jpg\" width=\"1920\" height=\"580\" title='agrementer' alt=''  itemprop=\"thumbnailUrl\" srcset=\"https:\/\/www.gites-lacledeschamps.fr\/wp-content\/uploads\/2022\/02\/agrementer-1.jpg 1920w, https:\/\/www.gites-lacledeschamps.fr\/wp-content\/uploads\/2022\/02\/agrementer-1-300x91.jpg 300w, https:\/\/www.gites-lacledeschamps.fr\/wp-content\/uploads\/2022\/02\/agrementer-1-1030x311.jpg 1030w, https:\/\/www.gites-lacledeschamps.fr\/wp-content\/uploads\/2022\/02\/agrementer-1-768x232.jpg 768w, https:\/\/www.gites-lacledeschamps.fr\/wp-content\/uploads\/2022\/02\/agrementer-1-1536x464.jpg 1536w, https:\/\/www.gites-lacledeschamps.fr\/wp-content\/uploads\/2022\/02\/agrementer-1-1500x453.jpg 1500w, https:\/\/www.gites-lacledeschamps.fr\/wp-content\/uploads\/2022\/02\/agrementer-1-705x213.jpg 705w\" sizes=\"(max-width: 1920px) 100vw, 1920px\" \/><\/div><\/li><\/ul><\/div><\/div><div id='after_full_slider_1'  class='main_color av_default_container_wrap container_wrap fullsize' style=' '  ><div class='container' ><div class='template-page content  av-content-full alpha units'><div class='post-entry post-entry-type-page post-entry-7363'><div class='entry-content-wrapper clearfix'>\n<div  style='padding-bottom:10px; ' class='av-special-heading av-special-heading-h1  blockquote modern-quote modern-centered  avia-builder-el-1  el_after_av_slideshow_full  el_before_av_one_fifth  avia-builder-el-first  '><h1 class='av-special-heading-tag '  itemprop=\"headline\"  >Om je verblijf nog aangenamer te maken&#8230;<\/h1><div class='special-heading-border'><div class='special-heading-inner-border' ><\/div><\/div><\/div>\n<div class=\"flex_column av_one_fifth  flex_column_div av-zero-column-padding first  avia-builder-el-2  el_after_av_heading  el_before_av_three_fifth  \" style='border-radius:0px; '><\/div>\n<div class=\"flex_column av_three_fifth  flex_column_div   avia-builder-el-3  el_after_av_one_fifth  el_before_av_one_fifth  \" style='padding:20px; border-radius:0px; '><section class=\"av_textblock_section \"  itemscope=\"itemscope\" itemtype=\"https:\/\/schema.org\/CreativeWork\" ><div class='avia_textblock  '   itemprop=\"text\" ><p style=\"text-align: center;\">Wandel over de paden of in de tuin, fiets over de wandelpaden, zwem in een vijver, plaag een forel, maak plezier met het gezin&#8230; er is geen tekort aan buitenactiviteiten in de regio.<\/p>\n<p style=\"text-align: center;\">Het enige wat je nog hoeft te doen is in je schoenen te springen en de activiteit van de dag te kiezen die bij je smaak of gewoon bij je stemming past.<\/p>\n<\/div><\/section><\/div><div class=\"flex_column av_one_fifth  flex_column_div av-zero-column-padding   avia-builder-el-5  el_after_av_three_fifth  el_before_av_section  avia-builder-el-last  \" style='border-radius:0px; '><\/div><\/p>\n<\/div><\/div><\/div><!-- close content main div --><\/div><\/div><div id='av_section_1'  class='avia-section main_color avia-section-default avia-no-border-styling  avia-bg-style-scroll  avia-builder-el-6  el_after_av_one_fifth  el_before_av_section  alentours  container_wrap fullsize' style=' '  ><div class='container' ><div class='template-page content  av-content-full alpha units'><div class='post-entry post-entry-type-page post-entry-7363'><div class='entry-content-wrapper clearfix'>\n<div class=\"flex_column av_one_fifth  flex_column_div av-zero-column-padding first  avia-builder-el-7  el_before_av_one_fifth  avia-builder-el-first  \" style='border-radius:0px; '><p><div  class='avia-image-container  av-styling-    avia-builder-el-8  el_before_av_textblock  avia-builder-el-first  avia-align-right '  itemprop=\"image\" itemscope=\"itemscope\" itemtype=\"https:\/\/schema.org\/ImageObject\"  ><div class='avia-image-container-inner'><div class='avia-image-overlay-wrap'><img decoding=\"async\" class='wp-image-7091 avia-img-lazy-loading-not-7091 avia_image' src=\"https:\/\/www.gites-lacledeschamps.fr\/wp-content\/uploads\/2022\/02\/woman-g3e233d1ae_640.jpg\" alt='' title='woman-g3e233d1ae_640' height=\"426\" width=\"640\"  itemprop=\"thumbnailUrl\" srcset=\"https:\/\/www.gites-lacledeschamps.fr\/wp-content\/uploads\/2022\/02\/woman-g3e233d1ae_640.jpg 640w, https:\/\/www.gites-lacledeschamps.fr\/wp-content\/uploads\/2022\/02\/woman-g3e233d1ae_640-300x200.jpg 300w\" sizes=\"(max-width: 640px) 100vw, 640px\" \/><\/div><\/div><\/div><br \/>\n<section class=\"av_textblock_section \"  itemscope=\"itemscope\" itemtype=\"https:\/\/schema.org\/CreativeWork\" ><div class='avia_textblock  '   itemprop=\"text\" ><h3>Zwembaden<\/h3>\n<p><strong>Janz\u00e9 (15 mn)<\/strong> &#8211; Ik hou van de Espace bien-\u00eatre<br \/>\n<strong>Chateaubriant (15 mn)<\/strong> &#8211; Ik hou van het buitenzwembad<br \/>\n<strong>Vitr\u00e9 (40 min)<\/strong> &#8211; Ik hou van het leuke zwembad<\/p>\n<\/div><\/section><\/p><\/div><div class=\"flex_column av_one_fifth  flex_column_div av-zero-column-padding   avia-builder-el-10  el_after_av_one_fifth  el_before_av_one_fifth  \" style='border-radius:0px; '><p><div  class='avia-image-container  av-styling-    avia-builder-el-11  el_before_av_textblock  avia-builder-el-first  avia-align-right '  itemprop=\"image\" itemscope=\"itemscope\" itemtype=\"https:\/\/schema.org\/ImageObject\"  ><div class='avia-image-container-inner'><div class='avia-image-overlay-wrap'><img decoding=\"async\" class='wp-image-7094 avia-img-lazy-loading-not-7094 avia_image' src=\"https:\/\/www.gites-lacledeschamps.fr\/wp-content\/uploads\/2022\/02\/ticket-g656e3d087_640.jpg\" alt='' title='ticket-g656e3d087_640' height=\"426\" width=\"640\"  itemprop=\"thumbnailUrl\" srcset=\"https:\/\/www.gites-lacledeschamps.fr\/wp-content\/uploads\/2022\/02\/ticket-g656e3d087_640.jpg 640w, https:\/\/www.gites-lacledeschamps.fr\/wp-content\/uploads\/2022\/02\/ticket-g656e3d087_640-300x200.jpg 300w\" sizes=\"(max-width: 640px) 100vw, 640px\" \/><\/div><\/div><\/div><br \/>\n<section class=\"av_textblock_section \"  itemscope=\"itemscope\" itemtype=\"https:\/\/schema.org\/CreativeWork\" ><div class='avia_textblock  '   itemprop=\"text\" ><h3>Bioscopen<\/h3>\n<p><strong>Retiers (10 min)<\/strong> &#8211; LE RESTERIA &#8211; <a href=\"https:\/\/www.leresteria.net\" target=\"_blank\" rel=\"noopener\">www.leresteria.net<\/a><br \/>\n<strong>Chateaubriant (15 min)<\/strong> <a href=\"https:\/\/www.emeraude-cinemas.fr\/chateaubriant\" target=\"_blank\" rel=\"noopener\">&#8211; www.emeraude-cinemas.fr\/chateaubriant<\/a><\/p>\n<\/div><\/section><\/p><\/div><div class=\"flex_column av_one_fifth  flex_column_div av-zero-column-padding   avia-builder-el-13  el_after_av_one_fifth  el_before_av_one_fifth  \" style='border-radius:0px; '><p><div  class='avia-image-container  av-styling-    avia-builder-el-14  el_before_av_textblock  avia-builder-el-first  avia-align-right '  itemprop=\"image\" itemscope=\"itemscope\" itemtype=\"https:\/\/schema.org\/ImageObject\"  ><div class='avia-image-container-inner'><div class='avia-image-overlay-wrap'><img decoding=\"async\" class='wp-image-7100 avia-img-lazy-loading-not-7100 avia_image' src=\"https:\/\/www.gites-lacledeschamps.fr\/wp-content\/uploads\/2022\/02\/horseshoe-g6ae9fb053_640.jpg\" alt='' title='horseshoe-g6ae9fb053_640' height=\"426\" width=\"640\"  itemprop=\"thumbnailUrl\" srcset=\"https:\/\/www.gites-lacledeschamps.fr\/wp-content\/uploads\/2022\/02\/horseshoe-g6ae9fb053_640.jpg 640w, https:\/\/www.gites-lacledeschamps.fr\/wp-content\/uploads\/2022\/02\/horseshoe-g6ae9fb053_640-300x200.jpg 300w\" sizes=\"(max-width: 640px) 100vw, 640px\" \/><\/div><\/div><\/div><br \/>\n<section class=\"av_textblock_section \"  itemscope=\"itemscope\" itemtype=\"https:\/\/schema.org\/CreativeWork\" ><div class='avia_textblock  '   itemprop=\"text\" ><h3>Paardrijcentra<\/h3>\n<p><strong>Thourie (11mn)<\/strong> &#8211; <a href=\"https:\/\/www.facebook.com\/LesEcuriesDuVal\" target=\"_blank\" rel=\"noopener\">https:\/\/www.facebook.com\/LesEcuriesDuVal<\/a> &#8211; 02 99 44 26 76<br \/>\n<strong>Janz\u00e9 (20 min)<\/strong> &#8211; Les \u00e9curies de la Roche aux F\u00e9es <a href=\"https:\/\/www.equitation-larocheauxfees.com\" target=\"_blank\" rel=\"noopener\">&#8211; https:\/\/www.equitation-larocheauxfees.com<\/a><\/p>\n<\/div><\/section><\/p><\/div><div class=\"flex_column av_one_fifth  flex_column_div av-zero-column-padding   avia-builder-el-16  el_after_av_one_fifth  el_before_av_one_fifth  \" style='border-radius:0px; '><p><div  class='avia-image-container  av-styling-    avia-builder-el-17  el_before_av_textblock  avia-builder-el-first  avia-align-right '  itemprop=\"image\" itemscope=\"itemscope\" itemtype=\"https:\/\/schema.org\/ImageObject\"  ><div class='avia-image-container-inner'><div class='avia-image-overlay-wrap'><img decoding=\"async\" class='wp-image-7103 avia-img-lazy-loading-not-7103 avia_image' src=\"https:\/\/www.gites-lacledeschamps.fr\/wp-content\/uploads\/2022\/02\/peche.jpg\" alt='' title='peche' height=\"427\" width=\"640\"  itemprop=\"thumbnailUrl\" srcset=\"https:\/\/www.gites-lacledeschamps.fr\/wp-content\/uploads\/2022\/02\/peche.jpg 640w, https:\/\/www.gites-lacledeschamps.fr\/wp-content\/uploads\/2022\/02\/peche-300x200.jpg 300w\" sizes=\"(max-width: 640px) 100vw, 640px\" \/><\/div><\/div><\/div><br \/>\n<section class=\"av_textblock_section \"  itemscope=\"itemscope\" itemtype=\"https:\/\/schema.org\/CreativeWork\" ><div class='avia_textblock  '   itemprop=\"text\" ><h3>Vissen<\/h3>\n<p><strong>Rivieren (2e categorie)<\/strong><br \/>\nSemnon (\u00c9anc\u00e9, Martign\u00e9-Ferchaud en Thourie)<br \/>\nArdenne (Retiers en Marcill\u00e9-Robert)<br \/>\nSeiche (Amanlis, Janz\u00e9, Ess\u00e9, Boistrudan en Marcill\u00e9-Robert)<\/p>\n<p><strong>Vijvers<\/strong><br \/>\nCo\u00ebsmes (11 min.) &#8211; lle Bourg &#8211; 1 ha &#8211; dagvissen<br \/>\nChelun (13 min.) &#8211; \u00e9tang des Caves &#8211; 1 ha<br \/>\nForges la For\u00eat (8 min.) &#8211; meer<br \/>\nMarcill\u00e9- Robert (17 min.) &#8211; vijver &#8211; 92 ha Le Theil-de-Bretagne (15 min.) &#8211; \u00e9tang de la Rigaudi\u00e8re &#8211; 13 ha Martign\u00e9-Ferchaud (5 min.).Robert (17 min) &#8211; vijver &#8211; 92 ha<br \/>\nLe Theil-de-Bretagne (15 min) &#8211; \u00e9tang de la Rigaudi\u00e8re &#8211; 13 ha<br \/>\nMartign\u00e9-Ferchaud (5 min) &#8211; l\u00e9tang de la Forge &#8211; 72 ha<br \/>\nThourie (11 min) &#8211; le Bourg &#8211; 2 ha<\/p>\n<\/div><\/section><\/p><\/div><div class=\"flex_column av_one_fifth  flex_column_div av-zero-column-padding   avia-builder-el-19  el_after_av_one_fifth  avia-builder-el-last  \" style='border-radius:0px; '><p><div  class='avia-image-container  av-styling-    avia-builder-el-20  el_before_av_textblock  avia-builder-el-first  avia-align-right '  itemprop=\"image\" itemscope=\"itemscope\" itemtype=\"https:\/\/schema.org\/ImageObject\"  ><div class='avia-image-container-inner'><div class='avia-image-overlay-wrap'><img decoding=\"async\" class='wp-image-7091 avia-img-lazy-loading-not-7091 avia_image' src=\"https:\/\/www.gites-lacledeschamps.fr\/wp-content\/uploads\/2022\/02\/woman-g3e233d1ae_640.jpg\" alt='' title='woman-g3e233d1ae_640' height=\"426\" width=\"640\"  itemprop=\"thumbnailUrl\" srcset=\"https:\/\/www.gites-lacledeschamps.fr\/wp-content\/uploads\/2022\/02\/woman-g3e233d1ae_640.jpg 640w, https:\/\/www.gites-lacledeschamps.fr\/wp-content\/uploads\/2022\/02\/woman-g3e233d1ae_640-300x200.jpg 300w\" sizes=\"(max-width: 640px) 100vw, 640px\" \/><\/div><\/div><\/div><br \/>\n<section class=\"av_textblock_section \"  itemscope=\"itemscope\" itemtype=\"https:\/\/schema.org\/CreativeWork\" ><div class='avia_textblock  '   itemprop=\"text\" ><h3>Zwembaden<\/h3>\n<p><strong>Janz\u00e9 (15 mn)<\/strong> &#8211; Ik hou van de Espace bien-\u00eatre<br \/>\n<strong>Chateaubriant (15 mn)<\/strong> &#8211; Ik hou van het buitenzwembad<br \/>\n<strong>Vitr\u00e9 (40 min)<\/strong> &#8211; Ik hou van het leuke zwembad<\/p>\n<\/div><\/section><\/p><\/div>\n\n<\/div><\/div><\/div><!-- close content main div --><\/div><\/div><div id='av_section_2'  class='avia-section main_color avia-section-default avia-no-border-styling  avia-bg-style-scroll  avia-builder-el-22  el_after_av_section  el_before_av_section   container_wrap fullsize' style=' '  ><div class='container' ><div class='template-page content  av-content-full alpha units'><div class='post-entry post-entry-type-page post-entry-7363'><div class='entry-content-wrapper clearfix'>\n<div  style='padding-bottom:10px; ' class='av-special-heading av-special-heading-h2  blockquote modern-quote modern-centered  avia-builder-el-23  el_before_av_table  avia-builder-el-first  '><h2 class='av-special-heading-tag '  itemprop=\"headline\"  >De markten<\/h2><div class='special-heading-border'><div class='special-heading-inner-border' ><\/div><\/div><\/div>\n<div class='avia-data-table-wrap avia_responsive_table'><table  id=\"tableaumarches\"  class='avia-table avia-data-table avia-table-1  avia-builder-el-24  el_after_av_heading  avia-builder-el-last  avia_pricing_default '  itemscope=\"itemscope\" itemtype=\"https:\/\/schema.org\/Table\" ><tbody><tr class=''><td class='avia-center-col'>Dinsdag<\/td><td class=''>La Guerche De Bretagne (20 min)<\/td><\/tr><tr class=''><td class='avia-center-col'>Woensdag<\/td><td class=''>Chateaubriant (15 min)<br \/>\nJanz\u00e9 (15 min)<\/td><\/tr><tr class=''><td class='avia-center-col'>Donderdag<\/td><td class=''>Boerderijmarkt in La Pignerie &#8211; Erc\u00e9 en Lam\u00e9e (15 min)<\/td><\/tr><tr class=''><td class='avia-center-col'>Vrijdag<\/td><td class=''>Martign-Ferchaud (5 min)<\/td><\/tr><tr class=''><td class='avia-center-col'>Zaterdag<\/td><td class=''>Retiers (9 min)<br \/>\nThourie &#8211; plaatselijke boerenmarkt (10 min)<br \/>\nChateaubriant (achter het gemeentehuis) &#8211; plaatselijke boerenmarkt (15 min)<\/td><\/tr><tr class=''><td class='avia-center-col'>Zondag<\/td><td class=''>Waarom ga je niet naar een rommelmarkt?<br \/>\nSaint-Aubin de chateaux &#8211; brocante de Saint-Aubin (bel voordat je gaat) &#8211; www.vieux-saint-aubin.fr<br \/>\nPouanc\u00e9 &#8211; D\u00e9p\u00f4t-vente<br \/>\nVisseiche &#8211; Brocante<br \/>\nVan april tot oktober zijn er veel garageverkopen in onze omgeving www.vide-greniers.org<\/td><\/tr><\/tbody><\/table><\/div><style type='text\/css'><\/style>\n\n<\/div><\/div><\/div><!-- close content main div --><\/div><\/div><div id='av_section_3'  class='avia-section main_color avia-section-default avia-no-border-styling  avia-bg-style-scroll  avia-builder-el-25  el_after_av_section  avia-builder-el-last   container_wrap fullsize' style='background-repeat: repeat-x; background-image: url(https:\/\/www.gites-lacledeschamps.fr\/wp-content\/uploads\/2021\/07\/fond-insta.jpg);background-attachment: scroll; background-position: bottom right;  '  data-section-bg-repeat='repeat-x'><div class='container' ><div class='template-page content  av-content-full alpha units'><div class='post-entry post-entry-type-page post-entry-7363'><div class='entry-content-wrapper clearfix'>\n<div  style='padding-bottom:10px; color:#6d876b;' class='av-special-heading av-special-heading-h2 custom-color-heading blockquote modern-quote modern-centered  avia-builder-el-26  el_before_av_codeblock  avia-builder-el-first  '><h2 class='av-special-heading-tag '  itemprop=\"headline\"  >VOLG ONS OP INSTAGRAM @LACLEDESCHAMPS_BZH<\/h2><div class='special-heading-border'><div class='special-heading-inner-border' style='border-color:#6d876b'><\/div><\/div><\/div>\n\n\n","protected":false},"excerpt":{"rendered":"","protected":false},"author":1,"featured_media":0,"parent":0,"menu_order":0,"comment_status":"closed","ping_status":"closed","template":"","meta":{"footnotes":""},"class_list":["post-7363","page","type-page","status-publish","hentry"],"aioseo_notices":[],"_links":{"self":[{"href":"https:\/\/www.gites-lacledeschamps.fr\/nl\/wp-json\/wp\/v2\/pages\/7363","targetHints":{"allow":["GET"]}}],"collection":[{"href":"https:\/\/www.gites-lacledeschamps.fr\/nl\/wp-json\/wp\/v2\/pages"}],"about":[{"href":"https:\/\/www.gites-lacledeschamps.fr\/nl\/wp-json\/wp\/v2\/types\/page"}],"author":[{"embeddable":true,"href":"https:\/\/www.gites-lacledeschamps.fr\/nl\/wp-json\/wp\/v2\/users\/1"}],"replies":[{"embeddable":true,"href":"https:\/\/www.gites-lacledeschamps.fr\/nl\/wp-json\/wp\/v2\/comments?post=7363"}],"version-history":[{"count":12,"href":"https:\/\/www.gites-lacledeschamps.fr\/nl\/wp-json\/wp\/v2\/pages\/7363\/revisions"}],"predecessor-version":[{"id":7664,"href":"https:\/\/www.gites-lacledeschamps.fr\/nl\/wp-json\/wp\/v2\/pages\/7363\/revisions\/7664"}],"wp:attachment":[{"href":"https:\/\/www.gites-lacledeschamps.fr\/nl\/wp-json\/wp\/v2\/media?parent=7363"}],"curies":[{"name":"wp","href":"https:\/\/api.w.org\/{rel}","templated":true}]}}