{"id":7301,"date":"2016-05-06T13:34:04","date_gmt":"2016-05-06T12:34:04","guid":{"rendered":"https:\/\/www.gites-lacledeschamps.fr\/gite-chezleon\/"},"modified":"2025-06-11T13:34:16","modified_gmt":"2025-06-11T12:34:16","slug":"gite-chezleon","status":"publish","type":"page","link":"https:\/\/www.gites-lacledeschamps.fr\/nl\/gite-chezleon\/","title":{"rendered":"G\u00eete #chezl\u00e9on"},"content":{"rendered":"<div id='full_slider_1'  class='avia-fullwidth-slider main_color avia-shadow   avia-builder-el-0  el_before_av_section  avia-builder-el-first   container_wrap fullsize' style=' '  ><div   data-size='no scaling'  data-lightbox_size='large'  data-animation='fade'  data-conditional_play=''  data-ids='2284,2285,2291'  data-video_counter='0'  data-autoplay='true'  data-bg_slider='false'  data-slide_height=''  data-handle='av_slideshow_full'  data-interval='4'  data-class=' '  data-el_id=''  data-css_id=''  data-scroll_down=''  data-control_layout='av-control-default'  data-custom_markup=''  data-perma_caption=''  data-autoplay_stopper=''  data-image_attachment=''  data-min_height='0px'  data-lazy_loading='disabled'  data-src=''  data-position='top left'  data-repeat='no-repeat'  data-attach='scroll'  data-stretch=''  class='avia-slideshow avia-slideshow-1  av-control-default av-default-height-applied avia-slideshow-no scaling av_slideshow_full   avia-fade-slider '  itemprop=\"image\" itemscope=\"itemscope\" itemtype=\"https:\/\/schema.org\/ImageObject\" ><ul class='avia-slideshow-inner ' style='padding-bottom: 30.208333333333%;' ><li  class=' slide-1 ' ><div data-rel='slideshow-1' class='avia-slide-wrap '   ><img decoding=\"async\" class=\"wp-image-6677 avia-img-lazy-loading-not-6677\"  src=\"https:\/\/www.gites-lacledeschamps.fr\/wp-content\/uploads\/2022\/02\/chez-leon.jpg\" width=\"1920\" height=\"580\" title='chez-leon' alt=''  itemprop=\"thumbnailUrl\" srcset=\"https:\/\/www.gites-lacledeschamps.fr\/wp-content\/uploads\/2022\/02\/chez-leon.jpg 1920w, https:\/\/www.gites-lacledeschamps.fr\/wp-content\/uploads\/2022\/02\/chez-leon-300x91.jpg 300w, https:\/\/www.gites-lacledeschamps.fr\/wp-content\/uploads\/2022\/02\/chez-leon-1030x311.jpg 1030w, https:\/\/www.gites-lacledeschamps.fr\/wp-content\/uploads\/2022\/02\/chez-leon-768x232.jpg 768w, https:\/\/www.gites-lacledeschamps.fr\/wp-content\/uploads\/2022\/02\/chez-leon-1536x464.jpg 1536w, https:\/\/www.gites-lacledeschamps.fr\/wp-content\/uploads\/2022\/02\/chez-leon-1500x453.jpg 1500w, https:\/\/www.gites-lacledeschamps.fr\/wp-content\/uploads\/2022\/02\/chez-leon-705x213.jpg 705w\" sizes=\"(max-width: 1920px) 100vw, 1920px\" \/><\/div><\/li><li  class=' slide-2 ' ><div data-rel='slideshow-1' class='avia-slide-wrap '   ><img decoding=\"async\" class=\"wp-image-6680 avia-img-lazy-loading-not-6680\"  src=\"https:\/\/www.gites-lacledeschamps.fr\/wp-content\/uploads\/2022\/02\/chez-leon02.jpg\" width=\"1920\" height=\"580\" title='chez-leon02' alt=''  itemprop=\"thumbnailUrl\" srcset=\"https:\/\/www.gites-lacledeschamps.fr\/wp-content\/uploads\/2022\/02\/chez-leon02.jpg 1920w, https:\/\/www.gites-lacledeschamps.fr\/wp-content\/uploads\/2022\/02\/chez-leon02-300x91.jpg 300w, https:\/\/www.gites-lacledeschamps.fr\/wp-content\/uploads\/2022\/02\/chez-leon02-1030x311.jpg 1030w, https:\/\/www.gites-lacledeschamps.fr\/wp-content\/uploads\/2022\/02\/chez-leon02-768x232.jpg 768w, https:\/\/www.gites-lacledeschamps.fr\/wp-content\/uploads\/2022\/02\/chez-leon02-1536x464.jpg 1536w, https:\/\/www.gites-lacledeschamps.fr\/wp-content\/uploads\/2022\/02\/chez-leon02-1500x453.jpg 1500w, https:\/\/www.gites-lacledeschamps.fr\/wp-content\/uploads\/2022\/02\/chez-leon02-705x213.jpg 705w\" sizes=\"(max-width: 1920px) 100vw, 1920px\" \/><\/div><\/li><li  class=' slide-3 ' ><div data-rel='slideshow-1' class='avia-slide-wrap '   ><img decoding=\"async\" class=\"wp-image-6695 avia-img-lazy-loading-not-6695\"  src=\"https:\/\/www.gites-lacledeschamps.fr\/wp-content\/uploads\/2022\/02\/chez-leon03.jpg\" width=\"1920\" height=\"580\" title='chez-leon03' alt=''  itemprop=\"thumbnailUrl\" srcset=\"https:\/\/www.gites-lacledeschamps.fr\/wp-content\/uploads\/2022\/02\/chez-leon03.jpg 1920w, https:\/\/www.gites-lacledeschamps.fr\/wp-content\/uploads\/2022\/02\/chez-leon03-300x91.jpg 300w, https:\/\/www.gites-lacledeschamps.fr\/wp-content\/uploads\/2022\/02\/chez-leon03-1030x311.jpg 1030w, https:\/\/www.gites-lacledeschamps.fr\/wp-content\/uploads\/2022\/02\/chez-leon03-768x232.jpg 768w, https:\/\/www.gites-lacledeschamps.fr\/wp-content\/uploads\/2022\/02\/chez-leon03-1536x464.jpg 1536w, https:\/\/www.gites-lacledeschamps.fr\/wp-content\/uploads\/2022\/02\/chez-leon03-1500x453.jpg 1500w, https:\/\/www.gites-lacledeschamps.fr\/wp-content\/uploads\/2022\/02\/chez-leon03-705x213.jpg 705w\" sizes=\"(max-width: 1920px) 100vw, 1920px\" \/><\/div><\/li><\/ul><div class='avia-slideshow-arrows avia-slideshow-controls'><a href='#prev' class='prev-slide' aria-hidden='true' data-av_icon='\ue87c' data-av_iconfont='entypo-fontello'>Vorige<\/a><a href='#next' class='next-slide' aria-hidden='true' data-av_icon='\ue87d' data-av_iconfont='entypo-fontello'>Volgende<\/a><\/div><div class='avia-slideshow-dots avia-slideshow-controls'><a href='#1' class='goto-slide active' >1<\/a><a href='#2' class='goto-slide ' >2<\/a><a href='#3' class='goto-slide ' >3<\/a><\/div><\/div><\/div>\n<div id='av_section_1'  class='avia-section main_color avia-section-default avia-no-border-styling  avia-bg-style-scroll  avia-builder-el-1  el_after_av_slideshow_full  el_before_av_section   container_wrap fullsize' style=' '  ><div class='container' ><div class='template-page content  av-content-full alpha units'><div class='post-entry post-entry-type-page post-entry-7301'><div class='entry-content-wrapper clearfix'>\n<div  style='padding-bottom:10px; ' class='av-special-heading av-special-heading-h1  blockquote modern-quote modern-centered  avia-builder-el-2  el_before_av_hr  avia-builder-el-first  '><h1 class='av-special-heading-tag '  itemprop=\"headline\"  >G\u00eete #chezl\u00e9on<\/h1><div class='special-heading-border'><div class='special-heading-inner-border' ><\/div><\/div><\/div>\n<div  style='height:50px' class='hr hr-invisible   avia-builder-el-3  el_after_av_heading  el_before_av_one_fifth '><span class='hr-inner ' ><span class='hr-inner-style'><\/span><\/span><\/div>\n<div class=\"flex_column av_one_fifth  flex_column_div av-zero-column-padding first  avia-builder-el-4  el_after_av_hr  el_before_av_three_fifth  \" style='border-radius:0px; '><\/div><div class=\"flex_column av_three_fifth  flex_column_div av-zero-column-padding   avia-builder-el-5  el_after_av_one_fifth  avia-builder-el-last  \" style='border-radius:0px; '><section class=\"av_textblock_section \"  itemscope=\"itemscope\" itemtype=\"https:\/\/schema.org\/CreativeWork\" ><div class='avia_textblock  '  style='font-size:15px; '  itemprop=\"text\" ><p style=\"text-align: center;\">Waarom #chezl\u00e9on? Het is heel eenvoudig: ten eerste is dit gebouw, hoewel het van steen is, een oude varkensstal waar de grootouders van Olivier een tiental varkens fokten. Een deel van het vlees werd door de varkens zelf gegeten, terwijl de rest waarschijnlijk op de markt werd verkocht. Als kind herinner ik me een boek waarvan de held een varken was dat L\u00e9on heette: L\u00e9on le cochon! Vandaar #chezl\u00e9on.<\/p>\n<p style=\"text-align: center;\">Ruim, licht, warm en gezellig: dat zijn de woorden die dit gezellige huis omgeven door groen beschrijven.<\/p>\n<p style=\"text-align: center;\">De houtkachel zal warmte toevoegen aan je winteravonden.<br \/>\nAudioapparatuur is beschikbaar om je in een muzikale stemming te brengen.<\/p>\n<p style=\"text-align: center;\">Je zult dol zijn op de verhoudingen van deze g\u00eete, die een zeer comfortabele leefruimte biedt.<\/p>\n<p style=\"text-align: center;\">We hebben ervoor gekozen het bestaande gebouw optimaal te benutten door de stenen muren te versterken. De buitenmuren werden bedekt met een kalkhenneppleister (de hennep wordt op de boerderij geproduceerd).<\/p>\n<\/div><\/section><br \/>\n<div  style='height:50px' class='hr hr-invisible   avia-builder-el-7  el_after_av_textblock  el_before_av_partner '><span class='hr-inner ' ><span class='hr-inner-style'><\/span><\/span><\/div><br \/>\n<div   data-autoplay='false'  data-interval='5'  data-animation='slide'  class='avia-logo-element-container  avia-logo-slider avia-content-slider avia-smallarrow-slider avia-content-slider-active noHover avia-content-slider1 avia-content-slider-odd  avia-builder-el-8  el_after_av_hr  el_before_av_partner   av-small-hide av-mini-hide' ><div class='avia-smallarrow-slider-heading  no-logo-slider-heading '><div class='new-special-heading'>&nbsp;<\/div><div class='avia-slideshow-arrows avia-slideshow-controls'><a href='#prev' class='prev-slide' aria-hidden='true' data-av_icon='\ue87c' data-av_iconfont='entypo-fontello'>Vorige<\/a><a href='#next' class='next-slide' aria-hidden='true' data-av_icon='\ue87d' data-av_iconfont='entypo-fontello'>Volgende<\/a><\/div><\/div><div class='avia-content-slider-inner'><div class='slide-entry-wrap' ><div data-avia-tooltip=\"Toegang voor mensen met een handicap\" class='slide-entry flex_column no_margin post-entry slide-entry-overview slide-loop-1 slide-parity-odd  av_one_seventh first real-thumbnail'><span class='av-partner-fake-img' style='padding-bottom:100%; background-image:url(https:\/\/www.gites-lacledeschamps.fr\/wp-content\/uploads\/2021\/07\/acces-handicape.jpg);'><\/span><\/div><div data-avia-tooltip=\"Barbecue\" class='slide-entry flex_column no_margin post-entry slide-entry-overview slide-loop-2 slide-parity-even  av_one_seventh  real-thumbnail'><span class='av-partner-fake-img' style='padding-bottom:100%; background-image:url(https:\/\/www.gites-lacledeschamps.fr\/wp-content\/uploads\/2021\/07\/bbq.jpg);'><\/span><\/div><div data-avia-tooltip=\"Een badkamer met een ruime inloopdouche\" class='slide-entry flex_column no_margin post-entry slide-entry-overview slide-loop-3 slide-parity-odd  av_one_seventh  real-thumbnail'><span class='av-partner-fake-img' style='padding-bottom:100%; background-image:url(https:\/\/www.gites-lacledeschamps.fr\/wp-content\/uploads\/2021\/07\/douche.jpg);'><\/span><\/div><div data-avia-tooltip=\"Twee slaapkamers met 1 tweepersoonsbed 160*200\" class='slide-entry flex_column no_margin post-entry slide-entry-overview slide-loop-4 slide-parity-even  av_one_seventh  real-thumbnail'><span class='av-partner-fake-img' style='padding-bottom:100%; background-image:url(https:\/\/www.gites-lacledeschamps.fr\/wp-content\/uploads\/2021\/07\/litdouble.jpg);'><\/span><\/div><div data-avia-tooltip=\"Een slaapkamer met 1 tweepersoonsbed (160*200) \" class='slide-entry flex_column no_margin post-entry slide-entry-overview slide-loop-5 slide-parity-odd  av_one_seventh  real-thumbnail'><span class='av-partner-fake-img' style='padding-bottom:100%; background-image:url(https:\/\/www.gites-lacledeschamps.fr\/wp-content\/uploads\/2021\/07\/lit-simple.jpg);'><\/span><\/div><div data-avia-tooltip=\"Parasol en ligstoel\" class='slide-entry flex_column no_margin post-entry slide-entry-overview slide-loop-6 slide-parity-even  av_one_seventh  real-thumbnail'><span class='av-partner-fake-img' style='padding-bottom:100%; background-image:url(https:\/\/www.gites-lacledeschamps.fr\/wp-content\/uploads\/2021\/07\/parasol-transat.jpg);'><\/span><\/div><div data-avia-tooltip=\"Toegang tot de Spa\" class='slide-entry flex_column no_margin post-entry slide-entry-overview slide-loop-7 slide-parity-odd  av_one_seventh  real-thumbnail'><span class='av-partner-fake-img' style='padding-bottom:100%; background-image:url(https:\/\/www.gites-lacledeschamps.fr\/wp-content\/uploads\/2021\/07\/spa.jpg);'><\/span><\/div><\/div><div class='slide-entry-wrap' ><div data-avia-tooltip=\"Een volledig ingerichte en uitgeruste keuken\" class='slide-entry flex_column no_margin post-entry slide-entry-overview slide-loop-8 slide-parity-odd  av_one_seventh first real-thumbnail'><span class='av-partner-fake-img' style='padding-bottom:100%; background-image:url(https:\/\/www.gites-lacledeschamps.fr\/wp-content\/uploads\/2021\/07\/vaisselle.jpg);'><\/span><\/div><div data-avia-tooltip=\"Wi-Fi\" class='slide-entry flex_column no_margin post-entry slide-entry-overview slide-loop-9 slide-parity-even  post-entry-last  av_one_seventh  real-thumbnail'><span class='av-partner-fake-img' style='padding-bottom:100%; background-image:url(https:\/\/www.gites-lacledeschamps.fr\/wp-content\/uploads\/2021\/07\/wifi.jpg);'><\/span><\/div><\/div><\/div><\/div><br \/>\n<div   data-autoplay='false'  data-interval='5'  data-animation='slide'  class='avia-logo-element-container  avia-logo-slider avia-content-slider avia-smallarrow-slider avia-content-slider-active noHover avia-content-slider2 avia-content-slider-odd  avia-builder-el-9  el_after_av_partner  avia-builder-el-last   av-desktop-hide av-medium-hide' ><div class='avia-smallarrow-slider-heading  no-logo-slider-heading '><div class='new-special-heading'>&nbsp;<\/div><div class='avia-slideshow-arrows avia-slideshow-controls'><a href='#prev' class='prev-slide' aria-hidden='true' data-av_icon='\ue87c' data-av_iconfont='entypo-fontello'>Vorige<\/a><a href='#next' class='next-slide' aria-hidden='true' data-av_icon='\ue87d' data-av_iconfont='entypo-fontello'>Volgende<\/a><\/div><\/div><div class='avia-content-slider-inner'><div class='slide-entry-wrap' ><div data-avia-tooltip=\"Toegang voor mensen met een handicap\" class='slide-entry flex_column no_margin post-entry slide-entry-overview slide-loop-1 slide-parity-odd  av_one_third first real-thumbnail'><span class='av-partner-fake-img' style='padding-bottom:100%; background-image:url(https:\/\/www.gites-lacledeschamps.fr\/wp-content\/uploads\/2021\/07\/acces-handicape.jpg);'><\/span><\/div><div data-avia-tooltip=\"Barbecue\" class='slide-entry flex_column no_margin post-entry slide-entry-overview slide-loop-2 slide-parity-even  av_one_third  real-thumbnail'><span class='av-partner-fake-img' style='padding-bottom:100%; background-image:url(https:\/\/www.gites-lacledeschamps.fr\/wp-content\/uploads\/2021\/07\/bbq.jpg);'><\/span><\/div><div data-avia-tooltip=\"Een badkamer met een ruime inloopdouche\" class='slide-entry flex_column no_margin post-entry slide-entry-overview slide-loop-3 slide-parity-odd  av_one_third  real-thumbnail'><span class='av-partner-fake-img' style='padding-bottom:100%; background-image:url(https:\/\/www.gites-lacledeschamps.fr\/wp-content\/uploads\/2021\/07\/douche.jpg);'><\/span><\/div><\/div><div class='slide-entry-wrap' ><div data-avia-tooltip=\"Twee slaapkamers met 1 tweepersoonsbed 160*200\" class='slide-entry flex_column no_margin post-entry slide-entry-overview slide-loop-4 slide-parity-odd  av_one_third first real-thumbnail'><span class='av-partner-fake-img' style='padding-bottom:100%; background-image:url(https:\/\/www.gites-lacledeschamps.fr\/wp-content\/uploads\/2021\/07\/litdouble.jpg);'><\/span><\/div><div data-avia-tooltip=\"Een slaapkamer met 1 tweepersoonsbed (160*200) \" class='slide-entry flex_column no_margin post-entry slide-entry-overview slide-loop-5 slide-parity-even  av_one_third  real-thumbnail'><span class='av-partner-fake-img' style='padding-bottom:100%; background-image:url(https:\/\/www.gites-lacledeschamps.fr\/wp-content\/uploads\/2021\/07\/lit-simple.jpg);'><\/span><\/div><div data-avia-tooltip=\"Parasol en ligstoel\" class='slide-entry flex_column no_margin post-entry slide-entry-overview slide-loop-6 slide-parity-odd  av_one_third  real-thumbnail'><span class='av-partner-fake-img' style='padding-bottom:100%; background-image:url(https:\/\/www.gites-lacledeschamps.fr\/wp-content\/uploads\/2021\/07\/parasol-transat.jpg);'><\/span><\/div><\/div><div class='slide-entry-wrap' ><div data-avia-tooltip=\"Toegang tot de Spa\" class='slide-entry flex_column no_margin post-entry slide-entry-overview slide-loop-7 slide-parity-odd  av_one_third first real-thumbnail'><span class='av-partner-fake-img' style='padding-bottom:100%; background-image:url(https:\/\/www.gites-lacledeschamps.fr\/wp-content\/uploads\/2021\/07\/spa.jpg);'><\/span><\/div><div data-avia-tooltip=\"Een volledig ingerichte en uitgeruste keuken\" class='slide-entry flex_column no_margin post-entry slide-entry-overview slide-loop-8 slide-parity-even  av_one_third  real-thumbnail'><span class='av-partner-fake-img' style='padding-bottom:100%; background-image:url(https:\/\/www.gites-lacledeschamps.fr\/wp-content\/uploads\/2021\/07\/vaisselle.jpg);'><\/span><\/div><div data-avia-tooltip=\"Wi-Fi\" class='slide-entry flex_column no_margin post-entry slide-entry-overview slide-loop-9 slide-parity-odd  post-entry-last  av_one_third  real-thumbnail'><span class='av-partner-fake-img' style='padding-bottom:100%; background-image:url(https:\/\/www.gites-lacledeschamps.fr\/wp-content\/uploads\/2021\/07\/wifi.jpg);'><\/span><\/div><\/div><\/div><\/div><\/p><\/div>\n\n<\/div><\/div><\/div><!-- close content main div --><\/div><\/div><div id='diapo-gites'  class='avia-section main_color avia-section-default avia-no-border-styling  avia-bg-style-scroll  avia-builder-el-10  el_after_av_section  el_before_av_section   container_wrap fullsize' style='background-repeat: no-repeat; background-image: url(https:\/\/www.gites-lacledeschamps.fr\/wp-content\/uploads\/2025\/06\/mozaique-chez-leon-nl.jpg);background-attachment: scroll; background-position: center center;  '  data-section-bg-repeat='no-repeat'><div class='container' ><div class='template-page content  av-content-full alpha units'><div class='post-entry post-entry-type-page post-entry-7301'><div class='entry-content-wrapper clearfix'>\n<div  class='avia-gallery  avia-gallery-1 deactivate_avia_lazyload avia-gallery-animate avia_animate_when_visible  avia-builder-el-11  avia-builder-el-no-sibling  av-hide-gallery-thumbs'  itemprop=\"image\" itemscope=\"itemscope\" itemtype=\"https:\/\/schema.org\/ImageObject\" ><a class='avia-gallery-big fakeLightbox lightbox avia-gallery-big-crop-thumb ' href='https:\/\/www.gites-lacledeschamps.fr\/wp-content\/uploads\/2022\/02\/gite-chez-lucien-ext-01.jpg'  data-onclick='1' title='La Cl\u00e9 des Champs' ><span class='avia-gallery-big-inner'  itemprop=\"thumbnailUrl\" ><img decoding=\"async\" class=\"wp-image-6683 avia-img-lazy-loading-not-6683\"  width=\"1024\" height=\"681\" src=\"https:\/\/www.gites-lacledeschamps.fr\/wp-content\/uploads\/2022\/02\/gite-chez-lucien-ext-01.jpg\" title='La Cl\u00e9 des Champs' alt='' srcset=\"https:\/\/www.gites-lacledeschamps.fr\/wp-content\/uploads\/2022\/02\/gite-chez-lucien-ext-01.jpg 1024w, https:\/\/www.gites-lacledeschamps.fr\/wp-content\/uploads\/2022\/02\/gite-chez-lucien-ext-01-300x200.jpg 300w, https:\/\/www.gites-lacledeschamps.fr\/wp-content\/uploads\/2022\/02\/gite-chez-lucien-ext-01-768x511.jpg 768w, https:\/\/www.gites-lacledeschamps.fr\/wp-content\/uploads\/2022\/02\/gite-chez-lucien-ext-01-705x469.jpg 705w\" sizes=\"(max-width: 1024px) 100vw, 1024px\" \/><\/span><\/a><div class='avia-gallery-thumb'> <a href='https:\/\/www.gites-lacledeschamps.fr\/wp-content\/uploads\/2022\/02\/gite-chez-lucien-ext-01.jpg' data-rel='gallery-1' data-prev-img='https:\/\/www.gites-lacledeschamps.fr\/wp-content\/uploads\/2022\/02\/gite-chez-lucien-ext-01.jpg' class='first_thumb lightbox ' data-onclick='1' title='La Cl\u00e9 des Champs'  itemprop=\"thumbnailUrl\"  ><img decoding=\"async\" class=\"wp-image-6683 avia-img-lazy-loading-not-6683\"   src=\"https:\/\/www.gites-lacledeschamps.fr\/wp-content\/uploads\/2022\/02\/gite-chez-lucien-ext-01-495x400.jpg\" width=\"495\" height=\"400\"  title='La Cl\u00e9 des Champs' alt='' srcset=\"https:\/\/www.gites-lacledeschamps.fr\/wp-content\/uploads\/2022\/02\/gite-chez-lucien-ext-01-495x400.jpg 495w, https:\/\/www.gites-lacledeschamps.fr\/wp-content\/uploads\/2022\/02\/gite-chez-lucien-ext-01-845x681.jpg 845w\" sizes=\"(max-width: 495px) 100vw, 495px\" \/><\/a> <a href='https:\/\/www.gites-lacledeschamps.fr\/wp-content\/uploads\/2022\/02\/gite-chez-lucien-ext-04.jpg' data-rel='gallery-1' data-prev-img='https:\/\/www.gites-lacledeschamps.fr\/wp-content\/uploads\/2022\/02\/gite-chez-lucien-ext-04.jpg' class='lightbox ' data-onclick='2' title='gite-chez-lucien-ext-04'  itemprop=\"thumbnailUrl\"  ><img decoding=\"async\" class=\"wp-image-6692 avia-img-lazy-loading-not-6692\"   src=\"https:\/\/www.gites-lacledeschamps.fr\/wp-content\/uploads\/2022\/02\/gite-chez-lucien-ext-04-495x400.jpg\" width=\"495\" height=\"400\"  title='gite-chez-lucien-ext-04' alt='' srcset=\"https:\/\/www.gites-lacledeschamps.fr\/wp-content\/uploads\/2022\/02\/gite-chez-lucien-ext-04-495x400.jpg 495w, https:\/\/www.gites-lacledeschamps.fr\/wp-content\/uploads\/2022\/02\/gite-chez-lucien-ext-04-845x681.jpg 845w\" sizes=\"(max-width: 495px) 100vw, 495px\" \/><\/a> <a href='https:\/\/www.gites-lacledeschamps.fr\/wp-content\/uploads\/2022\/02\/gite-chez-lucien-ext-02.jpg' data-rel='gallery-1' data-prev-img='https:\/\/www.gites-lacledeschamps.fr\/wp-content\/uploads\/2022\/02\/gite-chez-lucien-ext-02.jpg' class='lightbox ' data-onclick='3' title='gite-chez-lucien-ext-02'  itemprop=\"thumbnailUrl\"  ><img decoding=\"async\" class=\"wp-image-6686 avia-img-lazy-loading-not-6686\"   src=\"https:\/\/www.gites-lacledeschamps.fr\/wp-content\/uploads\/2022\/02\/gite-chez-lucien-ext-02-495x400.jpg\" width=\"495\" height=\"400\"  title='gite-chez-lucien-ext-02' alt='' srcset=\"https:\/\/www.gites-lacledeschamps.fr\/wp-content\/uploads\/2022\/02\/gite-chez-lucien-ext-02-495x400.jpg 495w, https:\/\/www.gites-lacledeschamps.fr\/wp-content\/uploads\/2022\/02\/gite-chez-lucien-ext-02-845x681.jpg 845w\" sizes=\"(max-width: 495px) 100vw, 495px\" \/><\/a> <a href='https:\/\/www.gites-lacledeschamps.fr\/wp-content\/uploads\/2022\/02\/gite-chez-lucien-ext-03.jpg' data-rel='gallery-1' data-prev-img='https:\/\/www.gites-lacledeschamps.fr\/wp-content\/uploads\/2022\/02\/gite-chez-lucien-ext-03.jpg' class='lightbox ' data-onclick='4' title='La Cl\u00e9 des Champs'  itemprop=\"thumbnailUrl\"  ><img decoding=\"async\" class=\"wp-image-6689 avia-img-lazy-loading-not-6689\"   src=\"https:\/\/www.gites-lacledeschamps.fr\/wp-content\/uploads\/2022\/02\/gite-chez-lucien-ext-03-495x400.jpg\" width=\"495\" height=\"400\"  title='La Cl\u00e9 des Champs' alt='' srcset=\"https:\/\/www.gites-lacledeschamps.fr\/wp-content\/uploads\/2022\/02\/gite-chez-lucien-ext-03-495x400.jpg 495w, https:\/\/www.gites-lacledeschamps.fr\/wp-content\/uploads\/2022\/02\/gite-chez-lucien-ext-03-845x681.jpg 845w\" sizes=\"(max-width: 495px) 100vw, 495px\" \/><\/a> <a href='https:\/\/www.gites-lacledeschamps.fr\/wp-content\/uploads\/2022\/02\/gite-chez-lucien-05.jpg' data-rel='gallery-1' data-prev-img='https:\/\/www.gites-lacledeschamps.fr\/wp-content\/uploads\/2022\/02\/gite-chez-lucien-05.jpg' class='lightbox ' data-onclick='5' title='gite-chez-lucien-05'  itemprop=\"thumbnailUrl\"  ><img decoding=\"async\" class=\"wp-image-6596 avia-img-lazy-loading-not-6596\"   src=\"https:\/\/www.gites-lacledeschamps.fr\/wp-content\/uploads\/2022\/02\/gite-chez-lucien-05-495x400.jpg\" width=\"495\" height=\"400\"  title='gite-chez-lucien-05' alt='' \/><\/a> <a href='https:\/\/www.gites-lacledeschamps.fr\/wp-content\/uploads\/2022\/02\/gite-chez-lucien-20.jpg' data-rel='gallery-1' data-prev-img='https:\/\/www.gites-lacledeschamps.fr\/wp-content\/uploads\/2022\/02\/gite-chez-lucien-20.jpg' class='first_thumb lightbox ' data-onclick='6' title='gite-chez-lucien-20'  itemprop=\"thumbnailUrl\"  ><img decoding=\"async\" class=\"wp-image-6641 avia-img-lazy-loading-not-6641\"   src=\"https:\/\/www.gites-lacledeschamps.fr\/wp-content\/uploads\/2022\/02\/gite-chez-lucien-20-495x400.jpg\" width=\"495\" height=\"400\"  title='gite-chez-lucien-20' alt='' srcset=\"https:\/\/www.gites-lacledeschamps.fr\/wp-content\/uploads\/2022\/02\/gite-chez-lucien-20-495x400.jpg 495w, https:\/\/www.gites-lacledeschamps.fr\/wp-content\/uploads\/2022\/02\/gite-chez-lucien-20-845x683.jpg 845w\" sizes=\"(max-width: 495px) 100vw, 495px\" \/><\/a> <a href='https:\/\/www.gites-lacledeschamps.fr\/wp-content\/uploads\/2022\/02\/gite-chez-lucien-06.jpg' data-rel='gallery-1' data-prev-img='https:\/\/www.gites-lacledeschamps.fr\/wp-content\/uploads\/2022\/02\/gite-chez-lucien-06.jpg' class='lightbox ' data-onclick='7' title='gite-chez-lucien-06'  itemprop=\"thumbnailUrl\"  ><img decoding=\"async\" class=\"wp-image-6599 avia-img-lazy-loading-not-6599\"   src=\"https:\/\/www.gites-lacledeschamps.fr\/wp-content\/uploads\/2022\/02\/gite-chez-lucien-06-495x400.jpg\" width=\"495\" height=\"400\"  title='gite-chez-lucien-06' alt='' \/><\/a> <a href='https:\/\/www.gites-lacledeschamps.fr\/wp-content\/uploads\/2022\/02\/gite-chez-lucien-10.jpg' data-rel='gallery-1' data-prev-img='https:\/\/www.gites-lacledeschamps.fr\/wp-content\/uploads\/2022\/02\/gite-chez-lucien-10.jpg' class='lightbox ' data-onclick='8' title='gite-chez-lucien-10'  itemprop=\"thumbnailUrl\"  ><img decoding=\"async\" class=\"wp-image-6611 avia-img-lazy-loading-not-6611\"   src=\"https:\/\/www.gites-lacledeschamps.fr\/wp-content\/uploads\/2022\/02\/gite-chez-lucien-10-495x400.jpg\" width=\"495\" height=\"400\"  title='gite-chez-lucien-10' alt='' \/><\/a> <a href='https:\/\/www.gites-lacledeschamps.fr\/wp-content\/uploads\/2022\/02\/Lacle\u0301deschamps12-687x1030.jpg' data-rel='gallery-1' data-prev-img='https:\/\/www.gites-lacledeschamps.fr\/wp-content\/uploads\/2022\/02\/Lacle\u0301deschamps12-scaled.jpg' class='lightbox ' data-onclick='9' title='Lacle\u0301deschamps12'  itemprop=\"thumbnailUrl\"  ><img decoding=\"async\" class=\"wp-image-6662 avia-img-lazy-loading-not-6662\"   src=\"https:\/\/www.gites-lacledeschamps.fr\/wp-content\/uploads\/2022\/02\/Lacle\u0301deschamps12-495x400.jpg\" width=\"495\" height=\"400\"  title='Lacle\u0301deschamps12' alt='' srcset=\"https:\/\/www.gites-lacledeschamps.fr\/wp-content\/uploads\/2022\/02\/Lacle\u0301deschamps12-495x400.jpg 495w, https:\/\/www.gites-lacledeschamps.fr\/wp-content\/uploads\/2022\/02\/Lacle\u0301deschamps12-845x684.jpg 845w\" sizes=\"(max-width: 495px) 100vw, 495px\" \/><\/a> <a href='https:\/\/www.gites-lacledeschamps.fr\/wp-content\/uploads\/2022\/02\/Lacle\u0301deschamps13-687x1030.jpg' data-rel='gallery-1' data-prev-img='https:\/\/www.gites-lacledeschamps.fr\/wp-content\/uploads\/2022\/02\/Lacle\u0301deschamps13-scaled.jpg' class='lightbox ' data-onclick='10' title='Lacle\u0301deschamps13'  itemprop=\"thumbnailUrl\"  ><img decoding=\"async\" class=\"wp-image-6665 avia-img-lazy-loading-not-6665\"   src=\"https:\/\/www.gites-lacledeschamps.fr\/wp-content\/uploads\/2022\/02\/Lacle\u0301deschamps13-495x400.jpg\" width=\"495\" height=\"400\"  title='Lacle\u0301deschamps13' alt='' srcset=\"https:\/\/www.gites-lacledeschamps.fr\/wp-content\/uploads\/2022\/02\/Lacle\u0301deschamps13-495x400.jpg 495w, https:\/\/www.gites-lacledeschamps.fr\/wp-content\/uploads\/2022\/02\/Lacle\u0301deschamps13-845x684.jpg 845w\" sizes=\"(max-width: 495px) 100vw, 495px\" \/><\/a> <a href='https:\/\/www.gites-lacledeschamps.fr\/wp-content\/uploads\/2022\/02\/Lacle\u0301deschamps15-1030x687.jpg' data-rel='gallery-1' data-prev-img='https:\/\/www.gites-lacledeschamps.fr\/wp-content\/uploads\/2022\/02\/Lacle\u0301deschamps15-scaled.jpg' class='first_thumb lightbox ' data-onclick='11' title='Lacle\u0301deschamps15'  itemprop=\"thumbnailUrl\"  ><img decoding=\"async\" class=\"wp-image-6671 avia-img-lazy-loading-not-6671\"   src=\"https:\/\/www.gites-lacledeschamps.fr\/wp-content\/uploads\/2022\/02\/Lacle\u0301deschamps15-495x400.jpg\" width=\"495\" height=\"400\"  title='Lacle\u0301deschamps15' alt='' srcset=\"https:\/\/www.gites-lacledeschamps.fr\/wp-content\/uploads\/2022\/02\/Lacle\u0301deschamps15-495x400.jpg 495w, https:\/\/www.gites-lacledeschamps.fr\/wp-content\/uploads\/2022\/02\/Lacle\u0301deschamps15-845x684.jpg 845w\" sizes=\"(max-width: 495px) 100vw, 495px\" \/><\/a> <a href='https:\/\/www.gites-lacledeschamps.fr\/wp-content\/uploads\/2022\/02\/Lacle\u0301deschamps14-1030x687.jpg' data-rel='gallery-1' data-prev-img='https:\/\/www.gites-lacledeschamps.fr\/wp-content\/uploads\/2022\/02\/Lacle\u0301deschamps14.jpg' class='lightbox ' data-onclick='12' title='Lacle\u0301deschamps14'  itemprop=\"thumbnailUrl\"  ><img decoding=\"async\" class=\"wp-image-6668 avia-img-lazy-loading-not-6668\"   src=\"https:\/\/www.gites-lacledeschamps.fr\/wp-content\/uploads\/2022\/02\/Lacle\u0301deschamps14-495x400.jpg\" width=\"495\" height=\"400\"  title='Lacle\u0301deschamps14' alt='' srcset=\"https:\/\/www.gites-lacledeschamps.fr\/wp-content\/uploads\/2022\/02\/Lacle\u0301deschamps14-495x400.jpg 495w, https:\/\/www.gites-lacledeschamps.fr\/wp-content\/uploads\/2022\/02\/Lacle\u0301deschamps14-845x684.jpg 845w\" sizes=\"(max-width: 495px) 100vw, 495px\" \/><\/a> <a href='https:\/\/www.gites-lacledeschamps.fr\/wp-content\/uploads\/2022\/02\/Lacle\u0301deschamps19-687x1030.jpg' data-rel='gallery-1' data-prev-img='https:\/\/www.gites-lacledeschamps.fr\/wp-content\/uploads\/2022\/02\/Lacle\u0301deschamps19-scaled.jpg' class='lightbox ' data-onclick='13' title='Lacle\u0301deschamps19'  itemprop=\"thumbnailUrl\"  ><img decoding=\"async\" class=\"wp-image-6674 avia-img-lazy-loading-not-6674\"   src=\"https:\/\/www.gites-lacledeschamps.fr\/wp-content\/uploads\/2022\/02\/Lacle\u0301deschamps19-495x400.jpg\" width=\"495\" height=\"400\"  title='Lacle\u0301deschamps19' alt='' srcset=\"https:\/\/www.gites-lacledeschamps.fr\/wp-content\/uploads\/2022\/02\/Lacle\u0301deschamps19-495x400.jpg 495w, https:\/\/www.gites-lacledeschamps.fr\/wp-content\/uploads\/2022\/02\/Lacle\u0301deschamps19-845x684.jpg 845w\" sizes=\"(max-width: 495px) 100vw, 495px\" \/><\/a> <a href='https:\/\/www.gites-lacledeschamps.fr\/wp-content\/uploads\/2022\/02\/gite-chez-lucien-08.jpg' data-rel='gallery-1' data-prev-img='https:\/\/www.gites-lacledeschamps.fr\/wp-content\/uploads\/2022\/02\/gite-chez-lucien-08.jpg' class='lightbox ' data-onclick='14' title='gite-chez-lucien-08'  itemprop=\"thumbnailUrl\"  ><img decoding=\"async\" class=\"wp-image-6605 avia-img-lazy-loading-not-6605\"   src=\"https:\/\/www.gites-lacledeschamps.fr\/wp-content\/uploads\/2022\/02\/gite-chez-lucien-08-495x400.jpg\" width=\"495\" height=\"400\"  title='gite-chez-lucien-08' alt='' \/><\/a> <a href='https:\/\/www.gites-lacledeschamps.fr\/wp-content\/uploads\/2022\/02\/gite-chez-lucien-02.jpg' data-rel='gallery-1' data-prev-img='https:\/\/www.gites-lacledeschamps.fr\/wp-content\/uploads\/2022\/02\/gite-chez-lucien-02.jpg' class='lightbox ' data-onclick='15' title='gite-chez-lucien-02'  itemprop=\"thumbnailUrl\"  ><img decoding=\"async\" class=\"wp-image-6587 avia-img-lazy-loading-not-6587\"   src=\"https:\/\/www.gites-lacledeschamps.fr\/wp-content\/uploads\/2022\/02\/gite-chez-lucien-02-495x400.jpg\" width=\"495\" height=\"400\"  title='gite-chez-lucien-02' alt='' \/><\/a> <a href='https:\/\/www.gites-lacledeschamps.fr\/wp-content\/uploads\/2022\/02\/gite-chez-lucien-04.jpg' data-rel='gallery-1' data-prev-img='https:\/\/www.gites-lacledeschamps.fr\/wp-content\/uploads\/2022\/02\/gite-chez-lucien-04.jpg' class='first_thumb lightbox ' data-onclick='16' title='gite-chez-lucien-04'  itemprop=\"thumbnailUrl\"  ><img decoding=\"async\" class=\"wp-image-6593 avia-img-lazy-loading-not-6593\"   src=\"https:\/\/www.gites-lacledeschamps.fr\/wp-content\/uploads\/2022\/02\/gite-chez-lucien-04-495x400.jpg\" width=\"495\" height=\"400\"  title='gite-chez-lucien-04' alt='' \/><\/a> <a href='https:\/\/www.gites-lacledeschamps.fr\/wp-content\/uploads\/2022\/02\/gite-chez-lucien-07.jpg' data-rel='gallery-1' data-prev-img='https:\/\/www.gites-lacledeschamps.fr\/wp-content\/uploads\/2022\/02\/gite-chez-lucien-07.jpg' class='lightbox ' data-onclick='17' title='gite-chez-lucien-07'  itemprop=\"thumbnailUrl\"  ><img decoding=\"async\" class=\"wp-image-6602 avia-img-lazy-loading-not-6602\"   src=\"https:\/\/www.gites-lacledeschamps.fr\/wp-content\/uploads\/2022\/02\/gite-chez-lucien-07-495x400.jpg\" width=\"495\" height=\"400\"  title='gite-chez-lucien-07' alt='' \/><\/a> <a href='https:\/\/www.gites-lacledeschamps.fr\/wp-content\/uploads\/2022\/02\/gite-chez-lucien-09.jpg' data-rel='gallery-1' data-prev-img='https:\/\/www.gites-lacledeschamps.fr\/wp-content\/uploads\/2022\/02\/gite-chez-lucien-09.jpg' class='lightbox ' data-onclick='18' title='gite-chez-lucien-09'  itemprop=\"thumbnailUrl\"  ><img decoding=\"async\" class=\"wp-image-6608 avia-img-lazy-loading-not-6608\"   src=\"https:\/\/www.gites-lacledeschamps.fr\/wp-content\/uploads\/2022\/02\/gite-chez-lucien-09-495x400.jpg\" width=\"495\" height=\"400\"  title='gite-chez-lucien-09' alt='' \/><\/a> <a href='https:\/\/www.gites-lacledeschamps.fr\/wp-content\/uploads\/2022\/02\/gite-chez-lucien-11.jpg' data-rel='gallery-1' data-prev-img='https:\/\/www.gites-lacledeschamps.fr\/wp-content\/uploads\/2022\/02\/gite-chez-lucien-11.jpg' class='lightbox ' data-onclick='19' title='gite-chez-lucien-11'  itemprop=\"thumbnailUrl\"  ><img decoding=\"async\" class=\"wp-image-6614 avia-img-lazy-loading-not-6614\"   src=\"https:\/\/www.gites-lacledeschamps.fr\/wp-content\/uploads\/2022\/02\/gite-chez-lucien-11-495x400.jpg\" width=\"495\" height=\"400\"  title='gite-chez-lucien-11' alt='' \/><\/a> <a href='https:\/\/www.gites-lacledeschamps.fr\/wp-content\/uploads\/2022\/02\/gite-chez-lucien-12.jpg' data-rel='gallery-1' data-prev-img='https:\/\/www.gites-lacledeschamps.fr\/wp-content\/uploads\/2022\/02\/gite-chez-lucien-12.jpg' class='lightbox ' data-onclick='20' title='gite-chez-lucien-12'  itemprop=\"thumbnailUrl\"  ><img decoding=\"async\" class=\"wp-image-6617 avia-img-lazy-loading-not-6617\"   src=\"https:\/\/www.gites-lacledeschamps.fr\/wp-content\/uploads\/2022\/02\/gite-chez-lucien-12-495x400.jpg\" width=\"495\" height=\"400\"  title='gite-chez-lucien-12' alt='' \/><\/a> <a href='https:\/\/www.gites-lacledeschamps.fr\/wp-content\/uploads\/2022\/02\/gite-chez-lucien-13.jpg' data-rel='gallery-1' data-prev-img='https:\/\/www.gites-lacledeschamps.fr\/wp-content\/uploads\/2022\/02\/gite-chez-lucien-13.jpg' class='first_thumb lightbox ' data-onclick='21' title='gite-chez-lucien-13'  itemprop=\"thumbnailUrl\"  ><img decoding=\"async\" class=\"wp-image-6620 avia-img-lazy-loading-not-6620\"   src=\"https:\/\/www.gites-lacledeschamps.fr\/wp-content\/uploads\/2022\/02\/gite-chez-lucien-13-495x400.jpg\" width=\"495\" height=\"400\"  title='gite-chez-lucien-13' alt='' \/><\/a> <a href='https:\/\/www.gites-lacledeschamps.fr\/wp-content\/uploads\/2022\/02\/gite-chez-lucien-14.jpg' data-rel='gallery-1' data-prev-img='https:\/\/www.gites-lacledeschamps.fr\/wp-content\/uploads\/2022\/02\/gite-chez-lucien-14.jpg' class='lightbox ' data-onclick='22' title='gite-chez-lucien-14'  itemprop=\"thumbnailUrl\"  ><img decoding=\"async\" class=\"wp-image-6623 avia-img-lazy-loading-not-6623\"   src=\"https:\/\/www.gites-lacledeschamps.fr\/wp-content\/uploads\/2022\/02\/gite-chez-lucien-14-495x400.jpg\" width=\"495\" height=\"400\"  title='gite-chez-lucien-14' alt='' \/><\/a> <a href='https:\/\/www.gites-lacledeschamps.fr\/wp-content\/uploads\/2022\/02\/gite-chez-lucien-15.jpg' data-rel='gallery-1' data-prev-img='https:\/\/www.gites-lacledeschamps.fr\/wp-content\/uploads\/2022\/02\/gite-chez-lucien-15.jpg' class='lightbox ' data-onclick='23' title='gite-chez-lucien-15'  itemprop=\"thumbnailUrl\"  ><img decoding=\"async\" class=\"wp-image-6626 avia-img-lazy-loading-not-6626\"   src=\"https:\/\/www.gites-lacledeschamps.fr\/wp-content\/uploads\/2022\/02\/gite-chez-lucien-15-495x400.jpg\" width=\"495\" height=\"400\"  title='gite-chez-lucien-15' alt='' srcset=\"https:\/\/www.gites-lacledeschamps.fr\/wp-content\/uploads\/2022\/02\/gite-chez-lucien-15-495x400.jpg 495w, https:\/\/www.gites-lacledeschamps.fr\/wp-content\/uploads\/2022\/02\/gite-chez-lucien-15-845x683.jpg 845w\" sizes=\"(max-width: 495px) 100vw, 495px\" \/><\/a> <a href='https:\/\/www.gites-lacledeschamps.fr\/wp-content\/uploads\/2022\/02\/gite-chez-lucien-16.jpg' data-rel='gallery-1' data-prev-img='https:\/\/www.gites-lacledeschamps.fr\/wp-content\/uploads\/2022\/02\/gite-chez-lucien-16.jpg' class='lightbox ' data-onclick='24' title='gite-chez-lucien-16'  itemprop=\"thumbnailUrl\"  ><img decoding=\"async\" class=\"wp-image-6629 avia-img-lazy-loading-not-6629\"   src=\"https:\/\/www.gites-lacledeschamps.fr\/wp-content\/uploads\/2022\/02\/gite-chez-lucien-16-495x400.jpg\" width=\"495\" height=\"400\"  title='gite-chez-lucien-16' alt='' srcset=\"https:\/\/www.gites-lacledeschamps.fr\/wp-content\/uploads\/2022\/02\/gite-chez-lucien-16-495x400.jpg 495w, https:\/\/www.gites-lacledeschamps.fr\/wp-content\/uploads\/2022\/02\/gite-chez-lucien-16-845x683.jpg 845w\" sizes=\"(max-width: 495px) 100vw, 495px\" \/><\/a> <a href='https:\/\/www.gites-lacledeschamps.fr\/wp-content\/uploads\/2022\/02\/gite-chez-lucien-17.jpg' data-rel='gallery-1' data-prev-img='https:\/\/www.gites-lacledeschamps.fr\/wp-content\/uploads\/2022\/02\/gite-chez-lucien-17.jpg' class='lightbox ' data-onclick='25' title='gite-chez-lucien-17'  itemprop=\"thumbnailUrl\"  ><img decoding=\"async\" class=\"wp-image-6632 avia-img-lazy-loading-not-6632\"   src=\"https:\/\/www.gites-lacledeschamps.fr\/wp-content\/uploads\/2022\/02\/gite-chez-lucien-17-495x400.jpg\" width=\"495\" height=\"400\"  title='gite-chez-lucien-17' alt='' \/><\/a> <a href='https:\/\/www.gites-lacledeschamps.fr\/wp-content\/uploads\/2022\/02\/gite-chez-lucien-18.jpg' data-rel='gallery-1' data-prev-img='https:\/\/www.gites-lacledeschamps.fr\/wp-content\/uploads\/2022\/02\/gite-chez-lucien-18.jpg' class='first_thumb lightbox ' data-onclick='26' title='gite-chez-lucien-18'  itemprop=\"thumbnailUrl\"  ><img decoding=\"async\" class=\"wp-image-6635 avia-img-lazy-loading-not-6635\"   src=\"https:\/\/www.gites-lacledeschamps.fr\/wp-content\/uploads\/2022\/02\/gite-chez-lucien-18-495x400.jpg\" width=\"495\" height=\"400\"  title='gite-chez-lucien-18' alt='' \/><\/a> <a href='https:\/\/www.gites-lacledeschamps.fr\/wp-content\/uploads\/2022\/02\/gite-chez-lucien-19.jpg' data-rel='gallery-1' data-prev-img='https:\/\/www.gites-lacledeschamps.fr\/wp-content\/uploads\/2022\/02\/gite-chez-lucien-19.jpg' class='lightbox ' data-onclick='27' title='gite-chez-lucien-19'  itemprop=\"thumbnailUrl\"  ><img decoding=\"async\" class=\"wp-image-6638 avia-img-lazy-loading-not-6638\"   src=\"https:\/\/www.gites-lacledeschamps.fr\/wp-content\/uploads\/2022\/02\/gite-chez-lucien-19-495x400.jpg\" width=\"495\" height=\"400\"  title='gite-chez-lucien-19' alt='' srcset=\"https:\/\/www.gites-lacledeschamps.fr\/wp-content\/uploads\/2022\/02\/gite-chez-lucien-19-495x400.jpg 495w, https:\/\/www.gites-lacledeschamps.fr\/wp-content\/uploads\/2022\/02\/gite-chez-lucien-19-845x683.jpg 845w\" sizes=\"(max-width: 495px) 100vw, 495px\" \/><\/a> <a href='https:\/\/www.gites-lacledeschamps.fr\/wp-content\/uploads\/2022\/02\/gite-chez-lucien-21.jpg' data-rel='gallery-1' data-prev-img='https:\/\/www.gites-lacledeschamps.fr\/wp-content\/uploads\/2022\/02\/gite-chez-lucien-21.jpg' class='lightbox ' data-onclick='28' title='gite-chez-lucien-21'  itemprop=\"thumbnailUrl\"  ><img decoding=\"async\" class=\"wp-image-6644 avia-img-lazy-loading-not-6644\"   src=\"https:\/\/www.gites-lacledeschamps.fr\/wp-content\/uploads\/2022\/02\/gite-chez-lucien-21-495x400.jpg\" width=\"495\" height=\"400\"  title='gite-chez-lucien-21' alt='' srcset=\"https:\/\/www.gites-lacledeschamps.fr\/wp-content\/uploads\/2022\/02\/gite-chez-lucien-21-495x400.jpg 495w, https:\/\/www.gites-lacledeschamps.fr\/wp-content\/uploads\/2022\/02\/gite-chez-lucien-21-845x683.jpg 845w\" sizes=\"(max-width: 495px) 100vw, 495px\" \/><\/a> <a href='https:\/\/www.gites-lacledeschamps.fr\/wp-content\/uploads\/2022\/02\/gite-chez-lucien-03.jpg' data-rel='gallery-1' data-prev-img='https:\/\/www.gites-lacledeschamps.fr\/wp-content\/uploads\/2022\/02\/gite-chez-lucien-03.jpg' class='lightbox ' data-onclick='29' title='gite-chez-lucien-03'  itemprop=\"thumbnailUrl\"  ><img decoding=\"async\" class=\"wp-image-6590 avia-img-lazy-loading-not-6590\"   src=\"https:\/\/www.gites-lacledeschamps.fr\/wp-content\/uploads\/2022\/02\/gite-chez-lucien-03-495x400.jpg\" width=\"495\" height=\"400\"  title='gite-chez-lucien-03' alt='' \/><\/a> <a href='https:\/\/www.gites-lacledeschamps.fr\/wp-content\/uploads\/2022\/02\/gite-chez-lucien-22.jpg' data-rel='gallery-1' data-prev-img='https:\/\/www.gites-lacledeschamps.fr\/wp-content\/uploads\/2022\/02\/gite-chez-lucien-22.jpg' class='lightbox ' data-onclick='30' title='gite-chez-lucien-22'  itemprop=\"thumbnailUrl\"  ><img decoding=\"async\" class=\"wp-image-6647 avia-img-lazy-loading-not-6647\"   src=\"https:\/\/www.gites-lacledeschamps.fr\/wp-content\/uploads\/2022\/02\/gite-chez-lucien-22-495x400.jpg\" width=\"495\" height=\"400\"  title='gite-chez-lucien-22' alt='' srcset=\"https:\/\/www.gites-lacledeschamps.fr\/wp-content\/uploads\/2022\/02\/gite-chez-lucien-22-495x400.jpg 495w, https:\/\/www.gites-lacledeschamps.fr\/wp-content\/uploads\/2022\/02\/gite-chez-lucien-22-845x683.jpg 845w\" sizes=\"(max-width: 495px) 100vw, 495px\" \/><\/a> <a href='https:\/\/www.gites-lacledeschamps.fr\/wp-content\/uploads\/2022\/02\/gite-chez-lucien-23.jpg' data-rel='gallery-1' data-prev-img='https:\/\/www.gites-lacledeschamps.fr\/wp-content\/uploads\/2022\/02\/gite-chez-lucien-23.jpg' class='first_thumb lightbox ' data-onclick='31' title='gite-chez-lucien-23'  itemprop=\"thumbnailUrl\"  ><img decoding=\"async\" class=\"wp-image-6650 avia-img-lazy-loading-not-6650\"   src=\"https:\/\/www.gites-lacledeschamps.fr\/wp-content\/uploads\/2022\/02\/gite-chez-lucien-23-495x400.jpg\" width=\"495\" height=\"400\"  title='gite-chez-lucien-23' alt='' srcset=\"https:\/\/www.gites-lacledeschamps.fr\/wp-content\/uploads\/2022\/02\/gite-chez-lucien-23-495x400.jpg 495w, https:\/\/www.gites-lacledeschamps.fr\/wp-content\/uploads\/2022\/02\/gite-chez-lucien-23-845x683.jpg 845w\" sizes=\"(max-width: 495px) 100vw, 495px\" \/><\/a> <a href='https:\/\/www.gites-lacledeschamps.fr\/wp-content\/uploads\/2022\/02\/gite-chez-lucien-24.jpg' data-rel='gallery-1' data-prev-img='https:\/\/www.gites-lacledeschamps.fr\/wp-content\/uploads\/2022\/02\/gite-chez-lucien-24.jpg' class='lightbox ' data-onclick='32' title='gite-chez-lucien-24'  itemprop=\"thumbnailUrl\"  ><img decoding=\"async\" class=\"wp-image-6653 avia-img-lazy-loading-not-6653\"   src=\"https:\/\/www.gites-lacledeschamps.fr\/wp-content\/uploads\/2022\/02\/gite-chez-lucien-24-495x400.jpg\" width=\"495\" height=\"400\"  title='gite-chez-lucien-24' alt='' srcset=\"https:\/\/www.gites-lacledeschamps.fr\/wp-content\/uploads\/2022\/02\/gite-chez-lucien-24-495x400.jpg 495w, https:\/\/www.gites-lacledeschamps.fr\/wp-content\/uploads\/2022\/02\/gite-chez-lucien-24-845x683.jpg 845w\" sizes=\"(max-width: 495px) 100vw, 495px\" \/><\/a> <a href='https:\/\/www.gites-lacledeschamps.fr\/wp-content\/uploads\/2022\/02\/gite-chez-lucien-25.jpg' data-rel='gallery-1' data-prev-img='https:\/\/www.gites-lacledeschamps.fr\/wp-content\/uploads\/2022\/02\/gite-chez-lucien-25.jpg' class='lightbox ' data-onclick='33' title='gite-chez-lucien-25'  itemprop=\"thumbnailUrl\"  ><img decoding=\"async\" class=\"wp-image-6656 avia-img-lazy-loading-not-6656\"   src=\"https:\/\/www.gites-lacledeschamps.fr\/wp-content\/uploads\/2022\/02\/gite-chez-lucien-25-495x400.jpg\" width=\"495\" height=\"400\"  title='gite-chez-lucien-25' alt='' \/><\/a> <a href='https:\/\/www.gites-lacledeschamps.fr\/wp-content\/uploads\/2022\/02\/gite-chez-lucien-26.jpg' data-rel='gallery-1' data-prev-img='https:\/\/www.gites-lacledeschamps.fr\/wp-content\/uploads\/2022\/02\/gite-chez-lucien-26.jpg' class='lightbox ' data-onclick='34' title='gite-chez-lucien-26'  itemprop=\"thumbnailUrl\"  ><img decoding=\"async\" class=\"wp-image-6659 avia-img-lazy-loading-not-6659\"   src=\"https:\/\/www.gites-lacledeschamps.fr\/wp-content\/uploads\/2022\/02\/gite-chez-lucien-26-495x400.jpg\" width=\"495\" height=\"400\"  title='gite-chez-lucien-26' alt='' srcset=\"https:\/\/www.gites-lacledeschamps.fr\/wp-content\/uploads\/2022\/02\/gite-chez-lucien-26-495x400.jpg 495w, https:\/\/www.gites-lacledeschamps.fr\/wp-content\/uploads\/2022\/02\/gite-chez-lucien-26-845x684.jpg 845w\" sizes=\"(max-width: 495px) 100vw, 495px\" \/><\/a><\/div><\/div>\n\n<\/div><\/div><\/div><!-- close content main div --><\/div><\/div><div id='av_section_3'  class='avia-section main_color avia-section-default avia-no-border-styling  avia-bg-style-scroll  avia-builder-el-12  el_after_av_section  el_before_av_section   container_wrap fullsize' style=' '  ><div class='container' ><div class='template-page content  av-content-full alpha units'><div class='post-entry post-entry-type-page post-entry-7301'><div class='entry-content-wrapper clearfix'>\n<div class=\"flex_column av_one_fifth  flex_column_div av-zero-column-padding first  avia-builder-el-13  el_before_av_three_fifth  avia-builder-el-first  \" style='border-radius:0px; '><\/div><div class=\"flex_column av_three_fifth  flex_column_div av-zero-column-padding   avia-builder-el-14  el_after_av_one_fifth  el_before_av_hr  \" style='border-radius:0px; '><section class=\"av_textblock_section \"  itemscope=\"itemscope\" itemtype=\"https:\/\/schema.org\/CreativeWork\" ><div class='avia_textblock  '   itemprop=\"text\" ><p style=\"text-align: center;\">De g\u00eete is geschikt voor 1 tot 6 personen. Hij bestaat uit :<\/p>\n<\/div><\/section><br \/>\n<div  style='height:50px' class='hr hr-invisible   avia-builder-el-16  el_after_av_textblock  el_before_av_textblock '><span class='hr-inner ' ><span class='hr-inner-style'><\/span><\/span><\/div><br \/>\n<section class=\"av_textblock_section \"  itemscope=\"itemscope\" itemtype=\"https:\/\/schema.org\/CreativeWork\" ><div class='avia_textblock  '  style='font-size:15px; '  itemprop=\"text\" ><p style=\"text-align: center;\"><strong>Een grote woon\/eetkamer van 50 m\u00b2<\/strong><\/p>\n<p style=\"text-align: center;\"><strong>Een volledig ingerichte en uitgeruste keuken<\/strong><\/p>\n<p style=\"text-align: center;\"><strong>Een slaapkamer met 1 tweepersoonsbed (160*200)<\/strong>.<br \/>\nDe inrichting is zacht en elegant. Deze kamer bevindt zich op de begane grond. Er past gemakkelijk een kinderbedje in. Je vindt er ook veel opbergruimte: kleerkasten, een ladekast. Grote houten planken worden gebruikt als hoofdeinde voor een mineraal gevoel!<\/p>\n<p style=\"text-align: center;\"><strong>Een slaapkamer met 1 x 160*200 bed in een \u201cpigeonnier\u201d stijl.<\/strong><br \/>\nJe zult in cocooning-modus zijn in deze gezellige ruimte. Een groot metalen dakraam kijkt uit over de woonkamer.<\/p>\n<p style=\"text-align: center;\"><strong>Een kamer met 2 eenpersoonsbedden 90*200 <\/strong>:<br \/>\nje hebt je hoofd in de sterren. Voor je comfort hebben we bewust gekozen voor grote eenpersoonsbedden (90*200) die zowel door kinderen als volwassenen kunnen worden bezet.<\/p>\n<p style=\"text-align: center;\"><strong>Een doucheruimte&#8230; met een ruime inloopdouche<\/strong>.<br \/>\nEen klein detail dat onze gasten vaak verrast: een gebogen metalen plaat begrenst de douche, waardoor spatten van water worden beperkt.<\/p>\n<p style=\"text-align: center;\"><strong>Een overdekt terras bij de ingang van het huis<\/strong>.<br \/>\nZowel in de zomer als in de winter zul je genieten van deze omgebouwde ruimte.<\/p>\n<\/div><\/section><br \/>\n<div  class='avia-image-container  av-styling-    avia-builder-el-18  el_after_av_textblock  avia-builder-el-last  avia-align-center '  itemprop=\"image\" itemscope=\"itemscope\" itemtype=\"https:\/\/schema.org\/ImageObject\"  ><div class='avia-image-container-inner'><div class='avia-image-overlay-wrap'><a href='lichtbak' class='avia_image'  ><img decoding=\"async\" width=\"1135\" height=\"768\" class='wp-image-7640 avia-img-lazy-loading-not-7640 avia_image' src=\"https:\/\/www.gites-lacledeschamps.fr\/wp-content\/uploads\/2025\/06\/plan-chez-leon-nl.jpg\" alt='' title='plan-chez-leon-nl'  itemprop=\"thumbnailUrl\" srcset=\"https:\/\/www.gites-lacledeschamps.fr\/wp-content\/uploads\/2025\/06\/plan-chez-leon-nl.jpg 1135w, https:\/\/www.gites-lacledeschamps.fr\/wp-content\/uploads\/2025\/06\/plan-chez-leon-nl-300x203.jpg 300w, https:\/\/www.gites-lacledeschamps.fr\/wp-content\/uploads\/2025\/06\/plan-chez-leon-nl-1030x697.jpg 1030w, https:\/\/www.gites-lacledeschamps.fr\/wp-content\/uploads\/2025\/06\/plan-chez-leon-nl-768x520.jpg 768w, https:\/\/www.gites-lacledeschamps.fr\/wp-content\/uploads\/2025\/06\/plan-chez-leon-nl-705x477.jpg 705w\" sizes=\"(max-width: 1135px) 100vw, 1135px\" \/><\/a><\/div><\/div><\/div><\/p><\/div><div  style='height:70px' class='hr hr-invisible   avia-builder-el-19  el_after_av_three_fifth  el_before_av_one_full '><span class='hr-inner ' ><span class='hr-inner-style'><\/span><\/span><\/div>\n<div class=\"flex_column av_one_full  flex_column_div av-zero-column-padding first  avia-builder-el-20  el_after_av_hr  el_before_av_hr  \" style='border-radius:0px; '><article  class=\"iconbox iconbox_left    avia-builder-el-21  avia-builder-el-no-sibling  \"  itemscope=\"itemscope\" itemtype=\"https:\/\/schema.org\/CreativeWork\" ><div class=\"iconbox_content\"><header class=\"entry-content-header\"><div class=\"iconbox_icon heading-color\" aria-hidden='true' data-av_icon='\ue854' data-av_iconfont='entypo-fontello'  ><\/div><h3 class='iconbox_content_title  '  itemprop=\"headline\"  >MEER over #chezl\u00e9on<\/h3><\/header><div class='iconbox_content_container  '  itemprop=\"text\"  ><p style=\"text-align: center;\">Houtkachel<\/p>\n<p style=\"text-align: center;\">Vloerverwarming<\/p>\n<p style=\"text-align: center;\">Het overdekte terras<\/p>\n<p style=\"text-align: center;\">Groot beddengoed<\/p>\n<p style=\"text-align: center;\">Verscheidenheid en harmonie van gebruikte materialen<\/p>\n<p style=\"text-align: center;\">Technische ruimte om je persoonlijke spullen op te bergen<\/p>\n<p style=\"text-align: center;\">Kasten in alle slaapkamers<\/p>\n<\/div><\/div><footer class=\"entry-footer\"><\/footer><\/article><\/div><div  style='height:50px' class='hr hr-invisible   avia-builder-el-22  el_after_av_one_full  avia-builder-el-last '><span class='hr-inner ' ><span class='hr-inner-style'><\/span><\/span><\/div>\n\n<\/div><\/div><\/div><!-- close content main div --><\/div><\/div><div id='av_section_4'  class='avia-section main_color avia-section-default avia-no-border-styling  avia-full-stretch avia-bg-style-scroll  avia-builder-el-23  el_after_av_section  el_before_av_section   container_wrap fullsize' style='background-repeat: no-repeat; background-image: url(https:\/\/www.gites-lacledeschamps.fr\/wp-content\/uploads\/2021\/08\/fond-leon.jpg);background-attachment: scroll; background-position: top left;  '  data-section-bg-repeat='stretch'><div class='container' ><div class='template-page content  av-content-full alpha units'><div class='post-entry post-entry-type-page post-entry-7301'><div class='entry-content-wrapper clearfix'>\n<article  class=\"iconbox iconbox_left    avia-builder-el-24  el_before_av_hr  avia-builder-el-first  \"  itemscope=\"itemscope\" itemtype=\"https:\/\/schema.org\/CreativeWork\" ><div class=\"iconbox_content\"><header class=\"entry-content-header\"><div class=\"iconbox_icon heading-color\" aria-hidden='true' data-av_icon='\ue854' data-av_iconfont='entypo-fontello'  ><\/div><h3 class='iconbox_content_title  '  itemprop=\"headline\"  >Boek #chezl\u00e9on<\/h3><\/header><div class='iconbox_content_container  '  itemprop=\"text\"  ><div id=\"ConstellationWidgetContainer5c08599d-dff6-4f14-b809-870d4877c394\" style=\"width: 100%;\" title=\"La Cl\u00e9 des Champs\" data-id-projet=\"5c08599ddff64f14b809870d4877c394\">Bezig met laden&#8230;<\/div>\n<p><script type=\"text\/javascript\" src=\"https:\/\/reservation.elloha.com\/Scripts\/widget-loader.min.js?v=41\"><\/script> <script type=\"text\/javascript\">var constellationWidgetUrl5c08599ddff64f14b809870d4877c394, constellationTypeModule5c08599ddff64f14b809870d4877c394; constellationWidgetUrl5c08599ddff64f14b809870d4877c394 = 'https:\/\/reservation.elloha.com\/Widget\/BookingEngine\/5c08599d-dff6-4f14-b809-870d4877c394?idoi=82288bf6-ba75-442f-816a-344576e03ee5&culture=nl-NL'; constellationTypeModule5c08599ddff64f14b809870d4877c394=1; constellationWidgetLoad('ConstellationWidgetContainer5c08599d-dff6-4f14-b809-870d4877c394'); constellationWidgetAddEvent(window, \"resize\", function () { constellationWidgetSetAppearance('ConstellationWidgetContainer5c08599d-dff6-4f14-b809-870d4877c394'); });<\/script><\/p>\n<\/div><\/div><footer class=\"entry-footer\"><\/footer><\/article>\n<div  style='height:400px' class='hr hr-invisible   avia-builder-el-25  el_after_av_icon_box  avia-builder-el-last '><span class='hr-inner ' ><span class='hr-inner-style'><\/span><\/span><\/div>\n<\/div><\/div><\/div><!-- close content main div --><\/div><\/div><div id='av_section_5'  class='avia-section main_color avia-section-default avia-no-border-styling  avia-bg-style-scroll  avia-builder-el-26  el_after_av_section  avia-builder-el-last   container_wrap fullsize' style='background-repeat: repeat-x; background-image: url(https:\/\/www.gites-lacledeschamps.fr\/wp-content\/uploads\/2021\/07\/fond-insta.jpg);background-attachment: scroll; background-position: bottom right;  '  data-section-bg-repeat='repeat-x'><div class='container' ><div class='template-page content  av-content-full alpha units'><div class='post-entry post-entry-type-page post-entry-7301'><div class='entry-content-wrapper clearfix'>\n<div  style='padding-bottom:10px; color:#6d876b;' class='av-special-heading av-special-heading-h2 custom-color-heading blockquote modern-quote modern-centered  avia-builder-el-27  el_before_av_codeblock  avia-builder-el-first  '><h2 class='av-special-heading-tag '  itemprop=\"headline\"  >VOLG ONS OP INSTAGRAM @LACLEDESCHAMPS_BZH<\/h2><div class='special-heading-border'><div class='special-heading-inner-border' style='border-color:#6d876b'><\/div><\/div><\/div>\n\n<\/p>\n","protected":false},"excerpt":{"rendered":"","protected":false},"author":1,"featured_media":0,"parent":0,"menu_order":0,"comment_status":"closed","ping_status":"closed","template":"","meta":{"footnotes":""},"class_list":["post-7301","page","type-page","status-publish","hentry"],"aioseo_notices":[],"_links":{"self":[{"href":"https:\/\/www.gites-lacledeschamps.fr\/nl\/wp-json\/wp\/v2\/pages\/7301","targetHints":{"allow":["GET"]}}],"collection":[{"href":"https:\/\/www.gites-lacledeschamps.fr\/nl\/wp-json\/wp\/v2\/pages"}],"about":[{"href":"https:\/\/www.gites-lacledeschamps.fr\/nl\/wp-json\/wp\/v2\/types\/page"}],"author":[{"embeddable":true,"href":"https:\/\/www.gites-lacledeschamps.fr\/nl\/wp-json\/wp\/v2\/users\/1"}],"replies":[{"embeddable":true,"href":"https:\/\/www.gites-lacledeschamps.fr\/nl\/wp-json\/wp\/v2\/comments?post=7301"}],"version-history":[{"count":4,"href":"https:\/\/www.gites-lacledeschamps.fr\/nl\/wp-json\/wp\/v2\/pages\/7301\/revisions"}],"predecessor-version":[{"id":7695,"href":"https:\/\/www.gites-lacledeschamps.fr\/nl\/wp-json\/wp\/v2\/pages\/7301\/revisions\/7695"}],"wp:attachment":[{"href":"https:\/\/www.gites-lacledeschamps.fr\/nl\/wp-json\/wp\/v2\/media?parent=7301"}],"curies":[{"name":"wp","href":"https:\/\/api.w.org\/{rel}","templated":true}]}}