{"id":7265,"date":"2021-10-25T13:47:57","date_gmt":"2021-10-25T12:47:57","guid":{"rendered":"https:\/\/www.gites-lacledeschamps.fr\/we-love-we-adore\/"},"modified":"2025-06-10T15:11:30","modified_gmt":"2025-06-10T14:11:30","slug":"we-love-we-adore","status":"publish","type":"page","link":"https:\/\/www.gites-lacledeschamps.fr\/en\/we-love-we-adore\/","title":{"rendered":"WE LOVE &#8211; WE ADORE"},"content":{"rendered":"<div id='full_slider_1'  class='avia-fullwidth-slider main_color avia-shadow   avia-builder-el-0  el_before_av_section  avia-builder-el-first   container_wrap fullsize' style=' '  ><div   data-size='no scaling'  data-lightbox_size='large'  data-animation='slide'  data-conditional_play=''  data-ids='2470'  data-video_counter='0'  data-autoplay='false'  data-bg_slider='false'  data-slide_height=''  data-handle='av_slideshow_full'  data-interval='5'  data-class=' '  data-el_id=''  data-css_id=''  data-scroll_down=''  data-control_layout='av-control-default'  data-custom_markup=''  data-perma_caption=''  data-autoplay_stopper=''  data-image_attachment=''  data-min_height='0px'  data-lazy_loading='disabled'  data-src=''  data-position='top left'  data-repeat='no-repeat'  data-attach='scroll'  data-stretch=''  class='avia-slideshow avia-slideshow-1  av-control-default av-default-height-applied avia-slideshow-no scaling av_slideshow_full   avia-slide-slider '  itemprop=\"image\" itemscope=\"itemscope\" itemtype=\"https:\/\/schema.org\/ImageObject\" ><ul class='avia-slideshow-inner ' style='padding-bottom: 30.208333333333%;' ><li  class=' av-single-slide slide-1 ' ><div data-rel='slideshow-1' class='avia-slide-wrap '   ><img decoding=\"async\" class=\"wp-image-7116 avia-img-lazy-loading-not-7116\"  src=\"https:\/\/www.gites-lacledeschamps.fr\/wp-content\/uploads\/2022\/02\/bonnes-adresses.jpg\" width=\"1920\" height=\"580\" title='bonnes-adresses' alt=''  itemprop=\"thumbnailUrl\" srcset=\"https:\/\/www.gites-lacledeschamps.fr\/wp-content\/uploads\/2022\/02\/bonnes-adresses.jpg 1920w, https:\/\/www.gites-lacledeschamps.fr\/wp-content\/uploads\/2022\/02\/bonnes-adresses-300x91.jpg 300w, https:\/\/www.gites-lacledeschamps.fr\/wp-content\/uploads\/2022\/02\/bonnes-adresses-1030x311.jpg 1030w, https:\/\/www.gites-lacledeschamps.fr\/wp-content\/uploads\/2022\/02\/bonnes-adresses-768x232.jpg 768w, https:\/\/www.gites-lacledeschamps.fr\/wp-content\/uploads\/2022\/02\/bonnes-adresses-1536x464.jpg 1536w, https:\/\/www.gites-lacledeschamps.fr\/wp-content\/uploads\/2022\/02\/bonnes-adresses-1500x453.jpg 1500w, https:\/\/www.gites-lacledeschamps.fr\/wp-content\/uploads\/2022\/02\/bonnes-adresses-705x213.jpg 705w\" sizes=\"(max-width: 1920px) 100vw, 1920px\" \/><\/div><\/li><\/ul><\/div><\/div>\n<div id='av_section_1'  class='avia-section main_color avia-section-default avia-no-border-styling  avia-bg-style-scroll  avia-builder-el-1  el_after_av_slideshow_full  el_before_av_section   container_wrap fullsize' style=' '  ><div class='container' ><div class='template-page content  av-content-full alpha units'><div class='post-entry post-entry-type-page post-entry-7265'><div class='entry-content-wrapper clearfix'>\n<section class=\"av_textblock_section \"  itemscope=\"itemscope\" itemtype=\"https:\/\/schema.org\/CreativeWork\" ><div class='avia_textblock  '   itemprop=\"text\" ><h2 style=\"text-align: center;\">RESTAURANTS\/BARS\/GROCERIES<\/h2>\n<\/div><\/section>\n<div class=\"flex_column av_one_fourth  flex_column_div av-zero-column-padding first  avia-builder-el-3  el_after_av_textblock  el_before_av_one_fourth  column-top-margin\" style='border-radius:0px; '><p><section class=\"av_textblock_section \"  itemscope=\"itemscope\" itemtype=\"https:\/\/schema.org\/CreativeWork\" ><div class='avia_textblock  '   itemprop=\"text\" ><p><a href=\"https:\/\/www.gites-lacledeschamps.fr\/wp-content\/uploads\/2022\/11\/garde-manger-scaled.jpg\"><img loading=\"lazy\" decoding=\"async\" class=\"aligncenter size-medium wp-image-2571\" src=\"https:\/\/www.gites-lacledeschamps.fr\/wp-content\/uploads\/2022\/11\/garde-manger-300x225.jpg\" alt=\"Martign\u00e9 Ferchaud organic grocery\" width=\"300\" height=\"225\" srcset=\"https:\/\/www.gites-lacledeschamps.fr\/wp-content\/uploads\/2022\/11\/garde-manger-300x225.jpg 300w, https:\/\/www.gites-lacledeschamps.fr\/wp-content\/uploads\/2022\/11\/garde-manger-1030x773.jpg 1030w, https:\/\/www.gites-lacledeschamps.fr\/wp-content\/uploads\/2022\/11\/garde-manger-768x576.jpg 768w, https:\/\/www.gites-lacledeschamps.fr\/wp-content\/uploads\/2022\/11\/garde-manger-1536x1152.jpg 1536w, https:\/\/www.gites-lacledeschamps.fr\/wp-content\/uploads\/2022\/11\/garde-manger-2048x1536.jpg 2048w, https:\/\/www.gites-lacledeschamps.fr\/wp-content\/uploads\/2022\/11\/garde-manger-1500x1125.jpg 1500w, https:\/\/www.gites-lacledeschamps.fr\/wp-content\/uploads\/2022\/11\/garde-manger-705x529.jpg 705w\" sizes=\"auto, (max-width: 300px) 100vw, 300px\" \/><\/a><\/p>\n<\/div><\/section><br \/>\n<section class=\"av_textblock_section \"  itemscope=\"itemscope\" itemtype=\"https:\/\/schema.org\/CreativeWork\" ><div class='avia_textblock  '   itemprop=\"text\" ><p><strong>Le Garde Manger &#8211; MARTIGNE FERCHAUD<\/strong><br \/>\n27 Rue Paul Prime &#8211; 02 23 08 88 87<br \/>\nOpen Tuesday to Saturday<\/p>\n<p>\u201cGeneral grocery store. Primeur AB. Cheese AB. AB creamery. Butcher&#8217;s, delicatessen, poultry. Delicatessen. Bulk. Local products.\u201d You&#8217;ll find all this and more at C\u00e9line&#8217;s: her smile and availability are second to none. It&#8217;s a very pretty store in the center of Martign\u00e9-Ferchaud.<\/p>\n<\/div><\/section><\/p><\/div><div class=\"flex_column av_one_fourth  flex_column_div av-zero-column-padding   avia-builder-el-6  el_after_av_one_fourth  el_before_av_one_fourth  column-top-margin\" style='border-radius:0px; '><p><div  class='avia-image-container  av-styling-    avia-builder-el-7  el_before_av_textblock  avia-builder-el-first  avia-align-center '  itemprop=\"image\" itemscope=\"itemscope\" itemtype=\"https:\/\/schema.org\/ImageObject\"  ><div class='avia-image-container-inner'><div class='avia-image-overlay-wrap'><img decoding=\"async\" class='wp-image-7176 avia-img-lazy-loading-not-7176 avia_image' src=\"https:\/\/www.gites-lacledeschamps.fr\/wp-content\/uploads\/2022\/11\/angello-300x300.jpg\" alt='angello pizza' title='angello' height=\"300\" width=\"300\"  itemprop=\"thumbnailUrl\" srcset=\"https:\/\/www.gites-lacledeschamps.fr\/wp-content\/uploads\/2022\/11\/angello-300x300.jpg 300w, https:\/\/www.gites-lacledeschamps.fr\/wp-content\/uploads\/2022\/11\/angello-1030x1030.jpg 1030w, https:\/\/www.gites-lacledeschamps.fr\/wp-content\/uploads\/2022\/11\/angello-80x80.jpg 80w, https:\/\/www.gites-lacledeschamps.fr\/wp-content\/uploads\/2022\/11\/angello-768x768.jpg 768w, https:\/\/www.gites-lacledeschamps.fr\/wp-content\/uploads\/2022\/11\/angello-1536x1536.jpg 1536w, https:\/\/www.gites-lacledeschamps.fr\/wp-content\/uploads\/2022\/11\/angello.jpg 2048w, https:\/\/www.gites-lacledeschamps.fr\/wp-content\/uploads\/2022\/11\/angello-36x36.jpg 36w, https:\/\/www.gites-lacledeschamps.fr\/wp-content\/uploads\/2022\/11\/angello-180x180.jpg 180w, https:\/\/www.gites-lacledeschamps.fr\/wp-content\/uploads\/2022\/11\/angello-1500x1500.jpg 1500w, https:\/\/www.gites-lacledeschamps.fr\/wp-content\/uploads\/2022\/11\/angello-705x705.jpg 705w\" sizes=\"(max-width: 300px) 100vw, 300px\" \/><\/div><\/div><\/div><br \/>\n<section class=\"av_textblock_section \"  itemscope=\"itemscope\" itemtype=\"https:\/\/schema.org\/CreativeWork\" ><div class='avia_textblock  '   itemprop=\"text\" ><p><strong>Angello Pizza &#8211; RENNES<\/strong><br \/>\n4 Pl. de Bretagne &#8211; 06 74 74 89<\/p>\n<p><a href=\"https:\/\/www.angello-pizza-rennes.fr\/\" target=\"_blank\" rel=\"noopener\">Website<\/a><\/p>\n<p>Why go for pizza in Rennes, you ask? Quite simply because at Angello&#8217;s you&#8217;ll taste the best pizzas in the Greater West, the very Greater West, even in France, and maybe even in the World! It&#8217;s easy to explain: Yann, the chef, is just crazy about pizza. Go and see them at work: they cook in front of you&#8230; and what&#8217;s more!<\/p>\n<\/div><\/section><\/p><\/div><div class=\"flex_column av_one_fourth  flex_column_div av-zero-column-padding   avia-builder-el-9  el_after_av_one_fourth  el_before_av_one_fourth  column-top-margin\" style='border-radius:0px; '><p><div  class='avia-image-container  av-styling-    avia-builder-el-10  el_before_av_textblock  avia-builder-el-first  avia-align-center '  itemprop=\"image\" itemscope=\"itemscope\" itemtype=\"https:\/\/schema.org\/ImageObject\"  ><div class='avia-image-container-inner'><div class='avia-image-overlay-wrap'><img decoding=\"async\" class='wp-image-7173 avia-img-lazy-loading-not-7173 avia_image' src=\"https:\/\/www.gites-lacledeschamps.fr\/wp-content\/uploads\/2022\/11\/repere-300x225.jpg\" alt='' title='repere' height=\"225\" width=\"300\"  itemprop=\"thumbnailUrl\" srcset=\"https:\/\/www.gites-lacledeschamps.fr\/wp-content\/uploads\/2022\/11\/repere-300x225.jpg 300w, https:\/\/www.gites-lacledeschamps.fr\/wp-content\/uploads\/2022\/11\/repere-1030x773.jpg 1030w, https:\/\/www.gites-lacledeschamps.fr\/wp-content\/uploads\/2022\/11\/repere-768x576.jpg 768w, https:\/\/www.gites-lacledeschamps.fr\/wp-content\/uploads\/2022\/11\/repere-1536x1152.jpg 1536w, https:\/\/www.gites-lacledeschamps.fr\/wp-content\/uploads\/2022\/11\/repere-1500x1125.jpg 1500w, https:\/\/www.gites-lacledeschamps.fr\/wp-content\/uploads\/2022\/11\/repere-705x529.jpg 705w, https:\/\/www.gites-lacledeschamps.fr\/wp-content\/uploads\/2022\/11\/repere.jpg 2048w\" sizes=\"(max-width: 300px) 100vw, 300px\" \/><\/div><\/div><\/div><br \/>\n<section class=\"av_textblock_section \"  itemscope=\"itemscope\" itemtype=\"https:\/\/schema.org\/CreativeWork\" ><div class='avia_textblock  '   itemprop=\"text\" ><p><strong>Le Re-p\u00e8re &#8211; PIRE SUR SEICHE<\/strong><br \/>\nAddress: Domaine du Ch\u00e2teau des P\u00e8res, 35135 Pir\u00e9-Chanc\u00e9<br \/>\nTelephone: 02 23 08 40 80<\/p>\n<p><a href=\"https:\/\/www.chateaudesperes.fr\/restaurant-traditionnel-proche-rennes\" target=\"_blank\" rel=\"noopener\">Website<\/a><\/p>\n<p>Le Re-P\u00e8re is definitely CON-VI-VIA-LI-TE! Conviviality means availability. This half-bistro, half-rotisserie restaurant is open Monday to Sunday: 7 DAYS A WEEK! What a sense of hospitality! But be warned: reservations are often required at weekends! That&#8217;s the price of success!<\/p>\n<\/div><\/section><\/p><\/div><div class=\"flex_column av_one_fourth  flex_column_div av-zero-column-padding   avia-builder-el-12  el_after_av_one_fourth  el_before_av_one_fourth  column-top-margin\" style='border-radius:0px; '><p><div  class='avia-image-container  av-styling-    avia-builder-el-13  el_before_av_textblock  avia-builder-el-first  avia-align-center '  itemprop=\"image\" itemscope=\"itemscope\" itemtype=\"https:\/\/schema.org\/ImageObject\"  ><div class='avia-image-container-inner'><div class='avia-image-overlay-wrap'><img decoding=\"async\" class='wp-image-7188 avia-img-lazy-loading-not-7188 avia_image' src=\"https:\/\/www.gites-lacledeschamps.fr\/wp-content\/uploads\/2023\/01\/penates-1-e1673980661114-300x200.jpg\" alt='penates rennes bistrot a vins' title='penates rennes bistrot a vins' height=\"200\" width=\"300\"  itemprop=\"thumbnailUrl\" srcset=\"https:\/\/www.gites-lacledeschamps.fr\/wp-content\/uploads\/2023\/01\/penates-1-e1673980661114-300x200.jpg 300w, https:\/\/www.gites-lacledeschamps.fr\/wp-content\/uploads\/2023\/01\/penates-1-e1673980661114-1030x687.jpg 1030w, https:\/\/www.gites-lacledeschamps.fr\/wp-content\/uploads\/2023\/01\/penates-1-e1673980661114-768x512.jpg 768w, https:\/\/www.gites-lacledeschamps.fr\/wp-content\/uploads\/2023\/01\/penates-1-e1673980661114-705x470.jpg 705w, https:\/\/www.gites-lacledeschamps.fr\/wp-content\/uploads\/2023\/01\/penates-1-e1673980661114.jpg 1305w\" sizes=\"(max-width: 300px) 100vw, 300px\" \/><\/div><\/div><\/div><br \/>\n<section class=\"av_textblock_section \"  itemscope=\"itemscope\" itemtype=\"https:\/\/schema.org\/CreativeWork\" ><div class='avia_textblock  '   itemprop=\"text\" ><p><strong>PENATES &#8211; Bistrot \u00e0 Vins &#8211; RENNES<\/strong><br \/>\n17 rue Paul Bert<br \/>\nTelephone: 02 99 36 97 55<\/p>\n<p><a href=\"https:\/\/www.facebook.com\/profile.php?id=100063635318155&amp;sk=photos\" target=\"_blank\" rel=\"noopener\">Website<\/a><\/p>\n<p>Big crush! Really&#8230; We Love &#8211; We Adore. We love the fresh, seasonal dishes, arranged in original ways. We go &#8220;wow&#8221; when we taste the organic and often natural wines suggested to us. We appreciate the Maison&#8217;s smile and joie de vivre. We&#8217;re blown away by the owners&#8217; philosophy. Beautiful, beautiful, beautiful youth! What&#8217;s more, the atmosphere is great.<\/p>\n<\/div><\/section><\/p><\/div><div class=\"flex_column av_one_fourth  flex_column_div av-zero-column-padding first  avia-builder-el-15  el_after_av_one_fourth  el_before_av_one_fourth  column-top-margin\" style='border-radius:0px; '><p><div  class='avia-image-container  av-styling-    avia-builder-el-16  el_before_av_textblock  avia-builder-el-first  avia-align-center '  itemprop=\"image\" itemscope=\"itemscope\" itemtype=\"https:\/\/schema.org\/ImageObject\"  ><div class='avia-image-container-inner'><div class='avia-image-overlay-wrap'><img decoding=\"async\" class='wp-image-7167 avia-img-lazy-loading-not-7167 avia_image' src=\"https:\/\/www.gites-lacledeschamps.fr\/wp-content\/uploads\/2022\/11\/N6-300x232.jpg\" alt='n6 retiers bistrot gite la cle des champs' title='N6' height=\"232\" width=\"300\"  itemprop=\"thumbnailUrl\" srcset=\"https:\/\/www.gites-lacledeschamps.fr\/wp-content\/uploads\/2022\/11\/N6-300x232.jpg 300w, https:\/\/www.gites-lacledeschamps.fr\/wp-content\/uploads\/2022\/11\/N6-768x594.jpg 768w, https:\/\/www.gites-lacledeschamps.fr\/wp-content\/uploads\/2022\/11\/N6-705x545.jpg 705w, https:\/\/www.gites-lacledeschamps.fr\/wp-content\/uploads\/2022\/11\/N6.jpg 1000w\" sizes=\"(max-width: 300px) 100vw, 300px\" \/><\/div><\/div><\/div><br \/>\n<section class=\"av_textblock_section \"  itemscope=\"itemscope\" itemtype=\"https:\/\/schema.org\/CreativeWork\" ><div class='avia_textblock  '   itemprop=\"text\" ><p><strong>Le N6 &#8211; RETIERS<\/strong><br \/>\nAddress: 6 ZA la Janaie, 35240 Retiers<br \/>\nTelephone: 02 56 15 99 40<\/p>\n<p><a href=\"https:\/\/www.facebook.com\/N6Retiers\/\" target=\"_blank\" rel=\"noopener\">Website<\/a><\/p>\n<p>CHILL atmosphere! If you&#8217;re looking for a drink in a cosy, elegant atmosphere, N6 (Num\u00e9ro 6) is the place to go. Depending on the ambience you&#8217;re looking for, you can lean against a table, sit at a table or sit in a lounge area: how&#8217;s that for fun?  <\/p>\n<p>In keeping with the V&amp;B spirit, a cellar adjoins the room, so you can take away drinks you&#8217;ve enjoyed at the bar. Jean-Philippe regularly organizes events: check the website for the latest news.<\/p>\n<\/div><\/section><\/p><\/div><div class=\"flex_column av_one_fourth  flex_column_div av-zero-column-padding   avia-builder-el-18  el_after_av_one_fourth  el_before_av_one_fourth  column-top-margin\" style='border-radius:0px; '><p><div  class='avia-image-container  av-styling-    avia-builder-el-19  el_before_av_textblock  avia-builder-el-first  avia-align-center '  itemprop=\"image\" itemscope=\"itemscope\" itemtype=\"https:\/\/schema.org\/ImageObject\"  ><div class='avia-image-container-inner'><div class='avia-image-overlay-wrap'><img decoding=\"async\" class='wp-image-7170 avia-img-lazy-loading-not-7170 avia_image' src=\"https:\/\/www.gites-lacledeschamps.fr\/wp-content\/uploads\/2022\/11\/pourquoi-pas-300x225.jpg\" alt='' title='pourquoi pas' height=\"225\" width=\"300\"  itemprop=\"thumbnailUrl\" srcset=\"https:\/\/www.gites-lacledeschamps.fr\/wp-content\/uploads\/2022\/11\/pourquoi-pas-300x225.jpg 300w, https:\/\/www.gites-lacledeschamps.fr\/wp-content\/uploads\/2022\/11\/pourquoi-pas-1030x773.jpg 1030w, https:\/\/www.gites-lacledeschamps.fr\/wp-content\/uploads\/2022\/11\/pourquoi-pas-768x576.jpg 768w, https:\/\/www.gites-lacledeschamps.fr\/wp-content\/uploads\/2022\/11\/pourquoi-pas-705x529.jpg 705w, https:\/\/www.gites-lacledeschamps.fr\/wp-content\/uploads\/2022\/11\/pourquoi-pas.jpg 1440w\" sizes=\"(max-width: 300px) 100vw, 300px\" \/><\/div><\/div><\/div><br \/>\n<section class=\"av_textblock_section \"  itemscope=\"itemscope\" itemtype=\"https:\/\/schema.org\/CreativeWork\" ><div class='avia_textblock  '   itemprop=\"text\" ><p><strong>Le pourquoi pas &#8211; MARTIGNE FERCHAUD<\/strong><br \/>\n8 Rue Emile Bridel &#8211; 02 99 47 93 06<\/p>\n<p><a href=\"https:\/\/www.facebook.com\/profile.php?id=100063534914601\">Website<\/a><\/p>\n<p>A \u201creally nice\u201d address just 3 minutes from the g\u00eete. Christophe, the chef, works with fresh seasonal produce. Christelle, at service, welcomes you with good humor and enthusiasm. The atmosphere and decor are really nice. The cellar is well-stocked with organic wines: great!<\/p>\n<\/div><\/section><\/p><\/div><div class=\"flex_column av_one_fourth  flex_column_div av-zero-column-padding   avia-builder-el-21  el_after_av_one_fourth  el_before_av_one_fourth  column-top-margin\" style='border-radius:0px; '><p><div  class='avia-image-container  av-styling-    avia-builder-el-22  el_before_av_textblock  avia-builder-el-first  avia-align-center '  itemprop=\"image\" itemscope=\"itemscope\" itemtype=\"https:\/\/schema.org\/ImageObject\"  ><div class='avia-image-container-inner'><div class='avia-image-overlay-wrap'><img decoding=\"async\" class='wp-image-7182 avia-img-lazy-loading-not-7182 avia_image' src=\"https:\/\/www.gites-lacledeschamps.fr\/wp-content\/uploads\/2022\/11\/lajavableue-300x225.jpg\" alt='' title='lajavableue' height=\"225\" width=\"300\"  itemprop=\"thumbnailUrl\" srcset=\"https:\/\/www.gites-lacledeschamps.fr\/wp-content\/uploads\/2022\/11\/lajavableue-300x225.jpg 300w, https:\/\/www.gites-lacledeschamps.fr\/wp-content\/uploads\/2022\/11\/lajavableue-768x576.jpg 768w, https:\/\/www.gites-lacledeschamps.fr\/wp-content\/uploads\/2022\/11\/lajavableue-705x529.jpg 705w, https:\/\/www.gites-lacledeschamps.fr\/wp-content\/uploads\/2022\/11\/lajavableue.jpg 960w\" sizes=\"(max-width: 300px) 100vw, 300px\" \/><\/div><\/div><\/div><br \/>\n<section class=\"av_textblock_section \"  itemscope=\"itemscope\" itemtype=\"https:\/\/schema.org\/CreativeWork\" ><div class='avia_textblock  '   itemprop=\"text\" ><p><strong>La Java Bleue &#8211; AMANLIS<\/strong><br \/>\nAddress: 15 Laval, 35150 Amanlis<br \/>\nTelephone: 02 99 44 55 54<\/p>\n<p><a href=\"https:\/\/www.facebook.com\/LaJavaBleueRestaurant\/\" target=\"_blank\" rel=\"noopener\">Website<\/a><\/p>\n<p>How can I describe this place? If I tell you they&#8217;re \u201cZinzins\u201d, doesn&#8217;t that make you want to go there? Well, it does: you have to go (if you manage to book a table)! More than \u201cZinzins\u201d, they are CARREMENT \u201cZinzins\u201d. Pascal in the kitchen covers 80s hits on the microphone, Billy in the dining room is all about cash. It&#8217;s joyful, original and exotic! In summer, the terrace, tastefully planted in \u201corganized brothel\u201d mode, plunges you into a super-stylish guinguette atmosphere. In winter, you&#8217;re in the dining room and don&#8217;t know where to look: it&#8217;s cosy and warm. Red meat lovers: treat yourself to a rib-eye steak. Java Bleue is all about big fun!<\/p>\n<\/div><\/section><\/p><\/div><div class=\"flex_column av_one_fourth  flex_column_div av-zero-column-padding   avia-builder-el-24  el_after_av_one_fourth  avia-builder-el-last  column-top-margin\" style='border-radius:0px; '><p><div  class='avia-image-container  av-styling-    avia-builder-el-25  el_before_av_textblock  avia-builder-el-first  avia-align-center '  itemprop=\"image\" itemscope=\"itemscope\" itemtype=\"https:\/\/schema.org\/ImageObject\"  ><div class='avia-image-container-inner'><div class='avia-image-overlay-wrap'><img decoding=\"async\" class='wp-image-7146 avia-img-lazy-loading-not-7146 avia_image' src=\"https:\/\/www.gites-lacledeschamps.fr\/wp-content\/uploads\/2022\/11\/cave2-300x178.jpg\" alt='' title='cave2' height=\"178\" width=\"300\"  itemprop=\"thumbnailUrl\" srcset=\"https:\/\/www.gites-lacledeschamps.fr\/wp-content\/uploads\/2022\/11\/cave2-300x178.jpg 300w, https:\/\/www.gites-lacledeschamps.fr\/wp-content\/uploads\/2022\/11\/cave2-768x455.jpg 768w, https:\/\/www.gites-lacledeschamps.fr\/wp-content\/uploads\/2022\/11\/cave2-705x418.jpg 705w, https:\/\/www.gites-lacledeschamps.fr\/wp-content\/uploads\/2022\/11\/cave2.jpg 960w\" sizes=\"(max-width: 300px) 100vw, 300px\" \/><\/div><\/div><\/div><br \/>\n<section class=\"av_textblock_section \"  itemscope=\"itemscope\" itemtype=\"https:\/\/schema.org\/CreativeWork\" ><div class='avia_textblock  '   itemprop=\"text\" ><p><strong>Cave de la Roche aux F\u00e9es &#8211; RETIERS<\/strong><br \/>\n13 Pl. Saint-Pierre &#8211; 02 99 43 66 75 <\/p>\n<p><a href=\"https:\/\/cavedelarocheauxfees.com\/\" target=\"_blank\" rel=\"noopener\">Website<\/a><\/p>\n<p>Wines, spirits, delicatessen, local produce, delicious Dammann teas: Vincent and Marina always welcome you &#8230; with a smile!<\/p>\n<p>A typical weekend at La Cl\u00e9 des Champs: you go to the Retiers market on Saturday morning in the church square, and stop off at the cellar on the same square to find the right wines to complement your dishes.<\/p>\n<\/div><\/section><\/p><\/div><\/div><\/div><\/div><!-- close content main div --><\/div><\/div><div id='av_section_2'  class='avia-section main_color avia-section-default avia-no-border-styling  avia-bg-style-scroll  avia-builder-el-27  el_after_av_section  el_before_av_section   container_wrap fullsize' style='background-color: #f2f2f2;  '  ><div class='container' ><div class='template-page content  av-content-full alpha units'><div class='post-entry post-entry-type-page post-entry-7265'><div class='entry-content-wrapper clearfix'>\n<section class=\"av_textblock_section \"  itemscope=\"itemscope\" itemtype=\"https:\/\/schema.org\/CreativeWork\" ><div class='avia_textblock  '   itemprop=\"text\" ><h2 style=\"text-align: center;\">STORES AND ANTIQUE STORES<\/h2>\n<\/div><\/section>\n<div class=\"flex_column av_one_fourth  flex_column_div av-zero-column-padding first  avia-builder-el-29  el_after_av_textblock  el_before_av_one_fourth  column-top-margin\" style='border-radius:0px; '><p><div  class='avia-image-container  av-styling-    avia-builder-el-30  el_before_av_textblock  avia-builder-el-first  avia-align-center '  itemprop=\"image\" itemscope=\"itemscope\" itemtype=\"https:\/\/schema.org\/ImageObject\"  ><div class='avia-image-container-inner'><div class='avia-image-overlay-wrap'><img decoding=\"async\" class='wp-image-7179 avia-img-lazy-loading-not-7179 avia_image' src=\"https:\/\/www.gites-lacledeschamps.fr\/wp-content\/uploads\/2022\/11\/aude-1-1-300x207.jpg\" alt='aertfil gites la cle des champs' title='aude 1' height=\"207\" width=\"300\"  itemprop=\"thumbnailUrl\" srcset=\"https:\/\/www.gites-lacledeschamps.fr\/wp-content\/uploads\/2022\/11\/aude-1-1-300x207.jpg 300w, https:\/\/www.gites-lacledeschamps.fr\/wp-content\/uploads\/2022\/11\/aude-1-1-768x531.jpg 768w, https:\/\/www.gites-lacledeschamps.fr\/wp-content\/uploads\/2022\/11\/aude-1-1-705x487.jpg 705w, https:\/\/www.gites-lacledeschamps.fr\/wp-content\/uploads\/2022\/11\/aude-1-1.jpg 990w\" sizes=\"(max-width: 300px) 100vw, 300px\" \/><\/div><\/div><\/div><br \/>\n<section class=\"av_textblock_section \"  itemscope=\"itemscope\" itemtype=\"https:\/\/schema.org\/CreativeWork\" ><div class='avia_textblock  '   itemprop=\"text\" ><p><strong>AertFil &#8211; MARTIGNE-FERCHAUD<\/strong><br \/>\nL&#8217;Hommelet &#8211; 02 99 47 84 42<\/p>\n<p><a href=\"https:\/\/www.aertfil.fr\/\" target=\"_blank\" rel=\"noopener\">Website<\/a><\/p>\n<p>A must-see! Firstly, because Aude&#8217;s workshop is less than 2 km from your g\u00eete, and you can get there by car (2 minutes) or on foot via the <a href=\"http:\/\/www.ville-martigneferchaud.fr\/FCKeditor\/UserFiles\/Chemins-de-randonnees\/Fiche-MF-07-Vallee-de-la-Noe-Jollys.pdf\">No\u00eb-Jollys<\/a> hiking trail, which passes right by. <\/p>\n<p>Two, because it&#8217;s the place where the most beautiful and robust wire baskets are made, and 100% \u201chandmade\u201d; a know-how that Aude has been perpetuating for 3 generations. Step into the workshop, watch and appreciate the passion and precision of Aude&#8217;s work. She meticulously goes through the various stages of basket-making. A real favorite!<\/p>\n<\/div><\/section><\/p><\/div><div class=\"flex_column av_one_fourth  flex_column_div av-zero-column-padding   avia-builder-el-32  el_after_av_one_fourth  el_before_av_one_fourth  column-top-margin\" style='border-radius:0px; '><p><div  class='avia-image-container  av-styling-    avia-builder-el-33  el_before_av_textblock  avia-builder-el-first  avia-align-center '  itemprop=\"image\" itemscope=\"itemscope\" itemtype=\"https:\/\/schema.org\/ImageObject\"  ><div class='avia-image-container-inner'><div class='avia-image-overlay-wrap'><img decoding=\"async\" class='wp-image-7152 avia-img-lazy-loading-not-7152 avia_image' src=\"https:\/\/www.gites-lacledeschamps.fr\/wp-content\/uploads\/2022\/11\/scabelli-e1669723783514-300x176.jpg\" alt='scabelli janze' title='scabelli' height=\"176\" width=\"300\"  itemprop=\"thumbnailUrl\" srcset=\"https:\/\/www.gites-lacledeschamps.fr\/wp-content\/uploads\/2022\/11\/scabelli-e1669723783514-300x176.jpg 300w, https:\/\/www.gites-lacledeschamps.fr\/wp-content\/uploads\/2022\/11\/scabelli-e1669723783514.jpg 536w\" sizes=\"(max-width: 300px) 100vw, 300px\" \/><\/div><\/div><\/div><br \/>\n<section class=\"av_textblock_section \"  itemscope=\"itemscope\" itemtype=\"https:\/\/schema.org\/CreativeWork\" ><div class='avia_textblock  '   itemprop=\"text\" ><p><strong>Scabelli &#8211; JANZE<\/strong><br \/>\n2 Pl. de L H\u00f4tel de ville &#8211; 02 99 47 07 25<\/p>\n<p><a href=\"https:\/\/www.boutiquescabelli.com\/\" target=\"_blank\" rel=\"noopener\">Website<\/a><\/p>\n<p>Don&#8217;t hesitate to visit this boutique in downtown Janz\u00e9. Claire selects for you decorative objects that are useful (or not), fragrant or quirky, but always inspired. You&#8217;ll also find gifts for babies and children. In short&#8230; sweetness and good taste, just like Claire.<\/p>\n<\/div><\/section><\/p><\/div><div class=\"flex_column av_one_fourth  flex_column_div av-zero-column-padding   avia-builder-el-35  el_after_av_one_fourth  el_before_av_one_fourth  column-top-margin\" style='border-radius:0px; '><p><div  class='avia-image-container  av-styling-    avia-builder-el-36  el_before_av_textblock  avia-builder-el-first  avia-align-center '  itemprop=\"image\" itemscope=\"itemscope\" itemtype=\"https:\/\/schema.org\/ImageObject\"  ><div class='avia-image-container-inner'><div class='avia-image-overlay-wrap'><img decoding=\"async\" class='wp-image-7143 avia-img-lazy-loading-not-7143 avia_image' src=\"https:\/\/www.gites-lacledeschamps.fr\/wp-content\/uploads\/2022\/11\/atelier-baroque-300x260.jpg\" alt='atelier baroque' title='atelier baroque' height=\"260\" width=\"300\"  itemprop=\"thumbnailUrl\" srcset=\"https:\/\/www.gites-lacledeschamps.fr\/wp-content\/uploads\/2022\/11\/atelier-baroque-300x260.jpg 300w, https:\/\/www.gites-lacledeschamps.fr\/wp-content\/uploads\/2022\/11\/atelier-baroque-768x666.jpg 768w, https:\/\/www.gites-lacledeschamps.fr\/wp-content\/uploads\/2022\/11\/atelier-baroque-705x612.jpg 705w, https:\/\/www.gites-lacledeschamps.fr\/wp-content\/uploads\/2022\/11\/atelier-baroque.jpg 960w\" sizes=\"(max-width: 300px) 100vw, 300px\" \/><\/div><\/div><\/div><br \/>\n<section class=\"av_textblock_section \"  itemscope=\"itemscope\" itemtype=\"https:\/\/schema.org\/CreativeWork\" ><div class='avia_textblock  '   itemprop=\"text\" ><p><strong>L&#8217;atelier Baroque &#8211; CHATEAUGIRON<\/strong><br \/>\n2 Rue Saulnerie &#8211; 02 99 04 71 98<\/p>\n<p><a href=\"https:\/\/www.facebook.com\/latelierbaroqueconception\/\" target=\"_blank\" rel=\"noopener\">Website<\/a><\/p>\n<p>Chateaugiron is a charming town classified, please, as a \u201cCit\u00e9 de caract\u00e8re\u201d. But do you know what&#8217;s in Chateaugiron? L&#8217;atelier Baroque! A charming decorating boutique. And do you know who&#8217;s in the Atelier Baroque? Patrick! The owner&#8230; charming and \u201csuper delirious\u201d! You&#8217;ll find plenty of decor in a variety of complementary styles: industrial, bucolic, cosy: treat yourself!<\/p>\n<\/div><\/section><\/p><\/div><div class=\"flex_column av_one_fourth  flex_column_div av-zero-column-padding   avia-builder-el-38  el_after_av_one_fourth  el_before_av_one_fourth  column-top-margin\" style='border-radius:0px; '><p><div  class='avia-image-container  av-styling-    avia-builder-el-39  el_before_av_textblock  avia-builder-el-first  avia-align-center '  itemprop=\"image\" itemscope=\"itemscope\" itemtype=\"https:\/\/schema.org\/ImageObject\"  ><div class='avia-image-container-inner'><div class='avia-image-overlay-wrap'><img decoding=\"async\" class='wp-image-7149 avia-img-lazy-loading-not-7149 avia_image' src=\"https:\/\/www.gites-lacledeschamps.fr\/wp-content\/uploads\/2022\/11\/LISSOY-1-300x200.jpg\" alt='lissoy' title='LISSOY' height=\"200\" width=\"300\"  itemprop=\"thumbnailUrl\" srcset=\"https:\/\/www.gites-lacledeschamps.fr\/wp-content\/uploads\/2022\/11\/LISSOY-1-300x200.jpg 300w, https:\/\/www.gites-lacledeschamps.fr\/wp-content\/uploads\/2022\/11\/LISSOY-1-768x512.jpg 768w, https:\/\/www.gites-lacledeschamps.fr\/wp-content\/uploads\/2022\/11\/LISSOY-1-705x470.jpg 705w, https:\/\/www.gites-lacledeschamps.fr\/wp-content\/uploads\/2022\/11\/LISSOY-1.jpg 960w\" sizes=\"(max-width: 300px) 100vw, 300px\" \/><\/div><\/div><\/div><br \/>\n<section class=\"av_textblock_section \"  itemscope=\"itemscope\" itemtype=\"https:\/\/schema.org\/CreativeWork\" ><div class='avia_textblock  '   itemprop=\"text\" ><p><strong>Lissoy &#8211; VITRE<\/strong><br \/>\n4 Ter Av. d&#8217;Helmstedt &#8211; 09 50 42 72 38<\/p>\n<p><a href=\"https:\/\/lissoy.fr\/index.php\" target=\"_blank\" rel=\"noopener\">Website<\/a><\/p>\n<p>Most of the linen you&#8217;ll find in your bedding comes from Lissoy. If you like it, please go to the source.<\/p>\n<\/div><\/section><\/p><\/div><div class=\"flex_column av_one_fourth  flex_column_div av-zero-column-padding first  avia-builder-el-41  el_after_av_one_fourth  avia-builder-el-last  column-top-margin\" style='border-radius:0px; '><p><div  class='avia-image-container  av-styling-    avia-builder-el-42  el_before_av_textblock  avia-builder-el-first  avia-align-center '  itemprop=\"image\" itemscope=\"itemscope\" itemtype=\"https:\/\/schema.org\/ImageObject\"  ><div class='avia-image-container-inner'><div class='avia-image-overlay-wrap'><img decoding=\"async\" class='wp-image-7155 avia-img-lazy-loading-not-7155 avia_image' src=\"https:\/\/www.gites-lacledeschamps.fr\/wp-content\/uploads\/2022\/11\/comptoir-300x225.jpg\" alt='comptoir du chineur' title='comptoir' height=\"225\" width=\"300\"  itemprop=\"thumbnailUrl\" srcset=\"https:\/\/www.gites-lacledeschamps.fr\/wp-content\/uploads\/2022\/11\/comptoir-300x225.jpg 300w, https:\/\/www.gites-lacledeschamps.fr\/wp-content\/uploads\/2022\/11\/comptoir-1030x773.jpg 1030w, https:\/\/www.gites-lacledeschamps.fr\/wp-content\/uploads\/2022\/11\/comptoir-768x576.jpg 768w, https:\/\/www.gites-lacledeschamps.fr\/wp-content\/uploads\/2022\/11\/comptoir-705x529.jpg 705w, https:\/\/www.gites-lacledeschamps.fr\/wp-content\/uploads\/2022\/11\/comptoir.jpg 1360w\" sizes=\"(max-width: 300px) 100vw, 300px\" \/><\/div><\/div><\/div><br \/>\n<section class=\"av_textblock_section \"  itemscope=\"itemscope\" itemtype=\"https:\/\/schema.org\/CreativeWork\" ><div class='avia_textblock  '   itemprop=\"text\" ><p><strong>Le Comptoir du Chineur &#8211; RENNES<\/strong><br \/>\n22 Avenue du 41\u00e8me R\u00e9giment d&#8217;Infanterie<br \/>\nPhone: 06 88 34 37 28<\/p>\n<p><a href=\"https:\/\/lissoy.fr\/index.php\" target=\"_blank\" rel=\"noopener\">Website<\/a><\/p>\n<p>Just off the M\u00e9tro Anatole France station, cross the street and you&#8217;ll find a whole world opening up to you. I&#8217;d even say DES universes: on the street side, the boutique where you&#8217;ll find antique jewelry, designer clothes in fabrics as beautiful to look at as they are to touch, beautiful crockery, knick-knacks&#8230; On the courtyard side, you&#8217;ll find a warehouse: furniture, armchairs, chairs and more, all in a vintage spirit.<\/p>\n<\/div><\/section><\/p><\/div>\n<\/p>\n<\/div><\/div><\/div><!-- close content main div --><\/div><\/div><div id='av_section_3'  class='avia-section main_color avia-section-default avia-no-border-styling  avia-bg-style-scroll  avia-builder-el-44  el_after_av_section  avia-builder-el-last   container_wrap fullsize' style='background-repeat: repeat-x; background-image: url(https:\/\/www.gites-lacledeschamps.fr\/wp-content\/uploads\/2021\/07\/fond-insta.jpg);background-attachment: scroll; background-position: bottom center;  '  data-section-bg-repeat='repeat-x'><div class='container' ><div class='template-page content  av-content-full alpha units'><div class='post-entry post-entry-type-page post-entry-7265'><div class='entry-content-wrapper clearfix'>\n<div  style='padding-bottom:10px; color:#6d876b;' class='av-special-heading av-special-heading-h2 custom-color-heading blockquote modern-quote modern-centered  avia-builder-el-45  avia-builder-el-no-sibling  '><h2 class='av-special-heading-tag '  itemprop=\"headline\"  >FOLLOW US ON INSTAGRAM @LACLEDESCHAMPS_BZH<\/h2><div class='special-heading-border'><div class='special-heading-inner-border' style='border-color:#6d876b'><\/div><\/div><\/div>\n<p><br \/>\n\n","protected":false},"excerpt":{"rendered":"","protected":false},"author":1,"featured_media":0,"parent":0,"menu_order":0,"comment_status":"closed","ping_status":"closed","template":"","meta":{"footnotes":""},"class_list":["post-7265","page","type-page","status-publish","hentry"],"aioseo_notices":[],"_links":{"self":[{"href":"https:\/\/www.gites-lacledeschamps.fr\/en\/wp-json\/wp\/v2\/pages\/7265","targetHints":{"allow":["GET"]}}],"collection":[{"href":"https:\/\/www.gites-lacledeschamps.fr\/en\/wp-json\/wp\/v2\/pages"}],"about":[{"href":"https:\/\/www.gites-lacledeschamps.fr\/en\/wp-json\/wp\/v2\/types\/page"}],"author":[{"embeddable":true,"href":"https:\/\/www.gites-lacledeschamps.fr\/en\/wp-json\/wp\/v2\/users\/1"}],"replies":[{"embeddable":true,"href":"https:\/\/www.gites-lacledeschamps.fr\/en\/wp-json\/wp\/v2\/comments?post=7265"}],"version-history":[{"count":2,"href":"https:\/\/www.gites-lacledeschamps.fr\/en\/wp-json\/wp\/v2\/pages\/7265\/revisions"}],"predecessor-version":[{"id":7267,"href":"https:\/\/www.gites-lacledeschamps.fr\/en\/wp-json\/wp\/v2\/pages\/7265\/revisions\/7267"}],"wp:attachment":[{"href":"https:\/\/www.gites-lacledeschamps.fr\/en\/wp-json\/wp\/v2\/media?parent=7265"}],"curies":[{"name":"wp","href":"https:\/\/api.w.org\/{rel}","templated":true}]}}