{"id":7366,"date":"2021-10-25T13:47:57","date_gmt":"2021-10-25T12:47:57","guid":{"rendered":"https:\/\/www.gites-lacledeschamps.fr\/wir-lieben-wir-lieben\/"},"modified":"2025-06-11T11:17:29","modified_gmt":"2025-06-11T10:17:29","slug":"unsere-favoriten","status":"publish","type":"page","link":"https:\/\/www.gites-lacledeschamps.fr\/de\/unsere-favoriten\/","title":{"rendered":"Unsere Favoriten"},"content":{"rendered":"<div id='full_slider_1'  class='avia-fullwidth-slider main_color avia-shadow   avia-builder-el-0  el_before_av_section  avia-builder-el-first   container_wrap fullsize' style=' '  ><div   data-size='no scaling'  data-lightbox_size='large'  data-animation='slide'  data-conditional_play=''  data-ids='2470'  data-video_counter='0'  data-autoplay='false'  data-bg_slider='false'  data-slide_height=''  data-handle='av_slideshow_full'  data-interval='5'  data-class=' '  data-el_id=''  data-css_id=''  data-scroll_down=''  data-control_layout='av-control-default'  data-custom_markup=''  data-perma_caption=''  data-autoplay_stopper=''  data-image_attachment=''  data-min_height='0px'  data-lazy_loading='disabled'  data-src=''  data-position='top left'  data-repeat='no-repeat'  data-attach='scroll'  data-stretch=''  class='avia-slideshow avia-slideshow-1  av-control-default av-default-height-applied avia-slideshow-no scaling av_slideshow_full   avia-slide-slider '  itemprop=\"image\" itemscope=\"itemscope\" itemtype=\"https:\/\/schema.org\/ImageObject\" ><ul class='avia-slideshow-inner ' style='padding-bottom: 30.208333333333%;' ><li  class=' av-single-slide slide-1 ' ><div data-rel='slideshow-1' class='avia-slide-wrap '   ><img decoding=\"async\" class=\"wp-image-7117 avia-img-lazy-loading-not-7117\"  src=\"https:\/\/www.gites-lacledeschamps.fr\/wp-content\/uploads\/2022\/02\/bonnes-adresses.jpg\" width=\"1920\" height=\"580\" title='bonnes-adresses' alt=''  itemprop=\"thumbnailUrl\" srcset=\"https:\/\/www.gites-lacledeschamps.fr\/wp-content\/uploads\/2022\/02\/bonnes-adresses.jpg 1920w, https:\/\/www.gites-lacledeschamps.fr\/wp-content\/uploads\/2022\/02\/bonnes-adresses-300x91.jpg 300w, https:\/\/www.gites-lacledeschamps.fr\/wp-content\/uploads\/2022\/02\/bonnes-adresses-1030x311.jpg 1030w, https:\/\/www.gites-lacledeschamps.fr\/wp-content\/uploads\/2022\/02\/bonnes-adresses-768x232.jpg 768w, https:\/\/www.gites-lacledeschamps.fr\/wp-content\/uploads\/2022\/02\/bonnes-adresses-1536x464.jpg 1536w, https:\/\/www.gites-lacledeschamps.fr\/wp-content\/uploads\/2022\/02\/bonnes-adresses-1500x453.jpg 1500w, https:\/\/www.gites-lacledeschamps.fr\/wp-content\/uploads\/2022\/02\/bonnes-adresses-705x213.jpg 705w\" sizes=\"(max-width: 1920px) 100vw, 1920px\" \/><\/div><\/li><\/ul><\/div><\/div>\n<div id='av_section_1'  class='avia-section main_color avia-section-default avia-no-border-styling  avia-bg-style-scroll  avia-builder-el-1  el_after_av_slideshow_full  el_before_av_section   container_wrap fullsize' style=' '  ><div class='container' ><div class='template-page content  av-content-full alpha units'><div class='post-entry post-entry-type-page post-entry-7366'><div class='entry-content-wrapper clearfix'>\n<section class=\"av_textblock_section \"  itemscope=\"itemscope\" itemtype=\"https:\/\/schema.org\/CreativeWork\" ><div class='avia_textblock  '   itemprop=\"text\" ><h2 style=\"text-align: center;\">Restaurants, Bars &amp; Einkaufsm\u00f6glichkeiten in der N\u00e4he<\/h2>\n<\/div><\/section>\n<div class=\"flex_column av_one_fourth  flex_column_div av-zero-column-padding first  avia-builder-el-3  el_after_av_textblock  el_before_av_one_fourth  column-top-margin\" style='border-radius:0px; '><p><section class=\"av_textblock_section \"  itemscope=\"itemscope\" itemtype=\"https:\/\/schema.org\/CreativeWork\" ><div class='avia_textblock  '   itemprop=\"text\" ><p><a href=\"https:\/\/www.gites-lacledeschamps.fr\/wp-content\/uploads\/2022\/11\/garde-manger-scaled.jpg\"><img loading=\"lazy\" decoding=\"async\" class=\"aligncenter size-medium wp-image-2571\" src=\"https:\/\/www.gites-lacledeschamps.fr\/wp-content\/uploads\/2022\/11\/garde-manger-300x225.jpg\" alt=\"Martign\u00e9 Ferchaud Bio-Lebensmittelgesch\u00e4ft\" width=\"300\" height=\"225\" srcset=\"https:\/\/www.gites-lacledeschamps.fr\/wp-content\/uploads\/2022\/11\/garde-manger-300x225.jpg 300w, https:\/\/www.gites-lacledeschamps.fr\/wp-content\/uploads\/2022\/11\/garde-manger-1030x773.jpg 1030w, https:\/\/www.gites-lacledeschamps.fr\/wp-content\/uploads\/2022\/11\/garde-manger-768x576.jpg 768w, https:\/\/www.gites-lacledeschamps.fr\/wp-content\/uploads\/2022\/11\/garde-manger-1536x1152.jpg 1536w, https:\/\/www.gites-lacledeschamps.fr\/wp-content\/uploads\/2022\/11\/garde-manger-2048x1536.jpg 2048w, https:\/\/www.gites-lacledeschamps.fr\/wp-content\/uploads\/2022\/11\/garde-manger-1500x1125.jpg 1500w, https:\/\/www.gites-lacledeschamps.fr\/wp-content\/uploads\/2022\/11\/garde-manger-705x529.jpg 705w\" sizes=\"auto, (max-width: 300px) 100vw, 300px\" \/><\/a><\/p>\n<\/div><\/section><br \/>\n<section class=\"av_textblock_section \"  itemscope=\"itemscope\" itemtype=\"https:\/\/schema.org\/CreativeWork\" ><div class='avia_textblock  '   itemprop=\"text\" ><p><strong>Le Garde Manger &#8211; MARTIGNE FERCHAUD<\/strong><br \/>\n27 Rue Paul Prime &#8211; 02 23 08 88 87<br \/>\nGe\u00f6ffnet von Dienstag bis Samstag<\/p>\n<p>\u201eLebensmittelgesch\u00e4ft mit allgemeinen Lebensmitteln. AB-Primeurwaren. K\u00e4se in der Schale AB. Sahnefabrik AB. Metzgerei mit Wurstwaren und Gefl\u00fcgel. Feinkostgesch\u00e4ft. Nicht abgepackt. Lokale Produkte.\u201c All das finden Sie bei C\u00e9line, aber nicht nur das: ihr L\u00e4cheln und ihre Hilfsbereitschaft sind un\u00fcbertroffen. Es ist ein h\u00fcbscher Laden im Stadtzentrum von Martign\u00e9-Ferchaud.<\/p>\n<\/div><\/section><\/p><\/div><div class=\"flex_column av_one_fourth  flex_column_div av-zero-column-padding   avia-builder-el-6  el_after_av_one_fourth  el_before_av_one_fourth  column-top-margin\" style='border-radius:0px; '><p><div  class='avia-image-container  av-styling-    avia-builder-el-7  el_before_av_textblock  avia-builder-el-first  avia-align-center '  itemprop=\"image\" itemscope=\"itemscope\" itemtype=\"https:\/\/schema.org\/ImageObject\"  ><div class='avia-image-container-inner'><div class='avia-image-overlay-wrap'><img decoding=\"async\" class='wp-image-7177 avia-img-lazy-loading-not-7177 avia_image' src=\"https:\/\/www.gites-lacledeschamps.fr\/wp-content\/uploads\/2022\/11\/angello-300x300.jpg\" alt='angello pizza' title='angello' height=\"300\" width=\"300\"  itemprop=\"thumbnailUrl\" srcset=\"https:\/\/www.gites-lacledeschamps.fr\/wp-content\/uploads\/2022\/11\/angello-300x300.jpg 300w, https:\/\/www.gites-lacledeschamps.fr\/wp-content\/uploads\/2022\/11\/angello-1030x1030.jpg 1030w, https:\/\/www.gites-lacledeschamps.fr\/wp-content\/uploads\/2022\/11\/angello-80x80.jpg 80w, https:\/\/www.gites-lacledeschamps.fr\/wp-content\/uploads\/2022\/11\/angello-768x768.jpg 768w, https:\/\/www.gites-lacledeschamps.fr\/wp-content\/uploads\/2022\/11\/angello-1536x1536.jpg 1536w, https:\/\/www.gites-lacledeschamps.fr\/wp-content\/uploads\/2022\/11\/angello.jpg 2048w, https:\/\/www.gites-lacledeschamps.fr\/wp-content\/uploads\/2022\/11\/angello-36x36.jpg 36w, https:\/\/www.gites-lacledeschamps.fr\/wp-content\/uploads\/2022\/11\/angello-180x180.jpg 180w, https:\/\/www.gites-lacledeschamps.fr\/wp-content\/uploads\/2022\/11\/angello-1500x1500.jpg 1500w, https:\/\/www.gites-lacledeschamps.fr\/wp-content\/uploads\/2022\/11\/angello-705x705.jpg 705w\" sizes=\"(max-width: 300px) 100vw, 300px\" \/><\/div><\/div><\/div><br \/>\n<section class=\"av_textblock_section \"  itemscope=\"itemscope\" itemtype=\"https:\/\/schema.org\/CreativeWork\" ><div class='avia_textblock  '   itemprop=\"text\" ><p><strong>Angello Pizza &#8211; RENNES<\/strong><br \/>\n4 Pl. de Bretagne &#8211; 06 74 74 74 89<\/p>\n<p><a href=\"https:\/\/www.angello-pizza-rennes.fr\/\" target=\"_blank\" rel=\"noopener\">Website<\/a><\/p>\n<p>Warum sollten Sie in Rennes eine Pizza essen gehen? Ganz einfach, weil Sie bei Angello die besten Pizzen im Westen, im sehr gro\u00dfen Westen, in Frankreich und vielleicht sogar in der ganzen Welt bekommen! Das erkl\u00e4rt sich von selbst: Yann, der Chefkoch, ist einfach verr\u00fcckt nach Pizza. Sehen Sie ihm bei der Arbeit zu: er kocht vor Ihnen &#8230; und das auch noch!<\/p>\n<\/div><\/section><\/p><\/div><div class=\"flex_column av_one_fourth  flex_column_div av-zero-column-padding   avia-builder-el-9  el_after_av_one_fourth  el_before_av_one_fourth  column-top-margin\" style='border-radius:0px; '><p><div  class='avia-image-container  av-styling-    avia-builder-el-10  el_before_av_textblock  avia-builder-el-first  avia-align-center '  itemprop=\"image\" itemscope=\"itemscope\" itemtype=\"https:\/\/schema.org\/ImageObject\"  ><div class='avia-image-container-inner'><div class='avia-image-overlay-wrap'><img decoding=\"async\" class='wp-image-7174 avia-img-lazy-loading-not-7174 avia_image' src=\"https:\/\/www.gites-lacledeschamps.fr\/wp-content\/uploads\/2022\/11\/repere-300x225.jpg\" alt='' title='repere' height=\"225\" width=\"300\"  itemprop=\"thumbnailUrl\" srcset=\"https:\/\/www.gites-lacledeschamps.fr\/wp-content\/uploads\/2022\/11\/repere-300x225.jpg 300w, https:\/\/www.gites-lacledeschamps.fr\/wp-content\/uploads\/2022\/11\/repere-1030x773.jpg 1030w, https:\/\/www.gites-lacledeschamps.fr\/wp-content\/uploads\/2022\/11\/repere-768x576.jpg 768w, https:\/\/www.gites-lacledeschamps.fr\/wp-content\/uploads\/2022\/11\/repere-1536x1152.jpg 1536w, https:\/\/www.gites-lacledeschamps.fr\/wp-content\/uploads\/2022\/11\/repere-1500x1125.jpg 1500w, https:\/\/www.gites-lacledeschamps.fr\/wp-content\/uploads\/2022\/11\/repere-705x529.jpg 705w, https:\/\/www.gites-lacledeschamps.fr\/wp-content\/uploads\/2022\/11\/repere.jpg 2048w\" sizes=\"(max-width: 300px) 100vw, 300px\" \/><\/div><\/div><\/div><br \/>\n<section class=\"av_textblock_section \"  itemscope=\"itemscope\" itemtype=\"https:\/\/schema.org\/CreativeWork\" ><div class='avia_textblock  '   itemprop=\"text\" ><p><strong>Le Re-p\u00e8re &#8211; PIRE SUR SEICHE<\/strong><br \/>\nAdresse: Domaine du Ch\u00e2teau des P\u00e8res, 35135 Pir\u00e9-Chanc\u00e9<br \/>\nTelefon: 02 23 08 40 80<\/p>\n<p><a href=\"https:\/\/www.chateaudesperes.fr\/restaurant-traditionnel-proche-rennes\" target=\"_blank\" rel=\"noopener\">Website<\/a><\/p>\n<p>Der Re-Vater steht f\u00fcr KON-VI-VIA-LI-TE! Geselligkeit bedeutet auch \u201eVerf\u00fcgbarkeit\u201c. Dieses Restaurant mit einer Mischung aus Bistro und R\u00f4tisserie ist von Montag bis Sonntag ge\u00f6ffnet: 7 TAGE IN DER WOCHE! Was f\u00fcr ein Sinn f\u00fcr Gastfreundschaft! Aber Vorsicht: am Wochenende m\u00fcssen Sie oft reservieren! Das ist der Preis des Erfolgs!<\/p>\n<\/div><\/section><\/p><\/div><div class=\"flex_column av_one_fourth  flex_column_div av-zero-column-padding   avia-builder-el-12  el_after_av_one_fourth  el_before_av_one_fourth  column-top-margin\" style='border-radius:0px; '><p><div  class='avia-image-container  av-styling-    avia-builder-el-13  el_before_av_textblock  avia-builder-el-first  avia-align-center '  itemprop=\"image\" itemscope=\"itemscope\" itemtype=\"https:\/\/schema.org\/ImageObject\"  ><div class='avia-image-container-inner'><div class='avia-image-overlay-wrap'><img decoding=\"async\" class='wp-image-7189 avia-img-lazy-loading-not-7189 avia_image' src=\"https:\/\/www.gites-lacledeschamps.fr\/wp-content\/uploads\/2023\/01\/penates-1-e1673980661114-300x200.jpg\" alt='penates rennes bistrot a vins' title='penates rennes bistrot a vins' height=\"200\" width=\"300\"  itemprop=\"thumbnailUrl\" srcset=\"https:\/\/www.gites-lacledeschamps.fr\/wp-content\/uploads\/2023\/01\/penates-1-e1673980661114-300x200.jpg 300w, https:\/\/www.gites-lacledeschamps.fr\/wp-content\/uploads\/2023\/01\/penates-1-e1673980661114-1030x687.jpg 1030w, https:\/\/www.gites-lacledeschamps.fr\/wp-content\/uploads\/2023\/01\/penates-1-e1673980661114-768x512.jpg 768w, https:\/\/www.gites-lacledeschamps.fr\/wp-content\/uploads\/2023\/01\/penates-1-e1673980661114-705x470.jpg 705w, https:\/\/www.gites-lacledeschamps.fr\/wp-content\/uploads\/2023\/01\/penates-1-e1673980661114.jpg 1305w\" sizes=\"(max-width: 300px) 100vw, 300px\" \/><\/div><\/div><\/div><br \/>\n<section class=\"av_textblock_section \"  itemscope=\"itemscope\" itemtype=\"https:\/\/schema.org\/CreativeWork\" ><div class='avia_textblock  '   itemprop=\"text\" ><p><strong>PENATES &#8211; Weinbistro &#8211; RENNES<\/strong><br \/>\n17 rue Paul Bert<br \/>\nTelefon: 02 99 36 97 55<\/p>\n<p><a href=\"https:\/\/www.facebook.com\/profile.php?id=100063635318155&amp;sk=photos\" target=\"_blank\" rel=\"noopener\">Website<\/a><\/p>\n<p>Ein gro\u00dfes Herz! Wirklich&#8230; Wir lieben es &#8211; wir lieben es. Wir genie\u00dfen die frischen, saisonalen Gerichte, die auf originelle Weise zubereitet werden. Wir sind begeistert, wenn wir die biologischen und oft nat\u00fcrlichen Weine probieren, die uns vorgeschlagen werden. Wir sch\u00e4tzen das L\u00e4cheln und die Lebensfreude des Hauses. Wir sind beeindruckt von der Philosophie der Betreiber. Sch\u00f6ne, sch\u00f6ne, sch\u00f6ne Jugend! Au\u00dferdem ist die Atmosph\u00e4re sehr angenehm.<\/p>\n<\/div><\/section><\/p><\/div><div class=\"flex_column av_one_fourth  flex_column_div av-zero-column-padding first  avia-builder-el-15  el_after_av_one_fourth  el_before_av_one_fourth  column-top-margin\" style='border-radius:0px; '><p><div  class='avia-image-container  av-styling-    avia-builder-el-16  el_before_av_textblock  avia-builder-el-first  avia-align-center '  itemprop=\"image\" itemscope=\"itemscope\" itemtype=\"https:\/\/schema.org\/ImageObject\"  ><div class='avia-image-container-inner'><div class='avia-image-overlay-wrap'><img decoding=\"async\" class='wp-image-7168 avia-img-lazy-loading-not-7168 avia_image' src=\"https:\/\/www.gites-lacledeschamps.fr\/wp-content\/uploads\/2022\/11\/N6-300x232.jpg\" alt='n6 retiers bistrot gite la cle des champs' title='N6' height=\"232\" width=\"300\"  itemprop=\"thumbnailUrl\" srcset=\"https:\/\/www.gites-lacledeschamps.fr\/wp-content\/uploads\/2022\/11\/N6-300x232.jpg 300w, https:\/\/www.gites-lacledeschamps.fr\/wp-content\/uploads\/2022\/11\/N6-768x594.jpg 768w, https:\/\/www.gites-lacledeschamps.fr\/wp-content\/uploads\/2022\/11\/N6-705x545.jpg 705w, https:\/\/www.gites-lacledeschamps.fr\/wp-content\/uploads\/2022\/11\/N6.jpg 1000w\" sizes=\"(max-width: 300px) 100vw, 300px\" \/><\/div><\/div><\/div><br \/>\n<section class=\"av_textblock_section \"  itemscope=\"itemscope\" itemtype=\"https:\/\/schema.org\/CreativeWork\" ><div class='avia_textblock  '   itemprop=\"text\" ><p><strong>Le N6 &#8211; RETIERS<\/strong><br \/>\nAdresse: 6 ZA la Janaie, 35240 Retiers<br \/>\nTelefon: 02 56 15 99 40<\/p>\n<p><a href=\"https:\/\/www.facebook.com\/N6Retiers\/\" target=\"_blank\" rel=\"noopener\">Website<\/a><\/p>\n<p>Die Atmosph\u00e4re ist CHILL! Wenn Sie einen Drink in einer gem\u00fctlichen und koketten Atmosph\u00e4re genie\u00dfen m\u00f6chten, ist das N6 (Nummer 6) der richtige Ort f\u00fcr Sie. Je nachdem, welche Atmosph\u00e4re Sie suchen, k\u00f6nnen Sie sich an einen Stehtisch lehnen, sich hinsetzen oder sich in einer Sitzecke niederlassen: Ist das nicht nett?<\/p>\n<p>Im Sinne des V&amp;B ist ein Keller an den Saal angeschlossen, so dass Sie die Getr\u00e4nke, die Sie an der Bar genossen haben, mit nach Hause nehmen k\u00f6nnen. Jean-Philippe bietet regelm\u00e4\u00dfig Veranstaltungen an: Besuchen Sie die Website, um die Neuigkeiten zu verfolgen.<\/p>\n<\/div><\/section><\/p><\/div><div class=\"flex_column av_one_fourth  flex_column_div av-zero-column-padding   avia-builder-el-18  el_after_av_one_fourth  el_before_av_one_fourth  column-top-margin\" style='border-radius:0px; '><p><div  class='avia-image-container  av-styling-    avia-builder-el-19  el_before_av_textblock  avia-builder-el-first  avia-align-center '  itemprop=\"image\" itemscope=\"itemscope\" itemtype=\"https:\/\/schema.org\/ImageObject\"  ><div class='avia-image-container-inner'><div class='avia-image-overlay-wrap'><img decoding=\"async\" class='wp-image-7171 avia-img-lazy-loading-not-7171 avia_image' src=\"https:\/\/www.gites-lacledeschamps.fr\/wp-content\/uploads\/2022\/11\/pourquoi-pas-300x225.jpg\" alt='' title='pourquoi pas' height=\"225\" width=\"300\"  itemprop=\"thumbnailUrl\" srcset=\"https:\/\/www.gites-lacledeschamps.fr\/wp-content\/uploads\/2022\/11\/pourquoi-pas-300x225.jpg 300w, https:\/\/www.gites-lacledeschamps.fr\/wp-content\/uploads\/2022\/11\/pourquoi-pas-1030x773.jpg 1030w, https:\/\/www.gites-lacledeschamps.fr\/wp-content\/uploads\/2022\/11\/pourquoi-pas-768x576.jpg 768w, https:\/\/www.gites-lacledeschamps.fr\/wp-content\/uploads\/2022\/11\/pourquoi-pas-705x529.jpg 705w, https:\/\/www.gites-lacledeschamps.fr\/wp-content\/uploads\/2022\/11\/pourquoi-pas.jpg 1440w\" sizes=\"(max-width: 300px) 100vw, 300px\" \/><\/div><\/div><\/div><br \/>\n<section class=\"av_textblock_section \"  itemscope=\"itemscope\" itemtype=\"https:\/\/schema.org\/CreativeWork\" ><div class='avia_textblock  '   itemprop=\"text\" ><p><strong>Le pourquoi pas &#8211; MARTIGNE FERCHAUD<\/strong><br \/>\n8 Rue Emile Bridel &#8211; 02 99 47 93 06<\/p>\n<p><a href=\"https:\/\/www.facebook.com\/profile.php?id=100063534914601\">Website<\/a><\/p>\n<p>Eine \u201everdammt nette\u201c Adresse, 3 Minuten vom Ferienhaus entfernt. Der Chefkoch, Christophe, arbeitet mit frischen und saisonalen Produkten. Christelle, die im Service arbeitet, empf\u00e4ngt Sie mit viel guter Laune und Enthusiasmus. Das Ambiente und die Dekoration sind wirklich sch\u00f6n. Der Weinkeller ist mit Bio-Weinen gut best\u00fcckt.<\/p>\n<\/div><\/section><\/p><\/div><div class=\"flex_column av_one_fourth  flex_column_div av-zero-column-padding   avia-builder-el-21  el_after_av_one_fourth  el_before_av_one_fourth  column-top-margin\" style='border-radius:0px; '><p><div  class='avia-image-container  av-styling-    avia-builder-el-22  el_before_av_textblock  avia-builder-el-first  avia-align-center '  itemprop=\"image\" itemscope=\"itemscope\" itemtype=\"https:\/\/schema.org\/ImageObject\"  ><div class='avia-image-container-inner'><div class='avia-image-overlay-wrap'><img decoding=\"async\" class='wp-image-7183 avia-img-lazy-loading-not-7183 avia_image' src=\"https:\/\/www.gites-lacledeschamps.fr\/wp-content\/uploads\/2022\/11\/lajavableue-300x225.jpg\" alt='' title='lajavableue' height=\"225\" width=\"300\"  itemprop=\"thumbnailUrl\" srcset=\"https:\/\/www.gites-lacledeschamps.fr\/wp-content\/uploads\/2022\/11\/lajavableue-300x225.jpg 300w, https:\/\/www.gites-lacledeschamps.fr\/wp-content\/uploads\/2022\/11\/lajavableue-768x576.jpg 768w, https:\/\/www.gites-lacledeschamps.fr\/wp-content\/uploads\/2022\/11\/lajavableue-705x529.jpg 705w, https:\/\/www.gites-lacledeschamps.fr\/wp-content\/uploads\/2022\/11\/lajavableue.jpg 960w\" sizes=\"(max-width: 300px) 100vw, 300px\" \/><\/div><\/div><\/div><br \/>\n<section class=\"av_textblock_section \"  itemscope=\"itemscope\" itemtype=\"https:\/\/schema.org\/CreativeWork\" ><div class='avia_textblock  '   itemprop=\"text\" ><p><strong>La Java Bleue &#8211; AMANLIS<\/strong><br \/>\nAdresse: 15 Laval, 35150 Amanlis<br \/>\nTelefon: 02 99 44 55 54<\/p>\n<p><a href=\"https:\/\/www.facebook.com\/LaJavaBleueRestaurant\/\" target=\"_blank\" rel=\"noopener\">Website<\/a><\/p>\n<p>Wie kann man diesen Ort beschreiben? Wenn ich Ihnen sage, dass sie \u201eZinzins\u201c sind, haben Sie keine Lust, dorthin zu gehen? Doch, Sie m\u00fcssen hin (wenn Sie einen Tisch reservieren k\u00f6nnen)! Sie sind mehr als nur \u201eZinzins\u201c, sie sind QUER \u201eZinzins\u201c. Pascal in der K\u00fcche singt am Mikrophon Hits aus den 80er Jahren, Billy im Saal ist \u201ecash\u201c. Es ist fr\u00f6hlich, originell und exotisch. Im Sommer tauchen Sie auf der geschmackvoll bepflanzten Terrasse in eine stilvolle \u201eGuinguette\u201c-Atmosph\u00e4re ein. Im Winter sind Sie im Saal und wissen nicht, wohin Sie schauen sollen, weil es so viel zu sehen gibt: es ist gem\u00fctlich und heimelig. Liebhaber von rotem Fleisch: genie\u00dfen Sie ein Rinderkotelett. Die Blaue Java ist ein gro\u00dfer, gro\u00dfer Spa\u00df!<\/p>\n<\/div><\/section><\/p><\/div><div class=\"flex_column av_one_fourth  flex_column_div av-zero-column-padding   avia-builder-el-24  el_after_av_one_fourth  avia-builder-el-last  column-top-margin\" style='border-radius:0px; '><p><div  class='avia-image-container  av-styling-    avia-builder-el-25  el_before_av_textblock  avia-builder-el-first  avia-align-center '  itemprop=\"image\" itemscope=\"itemscope\" itemtype=\"https:\/\/schema.org\/ImageObject\"  ><div class='avia-image-container-inner'><div class='avia-image-overlay-wrap'><img decoding=\"async\" class='wp-image-7147 avia-img-lazy-loading-not-7147 avia_image' src=\"https:\/\/www.gites-lacledeschamps.fr\/wp-content\/uploads\/2022\/11\/cave2-300x178.jpg\" alt='' title='cave2' height=\"178\" width=\"300\"  itemprop=\"thumbnailUrl\" srcset=\"https:\/\/www.gites-lacledeschamps.fr\/wp-content\/uploads\/2022\/11\/cave2-300x178.jpg 300w, https:\/\/www.gites-lacledeschamps.fr\/wp-content\/uploads\/2022\/11\/cave2-768x455.jpg 768w, https:\/\/www.gites-lacledeschamps.fr\/wp-content\/uploads\/2022\/11\/cave2-705x418.jpg 705w, https:\/\/www.gites-lacledeschamps.fr\/wp-content\/uploads\/2022\/11\/cave2.jpg 960w\" sizes=\"(max-width: 300px) 100vw, 300px\" \/><\/div><\/div><\/div><br \/>\n<section class=\"av_textblock_section \"  itemscope=\"itemscope\" itemtype=\"https:\/\/schema.org\/CreativeWork\" ><div class='avia_textblock  '   itemprop=\"text\" ><p><strong>Cave de la Roche aux F\u00e9es &#8211; RETIERS<\/strong><br \/>\n13 Pl. Saint-Pierre &#8211; 02 99 43 66 75<\/p>\n<p><a href=\"https:\/\/cavedelarocheauxfees.com\/\" target=\"_blank\" rel=\"noopener\">Website<\/a><\/p>\n<p>Weine, Spirituosen, Feinkost, lokale Produkte, k\u00f6stliche Dammann-Tees: Vincent und Marina empfangen Sie immer &#8230; mit einem L\u00e4cheln!<\/p>\n<p>Typisches Wochenende in La Cl\u00e9 des Champs: Sie gehen am Samstagmorgen auf den Markt von Retiers auf dem Kirchplatz und machen einen Halt im Weinkeller auf demselben Platz, um die richtigen Weine zu finden, die Ihre Gerichte erg\u00e4nzen.<\/p>\n<\/div><\/section><\/p><\/div><\/div><\/div><\/div><!-- close content main div --><\/div><\/div><div id='av_section_2'  class='avia-section main_color avia-section-default avia-no-border-styling  avia-bg-style-scroll  avia-builder-el-27  el_after_av_section  el_before_av_section   container_wrap fullsize' style='background-color: #f2f2f2;  '  ><div class='container' ><div class='template-page content  av-content-full alpha units'><div class='post-entry post-entry-type-page post-entry-7366'><div class='entry-content-wrapper clearfix'>\n<section class=\"av_textblock_section \"  itemscope=\"itemscope\" itemtype=\"https:\/\/schema.org\/CreativeWork\" ><div class='avia_textblock  '   itemprop=\"text\" ><h2 style=\"text-align: center;\">GESCH\u00c4FTE UND ANTIQUIT\u00c4TENL\u00c4DEN<\/h2>\n<\/div><\/section>\n<div class=\"flex_column av_one_fourth  flex_column_div av-zero-column-padding first  avia-builder-el-29  el_after_av_textblock  el_before_av_one_fourth  column-top-margin\" style='border-radius:0px; '><p><div  class='avia-image-container  av-styling-    avia-builder-el-30  el_before_av_textblock  avia-builder-el-first  avia-align-center '  itemprop=\"image\" itemscope=\"itemscope\" itemtype=\"https:\/\/schema.org\/ImageObject\"  ><div class='avia-image-container-inner'><div class='avia-image-overlay-wrap'><img decoding=\"async\" class='wp-image-7180 avia-img-lazy-loading-not-7180 avia_image' src=\"https:\/\/www.gites-lacledeschamps.fr\/wp-content\/uploads\/2022\/11\/aude-1-1-300x207.jpg\" alt='aertfil gites la cle des champs' title='aude 1' height=\"207\" width=\"300\"  itemprop=\"thumbnailUrl\" srcset=\"https:\/\/www.gites-lacledeschamps.fr\/wp-content\/uploads\/2022\/11\/aude-1-1-300x207.jpg 300w, https:\/\/www.gites-lacledeschamps.fr\/wp-content\/uploads\/2022\/11\/aude-1-1-768x531.jpg 768w, https:\/\/www.gites-lacledeschamps.fr\/wp-content\/uploads\/2022\/11\/aude-1-1-705x487.jpg 705w, https:\/\/www.gites-lacledeschamps.fr\/wp-content\/uploads\/2022\/11\/aude-1-1.jpg 990w\" sizes=\"(max-width: 300px) 100vw, 300px\" \/><\/div><\/div><\/div><br \/>\n<section class=\"av_textblock_section \"  itemscope=\"itemscope\" itemtype=\"https:\/\/schema.org\/CreativeWork\" ><div class='avia_textblock  '   itemprop=\"text\" ><p><strong>AertFil &#8211; MARTIGNE-FERCHAUD<\/strong><br \/>\nL&#8217;Hommelet &#8211; 02 99 47 84 42<\/p>\n<p><a href=\"https:\/\/www.aertfil.fr\/\" target=\"_blank\" rel=\"noopener\">Website<\/a><\/p>\n<p>Besuchen Sie uns ABSO-LU-MENT! Das Atelier von Aude ist weniger als 2 km von Ihrem Ferienhaus entfernt und Sie k\u00f6nnen es mit dem Auto (2 Minuten) oder zu Fu\u00df \u00fcber den <a href=\"http:\/\/www.ville-martigneferchaud.fr\/FCKeditor\/UserFiles\/Chemins-de-randonnees\/Fiche-MF-07-Vallee-de-la-Noe-Jollys.pdf\">No\u00eb-Jollys-Wanderweg<\/a> erreichen, der direkt nebenan verl\u00e4uft.<\/p>\n<p>Zweitens, weil es ein Ort ist, an dem die sch\u00f6nsten und robustesten Drahtk\u00f6rbe hergestellt werden und 100% \u201ehandgemacht\u201c sind; ein Know-how, das Aude seit 3 Generationen weiterf\u00fchrt. Betreten Sie die Werkstatt, sehen Sie sich um und genie\u00dfen Sie die Leidenschaft und Pr\u00e4zision von Aude. Sie f\u00fchrt die einzelnen Schritte zur Herstellung eines Korbes mit gro\u00dfer Sorgfalt aus. Herzlich willkommen!<\/p>\n<\/div><\/section><\/p><\/div><div class=\"flex_column av_one_fourth  flex_column_div av-zero-column-padding   avia-builder-el-32  el_after_av_one_fourth  el_before_av_one_fourth  column-top-margin\" style='border-radius:0px; '><p><div  class='avia-image-container  av-styling-    avia-builder-el-33  el_before_av_textblock  avia-builder-el-first  avia-align-center '  itemprop=\"image\" itemscope=\"itemscope\" itemtype=\"https:\/\/schema.org\/ImageObject\"  ><div class='avia-image-container-inner'><div class='avia-image-overlay-wrap'><img decoding=\"async\" class='wp-image-7153 avia-img-lazy-loading-not-7153 avia_image' src=\"https:\/\/www.gites-lacledeschamps.fr\/wp-content\/uploads\/2022\/11\/scabelli-e1669723783514-300x176.jpg\" alt='scabelli janze' title='scabelli' height=\"176\" width=\"300\"  itemprop=\"thumbnailUrl\" srcset=\"https:\/\/www.gites-lacledeschamps.fr\/wp-content\/uploads\/2022\/11\/scabelli-e1669723783514-300x176.jpg 300w, https:\/\/www.gites-lacledeschamps.fr\/wp-content\/uploads\/2022\/11\/scabelli-e1669723783514.jpg 536w\" sizes=\"(max-width: 300px) 100vw, 300px\" \/><\/div><\/div><\/div><br \/>\n<section class=\"av_textblock_section \"  itemscope=\"itemscope\" itemtype=\"https:\/\/schema.org\/CreativeWork\" ><div class='avia_textblock  '   itemprop=\"text\" ><p><strong>Scabelli &#8211; JANZE<\/strong><br \/>\n2 Pl. de L H\u00f4tel de Ville &#8211; 02 99 47 07 25<\/p>\n<p><a href=\"https:\/\/www.boutiquescabelli.com\/\" target=\"_blank\" rel=\"noopener\">Website<\/a><\/p>\n<p>Besuchen Sie ohne zu z\u00f6gern diesen Laden im Stadtzentrum von Janz\u00e9. Claire w\u00e4hlt f\u00fcr Sie n\u00fctzliche (oder nicht n\u00fctzliche), duftende oder ausgefallene, aber immer inspirierende Dekorationsgegenst\u00e4nde aus. Hier finden Sie auch Geschenke f\u00fcr Geburt und Kinder. Kurzum&#8230; Sanftheit und guter Geschmack, ganz nach dem Geschmack von Claire.<\/p>\n<\/div><\/section><\/p><\/div><div class=\"flex_column av_one_fourth  flex_column_div av-zero-column-padding   avia-builder-el-35  el_after_av_one_fourth  el_before_av_one_fourth  column-top-margin\" style='border-radius:0px; '><p><div  class='avia-image-container  av-styling-    avia-builder-el-36  el_before_av_textblock  avia-builder-el-first  avia-align-center '  itemprop=\"image\" itemscope=\"itemscope\" itemtype=\"https:\/\/schema.org\/ImageObject\"  ><div class='avia-image-container-inner'><div class='avia-image-overlay-wrap'><img decoding=\"async\" class='wp-image-7144 avia-img-lazy-loading-not-7144 avia_image' src=\"https:\/\/www.gites-lacledeschamps.fr\/wp-content\/uploads\/2022\/11\/atelier-baroque-300x260.jpg\" alt='atelier baroque' title='atelier baroque' height=\"260\" width=\"300\"  itemprop=\"thumbnailUrl\" srcset=\"https:\/\/www.gites-lacledeschamps.fr\/wp-content\/uploads\/2022\/11\/atelier-baroque-300x260.jpg 300w, https:\/\/www.gites-lacledeschamps.fr\/wp-content\/uploads\/2022\/11\/atelier-baroque-768x666.jpg 768w, https:\/\/www.gites-lacledeschamps.fr\/wp-content\/uploads\/2022\/11\/atelier-baroque-705x612.jpg 705w, https:\/\/www.gites-lacledeschamps.fr\/wp-content\/uploads\/2022\/11\/atelier-baroque.jpg 960w\" sizes=\"(max-width: 300px) 100vw, 300px\" \/><\/div><\/div><\/div><br \/>\n<section class=\"av_textblock_section \"  itemscope=\"itemscope\" itemtype=\"https:\/\/schema.org\/CreativeWork\" ><div class='avia_textblock  '   itemprop=\"text\" ><p><strong>L&#8217;atelier Baroque &#8211; CHATEAUGIRON<\/strong><br \/>\n2 Rue Saulnerie &#8211; 02 99 04 71 98<\/p>\n<p><a href=\"https:\/\/www.facebook.com\/latelierbaroqueconception\/\" target=\"_blank\" rel=\"noopener\">Website<\/a><\/p>\n<p>Chateaugiron ist eine charmante Stadt, die als \u201eCit\u00e9 de caract\u00e8re\u201c (Stadt mit Charakter) klassifiziert ist. Aber wissen Sie, was es in Chateaugiron gibt? Das Atelier Baroque! Eine charmante Deko-Boutique. Und im Atelier Baroque, wissen Sie, wer dort ist? Es gibt Patrick! Der Besitzer&#8230; charmant und \u201esuper verr\u00fcckt\u201c! Hier finden Sie viele Dekorationen in verschiedenen, sich erg\u00e4nzenden Stilen: industriell, bukolisch, gem\u00fctlich: G\u00f6nnen Sie sich etwas!<\/p>\n<\/div><\/section><\/p><\/div><div class=\"flex_column av_one_fourth  flex_column_div av-zero-column-padding   avia-builder-el-38  el_after_av_one_fourth  el_before_av_one_fourth  column-top-margin\" style='border-radius:0px; '><p><div  class='avia-image-container  av-styling-    avia-builder-el-39  el_before_av_textblock  avia-builder-el-first  avia-align-center '  itemprop=\"image\" itemscope=\"itemscope\" itemtype=\"https:\/\/schema.org\/ImageObject\"  ><div class='avia-image-container-inner'><div class='avia-image-overlay-wrap'><img decoding=\"async\" class='wp-image-7150 avia-img-lazy-loading-not-7150 avia_image' src=\"https:\/\/www.gites-lacledeschamps.fr\/wp-content\/uploads\/2022\/11\/LISSOY-1-300x200.jpg\" alt='lissoy' title='LISSOY' height=\"200\" width=\"300\"  itemprop=\"thumbnailUrl\" srcset=\"https:\/\/www.gites-lacledeschamps.fr\/wp-content\/uploads\/2022\/11\/LISSOY-1-300x200.jpg 300w, https:\/\/www.gites-lacledeschamps.fr\/wp-content\/uploads\/2022\/11\/LISSOY-1-768x512.jpg 768w, https:\/\/www.gites-lacledeschamps.fr\/wp-content\/uploads\/2022\/11\/LISSOY-1-705x470.jpg 705w, https:\/\/www.gites-lacledeschamps.fr\/wp-content\/uploads\/2022\/11\/LISSOY-1.jpg 960w\" sizes=\"(max-width: 300px) 100vw, 300px\" \/><\/div><\/div><\/div><br \/>\n<section class=\"av_textblock_section \"  itemscope=\"itemscope\" itemtype=\"https:\/\/schema.org\/CreativeWork\" ><div class='avia_textblock  '   itemprop=\"text\" ><p><strong>Lissoy &#8211; VITRE<\/strong><br \/>\n4 Ter Av. d&#8217;Helmstedt &#8211; 09 50 42 72 38<\/p>\n<p><a href=\"https:\/\/lissoy.fr\/index.php\" target=\"_blank\" rel=\"noopener\">Website<\/a><\/p>\n<p>Der Gro\u00dfteil der Leinenbettw\u00e4sche, die Sie in Ihren Bettwaren finden, stammt aus dem Hause Lissoy. Wenn Ihnen das gefallen hat, z\u00f6gern Sie bitte nicht, die Quelle zu besuchen.<\/p>\n<\/div><\/section><\/p><\/div><div class=\"flex_column av_one_fourth  flex_column_div av-zero-column-padding first  avia-builder-el-41  el_after_av_one_fourth  avia-builder-el-last  column-top-margin\" style='border-radius:0px; '><p><div  class='avia-image-container  av-styling-    avia-builder-el-42  el_before_av_textblock  avia-builder-el-first  avia-align-center '  itemprop=\"image\" itemscope=\"itemscope\" itemtype=\"https:\/\/schema.org\/ImageObject\"  ><div class='avia-image-container-inner'><div class='avia-image-overlay-wrap'><img decoding=\"async\" class='wp-image-7156 avia-img-lazy-loading-not-7156 avia_image' src=\"https:\/\/www.gites-lacledeschamps.fr\/wp-content\/uploads\/2022\/11\/comptoir-300x225.jpg\" alt='comptoir du chineur' title='comptoir' height=\"225\" width=\"300\"  itemprop=\"thumbnailUrl\" srcset=\"https:\/\/www.gites-lacledeschamps.fr\/wp-content\/uploads\/2022\/11\/comptoir-300x225.jpg 300w, https:\/\/www.gites-lacledeschamps.fr\/wp-content\/uploads\/2022\/11\/comptoir-1030x773.jpg 1030w, https:\/\/www.gites-lacledeschamps.fr\/wp-content\/uploads\/2022\/11\/comptoir-768x576.jpg 768w, https:\/\/www.gites-lacledeschamps.fr\/wp-content\/uploads\/2022\/11\/comptoir-705x529.jpg 705w, https:\/\/www.gites-lacledeschamps.fr\/wp-content\/uploads\/2022\/11\/comptoir.jpg 1360w\" sizes=\"(max-width: 300px) 100vw, 300px\" \/><\/div><\/div><\/div><br \/>\n<section class=\"av_textblock_section \"  itemscope=\"itemscope\" itemtype=\"https:\/\/schema.org\/CreativeWork\" ><div class='avia_textblock  '   itemprop=\"text\" ><p><strong>Le Comptoir du Chineur &#8211; RENNES<\/strong><br \/>\n22 Avenue du 41\u00e8me R\u00e9giment d&#8217;Infanterie<br \/>\nTelefon: 06 88 34 37 28<\/p>\n<p><a href=\"https:\/\/lissoy.fr\/index.php\" target=\"_blank\" rel=\"noopener\">Website<\/a><\/p>\n<p>Sie verlassen die Metrostation Anatole France und \u00fcberqueren die Stra\u00dfe, wo sich Ihnen ein Universum er\u00f6ffnet. Ich w\u00fcrde sogar sagen DAS Universum: Auf der Stra\u00dfenseite befindet sich der Laden, in dem Sie antiken Schmuck, Kleidung aus Stoffen, die sowohl sch\u00f6n anzusehen als auch anzufassen sind, sch\u00f6nes Geschirr, Nippes und vieles mehr finden. Auf der Hofseite befindet sich ein Lagerhaus mit M\u00f6beln, Sesseln, St\u00fchlen und vielem mehr im Vintage-Stil.<\/p>\n<\/div><\/section><\/p><\/div>\n<\/p>\n<\/div><\/div><\/div><!-- close content main div --><\/div><\/div><div id='av_section_3'  class='avia-section main_color avia-section-default avia-no-border-styling  avia-bg-style-scroll  avia-builder-el-44  el_after_av_section  avia-builder-el-last   container_wrap fullsize' style='background-repeat: repeat-x; background-image: url(https:\/\/www.gites-lacledeschamps.fr\/wp-content\/uploads\/2021\/07\/fond-insta.jpg);background-attachment: scroll; background-position: bottom right;  '  data-section-bg-repeat='repeat-x'><div class='container' ><div class='template-page content  av-content-full alpha units'><div class='post-entry post-entry-type-page post-entry-7366'><div class='entry-content-wrapper clearfix'>\n<div  style='padding-bottom:10px; color:#6d876b;' class='av-special-heading av-special-heading-h2 custom-color-heading blockquote modern-quote modern-centered  avia-builder-el-45  el_before_av_codeblock  avia-builder-el-first  '><h2 class='av-special-heading-tag '  itemprop=\"headline\"  >FOLGEN SIE UNS AUF INSTAGRAM @LACLEDESCHAMPS_BZH<\/h2><div class='special-heading-border'><div class='special-heading-inner-border' style='border-color:#6d876b'><\/div><\/div><\/div>\n\n\n","protected":false},"excerpt":{"rendered":"","protected":false},"author":1,"featured_media":0,"parent":0,"menu_order":0,"comment_status":"closed","ping_status":"closed","template":"","meta":{"footnotes":""},"class_list":["post-7366","page","type-page","status-publish","hentry"],"aioseo_notices":[],"_links":{"self":[{"href":"https:\/\/www.gites-lacledeschamps.fr\/de\/wp-json\/wp\/v2\/pages\/7366","targetHints":{"allow":["GET"]}}],"collection":[{"href":"https:\/\/www.gites-lacledeschamps.fr\/de\/wp-json\/wp\/v2\/pages"}],"about":[{"href":"https:\/\/www.gites-lacledeschamps.fr\/de\/wp-json\/wp\/v2\/types\/page"}],"author":[{"embeddable":true,"href":"https:\/\/www.gites-lacledeschamps.fr\/de\/wp-json\/wp\/v2\/users\/1"}],"replies":[{"embeddable":true,"href":"https:\/\/www.gites-lacledeschamps.fr\/de\/wp-json\/wp\/v2\/comments?post=7366"}],"version-history":[{"count":4,"href":"https:\/\/www.gites-lacledeschamps.fr\/de\/wp-json\/wp\/v2\/pages\/7366\/revisions"}],"predecessor-version":[{"id":7606,"href":"https:\/\/www.gites-lacledeschamps.fr\/de\/wp-json\/wp\/v2\/pages\/7366\/revisions\/7606"}],"wp:attachment":[{"href":"https:\/\/www.gites-lacledeschamps.fr\/de\/wp-json\/wp\/v2\/media?parent=7366"}],"curies":[{"name":"wp","href":"https:\/\/api.w.org\/{rel}","templated":true}]}}