{"id":7336,"date":"2020-09-19T18:36:14","date_gmt":"2020-09-19T17:36:14","guid":{"rendered":"https:\/\/www.gites-lacledeschamps.fr\/ferienhaus-chezlucien\/"},"modified":"2025-06-11T13:30:07","modified_gmt":"2025-06-11T12:30:07","slug":"ferienhaus-chezlucien","status":"publish","type":"page","link":"https:\/\/www.gites-lacledeschamps.fr\/de\/ferienhaus-chezlucien\/","title":{"rendered":"Ferienhaus #chezlucien"},"content":{"rendered":"<div id='full_slider_1'  class='avia-fullwidth-slider main_color avia-shadow   avia-builder-el-0  el_before_av_section  avia-builder-el-first   container_wrap fullsize' style=' '  ><div   data-size='no scaling'  data-lightbox_size='large'  data-animation='slide'  data-conditional_play=''  data-ids='2103,2429,2431,2432,2433,2428'  data-video_counter='0'  data-autoplay='true'  data-bg_slider='false'  data-slide_height=''  data-handle='av_slideshow_full'  data-interval='4'  data-class=' '  data-el_id=''  data-css_id=''  data-scroll_down=''  data-control_layout='av-control-default'  data-custom_markup=''  data-perma_caption=''  data-autoplay_stopper=''  data-image_attachment=''  data-min_height='0px'  data-lazy_loading='disabled'  data-src=''  data-position='top left'  data-repeat='no-repeat'  data-attach='scroll'  data-stretch=''  class='avia-slideshow avia-slideshow-1  av-control-default av-default-height-applied avia-slideshow-no scaling av_slideshow_full   avia-slide-slider '  itemprop=\"image\" itemscope=\"itemscope\" itemtype=\"https:\/\/schema.org\/ImageObject\" ><ul class='avia-slideshow-inner ' style='padding-bottom: 30.208333333333%;' ><li  class=' slide-1 ' ><div data-rel='slideshow-1' class='avia-slide-wrap '   ><img decoding=\"async\" class=\"wp-image-6475 avia-img-lazy-loading-not-6475\"  src=\"https:\/\/www.gites-lacledeschamps.fr\/wp-content\/uploads\/2021\/08\/lucien.jpg\" width=\"1920\" height=\"580\" title='lucien' alt=''  itemprop=\"thumbnailUrl\" srcset=\"https:\/\/www.gites-lacledeschamps.fr\/wp-content\/uploads\/2021\/08\/lucien.jpg 1920w, https:\/\/www.gites-lacledeschamps.fr\/wp-content\/uploads\/2021\/08\/lucien-300x91.jpg 300w, https:\/\/www.gites-lacledeschamps.fr\/wp-content\/uploads\/2021\/08\/lucien-1030x311.jpg 1030w, https:\/\/www.gites-lacledeschamps.fr\/wp-content\/uploads\/2021\/08\/lucien-768x232.jpg 768w, https:\/\/www.gites-lacledeschamps.fr\/wp-content\/uploads\/2021\/08\/lucien-1536x464.jpg 1536w, https:\/\/www.gites-lacledeschamps.fr\/wp-content\/uploads\/2021\/08\/lucien-1500x453.jpg 1500w, https:\/\/www.gites-lacledeschamps.fr\/wp-content\/uploads\/2021\/08\/lucien-705x213.jpg 705w\" sizes=\"(max-width: 1920px) 100vw, 1920px\" \/><\/div><\/li><li  class=' slide-2 ' ><div data-rel='slideshow-1' class='avia-slide-wrap '   ><img decoding=\"async\" class=\"wp-image-7069 avia-img-lazy-loading-not-7069\"  src=\"https:\/\/www.gites-lacledeschamps.fr\/wp-content\/uploads\/2022\/02\/chez-lucien-2.jpg\" width=\"1920\" height=\"580\" title='chez-lucien-2' alt=''  itemprop=\"thumbnailUrl\" srcset=\"https:\/\/www.gites-lacledeschamps.fr\/wp-content\/uploads\/2022\/02\/chez-lucien-2.jpg 1920w, https:\/\/www.gites-lacledeschamps.fr\/wp-content\/uploads\/2022\/02\/chez-lucien-2-300x91.jpg 300w, https:\/\/www.gites-lacledeschamps.fr\/wp-content\/uploads\/2022\/02\/chez-lucien-2-1030x311.jpg 1030w, https:\/\/www.gites-lacledeschamps.fr\/wp-content\/uploads\/2022\/02\/chez-lucien-2-768x232.jpg 768w, https:\/\/www.gites-lacledeschamps.fr\/wp-content\/uploads\/2022\/02\/chez-lucien-2-1536x464.jpg 1536w, https:\/\/www.gites-lacledeschamps.fr\/wp-content\/uploads\/2022\/02\/chez-lucien-2-1500x453.jpg 1500w, https:\/\/www.gites-lacledeschamps.fr\/wp-content\/uploads\/2022\/02\/chez-lucien-2-705x213.jpg 705w\" sizes=\"(max-width: 1920px) 100vw, 1920px\" \/><\/div><\/li><li  class=' slide-3 ' ><div data-rel='slideshow-1' class='avia-slide-wrap '   ><img decoding=\"async\" class=\"wp-image-7075 avia-img-lazy-loading-not-7075\"  src=\"https:\/\/www.gites-lacledeschamps.fr\/wp-content\/uploads\/2022\/02\/chez-lucien-4.jpg\" width=\"1920\" height=\"580\" title='chez-lucien-4' alt=''  itemprop=\"thumbnailUrl\" srcset=\"https:\/\/www.gites-lacledeschamps.fr\/wp-content\/uploads\/2022\/02\/chez-lucien-4.jpg 1920w, https:\/\/www.gites-lacledeschamps.fr\/wp-content\/uploads\/2022\/02\/chez-lucien-4-300x91.jpg 300w, https:\/\/www.gites-lacledeschamps.fr\/wp-content\/uploads\/2022\/02\/chez-lucien-4-1030x311.jpg 1030w, https:\/\/www.gites-lacledeschamps.fr\/wp-content\/uploads\/2022\/02\/chez-lucien-4-768x232.jpg 768w, https:\/\/www.gites-lacledeschamps.fr\/wp-content\/uploads\/2022\/02\/chez-lucien-4-1536x464.jpg 1536w, https:\/\/www.gites-lacledeschamps.fr\/wp-content\/uploads\/2022\/02\/chez-lucien-4-1500x453.jpg 1500w, https:\/\/www.gites-lacledeschamps.fr\/wp-content\/uploads\/2022\/02\/chez-lucien-4-705x213.jpg 705w\" sizes=\"(max-width: 1920px) 100vw, 1920px\" \/><\/div><\/li><li  class=' slide-4 ' ><div data-rel='slideshow-1' class='avia-slide-wrap '   ><img decoding=\"async\" class=\"wp-image-7078 avia-img-lazy-loading-not-7078\"  src=\"https:\/\/www.gites-lacledeschamps.fr\/wp-content\/uploads\/2022\/02\/chez-lucien-5.jpg\" width=\"1920\" height=\"580\" title='chez-lucien-5' alt=''  itemprop=\"thumbnailUrl\" srcset=\"https:\/\/www.gites-lacledeschamps.fr\/wp-content\/uploads\/2022\/02\/chez-lucien-5.jpg 1920w, https:\/\/www.gites-lacledeschamps.fr\/wp-content\/uploads\/2022\/02\/chez-lucien-5-300x91.jpg 300w, https:\/\/www.gites-lacledeschamps.fr\/wp-content\/uploads\/2022\/02\/chez-lucien-5-1030x311.jpg 1030w, https:\/\/www.gites-lacledeschamps.fr\/wp-content\/uploads\/2022\/02\/chez-lucien-5-768x232.jpg 768w, https:\/\/www.gites-lacledeschamps.fr\/wp-content\/uploads\/2022\/02\/chez-lucien-5-1536x464.jpg 1536w, https:\/\/www.gites-lacledeschamps.fr\/wp-content\/uploads\/2022\/02\/chez-lucien-5-1500x453.jpg 1500w, https:\/\/www.gites-lacledeschamps.fr\/wp-content\/uploads\/2022\/02\/chez-lucien-5-705x213.jpg 705w\" sizes=\"(max-width: 1920px) 100vw, 1920px\" \/><\/div><\/li><li  class=' slide-5 ' ><div data-rel='slideshow-1' class='avia-slide-wrap '   ><img decoding=\"async\" class=\"wp-image-7081 avia-img-lazy-loading-not-7081\"  src=\"https:\/\/www.gites-lacledeschamps.fr\/wp-content\/uploads\/2022\/02\/chez-lucien-6.jpg\" width=\"1920\" height=\"580\" title='chez-lucien-6' alt=''  itemprop=\"thumbnailUrl\" srcset=\"https:\/\/www.gites-lacledeschamps.fr\/wp-content\/uploads\/2022\/02\/chez-lucien-6.jpg 1920w, https:\/\/www.gites-lacledeschamps.fr\/wp-content\/uploads\/2022\/02\/chez-lucien-6-300x91.jpg 300w, https:\/\/www.gites-lacledeschamps.fr\/wp-content\/uploads\/2022\/02\/chez-lucien-6-1030x311.jpg 1030w, https:\/\/www.gites-lacledeschamps.fr\/wp-content\/uploads\/2022\/02\/chez-lucien-6-768x232.jpg 768w, https:\/\/www.gites-lacledeschamps.fr\/wp-content\/uploads\/2022\/02\/chez-lucien-6-1536x464.jpg 1536w, https:\/\/www.gites-lacledeschamps.fr\/wp-content\/uploads\/2022\/02\/chez-lucien-6-1500x453.jpg 1500w, https:\/\/www.gites-lacledeschamps.fr\/wp-content\/uploads\/2022\/02\/chez-lucien-6-705x213.jpg 705w\" sizes=\"(max-width: 1920px) 100vw, 1920px\" \/><\/div><\/li><li  class=' slide-6 ' ><div data-rel='slideshow-1' class='avia-slide-wrap '   ><img decoding=\"async\" class=\"wp-image-7066 avia-img-lazy-loading-not-7066\"  src=\"https:\/\/www.gites-lacledeschamps.fr\/wp-content\/uploads\/2022\/02\/chez-lucien-1.jpg\" width=\"1920\" height=\"580\" title='chez-lucien-1' alt=''  itemprop=\"thumbnailUrl\" srcset=\"https:\/\/www.gites-lacledeschamps.fr\/wp-content\/uploads\/2022\/02\/chez-lucien-1.jpg 1920w, https:\/\/www.gites-lacledeschamps.fr\/wp-content\/uploads\/2022\/02\/chez-lucien-1-300x91.jpg 300w, https:\/\/www.gites-lacledeschamps.fr\/wp-content\/uploads\/2022\/02\/chez-lucien-1-1030x311.jpg 1030w, https:\/\/www.gites-lacledeschamps.fr\/wp-content\/uploads\/2022\/02\/chez-lucien-1-768x232.jpg 768w, https:\/\/www.gites-lacledeschamps.fr\/wp-content\/uploads\/2022\/02\/chez-lucien-1-1536x464.jpg 1536w, https:\/\/www.gites-lacledeschamps.fr\/wp-content\/uploads\/2022\/02\/chez-lucien-1-1500x453.jpg 1500w, https:\/\/www.gites-lacledeschamps.fr\/wp-content\/uploads\/2022\/02\/chez-lucien-1-705x213.jpg 705w\" sizes=\"(max-width: 1920px) 100vw, 1920px\" \/><\/div><\/li><\/ul><div class='avia-slideshow-arrows avia-slideshow-controls'><a href='#prev' class='prev-slide' aria-hidden='true' data-av_icon='\ue87c' data-av_iconfont='entypo-fontello'>Zur\u00fcck<\/a><a href='#next' class='next-slide' aria-hidden='true' data-av_icon='\ue87d' data-av_iconfont='entypo-fontello'>Weiter<\/a><\/div><div class='avia-slideshow-dots avia-slideshow-controls'><a href='#1' class='goto-slide active' >1<\/a><a href='#2' class='goto-slide ' >2<\/a><a href='#3' class='goto-slide ' >3<\/a><a href='#4' class='goto-slide ' >4<\/a><a href='#5' class='goto-slide ' >5<\/a><a href='#6' class='goto-slide ' >6<\/a><\/div><\/div><\/div>\n<div id='av_section_1'  class='avia-section main_color avia-section-default avia-no-border-styling  avia-bg-style-scroll  avia-builder-el-1  el_after_av_slideshow_full  el_before_av_section   container_wrap fullsize' style=' '  ><div class='container' ><div class='template-page content  av-content-full alpha units'><div class='post-entry post-entry-type-page post-entry-7336'><div class='entry-content-wrapper clearfix'>\n<div  style='padding-bottom:10px; ' class='av-special-heading av-special-heading-h1  blockquote modern-quote modern-centered  avia-builder-el-2  el_before_av_hr  avia-builder-el-first  '><h1 class='av-special-heading-tag '  itemprop=\"headline\"  >Das Ferienhaus #chezlucien<\/h1><div class='special-heading-border'><div class='special-heading-inner-border' ><\/div><\/div><\/div>\n<div  style='height:50px' class='hr hr-invisible   avia-builder-el-3  el_after_av_heading  el_before_av_one_fifth '><span class='hr-inner ' ><span class='hr-inner-style'><\/span><\/span><\/div>\n<div class=\"flex_column av_one_fifth  flex_column_div av-zero-column-padding first  avia-builder-el-4  el_after_av_hr  el_before_av_three_fifth  \" style='border-radius:0px; '><\/div><div class=\"flex_column av_three_fifth  flex_column_div av-zero-column-padding   avia-builder-el-5  el_after_av_one_fifth  avia-builder-el-last  \" style='border-radius:0px; '><section class=\"av_textblock_section \"  itemscope=\"itemscope\" itemtype=\"https:\/\/schema.org\/CreativeWork\" ><div class='avia_textblock  '   itemprop=\"text\" ><p style=\"text-align: center;\">Wie soll man dieses charmante Ferienhaus beschreiben? Maisonette, Studio, Werkstatt, Loft? Schwierig&#8230;<\/p>\n<p style=\"text-align: center;\">In jedem Fall wurde #chezlucien an der Stelle des historischen Ateliers von &#8230; Lucien (Suzannes Ehemann, um die Geschichte zu erz\u00e4hlen) errichtet.<\/p>\n<p style=\"text-align: center;\">In dieser Unterkunft finden Sie viele kleine Werkstattartikel: Schrauben, Schl\u00fcssel, Zangen, &#8230; Auf Wiedersehen, meine Damen und Herren!<\/p>\n<p style=\"text-align: center;\">Als ich ein Kind war, begleitete ich meinen Vater (der auch Landwirt war) zu \u201eConstand\u201c, einem Landmaschinenmechaniker, der auf dem Land wohnte.<\/p>\n<p style=\"text-align: center;\">Kurz gesagt, es ist ein gem\u00fctlicher Ort f\u00fcr ein bis zwei Personen. Au\u00dferdem ist es eine sehr praktische Unterkunft f\u00fcr Personen, die zu Hause arbeiten m\u00f6chten: ein von der K\u00fcchenzeile getrenntes B\u00fcro, eine Kaffeemaschine f\u00fcr die Pausen, all dies in einer ruhigen und hellen Umgebung.<\/p>\n<p style=\"text-align: center;\">Diese Unterkunft hat eine S\u00fcd- und eine Westfassade.<\/p>\n<p style=\"text-align: center;\">Eine gesch\u00fctzte Au\u00dfenterrasse sorgt f\u00fcr eine gem\u00fctliche Atmosph\u00e4re am Abend.<\/p>\n<\/div><\/section><br \/>\n<div  style='height:50px' class='hr hr-invisible   avia-builder-el-7  el_after_av_textblock  el_before_av_partner '><span class='hr-inner ' ><span class='hr-inner-style'><\/span><\/span><\/div><br \/>\n<div   data-autoplay='true'  data-interval='5'  data-animation='slide'  class='avia-logo-element-container av-border-deactivate avia-logo-slider avia-content-slider avia-smallarrow-slider avia-content-slider-active noHover avia-content-slider1 avia-content-slider-odd  avia-builder-el-8  el_after_av_hr  avia-builder-el-last  ' ><div class='avia-smallarrow-slider-heading  no-logo-slider-heading '><div class='new-special-heading'>&nbsp;<\/div><div class='avia-slideshow-arrows avia-slideshow-controls'><a href='#prev' class='prev-slide' aria-hidden='true' data-av_icon='\ue87c' data-av_iconfont='entypo-fontello'>Zur\u00fcck<\/a><a href='#next' class='next-slide' aria-hidden='true' data-av_icon='\ue87d' data-av_iconfont='entypo-fontello'>Weiter<\/a><\/div><\/div><div class='avia-content-slider-inner'><div class='slide-entry-wrap' ><div data-avia-tooltip=\"Zugang f\u00fcr Menschen mit Behinderungen\" class='slide-entry flex_column no_margin post-entry slide-entry-overview slide-loop-1 slide-parity-odd  av_one_seventh first real-thumbnail'><span class='av-partner-fake-img' style='padding-bottom:100%; background-image:url(https:\/\/www.gites-lacledeschamps.fr\/wp-content\/uploads\/2021\/07\/acces-handicape.jpg);'><\/span><\/div><div data-avia-tooltip=\"Barbecue\" class='slide-entry flex_column no_margin post-entry slide-entry-overview slide-loop-2 slide-parity-even  av_one_seventh  real-thumbnail'><span class='av-partner-fake-img' style='padding-bottom:100%; background-image:url(https:\/\/www.gites-lacledeschamps.fr\/wp-content\/uploads\/2021\/07\/bbq.jpg);'><\/span><\/div><div data-avia-tooltip=\"Badezimmer und italienische Dusche\" class='slide-entry flex_column no_margin post-entry slide-entry-overview slide-loop-3 slide-parity-odd  av_one_seventh  real-thumbnail'><span class='av-partner-fake-img' style='padding-bottom:100%; background-image:url(https:\/\/www.gites-lacledeschamps.fr\/wp-content\/uploads\/2021\/07\/douche.jpg);'><\/span><\/div><div data-avia-tooltip=\"Kingsize-Doppelbett 180*200\" class='slide-entry flex_column no_margin post-entry slide-entry-overview slide-loop-4 slide-parity-even  av_one_seventh  real-thumbnail'><span class='av-partner-fake-img' style='padding-bottom:100%; background-image:url(https:\/\/www.gites-lacledeschamps.fr\/wp-content\/uploads\/2021\/07\/litdouble.jpg);'><\/span><\/div><div data-avia-tooltip=\"Oder zwei Einzelbetten 90*200\" class='slide-entry flex_column no_margin post-entry slide-entry-overview slide-loop-5 slide-parity-odd  av_one_seventh  real-thumbnail'><span class='av-partner-fake-img' style='padding-bottom:100%; background-image:url(https:\/\/www.gites-lacledeschamps.fr\/wp-content\/uploads\/2021\/07\/lit-simple.jpg);'><\/span><\/div><div data-avia-tooltip=\"Sonnenschirm und Liegestuhl\" class='slide-entry flex_column no_margin post-entry slide-entry-overview slide-loop-6 slide-parity-even  av_one_seventh  real-thumbnail'><span class='av-partner-fake-img' style='padding-bottom:100%; background-image:url(https:\/\/www.gites-lacledeschamps.fr\/wp-content\/uploads\/2021\/07\/parasol-transat.jpg);'><\/span><\/div><div data-avia-tooltip=\"Zugang zum Spa\" class='slide-entry flex_column no_margin post-entry slide-entry-overview slide-loop-7 slide-parity-odd  av_one_seventh  real-thumbnail'><span class='av-partner-fake-img' style='padding-bottom:100%; background-image:url(https:\/\/www.gites-lacledeschamps.fr\/wp-content\/uploads\/2021\/07\/spa.jpg);'><\/span><\/div><\/div><div class='slide-entry-wrap' ><div data-avia-tooltip=\"Eingerichtete K\u00fcche\" class='slide-entry flex_column no_margin post-entry slide-entry-overview slide-loop-8 slide-parity-odd  av_one_seventh first real-thumbnail'><span class='av-partner-fake-img' style='padding-bottom:100%; background-image:url(https:\/\/www.gites-lacledeschamps.fr\/wp-content\/uploads\/2021\/07\/vaisselle.jpg);'><\/span><\/div><div data-avia-tooltip=\"Wi-Fi\" class='slide-entry flex_column no_margin post-entry slide-entry-overview slide-loop-9 slide-parity-even  post-entry-last  av_one_seventh  real-thumbnail'><span class='av-partner-fake-img' style='padding-bottom:100%; background-image:url(https:\/\/www.gites-lacledeschamps.fr\/wp-content\/uploads\/2021\/07\/wifi.jpg);'><\/span><\/div><\/div><\/div><\/div><\/p><\/div>\n\n<\/div><\/div><\/div><!-- close content main div --><\/div><\/div><div id='diapo-gites'  class='avia-section main_color avia-section-default avia-no-border-styling  avia-bg-style-scroll  avia-builder-el-9  el_after_av_section  el_before_av_section   container_wrap fullsize' style='background-repeat: no-repeat; background-image: url(https:\/\/www.gites-lacledeschamps.fr\/wp-content\/uploads\/2025\/06\/mozaique-chez-lucien-de.jpg);background-attachment: scroll; background-position: center center;  '  data-section-bg-repeat='no-repeat'><div class='container' ><div class='template-page content  av-content-full alpha units'><div class='post-entry post-entry-type-page post-entry-7336'><div class='entry-content-wrapper clearfix'>\n<div  class='avia-gallery  avia-gallery-1 deactivate_avia_lazyload avia-gallery-animate avia_animate_when_visible  avia-builder-el-10  avia-builder-el-no-sibling  av-hide-gallery-thumbs'  itemprop=\"image\" itemscope=\"itemscope\" itemtype=\"https:\/\/schema.org\/ImageObject\" ><a class='avia-gallery-big fakeLightbox lightbox avia-gallery-big-crop-thumb ' href='https:\/\/www.gites-lacledeschamps.fr\/wp-content\/uploads\/2022\/02\/2021-rubenphotographie-gite-CHEZLUCIEN-lacle\u0301deschamps-0095-3-1030x685.jpg'  data-onclick='1' title='2021 rubenphotographie-gite-CHEZLUCIEN lacle\u0301deschamps-0095 (3)' ><span class='avia-gallery-big-inner'  itemprop=\"thumbnailUrl\" ><img loading=\"lazy\" decoding=\"async\" class=\"wp-image-6940 avia-img-lazy-loading-6940\"  width=\"1030\" height=\"685\" src=\"https:\/\/www.gites-lacledeschamps.fr\/wp-content\/uploads\/2022\/02\/2021-rubenphotographie-gite-CHEZLUCIEN-lacle\u0301deschamps-0095-3-1030x685.jpg\" title='2021 rubenphotographie-gite-CHEZLUCIEN lacle\u0301deschamps-0095 (3)' alt='' srcset=\"https:\/\/www.gites-lacledeschamps.fr\/wp-content\/uploads\/2022\/02\/2021-rubenphotographie-gite-CHEZLUCIEN-lacle\u0301deschamps-0095-3-1030x685.jpg 1030w, https:\/\/www.gites-lacledeschamps.fr\/wp-content\/uploads\/2022\/02\/2021-rubenphotographie-gite-CHEZLUCIEN-lacle\u0301deschamps-0095-3-300x200.jpg 300w, https:\/\/www.gites-lacledeschamps.fr\/wp-content\/uploads\/2022\/02\/2021-rubenphotographie-gite-CHEZLUCIEN-lacle\u0301deschamps-0095-3-768x511.jpg 768w, https:\/\/www.gites-lacledeschamps.fr\/wp-content\/uploads\/2022\/02\/2021-rubenphotographie-gite-CHEZLUCIEN-lacle\u0301deschamps-0095-3-1536x1022.jpg 1536w, https:\/\/www.gites-lacledeschamps.fr\/wp-content\/uploads\/2022\/02\/2021-rubenphotographie-gite-CHEZLUCIEN-lacle\u0301deschamps-0095-3-2048x1363.jpg 2048w, https:\/\/www.gites-lacledeschamps.fr\/wp-content\/uploads\/2022\/02\/2021-rubenphotographie-gite-CHEZLUCIEN-lacle\u0301deschamps-0095-3-1500x998.jpg 1500w, https:\/\/www.gites-lacledeschamps.fr\/wp-content\/uploads\/2022\/02\/2021-rubenphotographie-gite-CHEZLUCIEN-lacle\u0301deschamps-0095-3-705x469.jpg 705w\" sizes=\"auto, (max-width: 1030px) 100vw, 1030px\" \/><\/span><\/a><div class='avia-gallery-thumb'> <a href='https:\/\/www.gites-lacledeschamps.fr\/wp-content\/uploads\/2022\/02\/2021-rubenphotographie-gite-CHEZLUCIEN-lacle\u0301deschamps-0095-3-1030x685.jpg' data-rel='gallery-1' data-prev-img='https:\/\/www.gites-lacledeschamps.fr\/wp-content\/uploads\/2022\/02\/2021-rubenphotographie-gite-CHEZLUCIEN-lacle\u0301deschamps-0095-3-1030x685.jpg' class='first_thumb lightbox ' data-onclick='1' title='2021 rubenphotographie-gite-CHEZLUCIEN lacle\u0301deschamps-0095 (3)'  itemprop=\"thumbnailUrl\"  ><img loading=\"lazy\" decoding=\"async\" class=\"wp-image-6940 avia-img-lazy-loading-6940\"   src=\"https:\/\/www.gites-lacledeschamps.fr\/wp-content\/uploads\/2022\/02\/2021-rubenphotographie-gite-CHEZLUCIEN-lacle\u0301deschamps-0095-3-495x400.jpg\" width=\"495\" height=\"400\"  title='2021 rubenphotographie-gite-CHEZLUCIEN lacle\u0301deschamps-0095 (3)' alt='' srcset=\"https:\/\/www.gites-lacledeschamps.fr\/wp-content\/uploads\/2022\/02\/2021-rubenphotographie-gite-CHEZLUCIEN-lacle\u0301deschamps-0095-3-495x400.jpg 495w, https:\/\/www.gites-lacledeschamps.fr\/wp-content\/uploads\/2022\/02\/2021-rubenphotographie-gite-CHEZLUCIEN-lacle\u0301deschamps-0095-3-845x684.jpg 845w\" sizes=\"auto, (max-width: 495px) 100vw, 495px\" \/><\/a> <a href='https:\/\/www.gites-lacledeschamps.fr\/wp-content\/uploads\/2022\/02\/2021-rubenphotographie-gite-CHEZLUCIEN-lacle\u0301deschamps-0095-6-1030x685.jpg' data-rel='gallery-1' data-prev-img='https:\/\/www.gites-lacledeschamps.fr\/wp-content\/uploads\/2022\/02\/2021-rubenphotographie-gite-CHEZLUCIEN-lacle\u0301deschamps-0095-6-1030x685.jpg' class='lightbox ' data-onclick='2' title='La Cl\u00e9 des Champs'  itemprop=\"thumbnailUrl\"  ><img loading=\"lazy\" decoding=\"async\" class=\"wp-image-6946 avia-img-lazy-loading-6946\"   src=\"https:\/\/www.gites-lacledeschamps.fr\/wp-content\/uploads\/2022\/02\/2021-rubenphotographie-gite-CHEZLUCIEN-lacle\u0301deschamps-0095-6-495x400.jpg\" width=\"495\" height=\"400\"  title='La Cl\u00e9 des Champs' alt='' srcset=\"https:\/\/www.gites-lacledeschamps.fr\/wp-content\/uploads\/2022\/02\/2021-rubenphotographie-gite-CHEZLUCIEN-lacle\u0301deschamps-0095-6-495x400.jpg 495w, https:\/\/www.gites-lacledeschamps.fr\/wp-content\/uploads\/2022\/02\/2021-rubenphotographie-gite-CHEZLUCIEN-lacle\u0301deschamps-0095-6-845x684.jpg 845w\" sizes=\"auto, (max-width: 495px) 100vw, 495px\" \/><\/a> <a href='https:\/\/www.gites-lacledeschamps.fr\/wp-content\/uploads\/2022\/02\/2021-rubenphotographie-gite-CHEZLUCIEN-lacle\u0301deschamps-0095-5-685x1030.jpg' data-rel='gallery-1' data-prev-img='https:\/\/www.gites-lacledeschamps.fr\/wp-content\/uploads\/2022\/02\/2021-rubenphotographie-gite-CHEZLUCIEN-lacle\u0301deschamps-0095-5-685x1030.jpg' class='lightbox ' data-onclick='3' title='La Cl\u00e9 des Champs'  itemprop=\"thumbnailUrl\"  ><img loading=\"lazy\" decoding=\"async\" class=\"wp-image-6943 avia-img-lazy-loading-6943\"   src=\"https:\/\/www.gites-lacledeschamps.fr\/wp-content\/uploads\/2022\/02\/2021-rubenphotographie-gite-CHEZLUCIEN-lacle\u0301deschamps-0095-5-495x400.jpg\" width=\"495\" height=\"400\"  title='La Cl\u00e9 des Champs' alt='' srcset=\"https:\/\/www.gites-lacledeschamps.fr\/wp-content\/uploads\/2022\/02\/2021-rubenphotographie-gite-CHEZLUCIEN-lacle\u0301deschamps-0095-5-495x400.jpg 495w, https:\/\/www.gites-lacledeschamps.fr\/wp-content\/uploads\/2022\/02\/2021-rubenphotographie-gite-CHEZLUCIEN-lacle\u0301deschamps-0095-5-845x684.jpg 845w\" sizes=\"auto, (max-width: 495px) 100vw, 495px\" \/><\/a> <a href='https:\/\/www.gites-lacledeschamps.fr\/wp-content\/uploads\/2022\/02\/rubenphotographie-gite-lacledeschamps-0128-1030x685.jpg' data-rel='gallery-1' data-prev-img='https:\/\/www.gites-lacledeschamps.fr\/wp-content\/uploads\/2022\/02\/rubenphotographie-gite-lacledeschamps-0128-1030x685.jpg' class='lightbox ' data-onclick='4' title='rubenphotographie-gite-lacl\u00e9deschamps-0128'  itemprop=\"thumbnailUrl\"  ><img loading=\"lazy\" decoding=\"async\" class=\"wp-image-7063 avia-img-lazy-loading-7063\"   src=\"https:\/\/www.gites-lacledeschamps.fr\/wp-content\/uploads\/2022\/02\/rubenphotographie-gite-lacledeschamps-0128-495x400.jpg\" width=\"495\" height=\"400\"  title='rubenphotographie-gite-lacl\u00e9deschamps-0128' alt='' srcset=\"https:\/\/www.gites-lacledeschamps.fr\/wp-content\/uploads\/2022\/02\/rubenphotographie-gite-lacledeschamps-0128-495x400.jpg 495w, https:\/\/www.gites-lacledeschamps.fr\/wp-content\/uploads\/2022\/02\/rubenphotographie-gite-lacledeschamps-0128-845x684.jpg 845w\" sizes=\"auto, (max-width: 495px) 100vw, 495px\" \/><\/a> <a href='https:\/\/www.gites-lacledeschamps.fr\/wp-content\/uploads\/2022\/02\/rubenphotographie-gite-lacle\u0301deschamps-0097-1030x685.jpg' data-rel='gallery-1' data-prev-img='https:\/\/www.gites-lacledeschamps.fr\/wp-content\/uploads\/2022\/02\/rubenphotographie-gite-lacle\u0301deschamps-0097-1030x685.jpg' class='lightbox ' data-onclick='5' title='La Cl\u00e9 des Champs'  itemprop=\"thumbnailUrl\"  ><img loading=\"lazy\" decoding=\"async\" class=\"wp-image-7060 avia-img-lazy-loading-7060\"   src=\"https:\/\/www.gites-lacledeschamps.fr\/wp-content\/uploads\/2022\/02\/rubenphotographie-gite-lacle\u0301deschamps-0097-495x400.jpg\" width=\"495\" height=\"400\"  title='La Cl\u00e9 des Champs' alt='' srcset=\"https:\/\/www.gites-lacledeschamps.fr\/wp-content\/uploads\/2022\/02\/rubenphotographie-gite-lacle\u0301deschamps-0097-495x400.jpg 495w, https:\/\/www.gites-lacledeschamps.fr\/wp-content\/uploads\/2022\/02\/rubenphotographie-gite-lacle\u0301deschamps-0097-845x684.jpg 845w\" sizes=\"auto, (max-width: 495px) 100vw, 495px\" \/><\/a> <a href='https:\/\/www.gites-lacledeschamps.fr\/wp-content\/uploads\/2022\/02\/rubenphotographie-gite-lacle\u0301deschamps-0096-1030x685.jpg' data-rel='gallery-1' data-prev-img='https:\/\/www.gites-lacledeschamps.fr\/wp-content\/uploads\/2022\/02\/rubenphotographie-gite-lacle\u0301deschamps-0096-1030x685.jpg' class='first_thumb lightbox ' data-onclick='6' title='La Cl\u00e9 des Champs'  itemprop=\"thumbnailUrl\"  ><img loading=\"lazy\" decoding=\"async\" class=\"wp-image-7057 avia-img-lazy-loading-7057\"   src=\"https:\/\/www.gites-lacledeschamps.fr\/wp-content\/uploads\/2022\/02\/rubenphotographie-gite-lacle\u0301deschamps-0096-495x400.jpg\" width=\"495\" height=\"400\"  title='La Cl\u00e9 des Champs' alt='' srcset=\"https:\/\/www.gites-lacledeschamps.fr\/wp-content\/uploads\/2022\/02\/rubenphotographie-gite-lacle\u0301deschamps-0096-495x400.jpg 495w, https:\/\/www.gites-lacledeschamps.fr\/wp-content\/uploads\/2022\/02\/rubenphotographie-gite-lacle\u0301deschamps-0096-845x684.jpg 845w\" sizes=\"auto, (max-width: 495px) 100vw, 495px\" \/><\/a> <a href='https:\/\/www.gites-lacledeschamps.fr\/wp-content\/uploads\/2022\/02\/rubenphotographie-gite-lacledeschamps-0089-1030x685.jpg' data-rel='gallery-1' data-prev-img='https:\/\/www.gites-lacledeschamps.fr\/wp-content\/uploads\/2022\/02\/rubenphotographie-gite-lacledeschamps-0089-1030x685.jpg' class='lightbox ' data-onclick='7' title='rubenphotographie-gite-lacl\u00e9deschamps-0089'  itemprop=\"thumbnailUrl\"  ><img loading=\"lazy\" decoding=\"async\" class=\"wp-image-7054 avia-img-lazy-loading-7054\"   src=\"https:\/\/www.gites-lacledeschamps.fr\/wp-content\/uploads\/2022\/02\/rubenphotographie-gite-lacledeschamps-0089-495x400.jpg\" width=\"495\" height=\"400\"  title='rubenphotographie-gite-lacl\u00e9deschamps-0089' alt='' srcset=\"https:\/\/www.gites-lacledeschamps.fr\/wp-content\/uploads\/2022\/02\/rubenphotographie-gite-lacledeschamps-0089-495x400.jpg 495w, https:\/\/www.gites-lacledeschamps.fr\/wp-content\/uploads\/2022\/02\/rubenphotographie-gite-lacledeschamps-0089-845x684.jpg 845w\" sizes=\"auto, (max-width: 495px) 100vw, 495px\" \/><\/a> <a href='https:\/\/www.gites-lacledeschamps.fr\/wp-content\/uploads\/2022\/02\/2021-rubenphotographie-gite-CHEZLUCIEN-lacle\u0301deschamps-0150-112-1030x685.jpg' data-rel='gallery-1' data-prev-img='https:\/\/www.gites-lacledeschamps.fr\/wp-content\/uploads\/2022\/02\/2021-rubenphotographie-gite-CHEZLUCIEN-lacle\u0301deschamps-0150-112-1030x685.jpg' class='lightbox ' data-onclick='8' title='La Cl\u00e9 des Champs'  itemprop=\"thumbnailUrl\"  ><img loading=\"lazy\" decoding=\"async\" class=\"wp-image-7051 avia-img-lazy-loading-7051\"   src=\"https:\/\/www.gites-lacledeschamps.fr\/wp-content\/uploads\/2022\/02\/2021-rubenphotographie-gite-CHEZLUCIEN-lacle\u0301deschamps-0150-112-495x400.jpg\" width=\"495\" height=\"400\"  title='La Cl\u00e9 des Champs' alt='' srcset=\"https:\/\/www.gites-lacledeschamps.fr\/wp-content\/uploads\/2022\/02\/2021-rubenphotographie-gite-CHEZLUCIEN-lacle\u0301deschamps-0150-112-495x400.jpg 495w, https:\/\/www.gites-lacledeschamps.fr\/wp-content\/uploads\/2022\/02\/2021-rubenphotographie-gite-CHEZLUCIEN-lacle\u0301deschamps-0150-112-845x684.jpg 845w\" sizes=\"auto, (max-width: 495px) 100vw, 495px\" \/><\/a> <a href='https:\/\/www.gites-lacledeschamps.fr\/wp-content\/uploads\/2022\/02\/2021-rubenphotographie-gite-CHEZLUCIEN-lacle\u0301deschamps-0150-109-1030x685.jpg' data-rel='gallery-1' data-prev-img='https:\/\/www.gites-lacledeschamps.fr\/wp-content\/uploads\/2022\/02\/2021-rubenphotographie-gite-CHEZLUCIEN-lacle\u0301deschamps-0150-109-1030x685.jpg' class='lightbox ' data-onclick='9' title='La Cl\u00e9 des Champs'  itemprop=\"thumbnailUrl\"  ><img loading=\"lazy\" decoding=\"async\" class=\"wp-image-7048 avia-img-lazy-loading-7048\"   src=\"https:\/\/www.gites-lacledeschamps.fr\/wp-content\/uploads\/2022\/02\/2021-rubenphotographie-gite-CHEZLUCIEN-lacle\u0301deschamps-0150-109-495x400.jpg\" width=\"495\" height=\"400\"  title='La Cl\u00e9 des Champs' alt='' srcset=\"https:\/\/www.gites-lacledeschamps.fr\/wp-content\/uploads\/2022\/02\/2021-rubenphotographie-gite-CHEZLUCIEN-lacle\u0301deschamps-0150-109-495x400.jpg 495w, https:\/\/www.gites-lacledeschamps.fr\/wp-content\/uploads\/2022\/02\/2021-rubenphotographie-gite-CHEZLUCIEN-lacle\u0301deschamps-0150-109-845x684.jpg 845w\" sizes=\"auto, (max-width: 495px) 100vw, 495px\" \/><\/a> <a href='https:\/\/www.gites-lacledeschamps.fr\/wp-content\/uploads\/2022\/02\/2021-rubenphotographie-gite-CHEZLUCIEN-lacle\u0301deschamps-0150-108-1030x685.jpg' data-rel='gallery-1' data-prev-img='https:\/\/www.gites-lacledeschamps.fr\/wp-content\/uploads\/2022\/02\/2021-rubenphotographie-gite-CHEZLUCIEN-lacle\u0301deschamps-0150-108-1030x685.jpg' class='lightbox ' data-onclick='10' title='La Cl\u00e9 des Champs'  itemprop=\"thumbnailUrl\"  ><img loading=\"lazy\" decoding=\"async\" class=\"wp-image-7045 avia-img-lazy-loading-7045\"   src=\"https:\/\/www.gites-lacledeschamps.fr\/wp-content\/uploads\/2022\/02\/2021-rubenphotographie-gite-CHEZLUCIEN-lacle\u0301deschamps-0150-108-495x400.jpg\" width=\"495\" height=\"400\"  title='La Cl\u00e9 des Champs' alt='' srcset=\"https:\/\/www.gites-lacledeschamps.fr\/wp-content\/uploads\/2022\/02\/2021-rubenphotographie-gite-CHEZLUCIEN-lacle\u0301deschamps-0150-108-495x400.jpg 495w, https:\/\/www.gites-lacledeschamps.fr\/wp-content\/uploads\/2022\/02\/2021-rubenphotographie-gite-CHEZLUCIEN-lacle\u0301deschamps-0150-108-845x684.jpg 845w\" sizes=\"auto, (max-width: 495px) 100vw, 495px\" \/><\/a> <a href='https:\/\/www.gites-lacledeschamps.fr\/wp-content\/uploads\/2022\/02\/2021-rubenphotographie-gite-CHEZLUCIEN-lacle\u0301deschamps-0150-106-685x1030.jpg' data-rel='gallery-1' data-prev-img='https:\/\/www.gites-lacledeschamps.fr\/wp-content\/uploads\/2022\/02\/2021-rubenphotographie-gite-CHEZLUCIEN-lacle\u0301deschamps-0150-106-685x1030.jpg' class='first_thumb lightbox ' data-onclick='11' title='La Cl\u00e9 des Champs'  itemprop=\"thumbnailUrl\"  ><img loading=\"lazy\" decoding=\"async\" class=\"wp-image-7042 avia-img-lazy-loading-7042\"   src=\"https:\/\/www.gites-lacledeschamps.fr\/wp-content\/uploads\/2022\/02\/2021-rubenphotographie-gite-CHEZLUCIEN-lacle\u0301deschamps-0150-106-495x400.jpg\" width=\"495\" height=\"400\"  title='La Cl\u00e9 des Champs' alt='' srcset=\"https:\/\/www.gites-lacledeschamps.fr\/wp-content\/uploads\/2022\/02\/2021-rubenphotographie-gite-CHEZLUCIEN-lacle\u0301deschamps-0150-106-495x400.jpg 495w, https:\/\/www.gites-lacledeschamps.fr\/wp-content\/uploads\/2022\/02\/2021-rubenphotographie-gite-CHEZLUCIEN-lacle\u0301deschamps-0150-106-845x684.jpg 845w\" sizes=\"auto, (max-width: 495px) 100vw, 495px\" \/><\/a> <a href='https:\/\/www.gites-lacledeschamps.fr\/wp-content\/uploads\/2022\/02\/2021-rubenphotographie-gite-CHEZLUCIEN-lacle\u0301deschamps-0150-105-1030x685.jpg' data-rel='gallery-1' data-prev-img='https:\/\/www.gites-lacledeschamps.fr\/wp-content\/uploads\/2022\/02\/2021-rubenphotographie-gite-CHEZLUCIEN-lacle\u0301deschamps-0150-105-1030x685.jpg' class='lightbox ' data-onclick='12' title='La Cl\u00e9 des Champs'  itemprop=\"thumbnailUrl\"  ><img loading=\"lazy\" decoding=\"async\" class=\"wp-image-7039 avia-img-lazy-loading-7039\"   src=\"https:\/\/www.gites-lacledeschamps.fr\/wp-content\/uploads\/2022\/02\/2021-rubenphotographie-gite-CHEZLUCIEN-lacle\u0301deschamps-0150-105-495x400.jpg\" width=\"495\" height=\"400\"  title='La Cl\u00e9 des Champs' alt='' srcset=\"https:\/\/www.gites-lacledeschamps.fr\/wp-content\/uploads\/2022\/02\/2021-rubenphotographie-gite-CHEZLUCIEN-lacle\u0301deschamps-0150-105-495x400.jpg 495w, https:\/\/www.gites-lacledeschamps.fr\/wp-content\/uploads\/2022\/02\/2021-rubenphotographie-gite-CHEZLUCIEN-lacle\u0301deschamps-0150-105-845x684.jpg 845w\" sizes=\"auto, (max-width: 495px) 100vw, 495px\" \/><\/a> <a href='https:\/\/www.gites-lacledeschamps.fr\/wp-content\/uploads\/2022\/02\/2021-rubenphotographie-gite-CHEZLUCIEN-lacle\u0301deschamps-0150-104-1030x685.jpg' data-rel='gallery-1' data-prev-img='https:\/\/www.gites-lacledeschamps.fr\/wp-content\/uploads\/2022\/02\/2021-rubenphotographie-gite-CHEZLUCIEN-lacle\u0301deschamps-0150-104-1030x685.jpg' class='lightbox ' data-onclick='13' title='La Cl\u00e9 des Champs'  itemprop=\"thumbnailUrl\"  ><img loading=\"lazy\" decoding=\"async\" class=\"wp-image-7036 avia-img-lazy-loading-7036\"   src=\"https:\/\/www.gites-lacledeschamps.fr\/wp-content\/uploads\/2022\/02\/2021-rubenphotographie-gite-CHEZLUCIEN-lacle\u0301deschamps-0150-104-495x400.jpg\" width=\"495\" height=\"400\"  title='La Cl\u00e9 des Champs' alt='' srcset=\"https:\/\/www.gites-lacledeschamps.fr\/wp-content\/uploads\/2022\/02\/2021-rubenphotographie-gite-CHEZLUCIEN-lacle\u0301deschamps-0150-104-495x400.jpg 495w, https:\/\/www.gites-lacledeschamps.fr\/wp-content\/uploads\/2022\/02\/2021-rubenphotographie-gite-CHEZLUCIEN-lacle\u0301deschamps-0150-104-845x684.jpg 845w\" sizes=\"auto, (max-width: 495px) 100vw, 495px\" \/><\/a> <a href='https:\/\/www.gites-lacledeschamps.fr\/wp-content\/uploads\/2022\/02\/2021-rubenphotographie-gite-CHEZLUCIEN-lacle\u0301deschamps-0150-103-685x1030.jpg' data-rel='gallery-1' data-prev-img='https:\/\/www.gites-lacledeschamps.fr\/wp-content\/uploads\/2022\/02\/2021-rubenphotographie-gite-CHEZLUCIEN-lacle\u0301deschamps-0150-103-685x1030.jpg' class='lightbox ' data-onclick='14' title='La Cl\u00e9 des Champs'  itemprop=\"thumbnailUrl\"  ><img loading=\"lazy\" decoding=\"async\" class=\"wp-image-7033 avia-img-lazy-loading-7033\"   src=\"https:\/\/www.gites-lacledeschamps.fr\/wp-content\/uploads\/2022\/02\/2021-rubenphotographie-gite-CHEZLUCIEN-lacle\u0301deschamps-0150-103-495x400.jpg\" width=\"495\" height=\"400\"  title='La Cl\u00e9 des Champs' alt='' srcset=\"https:\/\/www.gites-lacledeschamps.fr\/wp-content\/uploads\/2022\/02\/2021-rubenphotographie-gite-CHEZLUCIEN-lacle\u0301deschamps-0150-103-495x400.jpg 495w, https:\/\/www.gites-lacledeschamps.fr\/wp-content\/uploads\/2022\/02\/2021-rubenphotographie-gite-CHEZLUCIEN-lacle\u0301deschamps-0150-103-845x684.jpg 845w\" sizes=\"auto, (max-width: 495px) 100vw, 495px\" \/><\/a> <a href='https:\/\/www.gites-lacledeschamps.fr\/wp-content\/uploads\/2022\/02\/2021-rubenphotographie-gite-CHEZLUCIEN-lacle\u0301deschamps-0150-102-685x1030.jpg' data-rel='gallery-1' data-prev-img='https:\/\/www.gites-lacledeschamps.fr\/wp-content\/uploads\/2022\/02\/2021-rubenphotographie-gite-CHEZLUCIEN-lacle\u0301deschamps-0150-102-685x1030.jpg' class='lightbox ' data-onclick='15' title='La Cl\u00e9 des Champs'  itemprop=\"thumbnailUrl\"  ><img loading=\"lazy\" decoding=\"async\" class=\"wp-image-7030 avia-img-lazy-loading-7030\"   src=\"https:\/\/www.gites-lacledeschamps.fr\/wp-content\/uploads\/2022\/02\/2021-rubenphotographie-gite-CHEZLUCIEN-lacle\u0301deschamps-0150-102-495x400.jpg\" width=\"495\" height=\"400\"  title='La Cl\u00e9 des Champs' alt='' srcset=\"https:\/\/www.gites-lacledeschamps.fr\/wp-content\/uploads\/2022\/02\/2021-rubenphotographie-gite-CHEZLUCIEN-lacle\u0301deschamps-0150-102-495x400.jpg 495w, https:\/\/www.gites-lacledeschamps.fr\/wp-content\/uploads\/2022\/02\/2021-rubenphotographie-gite-CHEZLUCIEN-lacle\u0301deschamps-0150-102-845x684.jpg 845w\" sizes=\"auto, (max-width: 495px) 100vw, 495px\" \/><\/a> <a href='https:\/\/www.gites-lacledeschamps.fr\/wp-content\/uploads\/2022\/02\/2021-rubenphotographie-gite-CHEZLUCIEN-lacle\u0301deschamps-0150-101-685x1030.jpg' data-rel='gallery-1' data-prev-img='https:\/\/www.gites-lacledeschamps.fr\/wp-content\/uploads\/2022\/02\/2021-rubenphotographie-gite-CHEZLUCIEN-lacle\u0301deschamps-0150-101-685x1030.jpg' class='first_thumb lightbox ' data-onclick='16' title='La Cl\u00e9 des Champs'  itemprop=\"thumbnailUrl\"  ><img loading=\"lazy\" decoding=\"async\" class=\"wp-image-7027 avia-img-lazy-loading-7027\"   src=\"https:\/\/www.gites-lacledeschamps.fr\/wp-content\/uploads\/2022\/02\/2021-rubenphotographie-gite-CHEZLUCIEN-lacle\u0301deschamps-0150-101-495x400.jpg\" width=\"495\" height=\"400\"  title='La Cl\u00e9 des Champs' alt='' srcset=\"https:\/\/www.gites-lacledeschamps.fr\/wp-content\/uploads\/2022\/02\/2021-rubenphotographie-gite-CHEZLUCIEN-lacle\u0301deschamps-0150-101-495x400.jpg 495w, https:\/\/www.gites-lacledeschamps.fr\/wp-content\/uploads\/2022\/02\/2021-rubenphotographie-gite-CHEZLUCIEN-lacle\u0301deschamps-0150-101-845x684.jpg 845w\" sizes=\"auto, (max-width: 495px) 100vw, 495px\" \/><\/a> <a href='https:\/\/www.gites-lacledeschamps.fr\/wp-content\/uploads\/2022\/02\/2021-rubenphotographie-gite-CHEZLUCIEN-lacle\u0301deschamps-0150-99-1030x685.jpg' data-rel='gallery-1' data-prev-img='https:\/\/www.gites-lacledeschamps.fr\/wp-content\/uploads\/2022\/02\/2021-rubenphotographie-gite-CHEZLUCIEN-lacle\u0301deschamps-0150-99-1030x685.jpg' class='lightbox ' data-onclick='17' title='La Cl\u00e9 des Champs'  itemprop=\"thumbnailUrl\"  ><img loading=\"lazy\" decoding=\"async\" class=\"wp-image-7024 avia-img-lazy-loading-7024\"   src=\"https:\/\/www.gites-lacledeschamps.fr\/wp-content\/uploads\/2022\/02\/2021-rubenphotographie-gite-CHEZLUCIEN-lacle\u0301deschamps-0150-99-495x400.jpg\" width=\"495\" height=\"400\"  title='La Cl\u00e9 des Champs' alt='' srcset=\"https:\/\/www.gites-lacledeschamps.fr\/wp-content\/uploads\/2022\/02\/2021-rubenphotographie-gite-CHEZLUCIEN-lacle\u0301deschamps-0150-99-495x400.jpg 495w, https:\/\/www.gites-lacledeschamps.fr\/wp-content\/uploads\/2022\/02\/2021-rubenphotographie-gite-CHEZLUCIEN-lacle\u0301deschamps-0150-99-845x684.jpg 845w\" sizes=\"auto, (max-width: 495px) 100vw, 495px\" \/><\/a> <a href='https:\/\/www.gites-lacledeschamps.fr\/wp-content\/uploads\/2022\/02\/2021-rubenphotographie-gite-CHEZLUCIEN-lacle\u0301deschamps-0150-98-685x1030.jpg' data-rel='gallery-1' data-prev-img='https:\/\/www.gites-lacledeschamps.fr\/wp-content\/uploads\/2022\/02\/2021-rubenphotographie-gite-CHEZLUCIEN-lacle\u0301deschamps-0150-98-685x1030.jpg' class='lightbox ' data-onclick='18' title='La Cl\u00e9 des Champs'  itemprop=\"thumbnailUrl\"  ><img loading=\"lazy\" decoding=\"async\" class=\"wp-image-7021 avia-img-lazy-loading-7021\"   src=\"https:\/\/www.gites-lacledeschamps.fr\/wp-content\/uploads\/2022\/02\/2021-rubenphotographie-gite-CHEZLUCIEN-lacle\u0301deschamps-0150-98-495x400.jpg\" width=\"495\" height=\"400\"  title='La Cl\u00e9 des Champs' alt='' srcset=\"https:\/\/www.gites-lacledeschamps.fr\/wp-content\/uploads\/2022\/02\/2021-rubenphotographie-gite-CHEZLUCIEN-lacle\u0301deschamps-0150-98-495x400.jpg 495w, https:\/\/www.gites-lacledeschamps.fr\/wp-content\/uploads\/2022\/02\/2021-rubenphotographie-gite-CHEZLUCIEN-lacle\u0301deschamps-0150-98-845x684.jpg 845w\" sizes=\"auto, (max-width: 495px) 100vw, 495px\" \/><\/a> <a href='https:\/\/www.gites-lacledeschamps.fr\/wp-content\/uploads\/2022\/02\/2021-rubenphotographie-gite-CHEZLUCIEN-lacle\u0301deschamps-0150-97-1030x685.jpg' data-rel='gallery-1' data-prev-img='https:\/\/www.gites-lacledeschamps.fr\/wp-content\/uploads\/2022\/02\/2021-rubenphotographie-gite-CHEZLUCIEN-lacle\u0301deschamps-0150-97-1030x685.jpg' class='lightbox ' data-onclick='19' title='La Cl\u00e9 des Champs'  itemprop=\"thumbnailUrl\"  ><img loading=\"lazy\" decoding=\"async\" class=\"wp-image-7018 avia-img-lazy-loading-7018\"   src=\"https:\/\/www.gites-lacledeschamps.fr\/wp-content\/uploads\/2022\/02\/2021-rubenphotographie-gite-CHEZLUCIEN-lacle\u0301deschamps-0150-97-495x400.jpg\" width=\"495\" height=\"400\"  title='La Cl\u00e9 des Champs' alt='' srcset=\"https:\/\/www.gites-lacledeschamps.fr\/wp-content\/uploads\/2022\/02\/2021-rubenphotographie-gite-CHEZLUCIEN-lacle\u0301deschamps-0150-97-495x400.jpg 495w, https:\/\/www.gites-lacledeschamps.fr\/wp-content\/uploads\/2022\/02\/2021-rubenphotographie-gite-CHEZLUCIEN-lacle\u0301deschamps-0150-97-845x684.jpg 845w\" sizes=\"auto, (max-width: 495px) 100vw, 495px\" \/><\/a> <a href='https:\/\/www.gites-lacledeschamps.fr\/wp-content\/uploads\/2022\/02\/2021-rubenphotographie-gite-CHEZLUCIEN-lacle\u0301deschamps-0150-93-685x1030.jpg' data-rel='gallery-1' data-prev-img='https:\/\/www.gites-lacledeschamps.fr\/wp-content\/uploads\/2022\/02\/2021-rubenphotographie-gite-CHEZLUCIEN-lacle\u0301deschamps-0150-93-685x1030.jpg' class='lightbox ' data-onclick='20' title='La Cl\u00e9 des Champs'  itemprop=\"thumbnailUrl\"  ><img loading=\"lazy\" decoding=\"async\" class=\"wp-image-7015 avia-img-lazy-loading-7015\"   src=\"https:\/\/www.gites-lacledeschamps.fr\/wp-content\/uploads\/2022\/02\/2021-rubenphotographie-gite-CHEZLUCIEN-lacle\u0301deschamps-0150-93-495x400.jpg\" width=\"495\" height=\"400\"  title='La Cl\u00e9 des Champs' alt='' srcset=\"https:\/\/www.gites-lacledeschamps.fr\/wp-content\/uploads\/2022\/02\/2021-rubenphotographie-gite-CHEZLUCIEN-lacle\u0301deschamps-0150-93-495x400.jpg 495w, https:\/\/www.gites-lacledeschamps.fr\/wp-content\/uploads\/2022\/02\/2021-rubenphotographie-gite-CHEZLUCIEN-lacle\u0301deschamps-0150-93-845x684.jpg 845w\" sizes=\"auto, (max-width: 495px) 100vw, 495px\" \/><\/a> <a href='https:\/\/www.gites-lacledeschamps.fr\/wp-content\/uploads\/2022\/02\/2021-rubenphotographie-gite-CHEZLUCIEN-lacle\u0301deschamps-0150-91-1030x685.jpg' data-rel='gallery-1' data-prev-img='https:\/\/www.gites-lacledeschamps.fr\/wp-content\/uploads\/2022\/02\/2021-rubenphotographie-gite-CHEZLUCIEN-lacle\u0301deschamps-0150-91-1030x685.jpg' class='first_thumb lightbox ' data-onclick='21' title='La Cl\u00e9 des Champs'  itemprop=\"thumbnailUrl\"  ><img loading=\"lazy\" decoding=\"async\" class=\"wp-image-7012 avia-img-lazy-loading-7012\"   src=\"https:\/\/www.gites-lacledeschamps.fr\/wp-content\/uploads\/2022\/02\/2021-rubenphotographie-gite-CHEZLUCIEN-lacle\u0301deschamps-0150-91-495x400.jpg\" width=\"495\" height=\"400\"  title='La Cl\u00e9 des Champs' alt='' srcset=\"https:\/\/www.gites-lacledeschamps.fr\/wp-content\/uploads\/2022\/02\/2021-rubenphotographie-gite-CHEZLUCIEN-lacle\u0301deschamps-0150-91-495x400.jpg 495w, https:\/\/www.gites-lacledeschamps.fr\/wp-content\/uploads\/2022\/02\/2021-rubenphotographie-gite-CHEZLUCIEN-lacle\u0301deschamps-0150-91-845x684.jpg 845w\" sizes=\"auto, (max-width: 495px) 100vw, 495px\" \/><\/a> <a href='https:\/\/www.gites-lacledeschamps.fr\/wp-content\/uploads\/2022\/02\/2021-rubenphotographie-gite-CHEZLUCIEN-lacle\u0301deschamps-0150-89-1030x685.jpg' data-rel='gallery-1' data-prev-img='https:\/\/www.gites-lacledeschamps.fr\/wp-content\/uploads\/2022\/02\/2021-rubenphotographie-gite-CHEZLUCIEN-lacle\u0301deschamps-0150-89-1030x685.jpg' class='lightbox ' data-onclick='22' title='La Cl\u00e9 des Champs'  itemprop=\"thumbnailUrl\"  ><img loading=\"lazy\" decoding=\"async\" class=\"wp-image-7009 avia-img-lazy-loading-7009\"   src=\"https:\/\/www.gites-lacledeschamps.fr\/wp-content\/uploads\/2022\/02\/2021-rubenphotographie-gite-CHEZLUCIEN-lacle\u0301deschamps-0150-89-495x400.jpg\" width=\"495\" height=\"400\"  title='La Cl\u00e9 des Champs' alt='' srcset=\"https:\/\/www.gites-lacledeschamps.fr\/wp-content\/uploads\/2022\/02\/2021-rubenphotographie-gite-CHEZLUCIEN-lacle\u0301deschamps-0150-89-495x400.jpg 495w, https:\/\/www.gites-lacledeschamps.fr\/wp-content\/uploads\/2022\/02\/2021-rubenphotographie-gite-CHEZLUCIEN-lacle\u0301deschamps-0150-89-845x684.jpg 845w\" sizes=\"auto, (max-width: 495px) 100vw, 495px\" \/><\/a> <a href='https:\/\/www.gites-lacledeschamps.fr\/wp-content\/uploads\/2022\/02\/2021-rubenphotographie-gite-CHEZLUCIEN-lacle\u0301deschamps-0150-88-685x1030.jpg' data-rel='gallery-1' data-prev-img='https:\/\/www.gites-lacledeschamps.fr\/wp-content\/uploads\/2022\/02\/2021-rubenphotographie-gite-CHEZLUCIEN-lacle\u0301deschamps-0150-88-685x1030.jpg' class='lightbox ' data-onclick='23' title='La Cl\u00e9 des Champs'  itemprop=\"thumbnailUrl\"  ><img loading=\"lazy\" decoding=\"async\" class=\"wp-image-7006 avia-img-lazy-loading-7006\"   src=\"https:\/\/www.gites-lacledeschamps.fr\/wp-content\/uploads\/2022\/02\/2021-rubenphotographie-gite-CHEZLUCIEN-lacle\u0301deschamps-0150-88-495x400.jpg\" width=\"495\" height=\"400\"  title='La Cl\u00e9 des Champs' alt='' srcset=\"https:\/\/www.gites-lacledeschamps.fr\/wp-content\/uploads\/2022\/02\/2021-rubenphotographie-gite-CHEZLUCIEN-lacle\u0301deschamps-0150-88-495x400.jpg 495w, https:\/\/www.gites-lacledeschamps.fr\/wp-content\/uploads\/2022\/02\/2021-rubenphotographie-gite-CHEZLUCIEN-lacle\u0301deschamps-0150-88-845x684.jpg 845w\" sizes=\"auto, (max-width: 495px) 100vw, 495px\" \/><\/a> <a href='https:\/\/www.gites-lacledeschamps.fr\/wp-content\/uploads\/2022\/02\/2021-rubenphotographie-gite-CHEZLUCIEN-lacle\u0301deschamps-0150-87-1030x685.jpg' data-rel='gallery-1' data-prev-img='https:\/\/www.gites-lacledeschamps.fr\/wp-content\/uploads\/2022\/02\/2021-rubenphotographie-gite-CHEZLUCIEN-lacle\u0301deschamps-0150-87-1030x685.jpg' class='lightbox ' data-onclick='24' title='La Cl\u00e9 des Champs'  itemprop=\"thumbnailUrl\"  ><img loading=\"lazy\" decoding=\"async\" class=\"wp-image-7003 avia-img-lazy-loading-7003\"   src=\"https:\/\/www.gites-lacledeschamps.fr\/wp-content\/uploads\/2022\/02\/2021-rubenphotographie-gite-CHEZLUCIEN-lacle\u0301deschamps-0150-87-495x400.jpg\" width=\"495\" height=\"400\"  title='La Cl\u00e9 des Champs' alt='' srcset=\"https:\/\/www.gites-lacledeschamps.fr\/wp-content\/uploads\/2022\/02\/2021-rubenphotographie-gite-CHEZLUCIEN-lacle\u0301deschamps-0150-87-495x400.jpg 495w, https:\/\/www.gites-lacledeschamps.fr\/wp-content\/uploads\/2022\/02\/2021-rubenphotographie-gite-CHEZLUCIEN-lacle\u0301deschamps-0150-87-845x684.jpg 845w\" sizes=\"auto, (max-width: 495px) 100vw, 495px\" \/><\/a> <a href='https:\/\/www.gites-lacledeschamps.fr\/wp-content\/uploads\/2022\/02\/2021-rubenphotographie-gite-CHEZLUCIEN-lacle\u0301deschamps-0150-85-1030x685.jpg' data-rel='gallery-1' data-prev-img='https:\/\/www.gites-lacledeschamps.fr\/wp-content\/uploads\/2022\/02\/2021-rubenphotographie-gite-CHEZLUCIEN-lacle\u0301deschamps-0150-85-1030x685.jpg' class='lightbox ' data-onclick='25' title='La Cl\u00e9 des Champs'  itemprop=\"thumbnailUrl\"  ><img loading=\"lazy\" decoding=\"async\" class=\"wp-image-7000 avia-img-lazy-loading-7000\"   src=\"https:\/\/www.gites-lacledeschamps.fr\/wp-content\/uploads\/2022\/02\/2021-rubenphotographie-gite-CHEZLUCIEN-lacle\u0301deschamps-0150-85-495x400.jpg\" width=\"495\" height=\"400\"  title='La Cl\u00e9 des Champs' alt='' srcset=\"https:\/\/www.gites-lacledeschamps.fr\/wp-content\/uploads\/2022\/02\/2021-rubenphotographie-gite-CHEZLUCIEN-lacle\u0301deschamps-0150-85-495x400.jpg 495w, https:\/\/www.gites-lacledeschamps.fr\/wp-content\/uploads\/2022\/02\/2021-rubenphotographie-gite-CHEZLUCIEN-lacle\u0301deschamps-0150-85-845x684.jpg 845w\" sizes=\"auto, (max-width: 495px) 100vw, 495px\" \/><\/a> <a href='https:\/\/www.gites-lacledeschamps.fr\/wp-content\/uploads\/2022\/02\/2021-rubenphotographie-gite-CHEZLUCIEN-lacle\u0301deschamps-0150-83-685x1030.jpg' data-rel='gallery-1' data-prev-img='https:\/\/www.gites-lacledeschamps.fr\/wp-content\/uploads\/2022\/02\/2021-rubenphotographie-gite-CHEZLUCIEN-lacle\u0301deschamps-0150-83-685x1030.jpg' class='first_thumb lightbox ' data-onclick='26' title='La Cl\u00e9 des Champs'  itemprop=\"thumbnailUrl\"  ><img loading=\"lazy\" decoding=\"async\" class=\"wp-image-6997 avia-img-lazy-loading-6997\"   src=\"https:\/\/www.gites-lacledeschamps.fr\/wp-content\/uploads\/2022\/02\/2021-rubenphotographie-gite-CHEZLUCIEN-lacle\u0301deschamps-0150-83-495x400.jpg\" width=\"495\" height=\"400\"  title='La Cl\u00e9 des Champs' alt='' srcset=\"https:\/\/www.gites-lacledeschamps.fr\/wp-content\/uploads\/2022\/02\/2021-rubenphotographie-gite-CHEZLUCIEN-lacle\u0301deschamps-0150-83-495x400.jpg 495w, https:\/\/www.gites-lacledeschamps.fr\/wp-content\/uploads\/2022\/02\/2021-rubenphotographie-gite-CHEZLUCIEN-lacle\u0301deschamps-0150-83-845x684.jpg 845w\" sizes=\"auto, (max-width: 495px) 100vw, 495px\" \/><\/a> <a href='https:\/\/www.gites-lacledeschamps.fr\/wp-content\/uploads\/2022\/02\/2021-rubenphotographie-gite-CHEZLUCIEN-lacle\u0301deschamps-0150-82-685x1030.jpg' data-rel='gallery-1' data-prev-img='https:\/\/www.gites-lacledeschamps.fr\/wp-content\/uploads\/2022\/02\/2021-rubenphotographie-gite-CHEZLUCIEN-lacle\u0301deschamps-0150-82-685x1030.jpg' class='lightbox ' data-onclick='27' title='La Cl\u00e9 des Champs'  itemprop=\"thumbnailUrl\"  ><img loading=\"lazy\" decoding=\"async\" class=\"wp-image-6994 avia-img-lazy-loading-6994\"   src=\"https:\/\/www.gites-lacledeschamps.fr\/wp-content\/uploads\/2022\/02\/2021-rubenphotographie-gite-CHEZLUCIEN-lacle\u0301deschamps-0150-82-495x400.jpg\" width=\"495\" height=\"400\"  title='La Cl\u00e9 des Champs' alt='' srcset=\"https:\/\/www.gites-lacledeschamps.fr\/wp-content\/uploads\/2022\/02\/2021-rubenphotographie-gite-CHEZLUCIEN-lacle\u0301deschamps-0150-82-495x400.jpg 495w, https:\/\/www.gites-lacledeschamps.fr\/wp-content\/uploads\/2022\/02\/2021-rubenphotographie-gite-CHEZLUCIEN-lacle\u0301deschamps-0150-82-845x684.jpg 845w\" sizes=\"auto, (max-width: 495px) 100vw, 495px\" \/><\/a> <a href='https:\/\/www.gites-lacledeschamps.fr\/wp-content\/uploads\/2022\/02\/2021-rubenphotographie-gite-CHEZLUCIEN-lacle\u0301deschamps-0150-80-685x1030.jpg' data-rel='gallery-1' data-prev-img='https:\/\/www.gites-lacledeschamps.fr\/wp-content\/uploads\/2022\/02\/2021-rubenphotographie-gite-CHEZLUCIEN-lacle\u0301deschamps-0150-80-685x1030.jpg' class='lightbox ' data-onclick='28' title='La Cl\u00e9 des Champs'  itemprop=\"thumbnailUrl\"  ><img loading=\"lazy\" decoding=\"async\" class=\"wp-image-6991 avia-img-lazy-loading-6991\"   src=\"https:\/\/www.gites-lacledeschamps.fr\/wp-content\/uploads\/2022\/02\/2021-rubenphotographie-gite-CHEZLUCIEN-lacle\u0301deschamps-0150-80-495x400.jpg\" width=\"495\" height=\"400\"  title='La Cl\u00e9 des Champs' alt='' srcset=\"https:\/\/www.gites-lacledeschamps.fr\/wp-content\/uploads\/2022\/02\/2021-rubenphotographie-gite-CHEZLUCIEN-lacle\u0301deschamps-0150-80-495x400.jpg 495w, https:\/\/www.gites-lacledeschamps.fr\/wp-content\/uploads\/2022\/02\/2021-rubenphotographie-gite-CHEZLUCIEN-lacle\u0301deschamps-0150-80-845x684.jpg 845w\" sizes=\"auto, (max-width: 495px) 100vw, 495px\" \/><\/a> <a href='https:\/\/www.gites-lacledeschamps.fr\/wp-content\/uploads\/2022\/02\/2021-rubenphotographie-gite-CHEZLUCIEN-lacle\u0301deschamps-0150-79-1030x685.jpg' data-rel='gallery-1' data-prev-img='https:\/\/www.gites-lacledeschamps.fr\/wp-content\/uploads\/2022\/02\/2021-rubenphotographie-gite-CHEZLUCIEN-lacle\u0301deschamps-0150-79-1030x685.jpg' class='lightbox ' data-onclick='29' title='La Cl\u00e9 des Champs'  itemprop=\"thumbnailUrl\"  ><img loading=\"lazy\" decoding=\"async\" class=\"wp-image-6988 avia-img-lazy-loading-6988\"   src=\"https:\/\/www.gites-lacledeschamps.fr\/wp-content\/uploads\/2022\/02\/2021-rubenphotographie-gite-CHEZLUCIEN-lacle\u0301deschamps-0150-79-495x400.jpg\" width=\"495\" height=\"400\"  title='La Cl\u00e9 des Champs' alt='' srcset=\"https:\/\/www.gites-lacledeschamps.fr\/wp-content\/uploads\/2022\/02\/2021-rubenphotographie-gite-CHEZLUCIEN-lacle\u0301deschamps-0150-79-495x400.jpg 495w, https:\/\/www.gites-lacledeschamps.fr\/wp-content\/uploads\/2022\/02\/2021-rubenphotographie-gite-CHEZLUCIEN-lacle\u0301deschamps-0150-79-845x684.jpg 845w\" sizes=\"auto, (max-width: 495px) 100vw, 495px\" \/><\/a> <a href='https:\/\/www.gites-lacledeschamps.fr\/wp-content\/uploads\/2022\/02\/2021-rubenphotographie-gite-CHEZLUCIEN-lacle\u0301deschamps-0150-76-685x1030.jpg' data-rel='gallery-1' data-prev-img='https:\/\/www.gites-lacledeschamps.fr\/wp-content\/uploads\/2022\/02\/2021-rubenphotographie-gite-CHEZLUCIEN-lacle\u0301deschamps-0150-76-685x1030.jpg' class='lightbox ' data-onclick='30' title='La Cl\u00e9 des Champs'  itemprop=\"thumbnailUrl\"  ><img loading=\"lazy\" decoding=\"async\" class=\"wp-image-6985 avia-img-lazy-loading-6985\"   src=\"https:\/\/www.gites-lacledeschamps.fr\/wp-content\/uploads\/2022\/02\/2021-rubenphotographie-gite-CHEZLUCIEN-lacle\u0301deschamps-0150-76-495x400.jpg\" width=\"495\" height=\"400\"  title='La Cl\u00e9 des Champs' alt='' srcset=\"https:\/\/www.gites-lacledeschamps.fr\/wp-content\/uploads\/2022\/02\/2021-rubenphotographie-gite-CHEZLUCIEN-lacle\u0301deschamps-0150-76-495x400.jpg 495w, https:\/\/www.gites-lacledeschamps.fr\/wp-content\/uploads\/2022\/02\/2021-rubenphotographie-gite-CHEZLUCIEN-lacle\u0301deschamps-0150-76-845x684.jpg 845w\" sizes=\"auto, (max-width: 495px) 100vw, 495px\" \/><\/a> <a href='https:\/\/www.gites-lacledeschamps.fr\/wp-content\/uploads\/2022\/02\/2021-rubenphotographie-gite-CHEZLUCIEN-lacle\u0301deschamps-0150-75-685x1030.jpg' data-rel='gallery-1' data-prev-img='https:\/\/www.gites-lacledeschamps.fr\/wp-content\/uploads\/2022\/02\/2021-rubenphotographie-gite-CHEZLUCIEN-lacle\u0301deschamps-0150-75-685x1030.jpg' class='first_thumb lightbox ' data-onclick='31' title='La Cl\u00e9 des Champs'  itemprop=\"thumbnailUrl\"  ><img loading=\"lazy\" decoding=\"async\" class=\"wp-image-6982 avia-img-lazy-loading-6982\"   src=\"https:\/\/www.gites-lacledeschamps.fr\/wp-content\/uploads\/2022\/02\/2021-rubenphotographie-gite-CHEZLUCIEN-lacle\u0301deschamps-0150-75-495x400.jpg\" width=\"495\" height=\"400\"  title='La Cl\u00e9 des Champs' alt='' srcset=\"https:\/\/www.gites-lacledeschamps.fr\/wp-content\/uploads\/2022\/02\/2021-rubenphotographie-gite-CHEZLUCIEN-lacle\u0301deschamps-0150-75-495x400.jpg 495w, https:\/\/www.gites-lacledeschamps.fr\/wp-content\/uploads\/2022\/02\/2021-rubenphotographie-gite-CHEZLUCIEN-lacle\u0301deschamps-0150-75-845x684.jpg 845w\" sizes=\"auto, (max-width: 495px) 100vw, 495px\" \/><\/a> <a href='https:\/\/www.gites-lacledeschamps.fr\/wp-content\/uploads\/2022\/02\/2021-rubenphotographie-gite-CHEZLUCIEN-lacle\u0301deschamps-0150-74-1030x685.jpg' data-rel='gallery-1' data-prev-img='https:\/\/www.gites-lacledeschamps.fr\/wp-content\/uploads\/2022\/02\/2021-rubenphotographie-gite-CHEZLUCIEN-lacle\u0301deschamps-0150-74-1030x685.jpg' class='lightbox ' data-onclick='32' title='La Cl\u00e9 des Champs'  itemprop=\"thumbnailUrl\"  ><img loading=\"lazy\" decoding=\"async\" class=\"wp-image-6979 avia-img-lazy-loading-6979\"   src=\"https:\/\/www.gites-lacledeschamps.fr\/wp-content\/uploads\/2022\/02\/2021-rubenphotographie-gite-CHEZLUCIEN-lacle\u0301deschamps-0150-74-495x400.jpg\" width=\"495\" height=\"400\"  title='La Cl\u00e9 des Champs' alt='' srcset=\"https:\/\/www.gites-lacledeschamps.fr\/wp-content\/uploads\/2022\/02\/2021-rubenphotographie-gite-CHEZLUCIEN-lacle\u0301deschamps-0150-74-495x400.jpg 495w, https:\/\/www.gites-lacledeschamps.fr\/wp-content\/uploads\/2022\/02\/2021-rubenphotographie-gite-CHEZLUCIEN-lacle\u0301deschamps-0150-74-845x684.jpg 845w\" sizes=\"auto, (max-width: 495px) 100vw, 495px\" \/><\/a> <a href='https:\/\/www.gites-lacledeschamps.fr\/wp-content\/uploads\/2022\/02\/2021-rubenphotographie-gite-CHEZLUCIEN-lacle\u0301deschamps-0150-72-1030x685.jpg' data-rel='gallery-1' data-prev-img='https:\/\/www.gites-lacledeschamps.fr\/wp-content\/uploads\/2022\/02\/2021-rubenphotographie-gite-CHEZLUCIEN-lacle\u0301deschamps-0150-72-1030x685.jpg' class='lightbox ' data-onclick='33' title='La Cl\u00e9 des Champs'  itemprop=\"thumbnailUrl\"  ><img loading=\"lazy\" decoding=\"async\" class=\"wp-image-6976 avia-img-lazy-loading-6976\"   src=\"https:\/\/www.gites-lacledeschamps.fr\/wp-content\/uploads\/2022\/02\/2021-rubenphotographie-gite-CHEZLUCIEN-lacle\u0301deschamps-0150-72-495x400.jpg\" width=\"495\" height=\"400\"  title='La Cl\u00e9 des Champs' alt='' srcset=\"https:\/\/www.gites-lacledeschamps.fr\/wp-content\/uploads\/2022\/02\/2021-rubenphotographie-gite-CHEZLUCIEN-lacle\u0301deschamps-0150-72-495x400.jpg 495w, https:\/\/www.gites-lacledeschamps.fr\/wp-content\/uploads\/2022\/02\/2021-rubenphotographie-gite-CHEZLUCIEN-lacle\u0301deschamps-0150-72-845x684.jpg 845w\" sizes=\"auto, (max-width: 495px) 100vw, 495px\" \/><\/a> <a href='https:\/\/www.gites-lacledeschamps.fr\/wp-content\/uploads\/2022\/02\/2021-rubenphotographie-gite-CHEZLUCIEN-lacle\u0301deschamps-0150-71-1030x685.jpg' data-rel='gallery-1' data-prev-img='https:\/\/www.gites-lacledeschamps.fr\/wp-content\/uploads\/2022\/02\/2021-rubenphotographie-gite-CHEZLUCIEN-lacle\u0301deschamps-0150-71-1030x685.jpg' class='lightbox ' data-onclick='34' title='La Cl\u00e9 des Champs'  itemprop=\"thumbnailUrl\"  ><img loading=\"lazy\" decoding=\"async\" class=\"wp-image-6973 avia-img-lazy-loading-6973\"   src=\"https:\/\/www.gites-lacledeschamps.fr\/wp-content\/uploads\/2022\/02\/2021-rubenphotographie-gite-CHEZLUCIEN-lacle\u0301deschamps-0150-71-495x400.jpg\" width=\"495\" height=\"400\"  title='La Cl\u00e9 des Champs' alt='' srcset=\"https:\/\/www.gites-lacledeschamps.fr\/wp-content\/uploads\/2022\/02\/2021-rubenphotographie-gite-CHEZLUCIEN-lacle\u0301deschamps-0150-71-495x400.jpg 495w, https:\/\/www.gites-lacledeschamps.fr\/wp-content\/uploads\/2022\/02\/2021-rubenphotographie-gite-CHEZLUCIEN-lacle\u0301deschamps-0150-71-845x684.jpg 845w\" sizes=\"auto, (max-width: 495px) 100vw, 495px\" \/><\/a> <a href='https:\/\/www.gites-lacledeschamps.fr\/wp-content\/uploads\/2022\/02\/2021-rubenphotographie-gite-CHEZLUCIEN-lacle\u0301deschamps-0150-70-685x1030.jpg' data-rel='gallery-1' data-prev-img='https:\/\/www.gites-lacledeschamps.fr\/wp-content\/uploads\/2022\/02\/2021-rubenphotographie-gite-CHEZLUCIEN-lacle\u0301deschamps-0150-70-685x1030.jpg' class='lightbox ' data-onclick='35' title='La Cl\u00e9 des Champs'  itemprop=\"thumbnailUrl\"  ><img loading=\"lazy\" decoding=\"async\" class=\"wp-image-6970 avia-img-lazy-loading-6970\"   src=\"https:\/\/www.gites-lacledeschamps.fr\/wp-content\/uploads\/2022\/02\/2021-rubenphotographie-gite-CHEZLUCIEN-lacle\u0301deschamps-0150-70-495x400.jpg\" width=\"495\" height=\"400\"  title='La Cl\u00e9 des Champs' alt='' srcset=\"https:\/\/www.gites-lacledeschamps.fr\/wp-content\/uploads\/2022\/02\/2021-rubenphotographie-gite-CHEZLUCIEN-lacle\u0301deschamps-0150-70-495x400.jpg 495w, https:\/\/www.gites-lacledeschamps.fr\/wp-content\/uploads\/2022\/02\/2021-rubenphotographie-gite-CHEZLUCIEN-lacle\u0301deschamps-0150-70-845x684.jpg 845w\" sizes=\"auto, (max-width: 495px) 100vw, 495px\" \/><\/a> <a href='https:\/\/www.gites-lacledeschamps.fr\/wp-content\/uploads\/2022\/02\/2021-rubenphotographie-gite-CHEZLUCIEN-lacle\u0301deschamps-0150-67-685x1030.jpg' data-rel='gallery-1' data-prev-img='https:\/\/www.gites-lacledeschamps.fr\/wp-content\/uploads\/2022\/02\/2021-rubenphotographie-gite-CHEZLUCIEN-lacle\u0301deschamps-0150-67-685x1030.jpg' class='first_thumb lightbox ' data-onclick='36' title='La Cl\u00e9 des Champs'  itemprop=\"thumbnailUrl\"  ><img loading=\"lazy\" decoding=\"async\" class=\"wp-image-6967 avia-img-lazy-loading-6967\"   src=\"https:\/\/www.gites-lacledeschamps.fr\/wp-content\/uploads\/2022\/02\/2021-rubenphotographie-gite-CHEZLUCIEN-lacle\u0301deschamps-0150-67-495x400.jpg\" width=\"495\" height=\"400\"  title='La Cl\u00e9 des Champs' alt='' srcset=\"https:\/\/www.gites-lacledeschamps.fr\/wp-content\/uploads\/2022\/02\/2021-rubenphotographie-gite-CHEZLUCIEN-lacle\u0301deschamps-0150-67-495x400.jpg 495w, https:\/\/www.gites-lacledeschamps.fr\/wp-content\/uploads\/2022\/02\/2021-rubenphotographie-gite-CHEZLUCIEN-lacle\u0301deschamps-0150-67-845x684.jpg 845w\" sizes=\"auto, (max-width: 495px) 100vw, 495px\" \/><\/a> <a href='https:\/\/www.gites-lacledeschamps.fr\/wp-content\/uploads\/2022\/02\/2021-rubenphotographie-gite-CHEZLUCIEN-lacle\u0301deschamps-0150-66-1030x685.jpg' data-rel='gallery-1' data-prev-img='https:\/\/www.gites-lacledeschamps.fr\/wp-content\/uploads\/2022\/02\/2021-rubenphotographie-gite-CHEZLUCIEN-lacle\u0301deschamps-0150-66-1030x685.jpg' class='lightbox ' data-onclick='37' title='La Cl\u00e9 des Champs'  itemprop=\"thumbnailUrl\"  ><img loading=\"lazy\" decoding=\"async\" class=\"wp-image-6964 avia-img-lazy-loading-6964\"   src=\"https:\/\/www.gites-lacledeschamps.fr\/wp-content\/uploads\/2022\/02\/2021-rubenphotographie-gite-CHEZLUCIEN-lacle\u0301deschamps-0150-66-495x400.jpg\" width=\"495\" height=\"400\"  title='La Cl\u00e9 des Champs' alt='' srcset=\"https:\/\/www.gites-lacledeschamps.fr\/wp-content\/uploads\/2022\/02\/2021-rubenphotographie-gite-CHEZLUCIEN-lacle\u0301deschamps-0150-66-495x400.jpg 495w, https:\/\/www.gites-lacledeschamps.fr\/wp-content\/uploads\/2022\/02\/2021-rubenphotographie-gite-CHEZLUCIEN-lacle\u0301deschamps-0150-66-845x684.jpg 845w\" sizes=\"auto, (max-width: 495px) 100vw, 495px\" \/><\/a> <a href='https:\/\/www.gites-lacledeschamps.fr\/wp-content\/uploads\/2022\/02\/2021-rubenphotographie-gite-CHEZLUCIEN-lacle\u0301deschamps-0150-60-685x1030.jpg' data-rel='gallery-1' data-prev-img='https:\/\/www.gites-lacledeschamps.fr\/wp-content\/uploads\/2022\/02\/2021-rubenphotographie-gite-CHEZLUCIEN-lacle\u0301deschamps-0150-60-685x1030.jpg' class='lightbox ' data-onclick='38' title='La Cl\u00e9 des Champs'  itemprop=\"thumbnailUrl\"  ><img loading=\"lazy\" decoding=\"async\" class=\"wp-image-6961 avia-img-lazy-loading-6961\"   src=\"https:\/\/www.gites-lacledeschamps.fr\/wp-content\/uploads\/2022\/02\/2021-rubenphotographie-gite-CHEZLUCIEN-lacle\u0301deschamps-0150-60-495x400.jpg\" width=\"495\" height=\"400\"  title='La Cl\u00e9 des Champs' alt='' srcset=\"https:\/\/www.gites-lacledeschamps.fr\/wp-content\/uploads\/2022\/02\/2021-rubenphotographie-gite-CHEZLUCIEN-lacle\u0301deschamps-0150-60-495x400.jpg 495w, https:\/\/www.gites-lacledeschamps.fr\/wp-content\/uploads\/2022\/02\/2021-rubenphotographie-gite-CHEZLUCIEN-lacle\u0301deschamps-0150-60-845x684.jpg 845w\" sizes=\"auto, (max-width: 495px) 100vw, 495px\" \/><\/a> <a href='https:\/\/www.gites-lacledeschamps.fr\/wp-content\/uploads\/2022\/02\/2021-rubenphotographie-gite-CHEZLUCIEN-lacle\u0301deschamps-0150-59-1030x685.jpg' data-rel='gallery-1' data-prev-img='https:\/\/www.gites-lacledeschamps.fr\/wp-content\/uploads\/2022\/02\/2021-rubenphotographie-gite-CHEZLUCIEN-lacle\u0301deschamps-0150-59-1030x685.jpg' class='lightbox ' data-onclick='39' title='La Cl\u00e9 des Champs'  itemprop=\"thumbnailUrl\"  ><img loading=\"lazy\" decoding=\"async\" class=\"wp-image-6958 avia-img-lazy-loading-6958\"   src=\"https:\/\/www.gites-lacledeschamps.fr\/wp-content\/uploads\/2022\/02\/2021-rubenphotographie-gite-CHEZLUCIEN-lacle\u0301deschamps-0150-59-495x400.jpg\" width=\"495\" height=\"400\"  title='La Cl\u00e9 des Champs' alt='' srcset=\"https:\/\/www.gites-lacledeschamps.fr\/wp-content\/uploads\/2022\/02\/2021-rubenphotographie-gite-CHEZLUCIEN-lacle\u0301deschamps-0150-59-495x400.jpg 495w, https:\/\/www.gites-lacledeschamps.fr\/wp-content\/uploads\/2022\/02\/2021-rubenphotographie-gite-CHEZLUCIEN-lacle\u0301deschamps-0150-59-845x684.jpg 845w\" sizes=\"auto, (max-width: 495px) 100vw, 495px\" \/><\/a> <a href='https:\/\/www.gites-lacledeschamps.fr\/wp-content\/uploads\/2022\/02\/2021-rubenphotographie-gite-CHEZLUCIEN-lacle\u0301deschamps-0150-57-685x1030.jpg' data-rel='gallery-1' data-prev-img='https:\/\/www.gites-lacledeschamps.fr\/wp-content\/uploads\/2022\/02\/2021-rubenphotographie-gite-CHEZLUCIEN-lacle\u0301deschamps-0150-57-685x1030.jpg' class='lightbox ' data-onclick='40' title='La Cl\u00e9 des Champs'  itemprop=\"thumbnailUrl\"  ><img loading=\"lazy\" decoding=\"async\" class=\"wp-image-6955 avia-img-lazy-loading-6955\"   src=\"https:\/\/www.gites-lacledeschamps.fr\/wp-content\/uploads\/2022\/02\/2021-rubenphotographie-gite-CHEZLUCIEN-lacle\u0301deschamps-0150-57-495x400.jpg\" width=\"495\" height=\"400\"  title='La Cl\u00e9 des Champs' alt='' srcset=\"https:\/\/www.gites-lacledeschamps.fr\/wp-content\/uploads\/2022\/02\/2021-rubenphotographie-gite-CHEZLUCIEN-lacle\u0301deschamps-0150-57-495x400.jpg 495w, https:\/\/www.gites-lacledeschamps.fr\/wp-content\/uploads\/2022\/02\/2021-rubenphotographie-gite-CHEZLUCIEN-lacle\u0301deschamps-0150-57-845x684.jpg 845w\" sizes=\"auto, (max-width: 495px) 100vw, 495px\" \/><\/a> <a href='https:\/\/www.gites-lacledeschamps.fr\/wp-content\/uploads\/2022\/02\/2021-rubenphotographie-gite-CHEZLUCIEN-lacle\u0301deschamps-0095-8-1030x685.jpg' data-rel='gallery-1' data-prev-img='https:\/\/www.gites-lacledeschamps.fr\/wp-content\/uploads\/2022\/02\/2021-rubenphotographie-gite-CHEZLUCIEN-lacle\u0301deschamps-0095-8-1030x685.jpg' class='first_thumb lightbox ' data-onclick='41' title='2021 rubenphotographie-gite-CHEZLUCIEN lacle\u0301deschamps-0095 (8)'  itemprop=\"thumbnailUrl\"  ><img loading=\"lazy\" decoding=\"async\" class=\"wp-image-6952 avia-img-lazy-loading-6952\"   src=\"https:\/\/www.gites-lacledeschamps.fr\/wp-content\/uploads\/2022\/02\/2021-rubenphotographie-gite-CHEZLUCIEN-lacle\u0301deschamps-0095-8-495x400.jpg\" width=\"495\" height=\"400\"  title='2021 rubenphotographie-gite-CHEZLUCIEN lacle\u0301deschamps-0095 (8)' alt='' srcset=\"https:\/\/www.gites-lacledeschamps.fr\/wp-content\/uploads\/2022\/02\/2021-rubenphotographie-gite-CHEZLUCIEN-lacle\u0301deschamps-0095-8-495x400.jpg 495w, https:\/\/www.gites-lacledeschamps.fr\/wp-content\/uploads\/2022\/02\/2021-rubenphotographie-gite-CHEZLUCIEN-lacle\u0301deschamps-0095-8-845x684.jpg 845w\" sizes=\"auto, (max-width: 495px) 100vw, 495px\" \/><\/a> <a href='https:\/\/www.gites-lacledeschamps.fr\/wp-content\/uploads\/2022\/02\/2021-rubenphotographie-gite-CHEZLUCIEN-lacle\u0301deschamps-0095-7-1030x685.jpg' data-rel='gallery-1' data-prev-img='https:\/\/www.gites-lacledeschamps.fr\/wp-content\/uploads\/2022\/02\/2021-rubenphotographie-gite-CHEZLUCIEN-lacle\u0301deschamps-0095-7-1030x685.jpg' class='lightbox ' data-onclick='42' title='La Cl\u00e9 des Champs'  itemprop=\"thumbnailUrl\"  ><img loading=\"lazy\" decoding=\"async\" class=\"wp-image-6949 avia-img-lazy-loading-6949\"   src=\"https:\/\/www.gites-lacledeschamps.fr\/wp-content\/uploads\/2022\/02\/2021-rubenphotographie-gite-CHEZLUCIEN-lacle\u0301deschamps-0095-7-495x400.jpg\" width=\"495\" height=\"400\"  title='La Cl\u00e9 des Champs' alt='' srcset=\"https:\/\/www.gites-lacledeschamps.fr\/wp-content\/uploads\/2022\/02\/2021-rubenphotographie-gite-CHEZLUCIEN-lacle\u0301deschamps-0095-7-495x400.jpg 495w, https:\/\/www.gites-lacledeschamps.fr\/wp-content\/uploads\/2022\/02\/2021-rubenphotographie-gite-CHEZLUCIEN-lacle\u0301deschamps-0095-7-845x684.jpg 845w\" sizes=\"auto, (max-width: 495px) 100vw, 495px\" \/><\/a> <a href='https:\/\/www.gites-lacledeschamps.fr\/wp-content\/uploads\/2021\/08\/gite-chezlucien-73.jpg' data-rel='gallery-1' data-prev-img='https:\/\/www.gites-lacledeschamps.fr\/wp-content\/uploads\/2021\/08\/gite-chezlucien-73.jpg' class='lightbox ' data-onclick='43' title='gite-chezlucien-73'  itemprop=\"thumbnailUrl\"  ><img loading=\"lazy\" decoding=\"async\" class=\"wp-image-6472 avia-img-lazy-loading-6472\"   src=\"https:\/\/www.gites-lacledeschamps.fr\/wp-content\/uploads\/2021\/08\/gite-chezlucien-73-495x400.jpg\" width=\"495\" height=\"400\"  title='gite-chezlucien-73' alt='' \/><\/a> <a href='https:\/\/www.gites-lacledeschamps.fr\/wp-content\/uploads\/2021\/08\/gite-chezlucien-72.jpg' data-rel='gallery-1' data-prev-img='https:\/\/www.gites-lacledeschamps.fr\/wp-content\/uploads\/2021\/08\/gite-chezlucien-72.jpg' class='lightbox ' data-onclick='44' title='gite-chezlucien-72'  itemprop=\"thumbnailUrl\"  ><img loading=\"lazy\" decoding=\"async\" class=\"wp-image-6469 avia-img-lazy-loading-6469\"   src=\"https:\/\/www.gites-lacledeschamps.fr\/wp-content\/uploads\/2021\/08\/gite-chezlucien-72-454x400.jpg\" width=\"454\" height=\"400\"  title='gite-chezlucien-72' alt='' \/><\/a> <a href='https:\/\/www.gites-lacledeschamps.fr\/wp-content\/uploads\/2021\/08\/gite-chezlucien-71.jpg' data-rel='gallery-1' data-prev-img='https:\/\/www.gites-lacledeschamps.fr\/wp-content\/uploads\/2021\/08\/gite-chezlucien-71.jpg' class='lightbox ' data-onclick='45' title='gite-chezlucien-71'  itemprop=\"thumbnailUrl\"  ><img loading=\"lazy\" decoding=\"async\" class=\"wp-image-6466 avia-img-lazy-loading-6466\"   src=\"https:\/\/www.gites-lacledeschamps.fr\/wp-content\/uploads\/2021\/08\/gite-chezlucien-71-473x400.jpg\" width=\"473\" height=\"400\"  title='gite-chezlucien-71' alt='' \/><\/a> <a href='https:\/\/www.gites-lacledeschamps.fr\/wp-content\/uploads\/2021\/08\/gite-chezlucien-70.jpg' data-rel='gallery-1' data-prev-img='https:\/\/www.gites-lacledeschamps.fr\/wp-content\/uploads\/2021\/08\/gite-chezlucien-70.jpg' class='first_thumb lightbox ' data-onclick='46' title='gite-chezlucien-70'  itemprop=\"thumbnailUrl\"  ><img loading=\"lazy\" decoding=\"async\" class=\"wp-image-6463 avia-img-lazy-loading-6463\"   src=\"https:\/\/www.gites-lacledeschamps.fr\/wp-content\/uploads\/2021\/08\/gite-chezlucien-70-451x400.jpg\" width=\"451\" height=\"400\"  title='gite-chezlucien-70' alt='' \/><\/a> <a href='https:\/\/www.gites-lacledeschamps.fr\/wp-content\/uploads\/2021\/08\/gite-chezlucien-69.jpg' data-rel='gallery-1' data-prev-img='https:\/\/www.gites-lacledeschamps.fr\/wp-content\/uploads\/2021\/08\/gite-chezlucien-69.jpg' class='lightbox ' data-onclick='47' title='gite-chezlucien-69'  itemprop=\"thumbnailUrl\"  ><img loading=\"lazy\" decoding=\"async\" class=\"wp-image-6460 avia-img-lazy-loading-6460\"   src=\"https:\/\/www.gites-lacledeschamps.fr\/wp-content\/uploads\/2021\/08\/gite-chezlucien-69-449x400.jpg\" width=\"449\" height=\"400\"  title='gite-chezlucien-69' alt='' \/><\/a> <a href='https:\/\/www.gites-lacledeschamps.fr\/wp-content\/uploads\/2021\/08\/gite-chezlucien-68.jpg' data-rel='gallery-1' data-prev-img='https:\/\/www.gites-lacledeschamps.fr\/wp-content\/uploads\/2021\/08\/gite-chezlucien-68.jpg' class='lightbox ' data-onclick='48' title='gite-chezlucien-68'  itemprop=\"thumbnailUrl\"  ><img loading=\"lazy\" decoding=\"async\" class=\"wp-image-6457 avia-img-lazy-loading-6457\"   src=\"https:\/\/www.gites-lacledeschamps.fr\/wp-content\/uploads\/2021\/08\/gite-chezlucien-68-452x400.jpg\" width=\"452\" height=\"400\"  title='gite-chezlucien-68' alt='' \/><\/a> <a href='https:\/\/www.gites-lacledeschamps.fr\/wp-content\/uploads\/2021\/08\/gite-chezlucien-67.jpg' data-rel='gallery-1' data-prev-img='https:\/\/www.gites-lacledeschamps.fr\/wp-content\/uploads\/2021\/08\/gite-chezlucien-67.jpg' class='lightbox ' data-onclick='49' title='gite-chezlucien-67'  itemprop=\"thumbnailUrl\"  ><img loading=\"lazy\" decoding=\"async\" class=\"wp-image-6454 avia-img-lazy-loading-6454\"   src=\"https:\/\/www.gites-lacledeschamps.fr\/wp-content\/uploads\/2021\/08\/gite-chezlucien-67-442x400.jpg\" width=\"442\" height=\"400\"  title='gite-chezlucien-67' alt='' \/><\/a> <a href='https:\/\/www.gites-lacledeschamps.fr\/wp-content\/uploads\/2021\/08\/gite-chezlucien-66.jpg' data-rel='gallery-1' data-prev-img='https:\/\/www.gites-lacledeschamps.fr\/wp-content\/uploads\/2021\/08\/gite-chezlucien-66.jpg' class='lightbox ' data-onclick='50' title='gite-chezlucien-66'  itemprop=\"thumbnailUrl\"  ><img loading=\"lazy\" decoding=\"async\" class=\"wp-image-6451 avia-img-lazy-loading-6451\"   src=\"https:\/\/www.gites-lacledeschamps.fr\/wp-content\/uploads\/2021\/08\/gite-chezlucien-66-457x400.jpg\" width=\"457\" height=\"400\"  title='gite-chezlucien-66' alt='' \/><\/a> <a href='https:\/\/www.gites-lacledeschamps.fr\/wp-content\/uploads\/2021\/08\/gite-chezlucien-65.jpg' data-rel='gallery-1' data-prev-img='https:\/\/www.gites-lacledeschamps.fr\/wp-content\/uploads\/2021\/08\/gite-chezlucien-65.jpg' class='first_thumb lightbox ' data-onclick='51' title='gite-chezlucien-65'  itemprop=\"thumbnailUrl\"  ><img loading=\"lazy\" decoding=\"async\" class=\"wp-image-6448 avia-img-lazy-loading-6448\"   src=\"https:\/\/www.gites-lacledeschamps.fr\/wp-content\/uploads\/2021\/08\/gite-chezlucien-65-445x400.jpg\" width=\"445\" height=\"400\"  title='gite-chezlucien-65' alt='' \/><\/a> <a href='https:\/\/www.gites-lacledeschamps.fr\/wp-content\/uploads\/2021\/08\/gite-chezlucien-64.jpg' data-rel='gallery-1' data-prev-img='https:\/\/www.gites-lacledeschamps.fr\/wp-content\/uploads\/2021\/08\/gite-chezlucien-64.jpg' class='lightbox ' data-onclick='52' title='gite-chezlucien-64'  itemprop=\"thumbnailUrl\"  ><img loading=\"lazy\" decoding=\"async\" class=\"wp-image-6445 avia-img-lazy-loading-6445\"   src=\"https:\/\/www.gites-lacledeschamps.fr\/wp-content\/uploads\/2021\/08\/gite-chezlucien-64-449x400.jpg\" width=\"449\" height=\"400\"  title='gite-chezlucien-64' alt='' \/><\/a> <a href='https:\/\/www.gites-lacledeschamps.fr\/wp-content\/uploads\/2021\/08\/gite-chezlucien-63.jpg' data-rel='gallery-1' data-prev-img='https:\/\/www.gites-lacledeschamps.fr\/wp-content\/uploads\/2021\/08\/gite-chezlucien-63.jpg' class='lightbox ' data-onclick='53' title='gite-chezlucien-63'  itemprop=\"thumbnailUrl\"  ><img loading=\"lazy\" decoding=\"async\" class=\"wp-image-6442 avia-img-lazy-loading-6442\"   src=\"https:\/\/www.gites-lacledeschamps.fr\/wp-content\/uploads\/2021\/08\/gite-chezlucien-63-495x400.jpg\" width=\"495\" height=\"400\"  title='gite-chezlucien-63' alt='' \/><\/a> <a href='https:\/\/www.gites-lacledeschamps.fr\/wp-content\/uploads\/2021\/08\/gite-chezlucien-61.jpg' data-rel='gallery-1' data-prev-img='https:\/\/www.gites-lacledeschamps.fr\/wp-content\/uploads\/2021\/08\/gite-chezlucien-61.jpg' class='lightbox ' data-onclick='54' title='gite-chezlucien-61'  itemprop=\"thumbnailUrl\"  ><img loading=\"lazy\" decoding=\"async\" class=\"wp-image-6439 avia-img-lazy-loading-6439\"   src=\"https:\/\/www.gites-lacledeschamps.fr\/wp-content\/uploads\/2021\/08\/gite-chezlucien-61-449x400.jpg\" width=\"449\" height=\"400\"  title='gite-chezlucien-61' alt='' \/><\/a> <a href='https:\/\/www.gites-lacledeschamps.fr\/wp-content\/uploads\/2021\/08\/gite-chezlucien-60.jpg' data-rel='gallery-1' data-prev-img='https:\/\/www.gites-lacledeschamps.fr\/wp-content\/uploads\/2021\/08\/gite-chezlucien-60.jpg' class='lightbox ' data-onclick='55' title='gite-chezlucien-60'  itemprop=\"thumbnailUrl\"  ><img loading=\"lazy\" decoding=\"async\" class=\"wp-image-6436 avia-img-lazy-loading-6436\"   src=\"https:\/\/www.gites-lacledeschamps.fr\/wp-content\/uploads\/2021\/08\/gite-chezlucien-60-495x400.jpg\" width=\"495\" height=\"400\"  title='gite-chezlucien-60' alt='' \/><\/a> <a href='https:\/\/www.gites-lacledeschamps.fr\/wp-content\/uploads\/2021\/08\/gite-chezlucien-59.jpg' data-rel='gallery-1' data-prev-img='https:\/\/www.gites-lacledeschamps.fr\/wp-content\/uploads\/2021\/08\/gite-chezlucien-59.jpg' class='first_thumb lightbox ' data-onclick='56' title='gite-chezlucien-59'  itemprop=\"thumbnailUrl\"  ><img loading=\"lazy\" decoding=\"async\" class=\"wp-image-6433 avia-img-lazy-loading-6433\"   src=\"https:\/\/www.gites-lacledeschamps.fr\/wp-content\/uploads\/2021\/08\/gite-chezlucien-59-452x400.jpg\" width=\"452\" height=\"400\"  title='gite-chezlucien-59' alt='' \/><\/a> <a href='https:\/\/www.gites-lacledeschamps.fr\/wp-content\/uploads\/2021\/08\/gite-chezlucien-58.jpg' data-rel='gallery-1' data-prev-img='https:\/\/www.gites-lacledeschamps.fr\/wp-content\/uploads\/2021\/08\/gite-chezlucien-58.jpg' class='lightbox ' data-onclick='57' title='gite-chezlucien-58'  itemprop=\"thumbnailUrl\"  ><img loading=\"lazy\" decoding=\"async\" class=\"wp-image-6430 avia-img-lazy-loading-6430\"   src=\"https:\/\/www.gites-lacledeschamps.fr\/wp-content\/uploads\/2021\/08\/gite-chezlucien-58-447x400.jpg\" width=\"447\" height=\"400\"  title='gite-chezlucien-58' alt='' \/><\/a> <a href='https:\/\/www.gites-lacledeschamps.fr\/wp-content\/uploads\/2021\/08\/gite-chezlucien-56.jpg' data-rel='gallery-1' data-prev-img='https:\/\/www.gites-lacledeschamps.fr\/wp-content\/uploads\/2021\/08\/gite-chezlucien-56.jpg' class='lightbox ' data-onclick='58' title='gite-chezlucien-56'  itemprop=\"thumbnailUrl\"  ><img loading=\"lazy\" decoding=\"async\" class=\"wp-image-6427 avia-img-lazy-loading-6427\"   src=\"https:\/\/www.gites-lacledeschamps.fr\/wp-content\/uploads\/2021\/08\/gite-chezlucien-56-446x400.jpg\" width=\"446\" height=\"400\"  title='gite-chezlucien-56' alt='' \/><\/a> <a href='https:\/\/www.gites-lacledeschamps.fr\/wp-content\/uploads\/2021\/08\/gite-chezlucien-54.jpg' data-rel='gallery-1' data-prev-img='https:\/\/www.gites-lacledeschamps.fr\/wp-content\/uploads\/2021\/08\/gite-chezlucien-54.jpg' class='lightbox ' data-onclick='59' title='gite-chezlucien-54'  itemprop=\"thumbnailUrl\"  ><img loading=\"lazy\" decoding=\"async\" class=\"wp-image-6424 avia-img-lazy-loading-6424\"   src=\"https:\/\/www.gites-lacledeschamps.fr\/wp-content\/uploads\/2021\/08\/gite-chezlucien-54-456x400.jpg\" width=\"456\" height=\"400\"  title='gite-chezlucien-54' alt='' \/><\/a> <a href='https:\/\/www.gites-lacledeschamps.fr\/wp-content\/uploads\/2021\/08\/gite-chezlucien-53.jpg' data-rel='gallery-1' data-prev-img='https:\/\/www.gites-lacledeschamps.fr\/wp-content\/uploads\/2021\/08\/gite-chezlucien-53.jpg' class='lightbox ' data-onclick='60' title='gite-chezlucien-53'  itemprop=\"thumbnailUrl\"  ><img loading=\"lazy\" decoding=\"async\" class=\"wp-image-6421 avia-img-lazy-loading-6421\"   src=\"https:\/\/www.gites-lacledeschamps.fr\/wp-content\/uploads\/2021\/08\/gite-chezlucien-53-495x400.jpg\" width=\"495\" height=\"400\"  title='gite-chezlucien-53' alt='' \/><\/a> <a href='https:\/\/www.gites-lacledeschamps.fr\/wp-content\/uploads\/2021\/08\/gite-chezlucien-52.jpg' data-rel='gallery-1' data-prev-img='https:\/\/www.gites-lacledeschamps.fr\/wp-content\/uploads\/2021\/08\/gite-chezlucien-52.jpg' class='first_thumb lightbox ' data-onclick='61' title='gite-chezlucien-52'  itemprop=\"thumbnailUrl\"  ><img loading=\"lazy\" decoding=\"async\" class=\"wp-image-6418 avia-img-lazy-loading-6418\"   src=\"https:\/\/www.gites-lacledeschamps.fr\/wp-content\/uploads\/2021\/08\/gite-chezlucien-52-460x400.jpg\" width=\"460\" height=\"400\"  title='gite-chezlucien-52' alt='' \/><\/a> <a href='https:\/\/www.gites-lacledeschamps.fr\/wp-content\/uploads\/2021\/08\/gite-chezlucien-51.jpg' data-rel='gallery-1' data-prev-img='https:\/\/www.gites-lacledeschamps.fr\/wp-content\/uploads\/2021\/08\/gite-chezlucien-51.jpg' class='lightbox ' data-onclick='62' title='gite-chezlucien-51'  itemprop=\"thumbnailUrl\"  ><img loading=\"lazy\" decoding=\"async\" class=\"wp-image-6415 avia-img-lazy-loading-6415\"   src=\"https:\/\/www.gites-lacledeschamps.fr\/wp-content\/uploads\/2021\/08\/gite-chezlucien-51-495x400.jpg\" width=\"495\" height=\"400\"  title='gite-chezlucien-51' alt='' \/><\/a> <a href='https:\/\/www.gites-lacledeschamps.fr\/wp-content\/uploads\/2021\/08\/gite-chezlucien-49.jpg' data-rel='gallery-1' data-prev-img='https:\/\/www.gites-lacledeschamps.fr\/wp-content\/uploads\/2021\/08\/gite-chezlucien-49.jpg' class='lightbox ' data-onclick='63' title='gite-chezlucien-49'  itemprop=\"thumbnailUrl\"  ><img loading=\"lazy\" decoding=\"async\" class=\"wp-image-6412 avia-img-lazy-loading-6412\"   src=\"https:\/\/www.gites-lacledeschamps.fr\/wp-content\/uploads\/2021\/08\/gite-chezlucien-49-455x400.jpg\" width=\"455\" height=\"400\"  title='gite-chezlucien-49' alt='' \/><\/a> <a href='https:\/\/www.gites-lacledeschamps.fr\/wp-content\/uploads\/2021\/08\/gite-chezlucien-47.jpg' data-rel='gallery-1' data-prev-img='https:\/\/www.gites-lacledeschamps.fr\/wp-content\/uploads\/2021\/08\/gite-chezlucien-47.jpg' class='lightbox ' data-onclick='64' title='gite-chezlucien-47'  itemprop=\"thumbnailUrl\"  ><img loading=\"lazy\" decoding=\"async\" class=\"wp-image-6409 avia-img-lazy-loading-6409\"   src=\"https:\/\/www.gites-lacledeschamps.fr\/wp-content\/uploads\/2021\/08\/gite-chezlucien-47-442x400.jpg\" width=\"442\" height=\"400\"  title='gite-chezlucien-47' alt='' \/><\/a> <a href='https:\/\/www.gites-lacledeschamps.fr\/wp-content\/uploads\/2021\/08\/gite-chezlucien-46.jpg' data-rel='gallery-1' data-prev-img='https:\/\/www.gites-lacledeschamps.fr\/wp-content\/uploads\/2021\/08\/gite-chezlucien-46.jpg' class='lightbox ' data-onclick='65' title='gite-chezlucien-46'  itemprop=\"thumbnailUrl\"  ><img loading=\"lazy\" decoding=\"async\" class=\"wp-image-6406 avia-img-lazy-loading-6406\"   src=\"https:\/\/www.gites-lacledeschamps.fr\/wp-content\/uploads\/2021\/08\/gite-chezlucien-46-495x400.jpg\" width=\"495\" height=\"400\"  title='gite-chezlucien-46' alt='' \/><\/a> <a href='https:\/\/www.gites-lacledeschamps.fr\/wp-content\/uploads\/2021\/08\/gite-chezlucien-45.jpg' data-rel='gallery-1' data-prev-img='https:\/\/www.gites-lacledeschamps.fr\/wp-content\/uploads\/2021\/08\/gite-chezlucien-45.jpg' class='first_thumb lightbox ' data-onclick='66' title='gite-chezlucien-45'  itemprop=\"thumbnailUrl\"  ><img loading=\"lazy\" decoding=\"async\" class=\"wp-image-6403 avia-img-lazy-loading-6403\"   src=\"https:\/\/www.gites-lacledeschamps.fr\/wp-content\/uploads\/2021\/08\/gite-chezlucien-45-444x400.jpg\" width=\"444\" height=\"400\"  title='gite-chezlucien-45' alt='' \/><\/a> <a href='https:\/\/www.gites-lacledeschamps.fr\/wp-content\/uploads\/2021\/08\/gite-chezlucien-44.jpg' data-rel='gallery-1' data-prev-img='https:\/\/www.gites-lacledeschamps.fr\/wp-content\/uploads\/2021\/08\/gite-chezlucien-44.jpg' class='lightbox ' data-onclick='67' title='gite-chezlucien-44'  itemprop=\"thumbnailUrl\"  ><img loading=\"lazy\" decoding=\"async\" class=\"wp-image-6400 avia-img-lazy-loading-6400\"   src=\"https:\/\/www.gites-lacledeschamps.fr\/wp-content\/uploads\/2021\/08\/gite-chezlucien-44-448x400.jpg\" width=\"448\" height=\"400\"  title='gite-chezlucien-44' alt='' \/><\/a> <a href='https:\/\/www.gites-lacledeschamps.fr\/wp-content\/uploads\/2021\/08\/gite-chezlucien-43.jpg' data-rel='gallery-1' data-prev-img='https:\/\/www.gites-lacledeschamps.fr\/wp-content\/uploads\/2021\/08\/gite-chezlucien-43.jpg' class='lightbox ' data-onclick='68' title='gite-chezlucien-43'  itemprop=\"thumbnailUrl\"  ><img loading=\"lazy\" decoding=\"async\" class=\"wp-image-6397 avia-img-lazy-loading-6397\"   src=\"https:\/\/www.gites-lacledeschamps.fr\/wp-content\/uploads\/2021\/08\/gite-chezlucien-43-449x400.jpg\" width=\"449\" height=\"400\"  title='gite-chezlucien-43' alt='' \/><\/a> <a href='https:\/\/www.gites-lacledeschamps.fr\/wp-content\/uploads\/2021\/08\/gite-chezlucien-42.jpg' data-rel='gallery-1' data-prev-img='https:\/\/www.gites-lacledeschamps.fr\/wp-content\/uploads\/2021\/08\/gite-chezlucien-42.jpg' class='lightbox ' data-onclick='69' title='gite-chezlucien-42'  itemprop=\"thumbnailUrl\"  ><img loading=\"lazy\" decoding=\"async\" class=\"wp-image-6394 avia-img-lazy-loading-6394\"   src=\"https:\/\/www.gites-lacledeschamps.fr\/wp-content\/uploads\/2021\/08\/gite-chezlucien-42-453x400.jpg\" width=\"453\" height=\"400\"  title='gite-chezlucien-42' alt='' \/><\/a> <a href='https:\/\/www.gites-lacledeschamps.fr\/wp-content\/uploads\/2021\/08\/gite-chezlucien-41.jpg' data-rel='gallery-1' data-prev-img='https:\/\/www.gites-lacledeschamps.fr\/wp-content\/uploads\/2021\/08\/gite-chezlucien-41.jpg' class='lightbox ' data-onclick='70' title='gite-chezlucien-41'  itemprop=\"thumbnailUrl\"  ><img loading=\"lazy\" decoding=\"async\" class=\"wp-image-6391 avia-img-lazy-loading-6391\"   src=\"https:\/\/www.gites-lacledeschamps.fr\/wp-content\/uploads\/2021\/08\/gite-chezlucien-41-495x400.jpg\" width=\"495\" height=\"400\"  title='gite-chezlucien-41' alt='' \/><\/a> <a href='https:\/\/www.gites-lacledeschamps.fr\/wp-content\/uploads\/2021\/08\/gite-chezlucien-40.jpg' data-rel='gallery-1' data-prev-img='https:\/\/www.gites-lacledeschamps.fr\/wp-content\/uploads\/2021\/08\/gite-chezlucien-40.jpg' class='first_thumb lightbox ' data-onclick='71' title='gite-chezlucien-40'  itemprop=\"thumbnailUrl\"  ><img loading=\"lazy\" decoding=\"async\" class=\"wp-image-6388 avia-img-lazy-loading-6388\"   src=\"https:\/\/www.gites-lacledeschamps.fr\/wp-content\/uploads\/2021\/08\/gite-chezlucien-40-452x400.jpg\" width=\"452\" height=\"400\"  title='gite-chezlucien-40' alt='' \/><\/a> <a href='https:\/\/www.gites-lacledeschamps.fr\/wp-content\/uploads\/2021\/08\/gite-chezlucien-39.jpg' data-rel='gallery-1' data-prev-img='https:\/\/www.gites-lacledeschamps.fr\/wp-content\/uploads\/2021\/08\/gite-chezlucien-39.jpg' class='lightbox ' data-onclick='72' title='gite-chezlucien-39'  itemprop=\"thumbnailUrl\"  ><img loading=\"lazy\" decoding=\"async\" class=\"wp-image-6385 avia-img-lazy-loading-6385\"   src=\"https:\/\/www.gites-lacledeschamps.fr\/wp-content\/uploads\/2021\/08\/gite-chezlucien-39-448x400.jpg\" width=\"448\" height=\"400\"  title='gite-chezlucien-39' alt='' \/><\/a> <a href='https:\/\/www.gites-lacledeschamps.fr\/wp-content\/uploads\/2021\/08\/gite-chezlucien-38.jpg' data-rel='gallery-1' data-prev-img='https:\/\/www.gites-lacledeschamps.fr\/wp-content\/uploads\/2021\/08\/gite-chezlucien-38.jpg' class='lightbox ' data-onclick='73' title='gite-chezlucien-38'  itemprop=\"thumbnailUrl\"  ><img loading=\"lazy\" decoding=\"async\" class=\"wp-image-6382 avia-img-lazy-loading-6382\"   src=\"https:\/\/www.gites-lacledeschamps.fr\/wp-content\/uploads\/2021\/08\/gite-chezlucien-38-444x400.jpg\" width=\"444\" height=\"400\"  title='gite-chezlucien-38' alt='' \/><\/a> <a href='https:\/\/www.gites-lacledeschamps.fr\/wp-content\/uploads\/2021\/08\/gite-chezlucien-34.jpg' data-rel='gallery-1' data-prev-img='https:\/\/www.gites-lacledeschamps.fr\/wp-content\/uploads\/2021\/08\/gite-chezlucien-34.jpg' class='lightbox ' data-onclick='74' title='gite-chezlucien-34'  itemprop=\"thumbnailUrl\"  ><img loading=\"lazy\" decoding=\"async\" class=\"wp-image-6379 avia-img-lazy-loading-6379\"   src=\"https:\/\/www.gites-lacledeschamps.fr\/wp-content\/uploads\/2021\/08\/gite-chezlucien-34-495x400.jpg\" width=\"495\" height=\"400\"  title='gite-chezlucien-34' alt='' \/><\/a> <a href='https:\/\/www.gites-lacledeschamps.fr\/wp-content\/uploads\/2021\/08\/gite-chezlucien-33.jpg' data-rel='gallery-1' data-prev-img='https:\/\/www.gites-lacledeschamps.fr\/wp-content\/uploads\/2021\/08\/gite-chezlucien-33.jpg' class='lightbox ' data-onclick='75' title='gite-chezlucien-33'  itemprop=\"thumbnailUrl\"  ><img loading=\"lazy\" decoding=\"async\" class=\"wp-image-6376 avia-img-lazy-loading-6376\"   src=\"https:\/\/www.gites-lacledeschamps.fr\/wp-content\/uploads\/2021\/08\/gite-chezlucien-33-495x400.jpg\" width=\"495\" height=\"400\"  title='gite-chezlucien-33' alt='' \/><\/a> <a href='https:\/\/www.gites-lacledeschamps.fr\/wp-content\/uploads\/2021\/08\/gite-chezlucien-31.jpg' data-rel='gallery-1' data-prev-img='https:\/\/www.gites-lacledeschamps.fr\/wp-content\/uploads\/2021\/08\/gite-chezlucien-31.jpg' class='first_thumb lightbox ' data-onclick='76' title='gite-chezlucien-31'  itemprop=\"thumbnailUrl\"  ><img loading=\"lazy\" decoding=\"async\" class=\"wp-image-6373 avia-img-lazy-loading-6373\"   src=\"https:\/\/www.gites-lacledeschamps.fr\/wp-content\/uploads\/2021\/08\/gite-chezlucien-31-495x400.jpg\" width=\"495\" height=\"400\"  title='gite-chezlucien-31' alt='' \/><\/a> <a href='https:\/\/www.gites-lacledeschamps.fr\/wp-content\/uploads\/2021\/08\/gite-chezlucien-30.jpg' data-rel='gallery-1' data-prev-img='https:\/\/www.gites-lacledeschamps.fr\/wp-content\/uploads\/2021\/08\/gite-chezlucien-30.jpg' class='lightbox ' data-onclick='77' title='gite-chezlucien-30'  itemprop=\"thumbnailUrl\"  ><img loading=\"lazy\" decoding=\"async\" class=\"wp-image-6370 avia-img-lazy-loading-6370\"   src=\"https:\/\/www.gites-lacledeschamps.fr\/wp-content\/uploads\/2021\/08\/gite-chezlucien-30-495x400.jpg\" width=\"495\" height=\"400\"  title='gite-chezlucien-30' alt='' \/><\/a> <a href='https:\/\/www.gites-lacledeschamps.fr\/wp-content\/uploads\/2021\/08\/gite-chezlucien-29.jpg' data-rel='gallery-1' data-prev-img='https:\/\/www.gites-lacledeschamps.fr\/wp-content\/uploads\/2021\/08\/gite-chezlucien-29.jpg' class='lightbox ' data-onclick='78' title='gite-chezlucien-29'  itemprop=\"thumbnailUrl\"  ><img loading=\"lazy\" decoding=\"async\" class=\"wp-image-6367 avia-img-lazy-loading-6367\"   src=\"https:\/\/www.gites-lacledeschamps.fr\/wp-content\/uploads\/2021\/08\/gite-chezlucien-29-495x400.jpg\" width=\"495\" height=\"400\"  title='gite-chezlucien-29' alt='' \/><\/a> <a href='https:\/\/www.gites-lacledeschamps.fr\/wp-content\/uploads\/2021\/08\/gite-chezlucien-26.jpg' data-rel='gallery-1' data-prev-img='https:\/\/www.gites-lacledeschamps.fr\/wp-content\/uploads\/2021\/08\/gite-chezlucien-26.jpg' class='lightbox ' data-onclick='79' title='gite-chezlucien-26'  itemprop=\"thumbnailUrl\"  ><img loading=\"lazy\" decoding=\"async\" class=\"wp-image-6364 avia-img-lazy-loading-6364\"   src=\"https:\/\/www.gites-lacledeschamps.fr\/wp-content\/uploads\/2021\/08\/gite-chezlucien-26-495x400.jpg\" width=\"495\" height=\"400\"  title='gite-chezlucien-26' alt='' \/><\/a> <a href='https:\/\/www.gites-lacledeschamps.fr\/wp-content\/uploads\/2021\/08\/gite-chezlucien-24.jpg' data-rel='gallery-1' data-prev-img='https:\/\/www.gites-lacledeschamps.fr\/wp-content\/uploads\/2021\/08\/gite-chezlucien-24.jpg' class='lightbox ' data-onclick='80' title='gite-chezlucien-24'  itemprop=\"thumbnailUrl\"  ><img loading=\"lazy\" decoding=\"async\" class=\"wp-image-6361 avia-img-lazy-loading-6361\"   src=\"https:\/\/www.gites-lacledeschamps.fr\/wp-content\/uploads\/2021\/08\/gite-chezlucien-24-495x400.jpg\" width=\"495\" height=\"400\"  title='gite-chezlucien-24' alt='' \/><\/a> <a href='https:\/\/www.gites-lacledeschamps.fr\/wp-content\/uploads\/2021\/08\/gite-chezlucien-20.jpg' data-rel='gallery-1' data-prev-img='https:\/\/www.gites-lacledeschamps.fr\/wp-content\/uploads\/2021\/08\/gite-chezlucien-20.jpg' class='first_thumb lightbox ' data-onclick='81' title='gite-chezlucien-20'  itemprop=\"thumbnailUrl\"  ><img loading=\"lazy\" decoding=\"async\" class=\"wp-image-6358 avia-img-lazy-loading-6358\"   src=\"https:\/\/www.gites-lacledeschamps.fr\/wp-content\/uploads\/2021\/08\/gite-chezlucien-20-495x400.jpg\" width=\"495\" height=\"400\"  title='gite-chezlucien-20' alt='' \/><\/a> <a href='https:\/\/www.gites-lacledeschamps.fr\/wp-content\/uploads\/2021\/08\/gite-chezlucien-18.jpg' data-rel='gallery-1' data-prev-img='https:\/\/www.gites-lacledeschamps.fr\/wp-content\/uploads\/2021\/08\/gite-chezlucien-18.jpg' class='lightbox ' data-onclick='82' title='gite-chezlucien-18'  itemprop=\"thumbnailUrl\"  ><img loading=\"lazy\" decoding=\"async\" class=\"wp-image-6355 avia-img-lazy-loading-6355\"   src=\"https:\/\/www.gites-lacledeschamps.fr\/wp-content\/uploads\/2021\/08\/gite-chezlucien-18-495x400.jpg\" width=\"495\" height=\"400\"  title='gite-chezlucien-18' alt='' \/><\/a> <a href='https:\/\/www.gites-lacledeschamps.fr\/wp-content\/uploads\/2021\/08\/gite-chezlucien-17.jpg' data-rel='gallery-1' data-prev-img='https:\/\/www.gites-lacledeschamps.fr\/wp-content\/uploads\/2021\/08\/gite-chezlucien-17.jpg' class='lightbox ' data-onclick='83' title='gite-chezlucien-17'  itemprop=\"thumbnailUrl\"  ><img loading=\"lazy\" decoding=\"async\" class=\"wp-image-6352 avia-img-lazy-loading-6352\"   src=\"https:\/\/www.gites-lacledeschamps.fr\/wp-content\/uploads\/2021\/08\/gite-chezlucien-17-495x400.jpg\" width=\"495\" height=\"400\"  title='gite-chezlucien-17' alt='' \/><\/a> <a href='https:\/\/www.gites-lacledeschamps.fr\/wp-content\/uploads\/2021\/08\/gite-chezlucien-15.jpg' data-rel='gallery-1' data-prev-img='https:\/\/www.gites-lacledeschamps.fr\/wp-content\/uploads\/2021\/08\/gite-chezlucien-15.jpg' class='lightbox ' data-onclick='84' title='gite-chezlucien-15'  itemprop=\"thumbnailUrl\"  ><img loading=\"lazy\" decoding=\"async\" class=\"wp-image-6349 avia-img-lazy-loading-6349\"   src=\"https:\/\/www.gites-lacledeschamps.fr\/wp-content\/uploads\/2021\/08\/gite-chezlucien-15-495x400.jpg\" width=\"495\" height=\"400\"  title='gite-chezlucien-15' alt='' \/><\/a> <a href='https:\/\/www.gites-lacledeschamps.fr\/wp-content\/uploads\/2021\/08\/gite-chezlucien-13.jpg' data-rel='gallery-1' data-prev-img='https:\/\/www.gites-lacledeschamps.fr\/wp-content\/uploads\/2021\/08\/gite-chezlucien-13.jpg' class='lightbox ' data-onclick='85' title='gite-chezlucien-13'  itemprop=\"thumbnailUrl\"  ><img loading=\"lazy\" decoding=\"async\" class=\"wp-image-6346 avia-img-lazy-loading-6346\"   src=\"https:\/\/www.gites-lacledeschamps.fr\/wp-content\/uploads\/2021\/08\/gite-chezlucien-13-495x400.jpg\" width=\"495\" height=\"400\"  title='gite-chezlucien-13' alt='' \/><\/a> <a href='https:\/\/www.gites-lacledeschamps.fr\/wp-content\/uploads\/2021\/08\/gite-chezlucien-11.jpg' data-rel='gallery-1' data-prev-img='https:\/\/www.gites-lacledeschamps.fr\/wp-content\/uploads\/2021\/08\/gite-chezlucien-11.jpg' class='first_thumb lightbox ' data-onclick='86' title='gite-chezlucien-11'  itemprop=\"thumbnailUrl\"  ><img loading=\"lazy\" decoding=\"async\" class=\"wp-image-6343 avia-img-lazy-loading-6343\"   src=\"https:\/\/www.gites-lacledeschamps.fr\/wp-content\/uploads\/2021\/08\/gite-chezlucien-11-495x400.jpg\" width=\"495\" height=\"400\"  title='gite-chezlucien-11' alt='' \/><\/a> <a href='https:\/\/www.gites-lacledeschamps.fr\/wp-content\/uploads\/2021\/08\/gite-chezlucien-09.jpg' data-rel='gallery-1' data-prev-img='https:\/\/www.gites-lacledeschamps.fr\/wp-content\/uploads\/2021\/08\/gite-chezlucien-09.jpg' class='lightbox ' data-onclick='87' title='gite-chezlucien-09'  itemprop=\"thumbnailUrl\"  ><img loading=\"lazy\" decoding=\"async\" class=\"wp-image-6340 avia-img-lazy-loading-6340\"   src=\"https:\/\/www.gites-lacledeschamps.fr\/wp-content\/uploads\/2021\/08\/gite-chezlucien-09-495x400.jpg\" width=\"495\" height=\"400\"  title='gite-chezlucien-09' alt='' \/><\/a> <a href='https:\/\/www.gites-lacledeschamps.fr\/wp-content\/uploads\/2021\/08\/gite-chezlucien-07.jpg' data-rel='gallery-1' data-prev-img='https:\/\/www.gites-lacledeschamps.fr\/wp-content\/uploads\/2021\/08\/gite-chezlucien-07.jpg' class='lightbox ' data-onclick='88' title='gite-chezlucien-07'  itemprop=\"thumbnailUrl\"  ><img loading=\"lazy\" decoding=\"async\" class=\"wp-image-6337 avia-img-lazy-loading-6337\"   src=\"https:\/\/www.gites-lacledeschamps.fr\/wp-content\/uploads\/2021\/08\/gite-chezlucien-07-495x400.jpg\" width=\"495\" height=\"400\"  title='gite-chezlucien-07' alt='' \/><\/a> <a href='https:\/\/www.gites-lacledeschamps.fr\/wp-content\/uploads\/2021\/08\/gite-chezlucien-05.jpg' data-rel='gallery-1' data-prev-img='https:\/\/www.gites-lacledeschamps.fr\/wp-content\/uploads\/2021\/08\/gite-chezlucien-05.jpg' class='lightbox ' data-onclick='89' title='gite-chezlucien-05'  itemprop=\"thumbnailUrl\"  ><img loading=\"lazy\" decoding=\"async\" class=\"wp-image-6334 avia-img-lazy-loading-6334\"   src=\"https:\/\/www.gites-lacledeschamps.fr\/wp-content\/uploads\/2021\/08\/gite-chezlucien-05-495x400.jpg\" width=\"495\" height=\"400\"  title='gite-chezlucien-05' alt='' \/><\/a> <a href='https:\/\/www.gites-lacledeschamps.fr\/wp-content\/uploads\/2021\/08\/gite-chezlucien-03.jpg' data-rel='gallery-1' data-prev-img='https:\/\/www.gites-lacledeschamps.fr\/wp-content\/uploads\/2021\/08\/gite-chezlucien-03.jpg' class='lightbox ' data-onclick='90' title='gite-chezlucien-03'  itemprop=\"thumbnailUrl\"  ><img loading=\"lazy\" decoding=\"async\" class=\"wp-image-6331 avia-img-lazy-loading-6331\"   src=\"https:\/\/www.gites-lacledeschamps.fr\/wp-content\/uploads\/2021\/08\/gite-chezlucien-03-495x400.jpg\" width=\"495\" height=\"400\"  title='gite-chezlucien-03' alt='' \/><\/a> <a href='https:\/\/www.gites-lacledeschamps.fr\/wp-content\/uploads\/2021\/08\/gite-chezlucien-01.jpg' data-rel='gallery-1' data-prev-img='https:\/\/www.gites-lacledeschamps.fr\/wp-content\/uploads\/2021\/08\/gite-chezlucien-01.jpg' class='first_thumb lightbox ' data-onclick='91' title='gite-chezlucien-01'  itemprop=\"thumbnailUrl\"  ><img loading=\"lazy\" decoding=\"async\" class=\"wp-image-6328 avia-img-lazy-loading-6328\"   src=\"https:\/\/www.gites-lacledeschamps.fr\/wp-content\/uploads\/2021\/08\/gite-chezlucien-01-495x400.jpg\" width=\"495\" height=\"400\"  title='gite-chezlucien-01' alt='' \/><\/a><\/div><\/div>\n\n<\/div><\/div><\/div><!-- close content main div --><\/div><\/div><div id='av_section_3'  class='avia-section main_color avia-section-default avia-no-border-styling  avia-bg-style-scroll  avia-builder-el-11  el_after_av_section  el_before_av_section   container_wrap fullsize' style=' '  ><div class='container' ><div class='template-page content  av-content-full alpha units'><div class='post-entry post-entry-type-page post-entry-7336'><div class='entry-content-wrapper clearfix'>\n<div class=\"flex_column av_one_fifth  flex_column_div av-zero-column-padding first  avia-builder-el-12  el_before_av_three_fifth  avia-builder-el-first  \" style='border-radius:0px; '><\/div><div class=\"flex_column av_three_fifth  flex_column_div av-zero-column-padding   avia-builder-el-13  el_after_av_one_fifth  el_before_av_hr  \" style='border-radius:0px; '><section class=\"av_textblock_section \"  itemscope=\"itemscope\" itemtype=\"https:\/\/schema.org\/CreativeWork\" ><div class='avia_textblock  '   itemprop=\"text\" ><p style=\"text-align: center;\">Die Unterkunft kann 1 bis 2 Personen beherbergen. Es besteht aus:<\/p>\n<p style=\"text-align: center;\"><strong>Ein vom Schlafbereich getrennter Wohn- und Schlafbereich<\/strong><\/p>\n<p style=\"text-align: center;\">Sie k\u00f6nnen sich in der Sitzecke entspannen, die mit Sesseln (aus handgefertigter Polsterung) und einer Bank ausgestattet ist. Die Leselampe, die hier aufgestellt ist, sorgt f\u00fcr eine ged\u00e4mpfte Beleuchtung.<\/p>\n<p style=\"text-align: center;\"><strong>Eine eingerichtete K\u00fcche<\/strong>.<br \/>\nSelbst in dieser kleinen Unterkunft ist die K\u00fcche wie in den anderen H\u00e4usern vollst\u00e4ndig ausgestattet.<\/p>\n<p style=\"text-align: center;\"><strong>Eine modulierbare Schlafecke<\/strong>.<br \/>\nSie kann nach Ihren Bed\u00fcrfnissen eingerichtet werden:<br \/>\nEin Kingsize-Doppelbett 180*200<br \/>\noder zwei Einzelbetten 90*200<\/p>\n<p style=\"text-align: center;\"><strong>Ein Badezimmer<\/strong>.<br \/>\nDie Badezimmerecke wird Ihnen besonders gefallen. Einerseits konnten wir hier Elemente vom Flohmarkt oder vom Antiquit\u00e4tenmarkt einbauen (die uns auf jeden Fall gefallen). Au\u00dferdem ist dieser Bereich mit einer ger\u00e4umigen begehbaren Dusche sehr komfortabel. Das WC ist separat.<\/p>\n<p style=\"text-align: center;\"><strong>Eine Terrasse<\/strong>.<br \/>\nDas Ferienhaus ist sowohl nach S\u00fcden als auch nach Westen ausgerichtet.<br \/>\nDaher k\u00f6nnen Sie je nach Tageszeit und Klima:<br \/>\nEntweder Sie nehmen ein Sonnenbad auf der S\u00fcdterrasse,<br \/>\nOder Sie genie\u00dfen das warme Abendlicht auf der Westterrasse.<\/p>\n<\/div><\/section><br \/>\n<div  class='avia-image-container  av-styling-    avia-builder-el-15  el_after_av_textblock  avia-builder-el-last  avia-align-center '  itemprop=\"image\" itemscope=\"itemscope\" itemtype=\"https:\/\/schema.org\/ImageObject\"  ><div class='avia-image-container-inner'><div class='avia-image-overlay-wrap'><a href='https:\/\/www.gites-lacledeschamps.fr\/wp-content\/uploads\/2025\/06\/plan-chez-lucien-de-1030x697.jpg' class='avia_image'  ><img decoding=\"async\" width=\"1135\" height=\"768\" class='wp-image-7589 avia-img-lazy-loading-not-7589 avia_image' src=\"https:\/\/www.gites-lacledeschamps.fr\/wp-content\/uploads\/2025\/06\/plan-chez-lucien-de.jpg\" alt='' title='plan-chez-lucien-de'  itemprop=\"thumbnailUrl\" srcset=\"https:\/\/www.gites-lacledeschamps.fr\/wp-content\/uploads\/2025\/06\/plan-chez-lucien-de.jpg 1135w, https:\/\/www.gites-lacledeschamps.fr\/wp-content\/uploads\/2025\/06\/plan-chez-lucien-de-300x203.jpg 300w, https:\/\/www.gites-lacledeschamps.fr\/wp-content\/uploads\/2025\/06\/plan-chez-lucien-de-1030x697.jpg 1030w, https:\/\/www.gites-lacledeschamps.fr\/wp-content\/uploads\/2025\/06\/plan-chez-lucien-de-768x520.jpg 768w, https:\/\/www.gites-lacledeschamps.fr\/wp-content\/uploads\/2025\/06\/plan-chez-lucien-de-705x477.jpg 705w\" sizes=\"(max-width: 1135px) 100vw, 1135px\" \/><\/a><\/div><\/div><\/div><\/p><\/div><div  style='height:50px' class='hr hr-invisible   avia-builder-el-16  el_after_av_three_fifth  el_before_av_one_full '><span class='hr-inner ' ><span class='hr-inner-style'><\/span><\/span><\/div>\n<div class=\"flex_column av_one_full  flex_column_div av-zero-column-padding first  avia-builder-el-17  el_after_av_hr  avia-builder-el-last  \" style='border-radius:0px; '><article  class=\"iconbox iconbox_left    avia-builder-el-18  avia-builder-el-no-sibling  \"  itemscope=\"itemscope\" itemtype=\"https:\/\/schema.org\/CreativeWork\" ><div class=\"iconbox_content\"><header class=\"entry-content-header\"><div class=\"iconbox_icon heading-color\" aria-hidden='true' data-av_icon='\ue854' data-av_iconfont='entypo-fontello'  ><\/div><h3 class='iconbox_content_title  '  itemprop=\"headline\"  >Das PLUS von #chezlucien<\/h3><\/header><div class='iconbox_content_container  '  itemprop=\"text\"  ><p style=\"text-align: center;\">Der Charme eines G\u00e4stezimmers und die Zweckm\u00e4\u00dfigkeit eines freistehenden Hauses<\/p>\n<p style=\"text-align: center;\">Modularit\u00e4t (1 Doppelbett oder 2 Einzelbetten)<\/p>\n<p style=\"text-align: center;\">Gem\u00fctlicher Charakter<\/p>\n<p style=\"text-align: center;\">Bettw\u00e4sche in \u00dcbergr\u00f6\u00dfe<\/p>\n<p style=\"text-align: center;\">Privater Garten<\/p>\n<p style=\"text-align: center;\">Eigene Terrasse<\/p>\n<p style=\"text-align: center;\">Fu\u00dfbodenheizung<\/p>\n<p style=\"text-align: center;\">Helligkeit<\/p>\n<\/div><\/div><footer class=\"entry-footer\"><\/footer><\/article><\/div>\n\n<\/div><\/div><\/div><!-- close content main div --><\/div><\/div><div id='av_section_4'  class='avia-section main_color avia-section-default avia-no-border-styling  avia-full-stretch avia-bg-style-scroll  avia-builder-el-19  el_after_av_section  el_before_av_section   container_wrap fullsize' style='background-repeat: no-repeat; background-image: url(https:\/\/www.gites-lacledeschamps.fr\/wp-content\/uploads\/2021\/08\/fond-lucien-5.jpg);background-attachment: scroll; background-position: top center;  '  data-section-bg-repeat='stretch'><div class='container' ><div class='template-page content  av-content-full alpha units'><div class='post-entry post-entry-type-page post-entry-7336'><div class='entry-content-wrapper clearfix'>\n<article  class=\"iconbox iconbox_left    avia-builder-el-20  el_before_av_hr  avia-builder-el-first  \"  itemscope=\"itemscope\" itemtype=\"https:\/\/schema.org\/CreativeWork\" ><div class=\"iconbox_content\"><header class=\"entry-content-header\"><div class=\"iconbox_icon heading-color\" aria-hidden='true' data-av_icon='\ue854' data-av_iconfont='entypo-fontello'  ><\/div><h3 class='iconbox_content_title  '  itemprop=\"headline\"  >Buchen Sie #chezlucien<\/h3><\/header><div class='iconbox_content_container  '  itemprop=\"text\"  ><div id=\"ConstellationWidgetContainere4c77b00-78f3-47a2-ad16-23373cdb5b1b\" style=\"width: 100%;\" title=\"La Cl\u00e9 des Champs\" data-id-projet=\"e4c77b0078f347a2ad1623373cdb5b1b\">Ladevorgang l\u00e4uft&#8230;<\/div>\n<p><script type=\"text\/javascript\" src=\"https:\/\/reservation.elloha.com\/Scripts\/widget-loader.min.js?v=41\"><\/script> <script type=\"text\/javascript\">var constellationWidgetUrle4c77b0078f347a2ad1623373cdb5b1b, constellationTypeModulee4c77b0078f347a2ad1623373cdb5b1b; constellationWidgetUrle4c77b0078f347a2ad1623373cdb5b1b = 'https:\/\/reservation.elloha.com\/Widget\/BookingEngine\/e4c77b00-78f3-47a2-ad16-23373cdb5b1b?idoi=82288bf6-ba75-442f-816a-344576e03ee5&culture=de-DE'; constellationTypeModulee4c77b0078f347a2ad1623373cdb5b1b=1; constellationWidgetLoad('ConstellationWidgetContainere4c77b00-78f3-47a2-ad16-23373cdb5b1b'); constellationWidgetAddEvent(window, \"resize\", function () { constellationWidgetSetAppearance('ConstellationWidgetContainere4c77b00-78f3-47a2-ad16-23373cdb5b1b'); });<\/script><\/p>\n<\/div><\/div><footer class=\"entry-footer\"><\/footer><\/article>\n<div  style='height:400px' class='hr hr-invisible   avia-builder-el-21  el_after_av_icon_box  avia-builder-el-last '><span class='hr-inner ' ><span class='hr-inner-style'><\/span><\/span><\/div>\n<\/div><\/div><\/div><!-- close content main div --><\/div><\/div><div id='av_section_5'  class='avia-section main_color avia-section-default avia-no-border-styling  avia-bg-style-scroll  avia-builder-el-22  el_after_av_section  avia-builder-el-last   container_wrap fullsize' style='background-repeat: repeat-x; background-image: url(https:\/\/www.gites-lacledeschamps.fr\/wp-content\/uploads\/2021\/07\/fond-insta.jpg);background-attachment: scroll; background-position: bottom right;  '  data-section-bg-repeat='repeat-x'><div class='container' ><div class='template-page content  av-content-full alpha units'><div class='post-entry post-entry-type-page post-entry-7336'><div class='entry-content-wrapper clearfix'>\n<div  style='padding-bottom:10px; color:#6d876b;' class='av-special-heading av-special-heading-h2 custom-color-heading blockquote modern-quote modern-centered  avia-builder-el-23  el_before_av_codeblock  avia-builder-el-first  '><h2 class='av-special-heading-tag '  itemprop=\"headline\"  >FOLGEN SIE UNS AUF INSTAGRAM @LACLEDESCHAMPS_BZH<\/h2><div class='special-heading-border'><div class='special-heading-inner-border' style='border-color:#6d876b'><\/div><\/div><\/div>\n\n<\/p>\n","protected":false},"excerpt":{"rendered":"","protected":false},"author":1,"featured_media":0,"parent":0,"menu_order":0,"comment_status":"closed","ping_status":"closed","template":"","meta":{"footnotes":""},"class_list":["post-7336","page","type-page","status-publish","hentry"],"aioseo_notices":[],"_links":{"self":[{"href":"https:\/\/www.gites-lacledeschamps.fr\/de\/wp-json\/wp\/v2\/pages\/7336","targetHints":{"allow":["GET"]}}],"collection":[{"href":"https:\/\/www.gites-lacledeschamps.fr\/de\/wp-json\/wp\/v2\/pages"}],"about":[{"href":"https:\/\/www.gites-lacledeschamps.fr\/de\/wp-json\/wp\/v2\/types\/page"}],"author":[{"embeddable":true,"href":"https:\/\/www.gites-lacledeschamps.fr\/de\/wp-json\/wp\/v2\/users\/1"}],"replies":[{"embeddable":true,"href":"https:\/\/www.gites-lacledeschamps.fr\/de\/wp-json\/wp\/v2\/comments?post=7336"}],"version-history":[{"count":4,"href":"https:\/\/www.gites-lacledeschamps.fr\/de\/wp-json\/wp\/v2\/pages\/7336\/revisions"}],"predecessor-version":[{"id":7686,"href":"https:\/\/www.gites-lacledeschamps.fr\/de\/wp-json\/wp\/v2\/pages\/7336\/revisions\/7686"}],"wp:attachment":[{"href":"https:\/\/www.gites-lacledeschamps.fr\/de\/wp-json\/wp\/v2\/media?parent=7336"}],"curies":[{"name":"wp","href":"https:\/\/api.w.org\/{rel}","templated":true}]}}