{"id":7305,"date":"2016-05-09T15:01:58","date_gmt":"2016-05-09T14:01:58","guid":{"rendered":"https:\/\/www.gites-lacledeschamps.fr\/preise\/"},"modified":"2025-06-11T13:31:39","modified_gmt":"2025-06-11T12:31:39","slug":"preise","status":"publish","type":"page","link":"https:\/\/www.gites-lacledeschamps.fr\/de\/preise\/","title":{"rendered":"Preise"},"content":{"rendered":"<div id='full_slider_1'  class='avia-fullwidth-slider main_color avia-shadow   avia-builder-el-0  el_before_av_heading  avia-builder-el-first   container_wrap fullsize' style=' '  ><div   data-size='no scaling'  data-lightbox_size='large'  data-animation='slide'  data-conditional_play=''  data-ids='1977'  data-video_counter='0'  data-autoplay='false'  data-bg_slider='false'  data-slide_height=''  data-handle='av_slideshow_full'  data-interval='5'  data-class=' '  data-el_id=''  data-css_id=''  data-scroll_down=''  data-control_layout='av-control-default'  data-custom_markup=''  data-perma_caption=''  data-autoplay_stopper=''  data-image_attachment=''  data-min_height='0px'  data-lazy_loading='disabled'  data-src=''  data-position='top left'  data-repeat='no-repeat'  data-attach='scroll'  data-stretch=''  class='avia-slideshow avia-slideshow-1  av-control-default av-default-height-applied avia-slideshow-no scaling av_slideshow_full   avia-slide-slider '  itemprop=\"image\" itemscope=\"itemscope\" itemtype=\"https:\/\/schema.org\/ImageObject\" ><ul class='avia-slideshow-inner ' style='padding-bottom: 29.427083333333%;' ><li  class=' av-single-slide slide-1 ' ><div data-rel='slideshow-1' class='avia-slide-wrap '   ><img decoding=\"async\" class=\"wp-image-6277 avia-img-lazy-loading-not-6277\"  src=\"https:\/\/www.gites-lacledeschamps.fr\/wp-content\/uploads\/2021\/07\/decor.jpg\" width=\"1920\" height=\"565\" title='decor' alt=''  itemprop=\"thumbnailUrl\" srcset=\"https:\/\/www.gites-lacledeschamps.fr\/wp-content\/uploads\/2021\/07\/decor.jpg 1920w, https:\/\/www.gites-lacledeschamps.fr\/wp-content\/uploads\/2021\/07\/decor-300x88.jpg 300w, https:\/\/www.gites-lacledeschamps.fr\/wp-content\/uploads\/2021\/07\/decor-1030x303.jpg 1030w, https:\/\/www.gites-lacledeschamps.fr\/wp-content\/uploads\/2021\/07\/decor-768x226.jpg 768w, https:\/\/www.gites-lacledeschamps.fr\/wp-content\/uploads\/2021\/07\/decor-1536x452.jpg 1536w, https:\/\/www.gites-lacledeschamps.fr\/wp-content\/uploads\/2021\/07\/decor-1500x441.jpg 1500w, https:\/\/www.gites-lacledeschamps.fr\/wp-content\/uploads\/2021\/07\/decor-705x207.jpg 705w\" sizes=\"(max-width: 1920px) 100vw, 1920px\" \/><\/div><\/li><\/ul><\/div><\/div><div id='after_full_slider_1'  class='main_color av_default_container_wrap container_wrap fullsize' style=' '  ><div class='container' ><div class='template-page content  av-content-full alpha units'><div class='post-entry post-entry-type-page post-entry-7305'><div class='entry-content-wrapper clearfix'>\n<div  style='padding-bottom:0px; ' class='av-special-heading av-special-heading-h2  blockquote modern-quote modern-centered  avia-builder-el-1  el_after_av_slideshow_full  el_before_av_section  avia-builder-el-no-sibling  '><h2 class='av-special-heading-tag '  itemprop=\"headline\"  >Die Preise f\u00fcr die Ferienh\u00e4user<\/h2><div class='special-heading-border'><div class='special-heading-inner-border' ><\/div><\/div><\/div>\n<\/div><\/div><\/div><!-- close content main div --><\/div><\/div><div id='av_section_1'  class='avia-section main_color avia-section-no-padding avia-no-border-styling  avia-bg-style-scroll  avia-builder-el-2  el_after_av_heading  el_before_av_section   container_wrap fullsize' style=' '  ><div class='container' ><div class='template-page content  av-content-full alpha units'><div class='post-entry post-entry-type-page post-entry-7305'><div class='entry-content-wrapper clearfix'>\n<div class='flex_column_table av-equal-height-column-flextable -flextable' style='margin-top:0px; margin-bottom:-100px; '><div class=\"flex_column av_one_fourth  flex_column_table_cell av-equal-height-column av-align-middle av-zero-column-padding first  avia-builder-el-3  el_before_av_three_fourth  avia-builder-el-first  \" style='border-radius:0px; '><div  class='avia-image-container  av-styling-    avia-builder-el-4  avia-builder-el-no-sibling  avia-align-center '  itemprop=\"image\" itemscope=\"itemscope\" itemtype=\"https:\/\/schema.org\/ImageObject\"  ><div class='avia-image-container-inner'><div class='avia-image-overlay-wrap'><img decoding=\"async\" class='wp-image-6280 avia-img-lazy-loading-not-6280 avia_image' src=\"https:\/\/www.gites-lacledeschamps.fr\/wp-content\/uploads\/2021\/07\/chez-leon.jpg\" alt='' title='chez-leon' height=\"250\" width=\"350\"  itemprop=\"thumbnailUrl\" srcset=\"https:\/\/www.gites-lacledeschamps.fr\/wp-content\/uploads\/2021\/07\/chez-leon.jpg 350w, https:\/\/www.gites-lacledeschamps.fr\/wp-content\/uploads\/2021\/07\/chez-leon-300x214.jpg 300w, https:\/\/www.gites-lacledeschamps.fr\/wp-content\/uploads\/2021\/07\/chez-leon-260x185.jpg 260w\" sizes=\"(max-width: 350px) 100vw, 350px\" \/><\/div><\/div><\/div><\/div><div class='av-flex-placeholder'><\/div><div class=\"flex_column av_three_fourth  flex_column_table_cell av-equal-height-column av-align-middle av-zero-column-padding   avia-builder-el-5  el_after_av_one_fourth  el_before_av_table  \" style='border-radius:0px; '><div  style='padding-bottom:10px; color:#000000;' class='av-special-heading av-special-heading-h2 custom-color-heading blockquote modern-quote  avia-builder-el-6  avia-builder-el-no-sibling  '><h2 class='av-special-heading-tag '  itemprop=\"headline\"  >#CHEZLEON &#8211; 2 bis 6 Personen<\/h2><div class='special-heading-border'><div class='special-heading-inner-border' style='border-color:#000000'><\/div><\/div><\/div><\/div><\/div><!--close column table wrapper. Autoclose: 1 --><div class='avia-data-table-wrap avia_responsive_table'><table  id=\"tableauleon\"  class='avia-table avia-data-table avia-table-1  avia-builder-el-7  el_after_av_three_fourth  avia-builder-el-last  avia_pricing_default '  itemscope=\"itemscope\" itemtype=\"https:\/\/schema.org\/Table\" ><tbody><tr class='avia-heading-row'><th class=''>Tarife 2025<\/th><th class='avia-center-col'>\u00dcBERNACHTUNG WOCHE<\/th><th class='avia-center-col'>WEEK-END (2 N\u00e4chte)<\/th><th class='avia-center-col'>WOCHE<\/th><th class='avia-center-col'>MIDWEEK (Montag bis Freitag)<\/th><\/tr><tr class=''><td class=''>MITTELSONNE<br \/>\nAu\u00dferhalb der Schulferien und an Feiertagswochenenden<\/td><td class='avia-center-col'>120\u20ac<\/td><td class='avia-center-col'>280\u20ac<\/td><td class='avia-center-col'>650\u20ac<\/td><td class='avia-center-col'>400\u20ac<\/td><\/tr><tr class=''><td class=''>HOCHSAISON<br \/>\nJuli &#8211; August \/ Schulferien<br \/>\nWochenende mit Feiertag(en)<br \/>\n*Wochen inklusive Weihnachten und Neujahr<br \/>\nPriorit\u00e4t f\u00fcr mittlere und lange Aufenthalte<\/td><td class='avia-center-col'>140\u20ac<\/td><td class='avia-center-col'>300\u20ac<\/td><td class='avia-center-col'>800\u20ac<\/td><td class='avia-center-col'>Nicht angeboten<\/td><\/tr><\/tbody><\/table><\/div><style type='text\/css'>.avia-table-1 td:nth-of-type(1):before { content: 'Tarife 2025'; } .avia-table-1 td:nth-of-type(2):before { content: '\u00dcBERNACHTUNG WOCHE'; } .avia-table-1 td:nth-of-type(3):before { content: 'WEEK-END (2 N\u00e4chte)'; } .avia-table-1 td:nth-of-type(4):before { content: 'WOCHE'; } .avia-table-1 td:nth-of-type(5):before { content: 'MIDWEEK (Montag bis Freitag)'; } <\/style>\n\n<\/div><\/div><\/div><!-- close content main div --><\/div><\/div><div id='av_section_2'  class='avia-section main_color avia-section-default avia-no-border-styling  avia-bg-style-scroll  avia-builder-el-8  el_after_av_section  el_before_av_section   container_wrap fullsize' style=' '  ><div class='container' ><div class='template-page content  av-content-full alpha units'><div class='post-entry post-entry-type-page post-entry-7305'><div class='entry-content-wrapper clearfix'>\n<article  class=\"iconbox iconbox_left    avia-builder-el-9  avia-builder-el-no-sibling  \"  itemscope=\"itemscope\" itemtype=\"https:\/\/schema.org\/CreativeWork\" ><div class=\"iconbox_content\"><header class=\"entry-content-header\"><div class=\"iconbox_icon heading-color\" aria-hidden='true' data-av_icon='\ue854' data-av_iconfont='entypo-fontello'  ><\/div><h3 class='iconbox_content_title  '  itemprop=\"headline\"  >Buchen Sie #chezleon<\/h3><\/header><div class='iconbox_content_container  '  itemprop=\"text\"  ><div id=\"ConstellationWidgetContainer5c08599d-dff6-4f14-b809-870d4877c394\" style=\"width: 100%;\" title=\"La Cl\u00e9 des Champs\" data-id-projet=\"5c08599ddff64f14b809870d4877c394\">Loading in progress&#8230;<\/div>\n<p><script type=\"text\/javascript\" src=\"https:\/\/reservation.elloha.com\/Scripts\/widget-loader.min.js?v=41\"><\/script> <script type=\"text\/javascript\">var constellationWidgetUrl5c08599ddff64f14b809870d4877c394, constellationTypeModule5c08599ddff64f14b809870d4877c394; constellationWidgetUrl5c08599ddff64f14b809870d4877c394 = 'https:\/\/reservation.elloha.com\/Widget\/BookingEngine\/5c08599d-dff6-4f14-b809-870d4877c394?idoi=82288bf6-ba75-442f-816a-344576e03ee5&culture=de-DE'; constellationTypeModule5c08599ddff64f14b809870d4877c394=1; constellationWidgetLoad('ConstellationWidgetContainer5c08599d-dff6-4f14-b809-870d4877c394'); constellationWidgetAddEvent(window, \"resize\", function () { constellationWidgetSetAppearance('ConstellationWidgetContainer5c08599d-dff6-4f14-b809-870d4877c394'); });<\/script><\/p>\n<\/div><\/div><footer class=\"entry-footer\"><\/footer><\/article>\n<\/div><\/div><\/div><!-- close content main div --><\/div><\/div><div id='av_section_3'  class='avia-section main_color avia-section-no-padding avia-no-border-styling  avia-bg-style-scroll  avia-builder-el-10  el_after_av_section  el_before_av_section   container_wrap fullsize' style=' '  ><div class='container' ><div class='template-page content  av-content-full alpha units'><div class='post-entry post-entry-type-page post-entry-7305'><div class='entry-content-wrapper clearfix'>\n<div class='flex_column_table av-equal-height-column-flextable -flextable' style='margin-top:0px; margin-bottom:-100px; '><div class=\"flex_column av_one_fourth  flex_column_table_cell av-equal-height-column av-align-middle av-zero-column-padding first  avia-builder-el-11  el_before_av_three_fourth  avia-builder-el-first  \" style='border-radius:0px; '><div  class='avia-image-container  av-styling-    avia-builder-el-12  avia-builder-el-no-sibling  avia-align-center '  itemprop=\"image\" itemscope=\"itemscope\" itemtype=\"https:\/\/schema.org\/ImageObject\"  ><div class='avia-image-container-inner'><div class='avia-image-overlay-wrap'><img decoding=\"async\" class='wp-image-6283 avia-img-lazy-loading-not-6283 avia_image' src=\"https:\/\/www.gites-lacledeschamps.fr\/wp-content\/uploads\/2021\/07\/chezsuzanne.jpg\" alt='' title='chezsuzanne' height=\"243\" width=\"350\"  itemprop=\"thumbnailUrl\" srcset=\"https:\/\/www.gites-lacledeschamps.fr\/wp-content\/uploads\/2021\/07\/chezsuzanne.jpg 350w, https:\/\/www.gites-lacledeschamps.fr\/wp-content\/uploads\/2021\/07\/chezsuzanne-300x208.jpg 300w\" sizes=\"(max-width: 350px) 100vw, 350px\" \/><\/div><\/div><\/div><\/div><div class='av-flex-placeholder'><\/div><div class=\"flex_column av_three_fourth  flex_column_table_cell av-equal-height-column av-align-middle av-zero-column-padding   avia-builder-el-13  el_after_av_one_fourth  el_before_av_table  \" style='border-radius:0px; '><div  style='padding-bottom:10px; color:#000000;' class='av-special-heading av-special-heading-h2 custom-color-heading blockquote modern-quote  avia-builder-el-14  avia-builder-el-no-sibling  '><h2 class='av-special-heading-tag '  itemprop=\"headline\"  >#CHEZSUZANNE &#8211; 2 bis 9 Personen<\/h2><div class='special-heading-border'><div class='special-heading-inner-border' style='border-color:#000000'><\/div><\/div><\/div><\/div><\/div><!--close column table wrapper. Autoclose: 1 --><div class='avia-data-table-wrap avia_responsive_table'><table  id=\"tableauleon\"  class='avia-table avia-data-table avia-table-2  avia-builder-el-15  el_after_av_three_fourth  avia-builder-el-last  avia_pricing_default '  itemscope=\"itemscope\" itemtype=\"https:\/\/schema.org\/Table\" ><tbody><tr class='avia-heading-row'><th class=''>Tarife 2025<\/th><th class='avia-center-col'>\u00dcBERNACHTUNG WOCHE<\/th><th class='avia-center-col'>WEEK-END (2 N\u00e4chte)<\/th><th class='avia-center-col'>WOCHE<\/th><th class='avia-center-col'>MIDWEEK (Montag bis Freitag)<\/th><\/tr><tr class=''><td class=''>MITTELSONNE<br \/>\nAu\u00dferhalb der Schulferien und an Feiertagswochenenden<\/td><td class='avia-center-col'>140\u20ac<\/td><td class='avia-center-col'>360\u20ac<\/td><td class='avia-center-col'>800\u20ac<\/td><td class='avia-center-col'>500\u20ac<\/td><\/tr><tr class=''><td class=''>HOCHSAISON<br \/>\nJuli &#8211; August \/ Schulferien<br \/>\nWochenende mit Feiertag(en)<br \/>\n*Wochen inklusive Weihnachten und Neujahr<br \/>\nPriorit\u00e4t f\u00fcr mittlere und lange Aufenthalte<\/td><td class='avia-center-col'>170\u20ac<\/td><td class='avia-center-col'>380\u20ac<\/td><td class='avia-center-col'>970\u20ac<\/td><td class='avia-center-col'>Nicht angeboten<\/td><\/tr><\/tbody><\/table><\/div><style type='text\/css'>.avia-table-2 td:nth-of-type(1):before { content: 'Tarife 2025'; } .avia-table-2 td:nth-of-type(2):before { content: '\u00dcBERNACHTUNG WOCHE'; } .avia-table-2 td:nth-of-type(3):before { content: 'WEEK-END (2 N\u00e4chte)'; } .avia-table-2 td:nth-of-type(4):before { content: 'WOCHE'; } .avia-table-2 td:nth-of-type(5):before { content: 'MIDWEEK (Montag bis Freitag)'; } <\/style>\n<\/p>\n<\/div><\/div><\/div><!-- close content main div --><\/div><\/div><div id='av_section_4'  class='avia-section main_color avia-section-default avia-no-border-styling  avia-bg-style-scroll  avia-builder-el-16  el_after_av_section  el_before_av_section   container_wrap fullsize' style=' '  ><div class='container' ><div class='template-page content  av-content-full alpha units'><div class='post-entry post-entry-type-page post-entry-7305'><div class='entry-content-wrapper clearfix'>\n<article  class=\"iconbox iconbox_left    avia-builder-el-17  avia-builder-el-no-sibling  \"  itemscope=\"itemscope\" itemtype=\"https:\/\/schema.org\/CreativeWork\" ><div class=\"iconbox_content\"><header class=\"entry-content-header\"><div class=\"iconbox_icon heading-color\" aria-hidden='true' data-av_icon='\ue854' data-av_iconfont='entypo-fontello'  ><\/div><h3 class='iconbox_content_title  '  itemprop=\"headline\"  >Buchen Sie #chezsuzanne<\/h3><\/header><div class='iconbox_content_container  '  itemprop=\"text\"  ><div id=\"ConstellationWidgetContainer7b5d438f-3fe1-4c4b-bf79-3a692b777d70\" style=\"width: 100%;\" title=\"La Cl\u00e9 des Champs\" data-id-projet=\"7b5d438f3fe14c4bbf793a692b777d70\">Ladevorgang l\u00e4uft&#8230;<\/div>\n<p><script type=\"text\/javascript\" src=\"https:\/\/reservation.elloha.com\/Scripts\/widget-loader.min.js?v=41\"><\/script> <script type=\"text\/javascript\">var constellationWidgetUrl7b5d438f3fe14c4bbf793a692b777d70, constellationTypeModule7b5d438f3fe14c4bbf793a692b777d70; constellationWidgetUrl7b5d438f3fe14c4bbf793a692b777d70 = 'https:\/\/reservation.elloha.com\/Widget\/BookingEngine\/7b5d438f-3fe1-4c4b-bf79-3a692b777d70?idoi=82288bf6-ba75-442f-816a-344576e03ee5&culture=de-DE'; constellationTypeModule7b5d438f3fe14c4bbf793a692b777d70=1; constellationWidgetLoad('ConstellationWidgetContainer7b5d438f-3fe1-4c4b-bf79-3a692b777d70'); constellationWidgetAddEvent(window, \"resize\", function () { constellationWidgetSetAppearance('ConstellationWidgetContainer7b5d438f-3fe1-4c4b-bf79-3a692b777d70'); });<\/script><\/p>\n<\/div><\/div><footer class=\"entry-footer\"><\/footer><\/article>\n\n<\/div><\/div><\/div><!-- close content main div --><\/div><\/div><div id='av_section_5'  class='avia-section main_color avia-section-no-padding avia-no-border-styling  avia-bg-style-scroll  avia-builder-el-18  el_after_av_section  el_before_av_section   container_wrap fullsize' style=' '  ><div class='container' ><div class='template-page content  av-content-full alpha units'><div class='post-entry post-entry-type-page post-entry-7305'><div class='entry-content-wrapper clearfix'>\n<div class='flex_column_table av-equal-height-column-flextable -flextable' style='margin-top:0px; margin-bottom:-100px; '><div class=\"flex_column av_one_fourth  flex_column_table_cell av-equal-height-column av-align-middle av-zero-column-padding first  avia-builder-el-19  el_before_av_three_fourth  avia-builder-el-first  \" style='border-radius:0px; '><div  class='avia-image-container  av-styling-    avia-builder-el-20  avia-builder-el-no-sibling  avia-align-center '  itemprop=\"image\" itemscope=\"itemscope\" itemtype=\"https:\/\/schema.org\/ImageObject\"  ><div class='avia-image-container-inner'><div class='avia-image-overlay-wrap'><img decoding=\"async\" class='wp-image-6286 avia-img-lazy-loading-not-6286 avia_image' src=\"https:\/\/www.gites-lacledeschamps.fr\/wp-content\/uploads\/2021\/07\/chezlucien.jpg\" alt='' title='chezlucien' height=\"243\" width=\"350\"  itemprop=\"thumbnailUrl\" srcset=\"https:\/\/www.gites-lacledeschamps.fr\/wp-content\/uploads\/2021\/07\/chezlucien.jpg 350w, https:\/\/www.gites-lacledeschamps.fr\/wp-content\/uploads\/2021\/07\/chezlucien-300x208.jpg 300w\" sizes=\"(max-width: 350px) 100vw, 350px\" \/><\/div><\/div><\/div><\/div><div class='av-flex-placeholder'><\/div><div class=\"flex_column av_three_fourth  flex_column_table_cell av-equal-height-column av-align-middle av-zero-column-padding   avia-builder-el-21  el_after_av_one_fourth  el_before_av_table  \" style='border-radius:0px; '><div  style='padding-bottom:10px; color:#000000;' class='av-special-heading av-special-heading-h2 custom-color-heading blockquote modern-quote  avia-builder-el-22  avia-builder-el-no-sibling  '><h2 class='av-special-heading-tag '  itemprop=\"headline\"  >#CHEZLUCIEN &#8211; 2 Personen<\/h2><div class='special-heading-border'><div class='special-heading-inner-border' style='border-color:#000000'><\/div><\/div><\/div><\/div><\/div><!--close column table wrapper. Autoclose: 1 --><div class='avia-data-table-wrap avia_responsive_table'><table  id=\"tableauleon\"  class='avia-table avia-data-table avia-table-3  avia-builder-el-23  el_after_av_three_fourth  avia-builder-el-last  avia_pricing_default '  itemscope=\"itemscope\" itemtype=\"https:\/\/schema.org\/Table\" ><tbody><tr class='avia-heading-row'><th class=''>Tarife 2025<\/th><th class='avia-center-col'>\u00dcBERNACHTUNG WOCHE<\/th><th class='avia-center-col'>\u00dcBERNACHTUNG SAMSTAG<\/th><th class='avia-center-col'>WEEK-END (2 N\u00e4chte)<\/th><th class='avia-center-col'>WOCHE<\/th><th class='avia-center-col'>MIDWEEK (Montag bis Freitag)<\/th><\/tr><tr class=''><td class=''>MITTELSONNE<br \/>\nAu\u00dferhalb der Schulferien und an Feiertagswochenenden<\/td><td class='avia-center-col'>85\u20ac<\/td><td class='avia-center-col'>110\u20ac<\/td><td class='avia-center-col'>200\u20ac<\/td><td class='avia-center-col'>480\u20ac<\/td><td class='avia-center-col'>280\u20ac<\/td><\/tr><tr class=''><td class=''>HOCHSAISON<br \/>\nJuli &#8211; August \/ Schulferien<br \/>\nWochenende mit Feiertag(en)<br \/>\n*Wochen inklusive Weihnachten und Neujahr<br \/>\nPriorit\u00e4t f\u00fcr mittlere und lange Aufenthalte<\/td><td class='avia-center-col'>100\u20ac<\/td><td class='avia-center-col'>120\u20ac<\/td><td class='avia-center-col'>230\u20ac<\/td><td class='avia-center-col'>530\u20ac<\/td><td class='avia-center-col'>Nicht angeboten<\/td><\/tr><\/tbody><\/table><\/div><style type='text\/css'>.avia-table-3 td:nth-of-type(1):before { content: 'Tarife 2025'; } .avia-table-3 td:nth-of-type(2):before { content: '\u00dcBERNACHTUNG WOCHE'; } .avia-table-3 td:nth-of-type(3):before { content: '\u00dcBERNACHTUNG SAMSTAG'; } .avia-table-3 td:nth-of-type(4):before { content: 'WEEK-END (2 N\u00e4chte)'; } .avia-table-3 td:nth-of-type(5):before { content: 'WOCHE'; } .avia-table-3 td:nth-of-type(6):before { content: 'MIDWEEK (Montag bis Freitag)'; } <\/style>\n\n<\/div><\/div><\/div><!-- close content main div --><\/div><\/div><div id='av_section_6'  class='avia-section main_color avia-section-default avia-no-border-styling  avia-bg-style-scroll  avia-builder-el-24  el_after_av_section  el_before_av_textblock   container_wrap fullsize' style=' '  ><div class='container' ><div class='template-page content  av-content-full alpha units'><div class='post-entry post-entry-type-page post-entry-7305'><div class='entry-content-wrapper clearfix'>\n<article  class=\"iconbox iconbox_left    avia-builder-el-25  avia-builder-el-no-sibling  \"  itemscope=\"itemscope\" itemtype=\"https:\/\/schema.org\/CreativeWork\" ><div class=\"iconbox_content\"><header class=\"entry-content-header\"><div class=\"iconbox_icon heading-color\" aria-hidden='true' data-av_icon='\ue854' data-av_iconfont='entypo-fontello'  ><\/div><h3 class='iconbox_content_title  '  itemprop=\"headline\"  >Buchen Sie #chezlucien<\/h3><\/header><div class='iconbox_content_container  '  itemprop=\"text\"  ><div id=\"ConstellationWidgetContainere4c77b00-78f3-47a2-ad16-23373cdb5b1b\" style=\"width: 100%;\" title=\"La Cl\u00e9 des Champs\" data-id-projet=\"e4c77b0078f347a2ad1623373cdb5b1b\">Ladevorgang l\u00e4uft&#8230;<\/div>\n<p><script type=\"text\/javascript\" src=\"https:\/\/reservation.elloha.com\/Scripts\/widget-loader.min.js?v=41\"><\/script> <script type=\"text\/javascript\">var constellationWidgetUrle4c77b0078f347a2ad1623373cdb5b1b, constellationTypeModulee4c77b0078f347a2ad1623373cdb5b1b; constellationWidgetUrle4c77b0078f347a2ad1623373cdb5b1b = 'https:\/\/reservation.elloha.com\/Widget\/BookingEngine\/e4c77b00-78f3-47a2-ad16-23373cdb5b1b?idoi=82288bf6-ba75-442f-816a-344576e03ee5&culture=de-DE'; constellationTypeModulee4c77b0078f347a2ad1623373cdb5b1b=1; constellationWidgetLoad('ConstellationWidgetContainere4c77b00-78f3-47a2-ad16-23373cdb5b1b'); constellationWidgetAddEvent(window, \"resize\", function () { constellationWidgetSetAppearance('ConstellationWidgetContainere4c77b00-78f3-47a2-ad16-23373cdb5b1b'); });<\/script><\/p>\n<\/div><\/div><footer class=\"entry-footer\"><\/footer><\/article>\n<\/div><\/div><\/div><!-- close content main div --><\/div><\/div><div id='after_section_6'  class='main_color av_default_container_wrap container_wrap fullsize' style=' '  ><div class='container' ><div class='template-page content  av-content-full alpha units'><div class='post-entry post-entry-type-page post-entry-7305'><div class='entry-content-wrapper clearfix'>\n<section class=\"av_textblock_section \"  itemscope=\"itemscope\" itemtype=\"https:\/\/schema.org\/CreativeWork\" ><div class='avia_textblock  '   itemprop=\"text\" ><p>Der Kalender, der zum Zeitpunkt Ihrer Buchung angezeigt wird, ist normalerweise auf dem neuesten Stand. Bitte senden Sie uns eine Nachricht oder kontaktieren Sie uns, wenn Sie Ihre Buchung nicht best\u00e4tigen k\u00f6nnen, obwohl der Zeitraum noch verf\u00fcgbar ist.<\/p>\n<p>F\u00fcr die H\u00e4user L\u00e9on und Suzanne begr\u00fc\u00dfen wir Buchungen ab 2 \u00dcbernachtungen. Aber&#8230; wenn Sie eine SPEZIELLE Anfrage haben, schicken Sie uns bitte eine Nachricht und wir werden gemeinsam sehen, ob wir Ihre Anfrage erf\u00fcllen k\u00f6nnen.<\/p>\n<p>Das Haus #ChezLucien empf\u00e4ngt Sie das ganze Jahr \u00fcber f\u00fcr \u00dcbernachtungen.<\/p>\n<p>Reisende von La R\u00e9galante: Je nach Jahreszeit k\u00f6nnen wir Sie f\u00fcr eine Nacht aufnehmen. Rufen Sie uns an!<\/p>\n<p>Wochenenden werden in jedem Fall f\u00fcr mindestens 2 N\u00e4chte vermietet (oder l\u00e4nger bei verl\u00e4ngerten Wochenenden).<\/p>\n<p>Wenn Sie nach 12 Stunden keine Antwort auf eine E-Mail erhalten, z\u00f6gern Sie nicht, erneut zu versuchen &#8211; Spam oder technische Probleme sind m\u00f6glich.<\/p>\n<p>Vielen Dank f\u00fcr Ihr Verst\u00e4ndnis.<\/p>\n<\/div><\/section>\n<\/div><\/div><\/div><!-- close content main div --><\/div><\/div><div id='av_section_7'  class='avia-section main_color avia-section-default avia-no-border-styling  avia-bg-style-scroll  avia-builder-el-27  el_after_av_textblock  el_before_av_section   container_wrap fullsize' style='background-color: #f4f4f4;  '  ><div class='container' ><div class='template-page content  av-content-full alpha units'><div class='post-entry post-entry-type-page post-entry-7305'><div class='entry-content-wrapper clearfix'>\n<div class=\"flex_column av_one_fifth  flex_column_div av-zero-column-padding first  avia-builder-el-28  el_before_av_four_fifth  avia-builder-el-first  \" style='border-radius:0px; '><\/div><div class=\"flex_column av_four_fifth  flex_column_div av-zero-column-padding   avia-builder-el-29  el_after_av_one_fifth  avia-builder-el-last  \" style='border-radius:0px; '><section class=\"av_textblock_section \"  itemscope=\"itemscope\" itemtype=\"https:\/\/schema.org\/CreativeWork\" ><div class='avia_textblock  '   itemprop=\"text\" ><p>Der Preis ist \u201eall inclusive\u201c und beinhaltet dementsprechend :<\/p>\n<ul>\n<li>Bettw\u00e4sche (auch aus Leinen)<\/li>\n<li>Toilettenw\u00e4sche<\/li>\n<li>Wasser-, Strom- und Gasverbrauch<\/li>\n<li>Holz f\u00fcr den Ofen und ein B\u00fcndel, um das Feuer m\u00fchelos zu entfachen*.<\/li>\n<li>Babyausstattung (Klappbett, Hochstuhl und sogar die Badewanne BB&#8230;.): Vergessen Sie nicht, dies bei der Buchung anzugeben.<\/li>\n<\/ul>\n<p>Um Ihnen bei Ihrer Ankunft zu helfen, finden Sie in Ihrer Unterkunft 2 Sp\u00fclmaschinentabs, etwas Geschirrsp\u00fclmittel und eine Rolle Toilettenpapier. Denken Sie w\u00e4hrend Ihres Aufenthaltes an Nachschub \ud83d\ude42<\/p>\n<\/div><\/section><\/div>\n\n<\/div><\/div><\/div><!-- close content main div --><\/div><\/div><div id='av_section_8'  class='avia-section main_color avia-section-default avia-no-border-styling  avia-bg-style-scroll  avia-builder-el-31  el_after_av_section  el_before_av_section   container_wrap fullsize' style=' '  ><div class='container' ><div class='template-page content  av-content-full alpha units'><div class='post-entry post-entry-type-page post-entry-7305'><div class='entry-content-wrapper clearfix'>\n<article  class=\"iconbox iconbox_left    avia-builder-el-32  el_before_av_button  avia-builder-el-first  \"  itemscope=\"itemscope\" itemtype=\"https:\/\/schema.org\/CreativeWork\" ><div class=\"iconbox_content\"><header class=\"entry-content-header\"><div class=\"iconbox_icon heading-color\" aria-hidden='true' data-av_icon='\ue854' data-av_iconfont='entypo-fontello'  ><\/div><h3 class='iconbox_content_title  '  itemprop=\"headline\"  >Ankunft und Abreise<\/h3><\/header><div class='iconbox_content_container  '  itemprop=\"text\"  ><section class=\"av_textblock_section \">\n<div class=\"avia_textblock \">\n<p>Um Ihnen den bestm\u00f6glichen Service zu bieten, ist die Anreise ab 17.00 Uhr m\u00f6glich. Aus diesem Grund bitten wir unsere G\u00e4ste, das Haus am Tag der Abreise bis 11.00 Uhr zu verlassen. Wir ben\u00f6tigen diese Zeit f\u00fcr die Reinigung der Unterkunft, das Beziehen der Betten und die Reparatur von besch\u00e4digtem Inventar.<\/p>\n<p>Wenn Sie jedoch zeitlich eingeschr\u00e4nkt sind, kontaktieren Sie uns bitte und wir werden immer eine L\u00f6sung finden.<\/p>\n<\/div>\n<\/section>\n<\/div><\/div><footer class=\"entry-footer\"><\/footer><\/article>\n<div  class='avia-button-wrap avia-button-center  avia-builder-el-33  el_after_av_icon_box  avia-builder-el-last ' ><a href='https:\/\/www.gites-lacledeschamps.fr\/de\/kontakt\/'  class='avia-button   avia-icon_select-no avia-size-large avia-position-center '  style='background-color:#d39c3c; border-color:#d39c3c; color:#ffffff; ' ><span class='avia_iconbox_title' >Buchen Sie<\/span><span class='avia_button_background avia-button avia-color-custom' style='background-color:#e0d03e;'><\/span><\/a><\/div>\n\n<\/div><\/div><\/div><!-- close content main div --><\/div><\/div><div id='av_section_9'  class='avia-section main_color avia-section-default avia-no-border-styling  avia-bg-style-scroll  avia-builder-el-34  el_after_av_section  avia-builder-el-last   container_wrap fullsize' style='background-repeat: repeat-x; background-image: url(https:\/\/www.gites-lacledeschamps.fr\/wp-content\/uploads\/2021\/07\/fond-insta.jpg);background-attachment: scroll; background-position: bottom right;  '  data-section-bg-repeat='repeat-x'><div class='container' ><div class='template-page content  av-content-full alpha units'><div class='post-entry post-entry-type-page post-entry-7305'><div class='entry-content-wrapper clearfix'>\n<div  style='padding-bottom:10px; color:#6d876b;' class='av-special-heading av-special-heading-h2 custom-color-heading blockquote modern-quote modern-centered  avia-builder-el-35  el_before_av_codeblock  avia-builder-el-first  '><h2 class='av-special-heading-tag '  itemprop=\"headline\"  >FOLGEN SIE UNS AUF INSTAGRAM @LACLEDESCHAMPS_BZH<\/h2><div class='special-heading-border'><div class='special-heading-inner-border' style='border-color:#6d876b'><\/div><\/div><\/div>\n\n\n","protected":false},"excerpt":{"rendered":"","protected":false},"author":1,"featured_media":0,"parent":0,"menu_order":0,"comment_status":"closed","ping_status":"closed","template":"","meta":{"footnotes":""},"class_list":["post-7305","page","type-page","status-publish","hentry"],"aioseo_notices":[],"_links":{"self":[{"href":"https:\/\/www.gites-lacledeschamps.fr\/de\/wp-json\/wp\/v2\/pages\/7305","targetHints":{"allow":["GET"]}}],"collection":[{"href":"https:\/\/www.gites-lacledeschamps.fr\/de\/wp-json\/wp\/v2\/pages"}],"about":[{"href":"https:\/\/www.gites-lacledeschamps.fr\/de\/wp-json\/wp\/v2\/types\/page"}],"author":[{"embeddable":true,"href":"https:\/\/www.gites-lacledeschamps.fr\/de\/wp-json\/wp\/v2\/users\/1"}],"replies":[{"embeddable":true,"href":"https:\/\/www.gites-lacledeschamps.fr\/de\/wp-json\/wp\/v2\/comments?post=7305"}],"version-history":[{"count":6,"href":"https:\/\/www.gites-lacledeschamps.fr\/de\/wp-json\/wp\/v2\/pages\/7305\/revisions"}],"predecessor-version":[{"id":7683,"href":"https:\/\/www.gites-lacledeschamps.fr\/de\/wp-json\/wp\/v2\/pages\/7305\/revisions\/7683"}],"wp:attachment":[{"href":"https:\/\/www.gites-lacledeschamps.fr\/de\/wp-json\/wp\/v2\/media?parent=7305"}],"curies":[{"name":"wp","href":"https:\/\/api.w.org\/{rel}","templated":true}]}}